{"id":459632,"date":"2025-09-29T17:17:46","date_gmt":"2025-09-29T22:17:46","guid":{"rendered":"https:\/\/www.medellin.gov.co\/es\/?page_id=459632"},"modified":"2026-03-16T12:46:22","modified_gmt":"2026-03-16T17:46:22","slug":"preguntas-frecuentes-portal-tributario","status":"publish","type":"page","link":"https:\/\/www.medellin.gov.co\/es\/secretaria-de-hacienda\/preguntas-frecuentes-portal-tributario\/","title":{"rendered":"Preguntas Frecuentes Portal Tributario"},"content":{"rendered":"\t\t<div data-elementor-type=\"wp-page\" data-elementor-id=\"459632\" class=\"elementor elementor-459632\">\n\t\t\t\t\t\t<div class=\"elementor-inner\">\n\t\t\t\t<div class=\"elementor-section-wrap\">\n\t\t\t\t\t\t\t<div class=\"elementor-element elementor-element-462439c e-container--column e-container\" data-id=\"462439c\" data-element_type=\"container\">\t\t\t\t<div class=\"elementor-element elementor-element-f638ca8 elementor-widget elementor-widget-heading\" data-id=\"f638ca8\" data-element_type=\"widget\" data-widget_type=\"heading.default\">\n\t\t\t\t<div class=\"elementor-widget-container\">\n\t\t\t<h2 class=\"elementor-heading-title elementor-size-default\">Preguntas Frecuentes <\/h2>\t\t<\/div>\n\t\t\t\t<\/div>\n\t\t<\/div><div class=\"elementor-element elementor-element-f775ba3 e-container--column e-container\" data-id=\"f775ba3\" data-element_type=\"container\">\t\t<\/div>\t\t<section class=\"elementor-section elementor-top-section elementor-element elementor-element-1a40734 elementor-section-boxed elementor-section-height-default elementor-section-height-default\" data-id=\"1a40734\" data-element_type=\"section\">\n\t\t\t\t\t\t<div class=\"elementor-container elementor-column-gap-default\">\n\t\t\t\t\t\t\t<div class=\"elementor-row\">\n\t\t\t\t\t<div class=\"elementor-column elementor-col-100 elementor-top-column elementor-element elementor-element-b7dfeaf\" data-id=\"b7dfeaf\" data-element_type=\"column\">\n\t\t\t<div class=\"elementor-column-wrap elementor-element-populated\">\n\t\t\t\t\t\t\t<div class=\"elementor-widget-wrap\">\n\t\t\t\t\t\t<div class=\"elementor-element elementor-element-6e0cdfc elementor-widget elementor-widget-pp-faq\" data-id=\"6e0cdfc\" data-element_type=\"widget\" data-settings=\"{&quot;faq_layout&quot;:&quot;accordion&quot;,&quot;accordion_type&quot;:&quot;accordion&quot;,&quot;toggle_speed&quot;:300}\" data-widget_type=\"pp-faq.default\">\n\t\t\t\t<div class=\"elementor-widget-container\">\n\t\t\t\t\t<div class=\"pp-faqs pp-advanced-accordion pp-toggle-icon-align-left\" id=\"pp-advanced-accordion-6e0cdfc\" data-accordion-id=\"6e0cdfc\">\n\t\t\t\t\t\t<div class=\"pp-faq-item-wrap elementor-grid-item\">\n\t\t\t\t<div class=\"pp-faq-item pp-accordion-item\">\n\t\t\t\t\t<div id=\"pp-accordion-tab-title-1151\" class=\"pp-faq-question pp-accordion-tab-title\" tabindex=\"1151\" data-tab=\"1\">\n\t\t\t\t\t\t<div class=\"pp-accordion-title-icon\">\n\t\t\t\t\t\t\t\t\t\t\t\t\t\t\t\t\t\t\t\t\t<div class=\"pp-accordion-title-text\">\n\t\t\t\t\t\t\t\tImpuesto de Industria y Comercio \t\t\t\t\t\t\t<\/div>\n\t\t\t\t\t\t<\/div>\n\t\t\t\t\t\t\t\t\t\t\t\t\t<div class=\"pp-accordion-toggle-icon\">\n\t\t\t\t\t\t\t\t\t\t\t\t\t\t\t\t\t<span class='pp-accordion-toggle-icon-close pp-icon'>\n\t\t\t\t\t\t\t\t\t\t<i aria-hidden=\"true\" class=\"fas fa-plus\"><\/i>\t\t\t\t\t\t\t\t\t<\/span>\n\t\t\t\t\t\t\t\t\t\t\t\t\t\t\t\t\t\t\t\t\t\t\t\t\t<span class='pp-accordion-toggle-icon-open pp-icon'>\n\t\t\t\t\t\t\t\t\t\t<i aria-hidden=\"true\" class=\"fas fa-minus\"><\/i>\t\t\t\t\t\t\t\t\t<\/span>\n\t\t\t\t\t\t\t\t\t\t\t\t\t\t\t<\/div>\n\t\t\t\t\t\t\t\t\t\t\t<\/div>\n\n\t\t\t\t\t<div id=\"pp-accordion-tab-content-1151\" class=\"pp-faq-answer pp-accordion-tab-content\" data-tab=\"1\">\n\t\t\t\t\t\t<ul type=\"disc\">\n<li><span data-olk-copy-source=\"MessageBody\">Registro de Informaci\u00f3n Tributaria (RIT)<\/span><\/li>\n<li><a href=\"https:\/\/www.medellin.gov.co\/es\/wp-content\/uploads\/2026\/03\/4.-DE-GEHA-ING-Guia-de-Preguntas-y-Respuestas-Frecuentes_Declaracion-Anual-de-Industria-y-Comercio.pdf\" target=\"_blank\" rel=\"noopener\">Declaraci\u00f3n Anual de Industria y Comercio<\/a><\/li>\n<li><a href=\"https:\/\/www.medellin.gov.co\/es\/wp-content\/uploads\/2026\/03\/6.-DE-GEHA-ING-Guia-de-Preguntas-y-Respuestas-Frecuentes_Declaracion-Bimestral-de-Autorretenciones-de-Industria-y-Comercio.pdf\" target=\"_blank\" rel=\"noopener\">Autorretenci\u00f3n de Industria y Comercio<\/a><\/li>\n<li><a href=\"https:\/\/www.medellin.gov.co\/es\/wp-content\/uploads\/2026\/03\/5.-DE-GEHA-ING-Guia-de-Preguntas-y-Respuestas-Frecuentes_Declaracion-Bimestral-de-Retenciones-de-Industria-y-Comercio.pdf\" target=\"_blank\" rel=\"noopener\">Retenci\u00f3n de Industria y Comercio<\/a><\/li>\n<\/ul>\n\t\t\t\t\t<\/div>\n\t\t\t\t<\/div>\n\t\t\t<\/div>\n\t\t\t\t\t\t<div class=\"pp-faq-item-wrap elementor-grid-item\">\n\t\t\t\t<div class=\"pp-faq-item pp-accordion-item\">\n\t\t\t\t\t<div id=\"pp-accordion-tab-title-1152\" class=\"pp-faq-question pp-accordion-tab-title\" tabindex=\"1152\" data-tab=\"2\">\n\t\t\t\t\t\t<div class=\"pp-accordion-title-icon\">\n\t\t\t\t\t\t\t\t\t\t\t\t\t\t\t\t\t\t\t\t\t<div class=\"pp-accordion-title-text\">\n\t\t\t\t\t\t\t\tFacturaci\u00f3n Impuesto Predial Unificado\t\t\t\t\t\t\t<\/div>\n\t\t\t\t\t\t<\/div>\n\t\t\t\t\t\t\t\t\t\t\t\t\t<div class=\"pp-accordion-toggle-icon\">\n\t\t\t\t\t\t\t\t\t\t\t\t\t\t\t\t\t<span class='pp-accordion-toggle-icon-close pp-icon'>\n\t\t\t\t\t\t\t\t\t\t<i aria-hidden=\"true\" class=\"fas fa-plus\"><\/i>\t\t\t\t\t\t\t\t\t<\/span>\n\t\t\t\t\t\t\t\t\t\t\t\t\t\t\t\t\t\t\t\t\t\t\t\t\t<span class='pp-accordion-toggle-icon-open pp-icon'>\n\t\t\t\t\t\t\t\t\t\t<i aria-hidden=\"true\" class=\"fas fa-minus\"><\/i>\t\t\t\t\t\t\t\t\t<\/span>\n\t\t\t\t\t\t\t\t\t\t\t\t\t\t\t<\/div>\n\t\t\t\t\t\t\t\t\t\t\t<\/div>\n\n\t\t\t\t\t<div id=\"pp-accordion-tab-content-1152\" class=\"pp-faq-answer pp-accordion-tab-content\" data-tab=\"2\">\n\t\t\t\t\t\t<p><a href=\"https:\/\/www.medellin.gov.co\/es\/wp-content\/uploads\/2025\/09\/1.-DE-GEHA-ING-Guia-de-Preguntas-y-Respuestas-Frecuentes_Facturacion-del-Impuesto-de-Predial-Unificado.pdf\" target=\"_blank\" rel=\"noopener\"><span data-olk-copy-source=\"MessageBody\">Gu\u00eda de Preguntas Relacionadas con facturaci\u00f3n del Impuesto Predial<\/span><\/a><\/p>\n\t\t\t\t\t<\/div>\n\t\t\t\t<\/div>\n\t\t\t<\/div>\n\t\t\t\t\t\t<div class=\"pp-faq-item-wrap elementor-grid-item\">\n\t\t\t\t<div class=\"pp-faq-item pp-accordion-item\">\n\t\t\t\t\t<div id=\"pp-accordion-tab-title-1153\" class=\"pp-faq-question pp-accordion-tab-title\" tabindex=\"1153\" data-tab=\"3\">\n\t\t\t\t\t\t<div class=\"pp-accordion-title-icon\">\n\t\t\t\t\t\t\t\t\t\t\t\t\t\t\t\t\t\t\t\t\t<div class=\"pp-accordion-title-text\">\n\t\t\t\t\t\t\t\tPagos de impuestos y Facilidades de pago\t\t\t\t\t\t\t<\/div>\n\t\t\t\t\t\t<\/div>\n\t\t\t\t\t\t\t\t\t\t\t\t\t<div class=\"pp-accordion-toggle-icon\">\n\t\t\t\t\t\t\t\t\t\t\t\t\t\t\t\t\t<span class='pp-accordion-toggle-icon-close pp-icon'>\n\t\t\t\t\t\t\t\t\t\t<i aria-hidden=\"true\" class=\"fas fa-plus\"><\/i>\t\t\t\t\t\t\t\t\t<\/span>\n\t\t\t\t\t\t\t\t\t\t\t\t\t\t\t\t\t\t\t\t\t\t\t\t\t<span class='pp-accordion-toggle-icon-open pp-icon'>\n\t\t\t\t\t\t\t\t\t\t<i aria-hidden=\"true\" class=\"fas fa-minus\"><\/i>\t\t\t\t\t\t\t\t\t<\/span>\n\t\t\t\t\t\t\t\t\t\t\t\t\t\t\t<\/div>\n\t\t\t\t\t\t\t\t\t\t\t<\/div>\n\n\t\t\t\t\t<div id=\"pp-accordion-tab-content-1153\" class=\"pp-faq-answer pp-accordion-tab-content\" data-tab=\"3\">\n\t\t\t\t\t\t<p><a href=\"https:\/\/www.medellin.gov.co\/es\/wp-content\/uploads\/2025\/09\/2.-DE-GEHA-ING-Guia-de-Preguntas-y-Respuestas-Frecuentes_Pago-de-Impuestos-y-Facilidades-de-Pagos.pdf\" target=\"_blank\" rel=\"noopener\">Gu\u00eda de preguntas relacionadas con pagos de impuestos y Facilidades de pago<\/a><\/p>\n\t\t\t\t\t<\/div>\n\t\t\t\t<\/div>\n\t\t\t<\/div>\n\t\t\t\t\t\t<div class=\"pp-faq-item-wrap elementor-grid-item\">\n\t\t\t\t<div class=\"pp-faq-item pp-accordion-item\">\n\t\t\t\t\t<div id=\"pp-accordion-tab-title-1154\" class=\"pp-faq-question pp-accordion-tab-title\" tabindex=\"1154\" data-tab=\"4\">\n\t\t\t\t\t\t<div class=\"pp-accordion-title-icon\">\n\t\t\t\t\t\t\t\t\t\t\t\t\t\t\t\t\t\t\t\t\t<div class=\"pp-accordion-title-text\">\n\t\t\t\t\t\t\t\tProcesos de Cobro Coactivo\t\t\t\t\t\t\t<\/div>\n\t\t\t\t\t\t<\/div>\n\t\t\t\t\t\t\t\t\t\t\t\t\t<div class=\"pp-accordion-toggle-icon\">\n\t\t\t\t\t\t\t\t\t\t\t\t\t\t\t\t\t<span class='pp-accordion-toggle-icon-close pp-icon'>\n\t\t\t\t\t\t\t\t\t\t<i aria-hidden=\"true\" class=\"fas fa-plus\"><\/i>\t\t\t\t\t\t\t\t\t<\/span>\n\t\t\t\t\t\t\t\t\t\t\t\t\t\t\t\t\t\t\t\t\t\t\t\t\t<span class='pp-accordion-toggle-icon-open pp-icon'>\n\t\t\t\t\t\t\t\t\t\t<i aria-hidden=\"true\" class=\"fas fa-minus\"><\/i>\t\t\t\t\t\t\t\t\t<\/span>\n\t\t\t\t\t\t\t\t\t\t\t\t\t\t\t<\/div>\n\t\t\t\t\t\t\t\t\t\t\t<\/div>\n\n\t\t\t\t\t<div id=\"pp-accordion-tab-content-1154\" class=\"pp-faq-answer pp-accordion-tab-content\" data-tab=\"4\">\n\t\t\t\t\t\t<p><a href=\"https:\/\/www.medellin.gov.co\/es\/wp-content\/uploads\/2025\/09\/3.-DE-GEHA-ING-Guia-de-Preguntas-y-Respuestas-Frecuentes_Procesos-de-Cobro-Coactivo.pdf\" target=\"_blank\" rel=\"noopener\"><span data-olk-copy-source=\"MessageBody\">Gu\u00eda de Preguntas\u00a0 Relacionadas con Procesos de Cobro Coactivo<\/span><\/a><\/p>\n\t\t\t\t\t<\/div>\n\t\t\t\t<\/div>\n\t\t\t<\/div>\n\t\t\t\t\t<\/div>\n\t\t\t\t<\/div>\n\t\t\t\t<\/div>\n\t\t\t\t\t\t<\/div>\n\t\t\t\t\t<\/div>\n\t\t<\/div>\n\t\t\t\t\t\t\t\t<\/div>\n\t\t\t\t\t<\/div>\n\t\t<\/section>\n\t\t\t\t\t\t\t\t\t<\/div>\n\t\t\t<\/div>\n\t\t\t\t\t<\/div>\n\t\t","protected":false},"excerpt":{"rendered":"<p>Preguntas Frecuentes Impuesto de Industria y Comercio Registro de Informaci\u00f3n Tributaria (RIT) Declaraci\u00f3n Anual de Industria y Comercio Autorretenci\u00f3n de Industria y Comercio Retenci\u00f3n de Industria y Comercio Facturaci\u00f3n Impuesto Predial Unificado Gu\u00eda de Preguntas &#8230;<\/p>\n","protected":false},"author":97,"featured_media":0,"parent":16996,"menu_order":0,"comment_status":"closed","ping_status":"closed","template":"sec-hacienda\/elementor.php","meta":[],"acf":[],"_links":{"self":[{"href":"https:\/\/www.medellin.gov.co\/es\/wp-json\/wp\/v2\/pages\/459632"}],"collection":[{"href":"https:\/\/www.medellin.gov.co\/es\/wp-json\/wp\/v2\/pages"}],"about":[{"href":"https:\/\/www.medellin.gov.co\/es\/wp-json\/wp\/v2\/types\/page"}],"author":[{"embeddable":true,"href":"https:\/\/www.medellin.gov.co\/es\/wp-json\/wp\/v2\/users\/97"}],"replies":[{"embeddable":true,"href":"https:\/\/www.medellin.gov.co\/es\/wp-json\/wp\/v2\/comments?post=459632"}],"version-history":[{"count":10,"href":"https:\/\/www.medellin.gov.co\/es\/wp-json\/wp\/v2\/pages\/459632\/revisions"}],"predecessor-version":[{"id":509145,"href":"https:\/\/www.medellin.gov.co\/es\/wp-json\/wp\/v2\/pages\/459632\/revisions\/509145"}],"up":[{"embeddable":true,"href":"https:\/\/www.medellin.gov.co\/es\/wp-json\/wp\/v2\/pages\/16996"}],"wp:attachment":[{"href":"https:\/\/www.medellin.gov.co\/es\/wp-json\/wp\/v2\/media?parent=459632"}],"curies":[{"name":"wp","href":"https:\/\/api.w.org\/{rel}","templated":true}]}}