{"id":496538,"date":"2026-02-04T12:42:45","date_gmt":"2026-02-04T17:42:45","guid":{"rendered":"https:\/\/www.medellin.gov.co\/es\/?page_id=496538"},"modified":"2026-03-20T14:45:32","modified_gmt":"2026-03-20T19:45:32","slug":"pmus","status":"publish","type":"page","link":"https:\/\/www.medellin.gov.co\/es\/gerencia-del-centro\/pmus\/","title":{"rendered":"PMUS"},"content":{"rendered":"\t\t<div data-elementor-type=\"wp-page\" data-elementor-id=\"496538\" class=\"elementor elementor-496538\">\n\t\t\t\t\t\t<div class=\"elementor-inner\">\n\t\t\t\t<div class=\"elementor-section-wrap\">\n\t\t\t\t\t\t\t<div class=\"elementor-element elementor-element-86e857e e-container--column e-container\" data-id=\"86e857e\" data-element_type=\"container\">\t\t\t\t<div class=\"elementor-element elementor-element-26a1024 elementor-widget elementor-widget-heading\" data-id=\"26a1024\" data-element_type=\"widget\" data-widget_type=\"heading.default\">\n\t\t\t\t<div class=\"elementor-widget-container\">\n\t\t\t<h1 class=\"elementor-heading-title elementor-size-default\">PMUS<\/h1>\t\t<\/div>\n\t\t\t\t<\/div>\n\t\t<\/div><div class=\"elementor-element elementor-element-93d7a47 e-container--column e-container\" data-id=\"93d7a47\" data-element_type=\"container\">\t\t\t\t<div class=\"elementor-element elementor-element-e39a42e elementor-widget elementor-widget-spacer\" data-id=\"e39a42e\" data-element_type=\"widget\" data-widget_type=\"spacer.default\">\n\t\t\t\t<div class=\"elementor-widget-container\">\n\t\t\t\t\t<div class=\"elementor-spacer\">\n\t\t\t<div class=\"elementor-spacer-inner\"><\/div>\n\t\t<\/div>\n\t\t\t\t<\/div>\n\t\t\t\t<\/div>\n\t\t<\/div><div class=\"elementor-element elementor-element-71b61a4 e-container--row e-container\" data-id=\"71b61a4\" data-element_type=\"container\">\t\t<div class=\"elementor-element elementor-element-297d37b e-container--column e-container\" data-id=\"297d37b\" data-element_type=\"container\">\t\t\t\t<div class=\"elementor-element elementor-element-7bc5033 elementor-widget elementor-widget-text-editor\" data-id=\"7bc5033\" data-element_type=\"widget\" data-widget_type=\"text-editor.default\">\n\t\t\t\t<div class=\"elementor-widget-container\">\n\t\t\t\t\t\t\t\t<div class=\"elementor-text-editor elementor-clearfix\">\n\t\t\t\t<p><strong>Puesto de Mando Unificado Social: presencia institucional que transforma las comunas 10 y 14<br \/><\/strong><br \/>El Puesto de Mando Unificado Social -PMUS- es una estrategia de la Alcald\u00eda de Medell\u00edn, liderada por la Gerencia del Centro y Territorios Estrat\u00e9gicos, que re\u00fane en un solo punto a las principales dependencias del Distrito, para coordinar acciones de recuperaci\u00f3n del espacio p\u00fablico, gesti\u00f3n de la movilidad, fortalecimiento de la convivencia y atenci\u00f3n social.<br \/><br \/>Es una apuesta institucional para recuperar y cuidar el espacio p\u00fablico de manera sostenible y equitativa, promoviendo territorios m\u00e1s ordenados, seguros y acogedores para quienes viven, trabajan y visitan la ciudad.<\/p>\t\t\t\t\t<\/div>\n\t\t\t\t\t\t<\/div>\n\t\t\t\t<\/div>\n\t\t<\/div><div class=\"elementor-element elementor-element-aade22c e-container--column e-container\" data-id=\"aade22c\" data-element_type=\"container\">\t\t\t\t<div class=\"elementor-element elementor-element-953c7b6 elementor-widget elementor-widget-image\" data-id=\"953c7b6\" data-element_type=\"widget\" data-widget_type=\"image.default\">\n\t\t\t\t<div class=\"elementor-widget-container\">\n\t\t\t\t\t\t\t\t<div class=\"elementor-image\">\n\t\t\t\t\t\t\t\t\t\t\t\t<img width=\"1024\" height=\"685\" src=\"https:\/\/www.medellin.gov.co\/es\/wp-content\/uploads\/2026\/03\/PMUS-EL-CENTROWhatsApp-Image-2026-03-05-at-11.00.49-1024x685.jpg\" class=\"attachment-large size-large\" alt=\"\" loading=\"lazy\" srcset=\"https:\/\/www.medellin.gov.co\/es\/wp-content\/uploads\/2026\/03\/PMUS-EL-CENTROWhatsApp-Image-2026-03-05-at-11.00.49-1024x685.jpg 1024w, https:\/\/www.medellin.gov.co\/es\/wp-content\/uploads\/2026\/03\/PMUS-EL-CENTROWhatsApp-Image-2026-03-05-at-11.00.49-300x201.jpg 300w, https:\/\/www.medellin.gov.co\/es\/wp-content\/uploads\/2026\/03\/PMUS-EL-CENTROWhatsApp-Image-2026-03-05-at-11.00.49-150x100.jpg 150w, https:\/\/www.medellin.gov.co\/es\/wp-content\/uploads\/2026\/03\/PMUS-EL-CENTROWhatsApp-Image-2026-03-05-at-11.00.49-768x513.jpg 768w, https:\/\/www.medellin.gov.co\/es\/wp-content\/uploads\/2026\/03\/PMUS-EL-CENTROWhatsApp-Image-2026-03-05-at-11.00.49.jpg 1077w\" sizes=\"(max-width: 1024px) 100vw, 1024px\" \/>\t\t\t\t\t\t\t\t\t\t\t\t\t\t<\/div>\n\t\t\t\t\t\t<\/div>\n\t\t\t\t<\/div>\n\t\t<\/div><\/div><div class=\"elementor-element elementor-element-afcadf8 e-container--row e-container\" data-id=\"afcadf8\" data-element_type=\"container\">\t\t<div class=\"elementor-element elementor-element-6a2c92b e-container--column e-container\" data-id=\"6a2c92b\" data-element_type=\"container\">\t\t\t\t<div class=\"elementor-element elementor-element-5fe9716 elementor-widget elementor-widget-image\" data-id=\"5fe9716\" data-element_type=\"widget\" data-widget_type=\"image.default\">\n\t\t\t\t<div class=\"elementor-widget-container\">\n\t\t\t\t\t\t\t\t<div class=\"elementor-image\">\n\t\t\t\t\t\t\t\t\t\t\t\t<img width=\"960\" height=\"720\" src=\"https:\/\/www.medellin.gov.co\/es\/wp-content\/uploads\/2026\/03\/PMUS-EL-CENTROpmu_centro.jpg\" class=\"attachment-large size-large\" alt=\"PMUS EL CENTROpmu_centro\" loading=\"lazy\" srcset=\"https:\/\/www.medellin.gov.co\/es\/wp-content\/uploads\/2026\/03\/PMUS-EL-CENTROpmu_centro.jpg 960w, https:\/\/www.medellin.gov.co\/es\/wp-content\/uploads\/2026\/03\/PMUS-EL-CENTROpmu_centro-300x225.jpg 300w, https:\/\/www.medellin.gov.co\/es\/wp-content\/uploads\/2026\/03\/PMUS-EL-CENTROpmu_centro-150x113.jpg 150w, https:\/\/www.medellin.gov.co\/es\/wp-content\/uploads\/2026\/03\/PMUS-EL-CENTROpmu_centro-768x576.jpg 768w\" sizes=\"(max-width: 960px) 100vw, 960px\" \/>\t\t\t\t\t\t\t\t\t\t\t\t\t\t<\/div>\n\t\t\t\t\t\t<\/div>\n\t\t\t\t<\/div>\n\t\t<\/div><div class=\"elementor-element elementor-element-edd5119 e-container--column e-container\" data-id=\"edd5119\" data-element_type=\"container\">\t\t\t\t<div class=\"elementor-element elementor-element-d9c6a68 elementor-widget elementor-widget-text-editor\" data-id=\"d9c6a68\" data-element_type=\"widget\" data-widget_type=\"text-editor.default\">\n\t\t\t\t<div class=\"elementor-widget-container\">\n\t\t\t\t\t\t\t\t<div class=\"elementor-text-editor elementor-clearfix\">\n\t\t\t\t<p><strong>\u00bfPara qu\u00e9 sirve el PMUS?<\/strong><\/p><p>El PMUS funciona como una estrategia de gesti\u00f3n territorial, que articula a las dependencias para acercar la oferta institucional a la ciudadan\u00eda que habita y recorre nuestros territorios.<\/p><p><strong>Su prop\u00f3sito es:<br \/><br \/><\/strong><\/p><ul><li>Coordinar acciones permanentes de limpieza, mantenimiento y recuperaci\u00f3n del espacio p\u00fablico.<\/li><li>Atender puntos cr\u00edticos de basuras.<\/li><li>Brindar acompa\u00f1amiento social a poblaci\u00f3n habitante en situaci\u00f3n de calle.<\/li><li>Fortalecer la seguridad, convivencia y corresponsabilidad ciudadana.<\/li><li>Generar presencia institucional constante en zonas estrat\u00e9gicas de la ciudad.<\/li><\/ul>\t\t\t\t\t<\/div>\n\t\t\t\t\t\t<\/div>\n\t\t\t\t<\/div>\n\t\t<\/div><\/div>\t\t<section class=\"elementor-section elementor-top-section elementor-element elementor-element-24297c7 elementor-section-boxed elementor-section-height-default elementor-section-height-default\" data-id=\"24297c7\" data-element_type=\"section\">\n\t\t\t\t\t\t<div class=\"elementor-container elementor-column-gap-default\">\n\t\t\t\t\t\t\t<div class=\"elementor-row\">\n\t\t\t\t\t<div class=\"elementor-column elementor-col-100 elementor-top-column elementor-element elementor-element-dbf6fe4\" data-id=\"dbf6fe4\" data-element_type=\"column\">\n\t\t\t<div class=\"elementor-column-wrap elementor-element-populated\">\n\t\t\t\t\t\t\t<div class=\"elementor-widget-wrap\">\n\t\t\t\t\t\t<div class=\"elementor-element elementor-element-886e847 elementor-widget elementor-widget-heading\" data-id=\"886e847\" data-element_type=\"widget\" data-widget_type=\"heading.default\">\n\t\t\t\t<div class=\"elementor-widget-container\">\n\t\t\t<h2 class=\"elementor-heading-title elementor-size-default\"><b>Una apuesta integral por rehabitar la ciudad<\/b><\/h2>\t\t<\/div>\n\t\t\t\t<\/div>\n\t\t\t\t\t\t<\/div>\n\t\t\t\t\t<\/div>\n\t\t<\/div>\n\t\t\t\t\t\t\t\t<\/div>\n\t\t\t\t\t<\/div>\n\t\t<\/section>\n\t\t<div class=\"elementor-element elementor-element-c87e4c7 e-container--column e-container\" data-id=\"c87e4c7\" data-element_type=\"container\">\t\t\t\t<div class=\"elementor-element elementor-element-e1fea83 elementor-widget elementor-widget-text-editor\" data-id=\"e1fea83\" data-element_type=\"widget\" data-widget_type=\"text-editor.default\">\n\t\t\t\t<div class=\"elementor-widget-container\">\n\t\t\t\t\t\t\t\t<div class=\"elementor-text-editor elementor-clearfix\">\n\t\t\t\t<p>El PMUS consolida un modelo de intervenci\u00f3n territorial que combina acciones sociales, ambientales, culturales y operativas con presencia institucional constante y articulada.<\/p><p>Adem\u00e1s, el PMUS se articula con la estrategia\u00a0Mi M2, que recuerda que Medell\u00edn se construye entre todos y que el cuidado del espacio p\u00fablico no es solo tarea del Estado, sino tambi\u00e9n compromiso diario de cada ciudadano.<\/p>\t\t\t\t\t<\/div>\n\t\t\t\t\t\t<\/div>\n\t\t\t\t<\/div>\n\t\t<\/div>\t\t<section class=\"elementor-section elementor-top-section elementor-element elementor-element-a6e5124 elementor-section-boxed elementor-section-height-default elementor-section-height-default\" data-id=\"a6e5124\" data-element_type=\"section\">\n\t\t\t\t\t\t<div class=\"elementor-container elementor-column-gap-default\">\n\t\t\t\t\t\t\t<div class=\"elementor-row\">\n\t\t\t\t\t<div class=\"elementor-column elementor-col-100 elementor-top-column elementor-element elementor-element-ce7b5e4\" data-id=\"ce7b5e4\" data-element_type=\"column\">\n\t\t\t<div class=\"elementor-column-wrap elementor-element-populated\">\n\t\t\t\t\t\t\t<div class=\"elementor-widget-wrap\">\n\t\t\t\t\t\t<div class=\"elementor-element elementor-element-2dd1432 elementor-widget elementor-widget-heading\" data-id=\"2dd1432\" data-element_type=\"widget\" data-widget_type=\"heading.default\">\n\t\t\t\t<div class=\"elementor-widget-container\">\n\t\t\t<h2 class=\"elementor-heading-title elementor-size-default\"><b>PMUS Centro <\/b><\/h2>\t\t<\/div>\n\t\t\t\t<\/div>\n\t\t\t\t\t\t<\/div>\n\t\t\t\t\t<\/div>\n\t\t<\/div>\n\t\t\t\t\t\t\t\t<\/div>\n\t\t\t\t\t<\/div>\n\t\t<\/section>\n\t\t<div class=\"elementor-element elementor-element-35f76dc e-container--row e-container\" data-id=\"35f76dc\" data-element_type=\"container\">\t\t<div class=\"elementor-element elementor-element-d1dc632 e-container--column e-container\" data-id=\"d1dc632\" data-element_type=\"container\">\t\t\t\t<div class=\"elementor-element elementor-element-dcc5e19 elementor-widget elementor-widget-text-editor\" data-id=\"dcc5e19\" data-element_type=\"widget\" data-widget_type=\"text-editor.default\">\n\t\t\t\t<div class=\"elementor-widget-container\">\n\t\t\t\t\t\t\t\t<div class=\"elementor-text-editor elementor-clearfix\">\n\t\t\t\t<p>Ubicado en la avenida La Playa con La Oriental (calle 52 #45-30), en el centro de\u00a0Medell\u00edn. Este fue el primer Puesto de Mando Unificado Social en entrar en funcionamiento, el 21 de agosto de 2025.<\/p><p>Desde all\u00ed se coordina el trabajo interinstitucional para:<br \/><br \/><\/p><ul><li>Mejorar la limpieza del espacio p\u00fablico.<\/li><li>Intervenir puntos cr\u00edticos de basuras.<\/li><li>Recuperar el entorno urbano.<\/li><li>Acompa\u00f1ar procesos de atenci\u00f3n social, incluyendo el retorno de habitantes de y en situaci\u00f3n de calle a sus lugares de origen.<\/li><li>Fortalecer la convivencia y la corresponsabilidad ciudadana en un sector estrat\u00e9gico de la ciudad.<\/li><\/ul>\t\t\t\t\t<\/div>\n\t\t\t\t\t\t<\/div>\n\t\t\t\t<\/div>\n\t\t<\/div><div class=\"elementor-element elementor-element-8a67791 e-container--column e-container\" data-id=\"8a67791\" data-element_type=\"container\">\t\t\t\t<div class=\"elementor-element elementor-element-c0b0343 elementor-widget elementor-widget-image\" data-id=\"c0b0343\" data-element_type=\"widget\" data-widget_type=\"image.default\">\n\t\t\t\t<div class=\"elementor-widget-container\">\n\t\t\t\t\t\t\t\t<div class=\"elementor-image\">\n\t\t\t\t\t\t\t\t\t\t\t\t<img width=\"1024\" height=\"684\" src=\"https:\/\/www.medellin.gov.co\/es\/wp-content\/uploads\/2026\/03\/PMUS-EL-CENTROWhatsApp-Image-2026-03-05-at-11.00.48-1-1024x684.jpg\" class=\"attachment-large size-large\" alt=\"\" loading=\"lazy\" srcset=\"https:\/\/www.medellin.gov.co\/es\/wp-content\/uploads\/2026\/03\/PMUS-EL-CENTROWhatsApp-Image-2026-03-05-at-11.00.48-1-1024x684.jpg 1024w, https:\/\/www.medellin.gov.co\/es\/wp-content\/uploads\/2026\/03\/PMUS-EL-CENTROWhatsApp-Image-2026-03-05-at-11.00.48-1-300x200.jpg 300w, https:\/\/www.medellin.gov.co\/es\/wp-content\/uploads\/2026\/03\/PMUS-EL-CENTROWhatsApp-Image-2026-03-05-at-11.00.48-1-150x100.jpg 150w, https:\/\/www.medellin.gov.co\/es\/wp-content\/uploads\/2026\/03\/PMUS-EL-CENTROWhatsApp-Image-2026-03-05-at-11.00.48-1-768x513.jpg 768w, https:\/\/www.medellin.gov.co\/es\/wp-content\/uploads\/2026\/03\/PMUS-EL-CENTROWhatsApp-Image-2026-03-05-at-11.00.48-1.jpg 1078w\" sizes=\"(max-width: 1024px) 100vw, 1024px\" \/>\t\t\t\t\t\t\t\t\t\t\t\t\t\t<\/div>\n\t\t\t\t\t\t<\/div>\n\t\t\t\t<\/div>\n\t\t<\/div><\/div><div class=\"elementor-element elementor-element-23b338f e-container--row e-container\" data-id=\"23b338f\" data-element_type=\"container\">\t\t<div class=\"elementor-element elementor-element-2b02e9c e-container--column e-container\" data-id=\"2b02e9c\" data-element_type=\"container\">\t\t\t\t<div class=\"elementor-element elementor-element-b1e416e elementor-widget elementor-widget-image\" data-id=\"b1e416e\" data-element_type=\"widget\" data-widget_type=\"image.default\">\n\t\t\t\t<div class=\"elementor-widget-container\">\n\t\t\t\t\t\t\t\t<div class=\"elementor-image\">\n\t\t\t\t\t\t\t\t\t\t\t\t<img width=\"1024\" height=\"685\" src=\"https:\/\/www.medellin.gov.co\/es\/wp-content\/uploads\/2026\/03\/PMUS-EL-CENTROWhatsApp-Image-2026-03-05-at-11.00.48-1024x685.jpg\" class=\"attachment-large size-large\" alt=\"\" loading=\"lazy\" srcset=\"https:\/\/www.medellin.gov.co\/es\/wp-content\/uploads\/2026\/03\/PMUS-EL-CENTROWhatsApp-Image-2026-03-05-at-11.00.48-1024x685.jpg 1024w, https:\/\/www.medellin.gov.co\/es\/wp-content\/uploads\/2026\/03\/PMUS-EL-CENTROWhatsApp-Image-2026-03-05-at-11.00.48-300x201.jpg 300w, https:\/\/www.medellin.gov.co\/es\/wp-content\/uploads\/2026\/03\/PMUS-EL-CENTROWhatsApp-Image-2026-03-05-at-11.00.48-150x100.jpg 150w, https:\/\/www.medellin.gov.co\/es\/wp-content\/uploads\/2026\/03\/PMUS-EL-CENTROWhatsApp-Image-2026-03-05-at-11.00.48-768x513.jpg 768w, https:\/\/www.medellin.gov.co\/es\/wp-content\/uploads\/2026\/03\/PMUS-EL-CENTROWhatsApp-Image-2026-03-05-at-11.00.48.jpg 1077w\" sizes=\"(max-width: 1024px) 100vw, 1024px\" \/>\t\t\t\t\t\t\t\t\t\t\t\t\t\t<\/div>\n\t\t\t\t\t\t<\/div>\n\t\t\t\t<\/div>\n\t\t<\/div><div class=\"elementor-element elementor-element-6fc7b7b e-container--column e-container\" data-id=\"6fc7b7b\" data-element_type=\"container\">\t\t\t\t<div class=\"elementor-element elementor-element-dbc33e5 elementor-widget elementor-widget-text-editor\" data-id=\"dbc33e5\" data-element_type=\"widget\" data-widget_type=\"text-editor.default\">\n\t\t\t\t<div class=\"elementor-widget-container\">\n\t\t\t\t\t\t\t\t<div class=\"elementor-text-editor elementor-clearfix\">\n\t\t\t\t<p><strong>\u00bfC\u00f3mo acceder?<\/strong><\/p><p>La ciudadan\u00eda puede acercarse para:<\/p><ul><li>Conocer las acciones que se desarrollan en el territorio.<\/li><li>Presentar inquietudes, quejas o solicitudes relacionadas con espacio p\u00fablico, movilidad o temas sociales.<\/li><li>Acceder a informaci\u00f3n sobre la oferta institucional disponible.<\/li><\/ul><p><strong>Horario de atenci\u00f3n:<br \/><\/strong>Lunes a viernes, de 9:00 a. m. a 5:00 p. m.<\/p>\t\t\t\t\t<\/div>\n\t\t\t\t\t\t<\/div>\n\t\t\t\t<\/div>\n\t\t<\/div><\/div>\t\t<section class=\"elementor-section elementor-top-section elementor-element elementor-element-57a907e elementor-section-boxed elementor-section-height-default elementor-section-height-default\" data-id=\"57a907e\" data-element_type=\"section\">\n\t\t\t\t\t\t<div class=\"elementor-container elementor-column-gap-default\">\n\t\t\t\t\t\t\t<div class=\"elementor-row\">\n\t\t\t\t\t<div class=\"elementor-column elementor-col-100 elementor-top-column elementor-element elementor-element-0a1a7ab\" data-id=\"0a1a7ab\" data-element_type=\"column\">\n\t\t\t<div class=\"elementor-column-wrap elementor-element-populated\">\n\t\t\t\t\t\t\t<div class=\"elementor-widget-wrap\">\n\t\t\t\t\t\t<div class=\"elementor-element elementor-element-875be9f elementor-widget elementor-widget-heading\" data-id=\"875be9f\" data-element_type=\"widget\" data-widget_type=\"heading.default\">\n\t\t\t\t<div class=\"elementor-widget-container\">\n\t\t\t<h2 class=\"elementor-heading-title elementor-size-default\"><b>PMUS El Poblado <\/b><\/h2>\t\t<\/div>\n\t\t\t\t<\/div>\n\t\t\t\t\t\t<\/div>\n\t\t\t\t\t<\/div>\n\t\t<\/div>\n\t\t\t\t\t\t\t\t<\/div>\n\t\t\t\t\t<\/div>\n\t\t<\/section>\n\t\t<div class=\"elementor-element elementor-element-44fbbef e-container--row e-container\" data-id=\"44fbbef\" data-element_type=\"container\">\t\t<div class=\"elementor-element elementor-element-cb474eb e-container--column e-container\" data-id=\"cb474eb\" data-element_type=\"container\">\t\t\t\t<div class=\"elementor-element elementor-element-07c161c elementor-widget elementor-widget-text-editor\" data-id=\"07c161c\" data-element_type=\"widget\" data-widget_type=\"text-editor.default\">\n\t\t\t\t<div class=\"elementor-widget-container\">\n\t\t\t\t\t\t\t\t<div class=\"elementor-text-editor elementor-clearfix\">\n\t\t\t\t<p>El nuevo Puesto de Mando Unificado Social, ubicado en el Parque de El Poblado, que abri\u00f3 sus puertas el 13 de febrero de 2026, fortalece la presencia institucional en una zona de alta actividad tur\u00edstica, comercial y nocturna, con gran flujo de veh\u00edculos y peatones.<\/p><p>Las \u00e1reas beneficiadas directamente incluyen:<\/p><ul><li>Provenza<\/li><li>Parque Lleras<\/li><li>V\u00eda Primavera<\/li><li>Calle 10 (entre la avenida El Poblado y Vizcaya)<\/li><\/ul>\t\t\t\t\t<\/div>\n\t\t\t\t\t\t<\/div>\n\t\t\t\t<\/div>\n\t\t<\/div><div class=\"elementor-element elementor-element-0b4ae88 e-container--column e-container\" data-id=\"0b4ae88\" data-element_type=\"container\">\t\t\t\t<div class=\"elementor-element elementor-element-fb421d6 elementor-widget elementor-widget-image\" data-id=\"fb421d6\" data-element_type=\"widget\" data-widget_type=\"image.default\">\n\t\t\t\t<div class=\"elementor-widget-container\">\n\t\t\t\t\t\t\t\t<div class=\"elementor-image\">\n\t\t\t\t\t\t\t\t\t\t\t\t<img width=\"1024\" height=\"685\" src=\"https:\/\/www.medellin.gov.co\/es\/wp-content\/uploads\/2026\/03\/PMUS-EL-POBLADOWhatsApp-Image-2026-03-05-at-11.03.40PMUS-EL-POBLADO-1024x685.jpg\" class=\"attachment-large size-large\" alt=\"PMUS EL POBLADOWhatsApp Image 2026-03-05 at 11.03.40PMUS EL POBLADO\" loading=\"lazy\" srcset=\"https:\/\/www.medellin.gov.co\/es\/wp-content\/uploads\/2026\/03\/PMUS-EL-POBLADOWhatsApp-Image-2026-03-05-at-11.03.40PMUS-EL-POBLADO-1024x685.jpg 1024w, https:\/\/www.medellin.gov.co\/es\/wp-content\/uploads\/2026\/03\/PMUS-EL-POBLADOWhatsApp-Image-2026-03-05-at-11.03.40PMUS-EL-POBLADO-300x201.jpg 300w, https:\/\/www.medellin.gov.co\/es\/wp-content\/uploads\/2026\/03\/PMUS-EL-POBLADOWhatsApp-Image-2026-03-05-at-11.03.40PMUS-EL-POBLADO-150x100.jpg 150w, https:\/\/www.medellin.gov.co\/es\/wp-content\/uploads\/2026\/03\/PMUS-EL-POBLADOWhatsApp-Image-2026-03-05-at-11.03.40PMUS-EL-POBLADO-768x513.jpg 768w, https:\/\/www.medellin.gov.co\/es\/wp-content\/uploads\/2026\/03\/PMUS-EL-POBLADOWhatsApp-Image-2026-03-05-at-11.03.40PMUS-EL-POBLADO.jpg 1077w\" sizes=\"(max-width: 1024px) 100vw, 1024px\" \/>\t\t\t\t\t\t\t\t\t\t\t\t\t\t<\/div>\n\t\t\t\t\t\t<\/div>\n\t\t\t\t<\/div>\n\t\t<\/div><\/div><div class=\"elementor-element elementor-element-b22a28d e-container--row e-container\" data-id=\"b22a28d\" data-element_type=\"container\">\t\t<div class=\"elementor-element elementor-element-c0a296f e-container--column e-container\" data-id=\"c0a296f\" data-element_type=\"container\">\t\t\t\t<div class=\"elementor-element elementor-element-be53456 elementor-widget elementor-widget-image\" data-id=\"be53456\" data-element_type=\"widget\" data-widget_type=\"image.default\">\n\t\t\t\t<div class=\"elementor-widget-container\">\n\t\t\t\t\t\t\t\t<div class=\"elementor-image\">\n\t\t\t\t\t\t\t\t\t\t\t\t<img width=\"1024\" height=\"684\" src=\"https:\/\/www.medellin.gov.co\/es\/wp-content\/uploads\/2026\/03\/PMUS-EL-POBLADOWhatsApp-Image-2026-03-05-at-11.06.03-1PMUS-EL-POBLADO-1024x684.jpg\" class=\"attachment-large size-large\" alt=\"PMUS EL POBLADOWhatsApp Image 2026-03-05 at 11.06.03 (1)PMUS EL POBLADO\" loading=\"lazy\" srcset=\"https:\/\/www.medellin.gov.co\/es\/wp-content\/uploads\/2026\/03\/PMUS-EL-POBLADOWhatsApp-Image-2026-03-05-at-11.06.03-1PMUS-EL-POBLADO-1024x684.jpg 1024w, https:\/\/www.medellin.gov.co\/es\/wp-content\/uploads\/2026\/03\/PMUS-EL-POBLADOWhatsApp-Image-2026-03-05-at-11.06.03-1PMUS-EL-POBLADO-300x200.jpg 300w, https:\/\/www.medellin.gov.co\/es\/wp-content\/uploads\/2026\/03\/PMUS-EL-POBLADOWhatsApp-Image-2026-03-05-at-11.06.03-1PMUS-EL-POBLADO-150x100.jpg 150w, https:\/\/www.medellin.gov.co\/es\/wp-content\/uploads\/2026\/03\/PMUS-EL-POBLADOWhatsApp-Image-2026-03-05-at-11.06.03-1PMUS-EL-POBLADO-768x513.jpg 768w, https:\/\/www.medellin.gov.co\/es\/wp-content\/uploads\/2026\/03\/PMUS-EL-POBLADOWhatsApp-Image-2026-03-05-at-11.06.03-1PMUS-EL-POBLADO.jpg 1078w\" sizes=\"(max-width: 1024px) 100vw, 1024px\" \/>\t\t\t\t\t\t\t\t\t\t\t\t\t\t<\/div>\n\t\t\t\t\t\t<\/div>\n\t\t\t\t<\/div>\n\t\t<\/div><div class=\"elementor-element elementor-element-45f0d0f e-container--column e-container\" data-id=\"45f0d0f\" data-element_type=\"container\">\t\t\t\t<div class=\"elementor-element elementor-element-7f7d644 elementor-widget elementor-widget-text-editor\" data-id=\"7f7d644\" data-element_type=\"widget\" data-widget_type=\"text-editor.default\">\n\t\t\t\t<div class=\"elementor-widget-container\">\n\t\t\t\t\t\t\t\t<div class=\"elementor-text-editor elementor-clearfix\">\n\t\t\t\t<p>Para atender estas din\u00e1micas, el puesto cuenta con\u00a0<strong>200 funcionarios distribuidos en tres turnos<\/strong>, con mayor presencia en la noche, lo que permite una operaci\u00f3n permanente y una respuesta oportuna a las necesidades del sector.<\/p><p>Este PMUS funciona\u00a0<strong>24 horas, de lunes a domingo<\/strong>, y se basa en la experiencia del modelo implementado en el Centro, consolidando una coordinaci\u00f3n interinstitucional en tiempo real para:<\/p><ul><li>Recuperar y cuidar el espacio p\u00fablico.<\/li><li>Mejorar el manejo de residuos.<\/li><li>Ordenar la movilidad.<\/li><li>Fortalecer la seguridad y la convivencia.<\/li><li>Identificar vulneraciones de ni\u00f1as, ni\u00f1os y<\/li><li>Brindar atenci\u00f3n social y acompa\u00f1amiento en territorio.<\/li><\/ul><p>\u00a0<\/p>\t\t\t\t\t<\/div>\n\t\t\t\t\t\t<\/div>\n\t\t\t\t<\/div>\n\t\t<\/div><\/div><div class=\"elementor-element elementor-element-e7ed900 e-container--column e-container\" data-id=\"e7ed900\" data-element_type=\"container\">\t\t\t\t<div class=\"elementor-element elementor-element-57508f7 elementor-widget elementor-widget-text-editor\" data-id=\"57508f7\" data-element_type=\"widget\" data-widget_type=\"text-editor.default\">\n\t\t\t\t<div class=\"elementor-widget-container\">\n\t\t\t\t\t\t\t\t<div class=\"elementor-text-editor elementor-clearfix\">\n\t\t\t\t<p><strong>\u00bfC\u00f3mo acceder?<\/strong><\/p><p>La comunidad puede:<\/p><ul><li>Reportar situaciones relacionadas con convivencia, movilidad o espacio p\u00fablico.<\/li><li>Conocer las acciones permanentes, que se desarrollan en estos corredores estrat\u00e9gicos, por parte del Distrito.<\/li><\/ul><p><strong>Horario de atenci\u00f3n:<br \/><\/strong>Domingo a domingo, 24 horas.<\/p>\t\t\t\t\t<\/div>\n\t\t\t\t\t\t<\/div>\n\t\t\t\t<\/div>\n\t\t<\/div>\t\t\t\t\t\t\t<\/div>\n\t\t\t<\/div>\n\t\t\t\t\t<\/div>\n\t\t","protected":false},"excerpt":{"rendered":"<p>PMUS Puesto de Mando Unificado Social: presencia institucional que transforma las comunas 10 y 14El Puesto de Mando Unificado Social -PMUS- es una estrategia de la Alcald\u00eda de Medell\u00edn, liderada por la Gerencia del Centro &#8230;<\/p>\n","protected":false},"author":97,"featured_media":0,"parent":13673,"menu_order":0,"comment_status":"closed","ping_status":"closed","template":"sec-gerencia-centro\/elementor18032025.php","meta":[],"acf":[],"_links":{"self":[{"href":"https:\/\/www.medellin.gov.co\/es\/wp-json\/wp\/v2\/pages\/496538"}],"collection":[{"href":"https:\/\/www.medellin.gov.co\/es\/wp-json\/wp\/v2\/pages"}],"about":[{"href":"https:\/\/www.medellin.gov.co\/es\/wp-json\/wp\/v2\/types\/page"}],"author":[{"embeddable":true,"href":"https:\/\/www.medellin.gov.co\/es\/wp-json\/wp\/v2\/users\/97"}],"replies":[{"embeddable":true,"href":"https:\/\/www.medellin.gov.co\/es\/wp-json\/wp\/v2\/comments?post=496538"}],"version-history":[{"count":4,"href":"https:\/\/www.medellin.gov.co\/es\/wp-json\/wp\/v2\/pages\/496538\/revisions"}],"predecessor-version":[{"id":511005,"href":"https:\/\/www.medellin.gov.co\/es\/wp-json\/wp\/v2\/pages\/496538\/revisions\/511005"}],"up":[{"embeddable":true,"href":"https:\/\/www.medellin.gov.co\/es\/wp-json\/wp\/v2\/pages\/13673"}],"wp:attachment":[{"href":"https:\/\/www.medellin.gov.co\/es\/wp-json\/wp\/v2\/media?parent=496538"}],"curies":[{"name":"wp","href":"https:\/\/api.w.org\/{rel}","templated":true}]}}