{"id":7586,"date":"2021-08-20T15:09:25","date_gmt":"2021-08-20T20:09:25","guid":{"rendered":"https:\/\/www.medellin.gov.co\/es\/?page_id=7586"},"modified":"2024-05-22T14:12:10","modified_gmt":"2024-05-22T19:12:10","slug":"que-hace-la-secretaria","status":"publish","type":"page","link":"https:\/\/www.medellin.gov.co\/es\/secretaria-general\/que-hace-la-secretaria\/","title":{"rendered":"Funciones y composici\u00f3n de la Secretar\u00eda General de Medell\u00edn"},"content":{"rendered":"\t\t<div data-elementor-type=\"wp-page\" data-elementor-id=\"7586\" class=\"elementor elementor-7586\">\n\t\t\t\t\t\t<div class=\"elementor-inner\">\n\t\t\t\t<div class=\"elementor-section-wrap\">\n\t\t\t\t\t\t\t\t\t<section class=\"elementor-section elementor-top-section elementor-element elementor-element-17265d1 elementor-section-boxed elementor-section-height-default elementor-section-height-default\" data-id=\"17265d1\" data-element_type=\"section\">\n\t\t\t\t\t\t<div class=\"elementor-container elementor-column-gap-default\">\n\t\t\t\t\t\t\t<div class=\"elementor-row\">\n\t\t\t\t\t<div class=\"elementor-column elementor-col-100 elementor-top-column elementor-element elementor-element-6a100b9\" data-id=\"6a100b9\" data-element_type=\"column\">\n\t\t\t<div class=\"elementor-column-wrap elementor-element-populated\">\n\t\t\t\t\t\t\t<div class=\"elementor-widget-wrap\">\n\t\t\t\t\t\t<div class=\"elementor-element elementor-element-9d285a0 elementor-widget elementor-widget-heading\" data-id=\"9d285a0\" data-element_type=\"widget\" data-widget_type=\"heading.default\">\n\t\t\t\t<div class=\"elementor-widget-container\">\n\t\t\t<h1 class=\"elementor-heading-title elementor-size-default\">Funciones y composici\u00f3n de la Secretar\u00eda General de Medell\u00edn<\/h1>\t\t<\/div>\n\t\t\t\t<\/div>\n\t\t\t\t<div class=\"elementor-element elementor-element-f399e2c elementor-widget elementor-widget-heading\" data-id=\"f399e2c\" data-element_type=\"widget\" data-widget_type=\"heading.default\">\n\t\t\t\t<div class=\"elementor-widget-container\">\n\t\t\t<h2 class=\"elementor-heading-title elementor-size-default\">\u00bf<b>Qu\u00e9 hace<\/b> la Secretar\u00eda General?<\/h2>\t\t<\/div>\n\t\t\t\t<\/div>\n\t\t\t\t<section class=\"elementor-section elementor-inner-section elementor-element elementor-element-dd005bf elementor-section-boxed elementor-section-height-default elementor-section-height-default\" data-id=\"dd005bf\" data-element_type=\"section\" data-settings=\"{&quot;background_background&quot;:&quot;classic&quot;}\">\n\t\t\t\t\t\t<div class=\"elementor-container elementor-column-gap-default\">\n\t\t\t\t\t\t\t<div class=\"elementor-row\">\n\t\t\t\t\t<div class=\"elementor-column elementor-col-50 elementor-inner-column elementor-element elementor-element-f3f2018\" data-id=\"f3f2018\" data-element_type=\"column\">\n\t\t\t<div class=\"elementor-column-wrap elementor-element-populated\">\n\t\t\t\t\t\t\t<div class=\"elementor-widget-wrap\">\n\t\t\t\t\t\t<div class=\"elementor-element elementor-element-25d40ca elementor-widget elementor-widget-text-editor\" data-id=\"25d40ca\" data-element_type=\"widget\" data-widget_type=\"text-editor.default\">\n\t\t\t\t<div class=\"elementor-widget-container\">\n\t\t\t\t\t\t\t\t<div class=\"elementor-text-editor elementor-clearfix\">\n\t\t\t\t<p><span style=\"font-weight: 400;\">Es una dependencia del nivel central que tendr\u00e1 como responsabilidad garantizar el direccionamiento jur\u00eddico de la Administraci\u00f3n Municipal a nivel central y la defensa de lo p\u00fablico desde la perspectiva legal, fortaleciendo la aplicaci\u00f3n y la proyecci\u00f3n del componente jur\u00eddico en todos los procesos de la municipalidad.<\/span><\/p>\n<p>La estructura administrativa de la Secretar\u00eda General est\u00e1 conformada por:<\/p>\t\t\t\t\t<\/div>\n\t\t\t\t\t\t<\/div>\n\t\t\t\t<\/div>\n\t\t\t\t<div class=\"elementor-element elementor-element-0abcf90 elementor-widget elementor-widget-text-editor\" data-id=\"0abcf90\" data-element_type=\"widget\" data-widget_type=\"text-editor.default\">\n\t\t\t\t<div class=\"elementor-widget-container\">\n\t\t\t\t\t\t\t\t<div class=\"elementor-text-editor elementor-clearfix\">\n\t\t\t\t<ul><li>Despacho de la Secretar\u00eda General.<\/li><li>Subsecretar\u00eda de Prevenci\u00f3n del Da\u00f1o Antijur\u00eddico.<\/li><li>Subsecretar\u00eda de Defensa y Protecci\u00f3n de lo P\u00fablico.<\/li><\/ul>\t\t\t\t\t<\/div>\n\t\t\t\t\t\t<\/div>\n\t\t\t\t<\/div>\n\t\t\t\t\t\t<\/div>\n\t\t\t\t\t<\/div>\n\t\t<\/div>\n\t\t\t\t<div class=\"elementor-column elementor-col-50 elementor-inner-column elementor-element elementor-element-391ccfd\" data-id=\"391ccfd\" data-element_type=\"column\">\n\t\t\t<div class=\"elementor-column-wrap elementor-element-populated\">\n\t\t\t\t\t\t\t<div class=\"elementor-widget-wrap\">\n\t\t\t\t\t\t<div class=\"elementor-element elementor-element-f732eb7 elementor-aspect-ratio-169 elementor-widget elementor-widget-video\" data-id=\"f732eb7\" data-element_type=\"widget\" data-settings=\"{&quot;youtube_url&quot;:&quot;https:\\\/\\\/youtu.be\\\/g-bUfCZVCow&quot;,&quot;video_type&quot;:&quot;youtube&quot;,&quot;controls&quot;:&quot;yes&quot;,&quot;aspect_ratio&quot;:&quot;169&quot;}\" data-widget_type=\"video.default\">\n\t\t\t\t<div class=\"elementor-widget-container\">\n\t\t\t\t\t<div class=\"elementor-wrapper elementor-fit-aspect-ratio elementor-open-inline\">\n\t\t\t<div class=\"elementor-video\"><\/div>\t\t<\/div>\n\t\t\t\t<\/div>\n\t\t\t\t<\/div>\n\t\t\t\t\t\t<\/div>\n\t\t\t\t\t<\/div>\n\t\t<\/div>\n\t\t\t\t\t\t\t\t<\/div>\n\t\t\t\t\t<\/div>\n\t\t<\/section>\n\t\t\t\t<div class=\"elementor-element elementor-element-5c73126 elementor-widget elementor-widget-heading\" data-id=\"5c73126\" data-element_type=\"widget\" data-widget_type=\"heading.default\">\n\t\t\t\t<div class=\"elementor-widget-container\">\n\t\t\t<h2 class=\"elementor-heading-title elementor-size-default\"><b>Funciones<\/b> de la Secretar\u00eda General<\/h2>\t\t<\/div>\n\t\t\t\t<\/div>\n\t\t\t\t<div class=\"elementor-element elementor-element-a7d5c5d elementor-widget elementor-widget-text-editor\" data-id=\"a7d5c5d\" data-element_type=\"widget\" data-widget_type=\"text-editor.default\">\n\t\t\t\t<div class=\"elementor-widget-container\">\n\t\t\t\t\t\t\t\t<div class=\"elementor-text-editor elementor-clearfix\">\n\t\t\t\t<ol><li>Liderar, direccionar y hacer seguimiento a la implementaci\u00f3n y operaci\u00f3n del pilar de direccionamiento jur\u00eddico, conforme a los lineamientos del Modelo Conglomerado P\u00fablico Municipio de Medell\u00edn.<\/li><li>Dirigir y coordinar la gerencia jur\u00eddica p\u00fablica del Municipio de Medell\u00edn.<\/li><li>Dirigir y coordinar los tr\u00e1mites de los proyectos de acuerdo ante el Honorable Concejo Municipal.<\/li><li>Garantizar que las actuaciones de la entidad municipal tengan un correcto contenido jur\u00eddico.<\/li><li>Dirigir el Comit\u00e9 de Conciliaci\u00f3n del Municipio de Medell\u00edn acorde con las normas vigentes.<\/li><li>Dirigir y garantizar el control y la evaluaci\u00f3n en el desarrollo de las actividades que conforman la gerencia jur\u00eddica p\u00fablica,<\/li><li>Asegurar el apoyo jur\u00eddico a la Administraci\u00f3n Municipal.<\/li><li>Garantizar la unificaci\u00f3n, coordinaci\u00f3n de criterios y actuaciones jur\u00eddicas del Municipio de Medell\u00edn a nivel central y descentralizado.<\/li><li>Apoyar jur\u00eddicamente proyectos estrat\u00e9gicos de la Administraci\u00f3n Central y en aquellos del nivel descentralizado encomendados por el alcalde.<\/li><li>Afianzar pol\u00edticas, planes y estrategias en materia de prevenci\u00f3n del da\u00f1o antijur\u00eddico y en defensa de lo p\u00fablico.<\/li><\/ol>\t\t\t\t\t<\/div>\n\t\t\t\t\t\t<\/div>\n\t\t\t\t<\/div>\n\t\t\t\t<div class=\"elementor-element elementor-element-695b4f0 elementor-widget elementor-widget-image\" data-id=\"695b4f0\" data-element_type=\"widget\" data-widget_type=\"image.default\">\n\t\t\t\t<div class=\"elementor-widget-container\">\n\t\t\t\t\t\t\t\t<div class=\"elementor-image\">\n\t\t\t\t\t\t\t\t\t\t\t\t<img width=\"1024\" height=\"684\" src=\"https:\/\/www.medellin.gov.co\/es\/wp-content\/uploads\/2021\/08\/centro-administrativo-alpujarra-1024x684.jpg\" class=\"attachment-large size-large\" alt=\"Centro Administrativo Alpujarra\" loading=\"lazy\" srcset=\"https:\/\/www.medellin.gov.co\/es\/wp-content\/uploads\/2021\/08\/centro-administrativo-alpujarra-1024x684.jpg 1024w, https:\/\/www.medellin.gov.co\/es\/wp-content\/uploads\/2021\/08\/centro-administrativo-alpujarra-300x200.jpg 300w, https:\/\/www.medellin.gov.co\/es\/wp-content\/uploads\/2021\/08\/centro-administrativo-alpujarra-150x100.jpg 150w, https:\/\/www.medellin.gov.co\/es\/wp-content\/uploads\/2021\/08\/centro-administrativo-alpujarra-768x513.jpg 768w, https:\/\/www.medellin.gov.co\/es\/wp-content\/uploads\/2021\/08\/centro-administrativo-alpujarra.jpg 1200w\" sizes=\"(max-width: 1024px) 100vw, 1024px\" \/>\t\t\t\t\t\t\t\t\t\t\t\t\t\t<\/div>\n\t\t\t\t\t\t<\/div>\n\t\t\t\t<\/div>\n\t\t\t\t<div class=\"elementor-element elementor-element-f6d8da2 elementor-widget elementor-widget-text-editor\" data-id=\"f6d8da2\" data-element_type=\"widget\" data-widget_type=\"text-editor.default\">\n\t\t\t\t<div class=\"elementor-widget-container\">\n\t\t\t\t\t\t\t\t<div class=\"elementor-text-editor elementor-clearfix\">\n\t\t\t\t<ol start=\"11\"><li>Afianzar estrategias orientadas a generar, anticipar y proyectar un enfoque de influencia sobre la formulaci\u00f3n de leyes y eventos que afectan al Municipio de Medell\u00edn.<\/li><li>Defender el patrimonio p\u00fablico.<\/li><li>Garantizar las acciones y herramientas tendientes a la prevenci\u00f3n de riesgos potenciales que tengan alcance jur\u00eddico.<\/li><li>Promover el mejoramiento y posicionamiento del Sistema de Informaci\u00f3n Jur\u00eddico.<\/li><li>Orientar y controlar las actuaciones jur\u00eddicas del Municipio de Medell\u00edn.<\/li><li>Apoyar jur\u00eddicamente a la Secretar\u00eda de Suministros y Servicios en la realizaci\u00f3n de los contratos necesarios para obtener, los bienes y servicios requeridos y ejercer la supervisi\u00f3n t\u00e9cnica de los mismos.<\/li><li>Coordinar, con la Secretar\u00eda de Suministros y Servicios, la realizaci\u00f3n de los contratos necesarios para obtener los bienes y servicios requeridos y ejercer la supervisi\u00f3n t\u00e9cnica de los mismos.<\/li><li>Implementar y ejecutar las pol\u00edticas y directrices que orienten los procesos de apoyo.<\/li><li>Implementar y ejecutar las pol\u00edticas y directrices que establezca la Secretar\u00eda de Gesti\u00f3n Humana y Servicio a la Ciudadan\u00eda en materia de gesti\u00f3n de tr\u00e1mites, procedimientos administrativos, peticiones, quejas, reclamos y sugerencias.<\/li><li>Implementar y ejecutar las pol\u00edticas y directrices que orienten el Plan de Ordenamiento Territorial.<\/li><li>Implementar, mantener y mejorar el Sistema Integral de Gesti\u00f3n para los procesos que dirige o participa, de acuerdo con las directrices definidas por la entidad.<\/li><\/ol>\t\t\t\t\t<\/div>\n\t\t\t\t\t\t<\/div>\n\t\t\t\t<\/div>\n\t\t\t\t<div class=\"elementor-element elementor-element-5b616c1 elementor-mobile-align-center elementor-widget elementor-widget-button\" data-id=\"5b616c1\" data-element_type=\"widget\" id=\"general_qh_conozca\" data-widget_type=\"button.default\">\n\t\t\t\t<div class=\"elementor-widget-container\">\n\t\t\t\t\t<div class=\"elementor-button-wrapper\">\n\t\t\t<a href=\"https:\/\/www.medellin.gov.co\/normograma\/docs\/astrea\/docs\/d_alcamed_0883_2015.htm\" target=\"_blank\" class=\"elementor-button-link elementor-button elementor-size-sm\" role=\"button\">\n\t\t\t\t\t\t<span class=\"elementor-button-content-wrapper\">\n\t\t\t\t\t\t<span class=\"elementor-button-text\">CONOCE EL DECRETO<\/span>\n\t\t<\/span>\n\t\t\t\t\t<\/a>\n\t\t<\/div>\n\t\t\t\t<\/div>\n\t\t\t\t<\/div>\n\t\t\t\t<div class=\"elementor-element elementor-element-b9a149b elementor-widget elementor-widget-heading\" data-id=\"b9a149b\" data-element_type=\"widget\" id=\"comp_sec_general\" data-widget_type=\"heading.default\">\n\t\t\t\t<div class=\"elementor-widget-container\">\n\t\t\t<h2 class=\"elementor-heading-title elementor-size-default\">\u00bf<b>C\u00f3mo est\u00e1 compuesta<\/b> la Secretar\u00eda General de Medell\u00edn?<\/h2>\t\t<\/div>\n\t\t\t\t<\/div>\n\t\t\t\t<div class=\"elementor-element elementor-element-bec0cc7 elementor-widget elementor-widget-heading\" data-id=\"bec0cc7\" data-element_type=\"widget\" data-widget_type=\"heading.default\">\n\t\t\t\t<div class=\"elementor-widget-container\">\n\t\t\t<p class=\"elementor-heading-title elementor-size-default\">La estructura administrativa de la Secretar\u00eda General est\u00e1 conformada as\u00ed:<\/p>\t\t<\/div>\n\t\t\t\t<\/div>\n\t\t\t\t<section class=\"elementor-section elementor-inner-section elementor-element elementor-element-fe0de6c elementor-reverse-mobile elementor-section-boxed elementor-section-height-default elementor-section-height-default\" data-id=\"fe0de6c\" data-element_type=\"section\">\n\t\t\t\t\t\t<div class=\"elementor-container elementor-column-gap-default\">\n\t\t\t\t\t\t\t<div class=\"elementor-row\">\n\t\t\t\t\t<div class=\"elementor-column elementor-col-50 elementor-inner-column elementor-element elementor-element-f53026a\" data-id=\"f53026a\" data-element_type=\"column\">\n\t\t\t<div class=\"elementor-column-wrap elementor-element-populated\">\n\t\t\t\t\t\t\t<div class=\"elementor-widget-wrap\">\n\t\t\t\t\t\t<div class=\"elementor-element elementor-element-e60d330 elementor-widget elementor-widget-heading\" data-id=\"e60d330\" data-element_type=\"widget\" data-widget_type=\"heading.default\">\n\t\t\t\t<div class=\"elementor-widget-container\">\n\t\t\t<h3 class=\"elementor-heading-title elementor-size-default\">Despacho de la Secretar\u00eda General<\/h3>\t\t<\/div>\n\t\t\t\t<\/div>\n\t\t\t\t<div class=\"elementor-element elementor-element-600874f elementor-widget elementor-widget-heading\" data-id=\"600874f\" data-element_type=\"widget\" data-widget_type=\"heading.default\">\n\t\t\t\t<div class=\"elementor-widget-container\">\n\t\t\t<h4 class=\"elementor-heading-title elementor-size-default\">Secretario General, Sebasti\u00e1n G\u00f3mez S\u00e1nchez<\/h4>\t\t<\/div>\n\t\t\t\t<\/div>\n\t\t\t\t<div class=\"elementor-element elementor-element-c554b33 elementor-widget elementor-widget-text-editor\" data-id=\"c554b33\" data-element_type=\"widget\" data-widget_type=\"text-editor.default\">\n\t\t\t\t<div class=\"elementor-widget-container\">\n\t\t\t\t\t\t\t\t<div class=\"elementor-text-editor elementor-clearfix\">\n\t\t\t\t<p>Abogado con maestr\u00eda en derecho administrativo. Cuenta con m\u00e1s de 10 a\u00f1os de experiencia en el sector acad\u00e9mico, p\u00fablico y privado, con capacidad de gestionar y articular.<\/p><p>Se ha desempe\u00f1ado como l\u00edder en asuntos de litigio y asesor\u00eda legal con alcance nacional e internacional, adem\u00e1s, docente y ponente en eventos acad\u00e9micos de derecho p\u00fablico.<\/p>\t\t\t\t\t<\/div>\n\t\t\t\t\t\t<\/div>\n\t\t\t\t<\/div>\n\t\t\t\t<div class=\"elementor-element elementor-element-a2365d3 elementor-mobile-align-center elementor-widget elementor-widget-button\" data-id=\"a2365d3\" data-element_type=\"widget\" id=\"general_qh_hv\" data-widget_type=\"button.default\">\n\t\t\t\t<div class=\"elementor-widget-container\">\n\t\t\t\t\t<div class=\"elementor-button-wrapper\">\n\t\t\t<a href=\"https:\/\/www.funcionpublica.gov.co\/web\/sigep\/hdv\/-\/directorio\/S1729413-0426-4\/view\" target=\"_blank\" class=\"elementor-button-link elementor-button elementor-size-sm\" role=\"button\">\n\t\t\t\t\t\t<span class=\"elementor-button-content-wrapper\">\n\t\t\t\t\t\t<span class=\"elementor-button-text\">Hoja de vida SIGEP<\/span>\n\t\t<\/span>\n\t\t\t\t\t<\/a>\n\t\t<\/div>\n\t\t\t\t<\/div>\n\t\t\t\t<\/div>\n\t\t\t\t<div class=\"elementor-element elementor-element-6a540d6 elementor-mobile-align-center elementor-tablet-align-left elementor-widget elementor-widget-button\" data-id=\"6a540d6\" data-element_type=\"widget\" id=\"general_qh_rent\" data-widget_type=\"button.default\">\n\t\t\t\t<div class=\"elementor-widget-container\">\n\t\t\t\t\t<div class=\"elementor-button-wrapper\">\n\t\t\t<a href=\"https:\/\/www.funcionpublica.gov.co\/fdci\/consultaCiudadana\/index?tipoPersonaId=25&#038;primerNombre=Sebasti%C3%A1n+&#038;segundoNombre=&#038;primerApellido=G%C3%B3mez+&#038;segundoApellido=S%C3%A1nchez&#038;numeroDocumento=&#038;entidad=&#038;fechaFinalizacionDesde=&#038;fechaFinalizacionHasta=&#038;find=Buscar#resultadosBusqueda\" target=\"_blank\" class=\"elementor-button-link elementor-button elementor-size-sm\" role=\"button\">\n\t\t\t\t\t\t<span class=\"elementor-button-content-wrapper\">\n\t\t\t\t\t\t<span class=\"elementor-button-text\">Declaraci\u00f3n de bienes y rentas<\/span>\n\t\t<\/span>\n\t\t\t\t\t<\/a>\n\t\t<\/div>\n\t\t\t\t<\/div>\n\t\t\t\t<\/div>\n\t\t\t\t\t\t<\/div>\n\t\t\t\t\t<\/div>\n\t\t<\/div>\n\t\t\t\t<div class=\"elementor-column elementor-col-50 elementor-inner-column elementor-element elementor-element-751a71b\" data-id=\"751a71b\" data-element_type=\"column\">\n\t\t\t<div class=\"elementor-column-wrap elementor-element-populated\">\n\t\t\t\t\t\t\t<div class=\"elementor-widget-wrap\">\n\t\t\t\t\t\t<div class=\"elementor-element elementor-element-3dc64ab elementor-widget elementor-widget-image\" data-id=\"3dc64ab\" data-element_type=\"widget\" data-widget_type=\"image.default\">\n\t\t\t\t<div class=\"elementor-widget-container\">\n\t\t\t\t\t\t\t\t<div class=\"elementor-image\">\n\t\t\t\t\t\t\t\t\t\t\t\t<img width=\"600\" height=\"719\" src=\"https:\/\/www.medellin.gov.co\/es\/wp-content\/uploads\/2023\/12\/Sebastian_Gomez_Sanchez__2.jpg\" class=\"attachment-full size-full\" alt=\"Sebasti\u00e1n G\u00f3mez S\u00e1nchez\" loading=\"lazy\" srcset=\"https:\/\/www.medellin.gov.co\/es\/wp-content\/uploads\/2023\/12\/Sebastian_Gomez_Sanchez__2.jpg 600w, https:\/\/www.medellin.gov.co\/es\/wp-content\/uploads\/2023\/12\/Sebastian_Gomez_Sanchez__2-250x300.jpg 250w, https:\/\/www.medellin.gov.co\/es\/wp-content\/uploads\/2023\/12\/Sebastian_Gomez_Sanchez__2-125x150.jpg 125w\" sizes=\"(max-width: 600px) 100vw, 600px\" \/>\t\t\t\t\t\t\t\t\t\t\t\t\t\t<\/div>\n\t\t\t\t\t\t<\/div>\n\t\t\t\t<\/div>\n\t\t\t\t\t\t<\/div>\n\t\t\t\t\t<\/div>\n\t\t<\/div>\n\t\t\t\t\t\t\t\t<\/div>\n\t\t\t\t\t<\/div>\n\t\t<\/section>\n\t\t\t\t<div class=\"elementor-element elementor-element-e04cf0a elementor-widget elementor-widget-heading\" data-id=\"e04cf0a\" data-element_type=\"widget\" data-widget_type=\"heading.default\">\n\t\t\t\t<div class=\"elementor-widget-container\">\n\t\t\t<h3 class=\"elementor-heading-title elementor-size-default\">Subsecretar\u00eda de Prevenci\u00f3n del da\u00f1o<\/h3>\t\t<\/div>\n\t\t\t\t<\/div>\n\t\t\t\t<section class=\"elementor-section elementor-inner-section elementor-element elementor-element-a771df7 elementor-section-boxed elementor-section-height-default elementor-section-height-default\" data-id=\"a771df7\" data-element_type=\"section\">\n\t\t\t\t\t\t<div class=\"elementor-container elementor-column-gap-default\">\n\t\t\t\t\t\t\t<div class=\"elementor-row\">\n\t\t\t\t\t<div class=\"elementor-column elementor-col-50 elementor-inner-column elementor-element elementor-element-eb8baaf\" data-id=\"eb8baaf\" data-element_type=\"column\">\n\t\t\t<div class=\"elementor-column-wrap elementor-element-populated\">\n\t\t\t\t\t\t\t<div class=\"elementor-widget-wrap\">\n\t\t\t\t\t\t<div class=\"elementor-element elementor-element-e2b0623 elementor-widget elementor-widget-text-editor\" data-id=\"e2b0623\" data-element_type=\"widget\" data-widget_type=\"text-editor.default\">\n\t\t\t\t<div class=\"elementor-widget-container\">\n\t\t\t\t\t\t\t\t<div class=\"elementor-text-editor elementor-clearfix\">\n\t\t\t\t<p>1. Formular, orientar y coordinar la gerencia jur\u00eddica p\u00fablica del Municipio de Medell\u00edn.<\/p><p>2. Definir y orientar la aplicaci\u00f3n de las directrices del actuar jur\u00eddico en el \u00e1mbito de prevenci\u00f3n del da\u00f1o antijur\u00eddico en el Municipio de Medell\u00edn nivel central y descentralizado.<\/p><p>3. Formular las pol\u00edticas, planes y programas relacionados con la Prevenci\u00f3n del da\u00f1o antijur\u00eddico del Municipio de Medell\u00edn, de acuerdo con la normatividad vigente y los requerimientos de la administraci\u00f3n, con el fin de contribuir a la implementaci\u00f3n de acciones eficaces y de bajo riesgo, generando los instructivos pertinentes.<\/p><p>4. Identificar los riesgos y oportunidades jur\u00eddicas para la administraci\u00f3n municipal, mediante la consulta de normas y tendencias jurisprudenciales, con el fin de evitar perjuicios y optimizar la labor de la administraci\u00f3n.<\/p><p>5. Coordinar la definici\u00f3n y divulgaci\u00f3n de l\u00edneas de prevenci\u00f3n del da\u00f1o antijur\u00eddico, priorizando, seg\u00fan el impacto.<\/p><p>\u00a0<\/p>\t\t\t\t\t<\/div>\n\t\t\t\t\t\t<\/div>\n\t\t\t\t<\/div>\n\t\t\t\t\t\t<\/div>\n\t\t\t\t\t<\/div>\n\t\t<\/div>\n\t\t\t\t<div class=\"elementor-column elementor-col-50 elementor-inner-column elementor-element elementor-element-2e5a1e8\" data-id=\"2e5a1e8\" data-element_type=\"column\">\n\t\t\t<div class=\"elementor-column-wrap elementor-element-populated\">\n\t\t\t\t\t\t\t<div class=\"elementor-widget-wrap\">\n\t\t\t\t\t\t<div class=\"elementor-element elementor-element-4c10ae4 elementor-widget elementor-widget-image\" data-id=\"4c10ae4\" data-element_type=\"widget\" data-widget_type=\"image.default\">\n\t\t\t\t<div class=\"elementor-widget-container\">\n\t\t\t\t\t\t\t\t<div class=\"elementor-image\">\n\t\t\t\t\t\t\t\t\t\t\t\t<img width=\"965\" height=\"710\" src=\"https:\/\/www.medellin.gov.co\/es\/wp-content\/uploads\/2023\/11\/Subsecretaria-de-dano-antijuridico.jpg\" class=\"attachment-full size-full\" alt=\"Subsecretar\u00eda de da\u00f1o antijur\u00eddico\" loading=\"lazy\" srcset=\"https:\/\/www.medellin.gov.co\/es\/wp-content\/uploads\/2023\/11\/Subsecretaria-de-dano-antijuridico.jpg 965w, https:\/\/www.medellin.gov.co\/es\/wp-content\/uploads\/2023\/11\/Subsecretaria-de-dano-antijuridico-300x221.jpg 300w, https:\/\/www.medellin.gov.co\/es\/wp-content\/uploads\/2023\/11\/Subsecretaria-de-dano-antijuridico-150x110.jpg 150w, https:\/\/www.medellin.gov.co\/es\/wp-content\/uploads\/2023\/11\/Subsecretaria-de-dano-antijuridico-768x565.jpg 768w\" sizes=\"(max-width: 965px) 100vw, 965px\" \/>\t\t\t\t\t\t\t\t\t\t\t\t\t\t<\/div>\n\t\t\t\t\t\t<\/div>\n\t\t\t\t<\/div>\n\t\t\t\t<div class=\"elementor-element elementor-element-0ed4331 elementor-widget elementor-widget-text-editor\" data-id=\"0ed4331\" data-element_type=\"widget\" data-widget_type=\"text-editor.default\">\n\t\t\t\t<div class=\"elementor-widget-container\">\n\t\t\t\t\t\t\t\t<div class=\"elementor-text-editor elementor-clearfix\">\n\t\t\t\t<p>Para conocer m\u00e1s funciones de la Subsecretar\u00eda de Prevenci\u00f3n los invitamos a consultar el <a href=\"https:\/\/www.medellin.gov.co\/normograma\/docs\/astrea\/docs\/d_alcamed_0883_2015.htm\" target=\"_blank\" rel=\"noopener\">Decreto 883 de 2015 en su Art\u00edculo 118<\/a>\u00a0<\/p>\t\t\t\t\t<\/div>\n\t\t\t\t\t\t<\/div>\n\t\t\t\t<\/div>\n\t\t\t\t\t\t<\/div>\n\t\t\t\t\t<\/div>\n\t\t<\/div>\n\t\t\t\t\t\t\t\t<\/div>\n\t\t\t\t\t<\/div>\n\t\t<\/section>\n\t\t\t\t<div class=\"elementor-element elementor-element-92f78b8 elementor-widget elementor-widget-heading\" data-id=\"92f78b8\" data-element_type=\"widget\" data-widget_type=\"heading.default\">\n\t\t\t\t<div class=\"elementor-widget-container\">\n\t\t\t<h3 class=\"elementor-heading-title elementor-size-default\">Subsecretar\u00eda de Defensa y Protecci\u00f3n de lo P\u00fablico<\/h3>\t\t<\/div>\n\t\t\t\t<\/div>\n\t\t\t\t<div class=\"elementor-element elementor-element-eb391bd elementor-widget elementor-widget-heading\" data-id=\"eb391bd\" data-element_type=\"widget\" data-widget_type=\"heading.default\">\n\t\t\t\t<div class=\"elementor-widget-container\">\n\t\t\t<h3 class=\"elementor-heading-title elementor-size-default\">Subsecretaria, Paula Cristina Lema Fern\u00e1ndez<\/h3>\t\t<\/div>\n\t\t\t\t<\/div>\n\t\t\t\t<section class=\"elementor-section elementor-inner-section elementor-element elementor-element-7347aa5 elementor-section-boxed elementor-section-height-default elementor-section-height-default\" data-id=\"7347aa5\" data-element_type=\"section\">\n\t\t\t\t\t\t<div class=\"elementor-container elementor-column-gap-default\">\n\t\t\t\t\t\t\t<div class=\"elementor-row\">\n\t\t\t\t\t<div class=\"elementor-column elementor-col-50 elementor-inner-column elementor-element elementor-element-bb7498b\" data-id=\"bb7498b\" data-element_type=\"column\">\n\t\t\t<div class=\"elementor-column-wrap elementor-element-populated\">\n\t\t\t\t\t\t\t<div class=\"elementor-widget-wrap\">\n\t\t\t\t\t\t<div class=\"elementor-element elementor-element-9583628 elementor-widget elementor-widget-text-editor\" data-id=\"9583628\" data-element_type=\"widget\" data-widget_type=\"text-editor.default\">\n\t\t\t\t<div class=\"elementor-widget-container\">\n\t\t\t\t\t\t\t\t<div class=\"elementor-text-editor elementor-clearfix\">\n\t\t\t\t<p>Abogada especialista en Derecho Administrativo y Procesal, y Magister en Derecho Procesal. Cuenta con una amplia experiencia en la Jurisdicci\u00f3n Contenciosa Administrativa, desarrollada en diferentes juzgados en Medell\u00edn y en el Tribunal Administrativo de Antioquia, y fue Subsecretaria de Defensa y Protecci\u00f3n de lo P\u00fablico en la Alcald\u00eda de Medell\u00edn entre los a\u00f1os 2016 y 2020.<\/p><p>Por su liderazgo y determinaci\u00f3n, su amplia experiencia en la Rama Judicial, el manejo de plataformas para el acceso a la administraci\u00f3n de justicia y el conocimiento de la Subsecretar\u00eda y el Conglomerado P\u00fablico, vuelve a ocupar el cargo de Subsecretaria de Defensa y Protecci\u00f3n de lo P\u00fablico.<\/p>\t\t\t\t\t<\/div>\n\t\t\t\t\t\t<\/div>\n\t\t\t\t<\/div>\n\t\t\t\t\t\t<\/div>\n\t\t\t\t\t<\/div>\n\t\t<\/div>\n\t\t\t\t<div class=\"elementor-column elementor-col-50 elementor-inner-column elementor-element elementor-element-1e55efb\" data-id=\"1e55efb\" data-element_type=\"column\">\n\t\t\t<div class=\"elementor-column-wrap elementor-element-populated\">\n\t\t\t\t\t\t\t<div class=\"elementor-widget-wrap\">\n\t\t\t\t\t\t<div class=\"elementor-element elementor-element-413154a e-transform elementor-widget elementor-widget-image\" data-id=\"413154a\" data-element_type=\"widget\" data-settings=\"{&quot;_transform_flipX_effect&quot;:&quot;transform&quot;}\" data-widget_type=\"image.default\">\n\t\t\t\t<div class=\"elementor-widget-container\">\n\t\t\t\t\t\t\t\t<div class=\"elementor-image\">\n\t\t\t\t\t\t\t\t\t\t\t\t<img width=\"801\" height=\"601\" src=\"https:\/\/www.medellin.gov.co\/es\/wp-content\/uploads\/2024\/03\/Paula-Cristina-Lema-Fernandez-1.jpg\" class=\"attachment-full size-full\" alt=\"\" loading=\"lazy\" srcset=\"https:\/\/www.medellin.gov.co\/es\/wp-content\/uploads\/2024\/03\/Paula-Cristina-Lema-Fernandez-1.jpg 801w, https:\/\/www.medellin.gov.co\/es\/wp-content\/uploads\/2024\/03\/Paula-Cristina-Lema-Fernandez-1-300x225.jpg 300w, https:\/\/www.medellin.gov.co\/es\/wp-content\/uploads\/2024\/03\/Paula-Cristina-Lema-Fernandez-1-150x113.jpg 150w, https:\/\/www.medellin.gov.co\/es\/wp-content\/uploads\/2024\/03\/Paula-Cristina-Lema-Fernandez-1-768x576.jpg 768w\" sizes=\"(max-width: 801px) 100vw, 801px\" \/>\t\t\t\t\t\t\t\t\t\t\t\t\t\t<\/div>\n\t\t\t\t\t\t<\/div>\n\t\t\t\t<\/div>\n\t\t\t\t\t\t<\/div>\n\t\t\t\t\t<\/div>\n\t\t<\/div>\n\t\t\t\t\t\t\t\t<\/div>\n\t\t\t\t\t<\/div>\n\t\t<\/section>\n\t\t\t\t<div class=\"elementor-element elementor-element-4e66263 elementor-widget elementor-widget-heading\" data-id=\"4e66263\" data-element_type=\"widget\" data-widget_type=\"heading.default\">\n\t\t\t\t<div class=\"elementor-widget-container\">\n\t\t\t<h3 class=\"elementor-heading-title elementor-size-default\">Subsecretar\u00eda de Prevenci\u00f3n del Da\u00f1o Antijur\u00eddico<\/h3>\t\t<\/div>\n\t\t\t\t<\/div>\n\t\t\t\t<div class=\"elementor-element elementor-element-7d12e7c elementor-widget elementor-widget-heading\" data-id=\"7d12e7c\" data-element_type=\"widget\" data-widget_type=\"heading.default\">\n\t\t\t\t<div class=\"elementor-widget-container\">\n\t\t\t<h3 class=\"elementor-heading-title elementor-size-default\">Subsecretaria, Liliana Mar\u00eda Correa Posada<\/h3>\t\t<\/div>\n\t\t\t\t<\/div>\n\t\t\t\t<section class=\"elementor-section elementor-inner-section elementor-element elementor-element-d3fee3c elementor-section-boxed elementor-section-height-default elementor-section-height-default\" data-id=\"d3fee3c\" data-element_type=\"section\">\n\t\t\t\t\t\t<div class=\"elementor-container elementor-column-gap-default\">\n\t\t\t\t\t\t\t<div class=\"elementor-row\">\n\t\t\t\t\t<div class=\"elementor-column elementor-col-50 elementor-inner-column elementor-element elementor-element-a5aedf2\" data-id=\"a5aedf2\" data-element_type=\"column\">\n\t\t\t<div class=\"elementor-column-wrap elementor-element-populated\">\n\t\t\t\t\t\t\t<div class=\"elementor-widget-wrap\">\n\t\t\t\t\t\t<div class=\"elementor-element elementor-element-3a6bf7c elementor-widget elementor-widget-image\" data-id=\"3a6bf7c\" data-element_type=\"widget\" data-widget_type=\"image.default\">\n\t\t\t\t<div class=\"elementor-widget-container\">\n\t\t\t\t\t\t\t\t<div class=\"elementor-image\">\n\t\t\t\t\t\t\t\t\t\t\t\t<img width=\"801\" height=\"601\" src=\"https:\/\/www.medellin.gov.co\/es\/wp-content\/uploads\/2024\/05\/Liliana-Maria-Correa-Posada-General-1.jpg\" class=\"attachment-large size-large\" alt=\"\" loading=\"lazy\" srcset=\"https:\/\/www.medellin.gov.co\/es\/wp-content\/uploads\/2024\/05\/Liliana-Maria-Correa-Posada-General-1.jpg 801w, https:\/\/www.medellin.gov.co\/es\/wp-content\/uploads\/2024\/05\/Liliana-Maria-Correa-Posada-General-1-300x225.jpg 300w, https:\/\/www.medellin.gov.co\/es\/wp-content\/uploads\/2024\/05\/Liliana-Maria-Correa-Posada-General-1-150x113.jpg 150w, https:\/\/www.medellin.gov.co\/es\/wp-content\/uploads\/2024\/05\/Liliana-Maria-Correa-Posada-General-1-768x576.jpg 768w\" sizes=\"(max-width: 801px) 100vw, 801px\" \/>\t\t\t\t\t\t\t\t\t\t\t\t\t\t<\/div>\n\t\t\t\t\t\t<\/div>\n\t\t\t\t<\/div>\n\t\t\t\t\t\t<\/div>\n\t\t\t\t\t<\/div>\n\t\t<\/div>\n\t\t\t\t<div class=\"elementor-column elementor-col-50 elementor-inner-column elementor-element elementor-element-e29dc62\" data-id=\"e29dc62\" data-element_type=\"column\">\n\t\t\t<div class=\"elementor-column-wrap elementor-element-populated\">\n\t\t\t\t\t\t\t<div class=\"elementor-widget-wrap\">\n\t\t\t\t\t\t<div class=\"elementor-element elementor-element-03be41b elementor-widget elementor-widget-text-editor\" data-id=\"03be41b\" data-element_type=\"widget\" data-widget_type=\"text-editor.default\">\n\t\t\t\t<div class=\"elementor-widget-container\">\n\t\t\t\t\t\t\t\t<div class=\"elementor-text-editor elementor-clearfix\">\n\t\t\t\t<p>Abogada especialista en Derecho p\u00fablico, candidata a Magister en Derecho. Cuenta con m\u00e1s de 13 a\u00f1os de experiencia en el sector p\u00fablico, de los cuales se ha desempe\u00f1ado, principalmente, en la Rama Judicial y en entidades p\u00fablicas como el Instituto para el Desarrollo de Antioquia \u2013IDEA- y el Metro de Medell\u00edn.<\/p><p>Por su experiencia en el sector p\u00fablico, sus conocimientos adquiridos en la Rama Judicial y tambi\u00e9n por su visi\u00f3n de las din\u00e1micas propias de la administraci\u00f3n, las cuales la hacen una profesi\u00f3n integral; se vincul\u00f3 a esta abogada a la Secretar\u00eda General, como Subsecretaria de Prevenci\u00f3n del Da\u00f1o Antijur\u00eddico.<\/p>\t\t\t\t\t<\/div>\n\t\t\t\t\t\t<\/div>\n\t\t\t\t<\/div>\n\t\t\t\t\t\t<\/div>\n\t\t\t\t\t<\/div>\n\t\t<\/div>\n\t\t\t\t\t\t\t\t<\/div>\n\t\t\t\t\t<\/div>\n\t\t<\/section>\n\t\t\t\t<div class=\"elementor-element elementor-element-7338844 elementor-widget elementor-widget-heading\" data-id=\"7338844\" data-element_type=\"widget\" data-widget_type=\"heading.default\">\n\t\t\t\t<div class=\"elementor-widget-container\">\n\t\t\t<h3 class=\"elementor-heading-title elementor-size-default\">Lorena Restrepo Ram\u00edrez, L\u00edder de Programa de la Subsecretar\u00eda de Prevenci\u00f3n del Da\u00f1o Antijur\u00eddico.<\/h3>\t\t<\/div>\n\t\t\t\t<\/div>\n\t\t\t\t<div class=\"elementor-element elementor-element-c163978 elementor-widget elementor-widget-heading\" data-id=\"c163978\" data-element_type=\"widget\" data-widget_type=\"heading.default\">\n\t\t\t\t<div class=\"elementor-widget-container\">\n\t\t\t<h3 class=\"elementor-heading-title elementor-size-default\">Martha Santamar\u00eda, L\u00edder de Programa de la Unidad de Procesos Jur\u00eddicos.<\/h3>\t\t<\/div>\n\t\t\t\t<\/div>\n\t\t\t\t\t\t<\/div>\n\t\t\t\t\t<\/div>\n\t\t<\/div>\n\t\t\t\t\t\t\t\t<\/div>\n\t\t\t\t\t<\/div>\n\t\t<\/section>\n\t\t\t\t\t\t\t\t\t<\/div>\n\t\t\t<\/div>\n\t\t\t\t\t<\/div>\n\t\t","protected":false},"excerpt":{"rendered":"<p>Funciones y composici\u00f3n de la Secretar\u00eda General de Medell\u00edn \u00bfQu\u00e9 hace la Secretar\u00eda General? Es una dependencia del nivel central que tendr\u00e1 como responsabilidad garantizar el direccionamiento jur\u00eddico de la Administraci\u00f3n Municipal a nivel central &#8230;<\/p>\n","protected":false},"author":1,"featured_media":7628,"parent":8551,"menu_order":5,"comment_status":"closed","ping_status":"closed","template":"sec-general\/elementor.php","meta":[],"acf":[],"_links":{"self":[{"href":"https:\/\/www.medellin.gov.co\/es\/wp-json\/wp\/v2\/pages\/7586"}],"collection":[{"href":"https:\/\/www.medellin.gov.co\/es\/wp-json\/wp\/v2\/pages"}],"about":[{"href":"https:\/\/www.medellin.gov.co\/es\/wp-json\/wp\/v2\/types\/page"}],"author":[{"embeddable":true,"href":"https:\/\/www.medellin.gov.co\/es\/wp-json\/wp\/v2\/users\/1"}],"replies":[{"embeddable":true,"href":"https:\/\/www.medellin.gov.co\/es\/wp-json\/wp\/v2\/comments?post=7586"}],"version-history":[{"count":10,"href":"https:\/\/www.medellin.gov.co\/es\/wp-json\/wp\/v2\/pages\/7586\/revisions"}],"predecessor-version":[{"id":313008,"href":"https:\/\/www.medellin.gov.co\/es\/wp-json\/wp\/v2\/pages\/7586\/revisions\/313008"}],"up":[{"embeddable":true,"href":"https:\/\/www.medellin.gov.co\/es\/wp-json\/wp\/v2\/pages\/8551"}],"wp:featuredmedia":[{"embeddable":true,"href":"https:\/\/www.medellin.gov.co\/es\/wp-json\/wp\/v2\/media\/7628"}],"wp:attachment":[{"href":"https:\/\/www.medellin.gov.co\/es\/wp-json\/wp\/v2\/media?parent=7586"}],"curies":[{"name":"wp","href":"https:\/\/api.w.org\/{rel}","templated":true}]}}