{"id":7689,"date":"2021-08-20T20:04:28","date_gmt":"2021-08-21T01:04:28","guid":{"rendered":"https:\/\/www.medellin.gov.co\/es\/?page_id=7689"},"modified":"2025-11-26T17:27:37","modified_gmt":"2025-11-26T22:27:37","slug":"centro-de-gestion-del-conocimiento","status":"publish","type":"page","link":"https:\/\/www.medellin.gov.co\/es\/secretaria-general\/centro-de-gestion-del-conocimiento\/","title":{"rendered":"Centro de Gesti\u00f3n del Conocimiento Jur\u00eddico de Medell\u00edn"},"content":{"rendered":"\t\t<div data-elementor-type=\"wp-page\" data-elementor-id=\"7689\" class=\"elementor elementor-7689\">\n\t\t\t\t\t\t<div class=\"elementor-inner\">\n\t\t\t\t<div class=\"elementor-section-wrap\">\n\t\t\t\t\t\t\t<div class=\"elementor-element elementor-element-07a647f e-container--column e-container\" data-id=\"07a647f\" data-element_type=\"container\">\t\t\t\t<div class=\"elementor-element elementor-element-e057d2b elementor-widget elementor-widget-heading\" data-id=\"e057d2b\" data-element_type=\"widget\" data-widget_type=\"heading.default\">\n\t\t\t\t<div class=\"elementor-widget-container\">\n\t\t\t<h1 class=\"elementor-heading-title elementor-size-default\">Centro de Gesti\u00f3n del Conocimiento Jur\u00eddico de Medell\u00edn<\/h1>\t\t<\/div>\n\t\t\t\t<\/div>\n\t\t<\/div><div class=\"elementor-element elementor-element-f935c0c e-container--row e-container\" data-id=\"f935c0c\" data-element_type=\"container\">\t\t<div class=\"elementor-element elementor-element-04462bb e-container--column e-container\" data-id=\"04462bb\" data-element_type=\"container\">\t\t<div class=\"elementor-element elementor-element-d230801 e-container--column e-container\" data-id=\"d230801\" data-element_type=\"container\">\t\t\t\t<div class=\"elementor-element elementor-element-f4c75c1 elementor-widget elementor-widget-text-editor\" data-id=\"f4c75c1\" data-element_type=\"widget\" data-widget_type=\"text-editor.default\">\n\t\t\t\t<div class=\"elementor-widget-container\">\n\t\t\t\t\t\t\t\t<div class=\"elementor-text-editor elementor-clearfix\">\n\t\t\t\t<p>En raz\u00f3n de la prol\u00edfica informaci\u00f3n y de la producci\u00f3n con la que cuenta el Municipio de Medell\u00edn, desde el Centro de Gesti\u00f3n del Conocimiento Jur\u00eddico (CGCJ) se promueve la compilaci\u00f3n, sistematizaci\u00f3n, organizaci\u00f3n y difusi\u00f3n del conocimiento mediante documentos de contenido jur\u00eddico de impacto para el proceso de gesti\u00f3n jur\u00eddica; documentos cuya naturaleza permite eficiencia en la transferencia del conocimiento. As\u00ed, en el marco de los documentos se encuentran: art\u00edculos de reflexi\u00f3n y revisi\u00f3n, cartillas, compilaciones jur\u00eddicas, manuales, entre otros.<\/p>\t\t\t\t\t<\/div>\n\t\t\t\t\t\t<\/div>\n\t\t\t\t<\/div>\n\t\t<\/div><\/div><div class=\"elementor-element elementor-element-a6e3559 e-container--column e-container\" data-id=\"a6e3559\" data-element_type=\"container\">\t\t\t\t<div class=\"elementor-element elementor-element-a9c2be2 elementor-widget elementor-widget-image\" data-id=\"a9c2be2\" data-element_type=\"widget\" data-widget_type=\"image.default\">\n\t\t\t\t<div class=\"elementor-widget-container\">\n\t\t\t\t\t\t\t\t<div class=\"elementor-image\">\n\t\t\t\t\t\t\t\t\t\t\t\t<img width=\"1200\" height=\"674\" src=\"https:\/\/www.medellin.gov.co\/es\/wp-content\/uploads\/2021\/08\/sede-alcaldia-medellin.jpg\" class=\"attachment-full size-full\" alt=\"Sede de la Alcald\u00eda de Medell\u00edn\" loading=\"lazy\" srcset=\"https:\/\/www.medellin.gov.co\/es\/wp-content\/uploads\/2021\/08\/sede-alcaldia-medellin.jpg 1200w, https:\/\/www.medellin.gov.co\/es\/wp-content\/uploads\/2021\/08\/sede-alcaldia-medellin-300x169.jpg 300w, https:\/\/www.medellin.gov.co\/es\/wp-content\/uploads\/2021\/08\/sede-alcaldia-medellin-1024x575.jpg 1024w, https:\/\/www.medellin.gov.co\/es\/wp-content\/uploads\/2021\/08\/sede-alcaldia-medellin-150x84.jpg 150w, https:\/\/www.medellin.gov.co\/es\/wp-content\/uploads\/2021\/08\/sede-alcaldia-medellin-768x431.jpg 768w\" sizes=\"(max-width: 1200px) 100vw, 1200px\" \/>\t\t\t\t\t\t\t\t\t\t\t\t\t\t<\/div>\n\t\t\t\t\t\t<\/div>\n\t\t\t\t<\/div>\n\t\t<\/div><\/div><div class=\"elementor-element elementor-element-de1d87f e-container--column e-container\" data-id=\"de1d87f\" data-element_type=\"container\">\t\t<div class=\"elementor-element elementor-element-d51bdcb e-container--column e-container\" data-id=\"d51bdcb\" data-element_type=\"container\">\t\t\t\t<div class=\"elementor-element elementor-element-938d365 elementor-widget elementor-widget-heading\" data-id=\"938d365\" data-element_type=\"widget\" data-widget_type=\"heading.default\">\n\t\t\t\t<div class=\"elementor-widget-container\">\n\t\t\t<h2 class=\"elementor-heading-title elementor-size-default\"><b>\u00c1rea de espacios<\/b> de transferencia<\/h2>\t\t<\/div>\n\t\t\t\t<\/div>\n\t\t<\/div><\/div><div class=\"elementor-element elementor-element-1334c42 e-container--row e-container\" data-id=\"1334c42\" data-element_type=\"container\">\t\t<div class=\"elementor-element elementor-element-8878d0e e-container--column e-container\" data-id=\"8878d0e\" data-element_type=\"container\">\t\t<div class=\"elementor-element elementor-element-ce61adb e-container--column e-container\" data-id=\"ce61adb\" data-element_type=\"container\">\t\t\t\t<div class=\"elementor-element elementor-element-50893a1 elementor-widget elementor-widget-heading\" data-id=\"50893a1\" data-element_type=\"widget\" data-widget_type=\"heading.default\">\n\t\t\t\t<div class=\"elementor-widget-container\">\n\t\t\t<h3 class=\"elementor-heading-title elementor-size-default\">Eventos de gerencia jur\u00eddica p\u00fablica<\/h3>\t\t<\/div>\n\t\t\t\t<\/div>\n\t\t\t\t<div class=\"elementor-element elementor-element-66e51e7 elementor-widget elementor-widget-text-editor\" data-id=\"66e51e7\" data-element_type=\"widget\" data-widget_type=\"text-editor.default\">\n\t\t\t\t<div class=\"elementor-widget-container\">\n\t\t\t\t\t\t\t\t<div class=\"elementor-text-editor elementor-clearfix\">\n\t\t\t\t<p>La Secretar\u00eda General promueve temas de inter\u00e9s en materia de derecho para los servidores p\u00fablicos y la ciudadan\u00eda en materia de defensa del patrimonio p\u00fablico y el evitar los riesgos de prevenci\u00f3n del da\u00f1o antijur\u00eddico.<\/p>\t\t\t\t\t<\/div>\n\t\t\t\t\t\t<\/div>\n\t\t\t\t<\/div>\n\t\t\t\t<div class=\"elementor-element elementor-element-3cc5e7c elementor-tablet-align-left elementor-mobile-align-center elementor-widget elementor-widget-button\" data-id=\"3cc5e7c\" data-element_type=\"widget\" data-widget_type=\"button.default\">\n\t\t\t\t<div class=\"elementor-widget-container\">\n\t\t\t\t\t<div class=\"elementor-button-wrapper\">\n\t\t\t<a href=\"https:\/\/www.medellin.gov.co\/es\/secretaria-general\/gerencia-juridica-publica\/\" class=\"elementor-button-link elementor-button elementor-size-sm\" role=\"button\">\n\t\t\t\t\t\t<span class=\"elementor-button-content-wrapper\">\n\t\t\t\t\t\t<span class=\"elementor-button-text\">Conoce los eventos<\/span>\n\t\t<\/span>\n\t\t\t\t\t<\/a>\n\t\t<\/div>\n\t\t\t\t<\/div>\n\t\t\t\t<\/div>\n\t\t<\/div><\/div><div class=\"elementor-element elementor-element-ead9a35 e-container--column e-container\" data-id=\"ead9a35\" data-element_type=\"container\">\t\t<div class=\"elementor-element elementor-element-9591c03 e-container--column e-container\" data-id=\"9591c03\" data-element_type=\"container\">\t\t\t\t<div class=\"elementor-element elementor-element-ad31a70 elementor-widget elementor-widget-heading\" data-id=\"ad31a70\" data-element_type=\"widget\" data-widget_type=\"heading.default\">\n\t\t\t\t<div class=\"elementor-widget-container\">\n\t\t\t<h3 class=\"elementor-heading-title elementor-size-default\">C\u00e1tedras jur\u00eddicas<\/h3>\t\t<\/div>\n\t\t\t\t<\/div>\n\t\t\t\t<div class=\"elementor-element elementor-element-b0f5dcf elementor-widget elementor-widget-text-editor\" data-id=\"b0f5dcf\" data-element_type=\"widget\" data-widget_type=\"text-editor.default\">\n\t\t\t\t<div class=\"elementor-widget-container\">\n\t\t\t\t\t\t\t\t<div class=\"elementor-text-editor elementor-clearfix\">\n\t\t\t\t<p>Las C\u00e1tedras Jur\u00eddicas son espacios presenciales y virtuales que fortalecen la pol\u00edtica de Prevenci\u00f3n del Da\u00f1o Antijur\u00eddico del Distrito Especial de Ciencia, Tecnolog\u00eda e Innovaci\u00f3n de\u00a0 Medell\u00edn.<\/p>\t\t\t\t\t<\/div>\n\t\t\t\t\t\t<\/div>\n\t\t\t\t<\/div>\n\t\t\t\t<div class=\"elementor-element elementor-element-0b46e31 elementor-tablet-align-left elementor-mobile-align-center elementor-widget elementor-widget-button\" data-id=\"0b46e31\" data-element_type=\"widget\" data-widget_type=\"button.default\">\n\t\t\t\t<div class=\"elementor-widget-container\">\n\t\t\t\t\t<div class=\"elementor-button-wrapper\">\n\t\t\t<a href=\"https:\/\/www.youtube.com\/watch?v=ZNpNJHSfDRA&#038;list=PLJV6GIPhUy6JBAthV0lN52q0SpvyVmakI\" class=\"elementor-button-link elementor-button elementor-size-sm\" role=\"button\">\n\t\t\t\t\t\t<span class=\"elementor-button-content-wrapper\">\n\t\t\t\t\t\t<span class=\"elementor-button-text\">Conoce las c\u00e1tedr\u00e1s<\/span>\n\t\t<\/span>\n\t\t\t\t\t<\/a>\n\t\t<\/div>\n\t\t\t\t<\/div>\n\t\t\t\t<\/div>\n\t\t<\/div><\/div><\/div><div class=\"elementor-element elementor-element-e45f481 e-container--column e-container\" data-id=\"e45f481\" data-element_type=\"container\">\t\t<div class=\"elementor-element elementor-element-af8c135 e-container--column e-container\" data-id=\"af8c135\" data-element_type=\"container\">\t\t\t\t<div class=\"elementor-element elementor-element-c90d395 elementor-widget elementor-widget-heading\" data-id=\"c90d395\" data-element_type=\"widget\" data-widget_type=\"heading.default\">\n\t\t\t\t<div class=\"elementor-widget-container\">\n\t\t\t<h3 class=\"elementor-heading-title elementor-size-default\">Recorridos acad\u00e9micos<\/h3>\t\t<\/div>\n\t\t\t\t<\/div>\n\t\t<\/div><\/div><div class=\"elementor-element elementor-element-c8b72fa e-container--column e-container\" data-id=\"c8b72fa\" data-element_type=\"container\">\t\t\t\t<div class=\"elementor-element elementor-element-b10a0fc elementor-arrows-position-inside elementor-pagination-position-outside elementor-widget elementor-widget-image-carousel\" data-id=\"b10a0fc\" data-element_type=\"widget\" data-settings=\"{&quot;navigation&quot;:&quot;both&quot;,&quot;autoplay&quot;:&quot;yes&quot;,&quot;pause_on_hover&quot;:&quot;yes&quot;,&quot;pause_on_interaction&quot;:&quot;yes&quot;,&quot;autoplay_speed&quot;:5000,&quot;infinite&quot;:&quot;yes&quot;,&quot;speed&quot;:500}\" data-widget_type=\"image-carousel.default\">\n\t\t\t\t<div class=\"elementor-widget-container\">\n\t\t\t\t\t<div class=\"elementor-image-carousel-wrapper swiper-container\" dir=\"ltr\">\n\t\t\t<div class=\"elementor-image-carousel swiper-wrapper\">\n\t\t\t\t\t\t\t\t<div class=\"swiper-slide\"><figure class=\"swiper-slide-inner\"><img class=\"swiper-slide-image\" src=\"https:\/\/www.medellin.gov.co\/es\/wp-content\/uploads\/2023\/12\/centro-gestion-conocimiento-52-768x576.jpg\" alt=\"centro-gestion-conocimiento-52\" \/><\/figure><\/div><div class=\"swiper-slide\"><figure class=\"swiper-slide-inner\"><img class=\"swiper-slide-image\" src=\"https:\/\/www.medellin.gov.co\/es\/wp-content\/uploads\/2023\/12\/centro-gestion-conocimiento-63-768x576.jpg\" alt=\"centro-gestion-conocimiento-63\" \/><\/figure><\/div><div class=\"swiper-slide\"><figure class=\"swiper-slide-inner\"><img class=\"swiper-slide-image\" src=\"https:\/\/www.medellin.gov.co\/es\/wp-content\/uploads\/2023\/12\/centro-gestion-conocimiento-69-768x576.jpg\" alt=\"centro-gestion-conocimiento-69\" \/><\/figure><\/div><div class=\"swiper-slide\"><figure class=\"swiper-slide-inner\"><img class=\"swiper-slide-image\" src=\"https:\/\/www.medellin.gov.co\/es\/wp-content\/uploads\/2023\/12\/centro-gestion-conocimiento-60-768x576.jpg\" alt=\"centro-gestion-conocimiento-60\" \/><\/figure><\/div><div class=\"swiper-slide\"><figure class=\"swiper-slide-inner\"><img class=\"swiper-slide-image\" src=\"https:\/\/www.medellin.gov.co\/es\/wp-content\/uploads\/2023\/12\/centro-gestion-conocimiento-64-768x576.jpg\" alt=\"centro-gestion-conocimiento-64\" \/><\/figure><\/div><div class=\"swiper-slide\"><figure class=\"swiper-slide-inner\"><img class=\"swiper-slide-image\" src=\"https:\/\/www.medellin.gov.co\/es\/wp-content\/uploads\/2023\/12\/centro-gestion-conocimiento-65-768x576.jpg\" alt=\"centro-gestion-conocimiento-65\" \/><\/figure><\/div><div class=\"swiper-slide\"><figure class=\"swiper-slide-inner\"><img class=\"swiper-slide-image\" src=\"https:\/\/www.medellin.gov.co\/es\/wp-content\/uploads\/2023\/12\/centro-gestion-conocimiento-66-768x576.jpg\" alt=\"centro-gestion-conocimiento-66\" \/><\/figure><\/div><div class=\"swiper-slide\"><figure class=\"swiper-slide-inner\"><img class=\"swiper-slide-image\" src=\"https:\/\/www.medellin.gov.co\/es\/wp-content\/uploads\/2023\/12\/centro-gestion-conocimiento-67-768x576.jpg\" alt=\"centro-gestion-conocimiento-67\" \/><\/figure><\/div><div class=\"swiper-slide\"><figure class=\"swiper-slide-inner\"><img class=\"swiper-slide-image\" src=\"https:\/\/www.medellin.gov.co\/es\/wp-content\/uploads\/2023\/12\/centro-gestion-conocimiento-68-768x576.jpg\" alt=\"centro-gestion-conocimiento-68\" \/><\/figure><\/div><div class=\"swiper-slide\"><figure class=\"swiper-slide-inner\"><img class=\"swiper-slide-image\" src=\"https:\/\/www.medellin.gov.co\/es\/wp-content\/uploads\/2023\/12\/centro-gestion-conocimiento-59-768x576.jpg\" alt=\"centro-gestion-conocimiento-59\" \/><\/figure><\/div><div class=\"swiper-slide\"><figure class=\"swiper-slide-inner\"><img class=\"swiper-slide-image\" src=\"https:\/\/www.medellin.gov.co\/es\/wp-content\/uploads\/2023\/12\/centro-gestion-conocimiento-58-768x576.jpg\" alt=\"centro-gestion-conocimiento-58\" \/><\/figure><\/div><div class=\"swiper-slide\"><figure class=\"swiper-slide-inner\"><img class=\"swiper-slide-image\" src=\"https:\/\/www.medellin.gov.co\/es\/wp-content\/uploads\/2023\/12\/centro-gestion-conocimiento-57-768x576.jpg\" alt=\"centro-gestion-conocimiento-57\" \/><\/figure><\/div><div class=\"swiper-slide\"><figure class=\"swiper-slide-inner\"><img class=\"swiper-slide-image\" src=\"https:\/\/www.medellin.gov.co\/es\/wp-content\/uploads\/2023\/12\/centro-gestion-conocimiento-56-768x576.jpg\" alt=\"centro-gestion-conocimiento-56\" \/><\/figure><\/div><div class=\"swiper-slide\"><figure class=\"swiper-slide-inner\"><img class=\"swiper-slide-image\" src=\"https:\/\/www.medellin.gov.co\/es\/wp-content\/uploads\/2023\/12\/centro-gestion-conocimiento-55-768x576.jpg\" alt=\"centro-gestion-conocimiento-55\" \/><\/figure><\/div><div class=\"swiper-slide\"><figure class=\"swiper-slide-inner\"><img class=\"swiper-slide-image\" src=\"https:\/\/www.medellin.gov.co\/es\/wp-content\/uploads\/2023\/12\/centro-gestion-conocimiento-54-768x576.jpg\" alt=\"centro-gestion-conocimiento-54\" \/><\/figure><\/div><div class=\"swiper-slide\"><figure class=\"swiper-slide-inner\"><img class=\"swiper-slide-image\" src=\"https:\/\/www.medellin.gov.co\/es\/wp-content\/uploads\/2023\/12\/centro-gestion-conocimiento-47-768x576.jpg\" alt=\"centro-gestion-conocimiento-47\" \/><\/figure><\/div><div class=\"swiper-slide\"><figure class=\"swiper-slide-inner\"><img class=\"swiper-slide-image\" src=\"https:\/\/www.medellin.gov.co\/es\/wp-content\/uploads\/2023\/12\/centro-gestion-conocimiento-48-768x576.jpg\" alt=\"centro-gestion-conocimiento-48\" \/><\/figure><\/div><div class=\"swiper-slide\"><figure class=\"swiper-slide-inner\"><img class=\"swiper-slide-image\" src=\"https:\/\/www.medellin.gov.co\/es\/wp-content\/uploads\/2023\/12\/centro-gestion-conocimiento-49-768x576.jpg\" alt=\"centro-gestion-conocimiento-49\" \/><\/figure><\/div><div class=\"swiper-slide\"><figure class=\"swiper-slide-inner\"><img class=\"swiper-slide-image\" src=\"https:\/\/www.medellin.gov.co\/es\/wp-content\/uploads\/2023\/12\/centro-gestion-conocimiento-50-768x576.jpg\" alt=\"centro-gestion-conocimiento-50\" \/><\/figure><\/div><div class=\"swiper-slide\"><figure class=\"swiper-slide-inner\"><img class=\"swiper-slide-image\" src=\"https:\/\/www.medellin.gov.co\/es\/wp-content\/uploads\/2023\/12\/centro-gestion-conocimiento-51-768x576.jpg\" alt=\"centro-gestion-conocimiento-51\" \/><\/figure><\/div><div class=\"swiper-slide\"><figure class=\"swiper-slide-inner\"><img class=\"swiper-slide-image\" src=\"https:\/\/www.medellin.gov.co\/es\/wp-content\/uploads\/2023\/12\/centro-gestion-conocimiento-53-768x576.jpg\" alt=\"centro-gestion-conocimiento-53\" \/><\/figure><\/div><div class=\"swiper-slide\"><figure class=\"swiper-slide-inner\"><img class=\"swiper-slide-image\" src=\"https:\/\/www.medellin.gov.co\/es\/wp-content\/uploads\/2023\/12\/centro-gestion-conocimiento-46-768x576.jpg\" alt=\"centro-gestion-conocimiento-46\" \/><\/figure><\/div>\t\t\t<\/div>\n\t\t\t\t\t\t\t\t\t\t\t\t<div class=\"swiper-pagination\"><\/div>\n\t\t\t\t\t\t\t\t\t\t\t\t\t<div class=\"elementor-swiper-button elementor-swiper-button-prev\">\n\t\t\t\t\t\t<i aria-hidden=\"true\" class=\"eicon-chevron-left\"><\/i>\t\t\t\t\t\t<span class=\"elementor-screen-only\">Anterior<\/span>\n\t\t\t\t\t<\/div>\n\t\t\t\t\t<div class=\"elementor-swiper-button elementor-swiper-button-next\">\n\t\t\t\t\t\t<i aria-hidden=\"true\" class=\"eicon-chevron-right\"><\/i>\t\t\t\t\t\t<span class=\"elementor-screen-only\">Siguiente<\/span>\n\t\t\t\t\t<\/div>\n\t\t\t\t\t\t\t\t\t<\/div>\n\t\t\t\t<\/div>\n\t\t\t\t<\/div>\n\t\t<\/div><div class=\"elementor-element elementor-element-3503d7b e-container--column e-container\" data-id=\"3503d7b\" data-element_type=\"container\">\t\t\t\t<div class=\"elementor-element elementor-element-a24cb5f elementor-widget elementor-widget-heading\" data-id=\"a24cb5f\" data-element_type=\"widget\" data-widget_type=\"heading.default\">\n\t\t\t\t<div class=\"elementor-widget-container\">\n\t\t\t<h3 class=\"elementor-heading-title elementor-size-default\">9no evento de Gerencia Jur\u00eddica: Seminario Internacional Sobre Argumentaci\u00f3n Normativa.<\/h3>\t\t<\/div>\n\t\t\t\t<\/div>\n\t\t<\/div><div class=\"elementor-element elementor-element-68ff31e e-container--column e-container\" data-id=\"68ff31e\" data-element_type=\"container\">\t\t\t\t<div class=\"elementor-element elementor-element-bdcb3f5 elementor-arrows-position-inside elementor-pagination-position-outside elementor-widget elementor-widget-image-carousel\" data-id=\"bdcb3f5\" data-element_type=\"widget\" data-settings=\"{&quot;navigation&quot;:&quot;both&quot;,&quot;autoplay&quot;:&quot;yes&quot;,&quot;pause_on_hover&quot;:&quot;yes&quot;,&quot;pause_on_interaction&quot;:&quot;yes&quot;,&quot;autoplay_speed&quot;:5000,&quot;infinite&quot;:&quot;yes&quot;,&quot;speed&quot;:500}\" data-widget_type=\"image-carousel.default\">\n\t\t\t\t<div class=\"elementor-widget-container\">\n\t\t\t\t\t<div class=\"elementor-image-carousel-wrapper swiper-container\" dir=\"ltr\">\n\t\t\t<div class=\"elementor-image-carousel swiper-wrapper\">\n\t\t\t\t\t\t\t\t<div class=\"swiper-slide\"><figure class=\"swiper-slide-inner\"><img class=\"swiper-slide-image\" src=\"https:\/\/www.medellin.gov.co\/es\/wp-content\/uploads\/2023\/12\/centro-gestion-conocimiento-34-768x576.jpg\" alt=\"centro-gestion-conocimiento-34\" \/><\/figure><\/div><div class=\"swiper-slide\"><figure class=\"swiper-slide-inner\"><img class=\"swiper-slide-image\" src=\"https:\/\/www.medellin.gov.co\/es\/wp-content\/uploads\/2023\/12\/centro-gestion-conocimiento-32-768x576.jpg\" alt=\"centro-gestion-conocimiento-32\" \/><\/figure><\/div><div class=\"swiper-slide\"><figure class=\"swiper-slide-inner\"><img class=\"swiper-slide-image\" src=\"https:\/\/www.medellin.gov.co\/es\/wp-content\/uploads\/2023\/12\/centro-gestion-conocimiento-31-768x576.jpg\" alt=\"centro-gestion-conocimiento-31\" \/><\/figure><\/div><div class=\"swiper-slide\"><figure class=\"swiper-slide-inner\"><img class=\"swiper-slide-image\" src=\"https:\/\/www.medellin.gov.co\/es\/wp-content\/uploads\/2023\/12\/centro-gestion-conocimiento-30-768x576.jpg\" alt=\"centro-gestion-conocimiento-30\" \/><\/figure><\/div><div class=\"swiper-slide\"><figure class=\"swiper-slide-inner\"><img class=\"swiper-slide-image\" src=\"https:\/\/www.medellin.gov.co\/es\/wp-content\/uploads\/2023\/12\/centro-gestion-conocimiento-29-768x576.jpg\" alt=\"centro-gestion-conocimiento-29\" \/><\/figure><\/div>\t\t\t<\/div>\n\t\t\t\t\t\t\t\t\t\t\t\t<div class=\"swiper-pagination\"><\/div>\n\t\t\t\t\t\t\t\t\t\t\t\t\t<div class=\"elementor-swiper-button elementor-swiper-button-prev\">\n\t\t\t\t\t\t<i aria-hidden=\"true\" class=\"eicon-chevron-left\"><\/i>\t\t\t\t\t\t<span class=\"elementor-screen-only\">Anterior<\/span>\n\t\t\t\t\t<\/div>\n\t\t\t\t\t<div class=\"elementor-swiper-button elementor-swiper-button-next\">\n\t\t\t\t\t\t<i aria-hidden=\"true\" class=\"eicon-chevron-right\"><\/i>\t\t\t\t\t\t<span class=\"elementor-screen-only\">Siguiente<\/span>\n\t\t\t\t\t<\/div>\n\t\t\t\t\t\t\t\t\t<\/div>\n\t\t\t\t<\/div>\n\t\t\t\t<\/div>\n\t\t<\/div><div class=\"elementor-element elementor-element-8ce34c3 e-container--column e-container\" data-id=\"8ce34c3\" data-element_type=\"container\">\t\t\t\t<div class=\"elementor-element elementor-element-4306471 elementor-widget elementor-widget-heading\" data-id=\"4306471\" data-element_type=\"widget\" data-widget_type=\"heading.default\">\n\t\t\t\t<div class=\"elementor-widget-container\">\n\t\t\t<h3 class=\"elementor-heading-title elementor-size-default\">8vo Evento de Gerencia Jur\u00eddica P\u00fablica: Seminario Internacional sobre Buena Administraci\u00f3n P\u00fablica<\/h3>\t\t<\/div>\n\t\t\t\t<\/div>\n\t\t<\/div><div class=\"elementor-element elementor-element-86378ad e-container--column e-container\" data-id=\"86378ad\" data-element_type=\"container\">\t\t\t\t<div class=\"elementor-element elementor-element-6889cf8 elementor-arrows-position-inside elementor-pagination-position-outside elementor-widget elementor-widget-image-carousel\" data-id=\"6889cf8\" data-element_type=\"widget\" data-settings=\"{&quot;navigation&quot;:&quot;both&quot;,&quot;autoplay&quot;:&quot;yes&quot;,&quot;pause_on_hover&quot;:&quot;yes&quot;,&quot;pause_on_interaction&quot;:&quot;yes&quot;,&quot;autoplay_speed&quot;:5000,&quot;infinite&quot;:&quot;yes&quot;,&quot;speed&quot;:500}\" data-widget_type=\"image-carousel.default\">\n\t\t\t\t<div class=\"elementor-widget-container\">\n\t\t\t\t\t<div class=\"elementor-image-carousel-wrapper swiper-container\" dir=\"ltr\">\n\t\t\t<div class=\"elementor-image-carousel swiper-wrapper\">\n\t\t\t\t\t\t\t\t<div class=\"swiper-slide\"><figure class=\"swiper-slide-inner\"><img class=\"swiper-slide-image\" src=\"https:\/\/www.medellin.gov.co\/es\/wp-content\/uploads\/2023\/12\/centro-gestion-conocimiento-40-768x576.jpg\" alt=\"centro-gestion-conocimiento-40\" \/><\/figure><\/div><div class=\"swiper-slide\"><figure class=\"swiper-slide-inner\"><img class=\"swiper-slide-image\" src=\"https:\/\/www.medellin.gov.co\/es\/wp-content\/uploads\/2023\/12\/centro-gestion-conocimiento-44-768x576.jpg\" alt=\"centro-gestion-conocimiento-44\" \/><\/figure><\/div><div class=\"swiper-slide\"><figure class=\"swiper-slide-inner\"><img class=\"swiper-slide-image\" src=\"https:\/\/www.medellin.gov.co\/es\/wp-content\/uploads\/2023\/12\/centro-gestion-conocimiento-42-768x576.jpg\" alt=\"centro-gestion-conocimiento-42\" \/><\/figure><\/div><div class=\"swiper-slide\"><figure class=\"swiper-slide-inner\"><img class=\"swiper-slide-image\" src=\"https:\/\/www.medellin.gov.co\/es\/wp-content\/uploads\/2023\/12\/centro-gestion-conocimiento-41-768x576.jpg\" alt=\"centro-gestion-conocimiento-41\" \/><\/figure><\/div><div class=\"swiper-slide\"><figure class=\"swiper-slide-inner\"><img class=\"swiper-slide-image\" src=\"https:\/\/www.medellin.gov.co\/es\/wp-content\/uploads\/2023\/12\/centro-gestion-conocimiento-39-768x576.jpg\" alt=\"centro-gestion-conocimiento-39\" \/><\/figure><\/div><div class=\"swiper-slide\"><figure class=\"swiper-slide-inner\"><img class=\"swiper-slide-image\" src=\"https:\/\/www.medellin.gov.co\/es\/wp-content\/uploads\/2023\/12\/centro-gestion-conocimiento-38-768x576.jpg\" alt=\"centro-gestion-conocimiento-38\" \/><\/figure><\/div><div class=\"swiper-slide\"><figure class=\"swiper-slide-inner\"><img class=\"swiper-slide-image\" src=\"https:\/\/www.medellin.gov.co\/es\/wp-content\/uploads\/2023\/12\/centro-gestion-conocimiento-37-768x576.jpg\" alt=\"centro-gestion-conocimiento-37\" \/><\/figure><\/div><div class=\"swiper-slide\"><figure class=\"swiper-slide-inner\"><img class=\"swiper-slide-image\" src=\"https:\/\/www.medellin.gov.co\/es\/wp-content\/uploads\/2023\/12\/centro-gestion-conocimiento-45-768x659.jpg\" alt=\"centro-gestion-conocimiento-45\" \/><\/figure><\/div><div class=\"swiper-slide\"><figure class=\"swiper-slide-inner\"><img class=\"swiper-slide-image\" src=\"https:\/\/www.medellin.gov.co\/es\/wp-content\/uploads\/2023\/12\/centro-gestion-conocimiento-36-768x576.jpg\" alt=\"centro-gestion-conocimiento-36\" \/><\/figure><\/div>\t\t\t<\/div>\n\t\t\t\t\t\t\t\t\t\t\t\t<div class=\"swiper-pagination\"><\/div>\n\t\t\t\t\t\t\t\t\t\t\t\t\t<div class=\"elementor-swiper-button elementor-swiper-button-prev\">\n\t\t\t\t\t\t<i aria-hidden=\"true\" class=\"eicon-chevron-left\"><\/i>\t\t\t\t\t\t<span class=\"elementor-screen-only\">Anterior<\/span>\n\t\t\t\t\t<\/div>\n\t\t\t\t\t<div class=\"elementor-swiper-button elementor-swiper-button-next\">\n\t\t\t\t\t\t<i aria-hidden=\"true\" class=\"eicon-chevron-right\"><\/i>\t\t\t\t\t\t<span class=\"elementor-screen-only\">Siguiente<\/span>\n\t\t\t\t\t<\/div>\n\t\t\t\t\t\t\t\t\t<\/div>\n\t\t\t\t<\/div>\n\t\t\t\t<\/div>\n\t\t<\/div><div class=\"elementor-element elementor-element-332270a e-container--column e-container\" data-id=\"332270a\" data-element_type=\"container\">\t\t<div class=\"elementor-element elementor-element-acdf308 e-container--column e-container\" data-id=\"acdf308\" data-element_type=\"container\">\t\t\t\t<div class=\"elementor-element elementor-element-2e99e4e elementor-widget elementor-widget-heading\" data-id=\"2e99e4e\" data-element_type=\"widget\" data-widget_type=\"heading.default\">\n\t\t\t\t<div class=\"elementor-widget-container\">\n\t\t\t<h2 class=\"elementor-heading-title elementor-size-default\"><b>\u00c1rea de <\/b>Investigaciones jur\u00eddicas<\/h2>\t\t<\/div>\n\t\t\t\t<\/div>\n\t\t<\/div><\/div><div class=\"elementor-element elementor-element-4b356e9 e-container--row e-container\" data-id=\"4b356e9\" data-element_type=\"container\">\t\t<div class=\"elementor-element elementor-element-c150f98 e-container--column e-container\" data-id=\"c150f98\" data-element_type=\"container\">\t\t\t\t<div class=\"elementor-element elementor-element-564a7ef elementor-widget elementor-widget-text-editor\" data-id=\"564a7ef\" data-element_type=\"widget\" data-widget_type=\"text-editor.default\">\n\t\t\t\t<div class=\"elementor-widget-container\">\n\t\t\t\t\t\t\t\t<div class=\"elementor-text-editor elementor-clearfix\">\n\t\t\t\t<p>La Secretar\u00eda General del Distrito de Medell\u00edn gestiona la investigaci\u00f3n sobre temas de inter\u00e9s para el proceso de gesti\u00f3n jur\u00eddica de la Alcald\u00eda y el pilar de direccionamiento jur\u00eddico del Conglomerado P\u00fablico de Medell\u00edn. Ello atendiendo: primero, a su vocaci\u00f3n en ciencia, tecnolog\u00eda e innovaci\u00f3n; segundo, a la pol\u00edtica de gesti\u00f3n del conocimiento y la innovaci\u00f3n del Modelo Integrado de Planeaci\u00f3n y Gesti\u00f3n -MIPG-; y, tercero, a lo dispuesto en las funciones de esta dependencia, dentro de las cuales se cuentan las de dirigir, promover y coordinar los estudios e investigaciones que permitan mejorar la prevenci\u00f3n del da\u00f1o antijur\u00eddico y la prestaci\u00f3n de los servicios jur\u00eddicos de defensa y protecci\u00f3n de lo p\u00fablico, coordinando su publicaci\u00f3n (arts. 118 y 119 del Decreto con fuerza de Acuerdo 883 de 2015).<\/p>\t\t\t\t\t<\/div>\n\t\t\t\t\t\t<\/div>\n\t\t\t\t<\/div>\n\t\t\t\t<div class=\"elementor-element elementor-element-f21a7be elementor-tablet-align-left elementor-mobile-align-center elementor-widget elementor-widget-button\" data-id=\"f21a7be\" data-element_type=\"widget\" data-widget_type=\"button.default\">\n\t\t\t\t<div class=\"elementor-widget-container\">\n\t\t\t\t\t<div class=\"elementor-button-wrapper\">\n\t\t\t<a href=\"https:\/\/scienti.minciencias.gov.co\/gruplac\/jsp\/visualiza\/visualizagr.jsp?nro=00000000012150\" target=\"_blank\" class=\"elementor-button-link elementor-button elementor-size-sm\" role=\"button\">\n\t\t\t\t\t\t<span class=\"elementor-button-content-wrapper\">\n\t\t\t\t\t\t<span class=\"elementor-button-text\">Conoce el grupo de investigaci\u00f3n<\/span>\n\t\t<\/span>\n\t\t\t\t\t<\/a>\n\t\t<\/div>\n\t\t\t\t<\/div>\n\t\t\t\t<\/div>\n\t\t<\/div><div class=\"elementor-element elementor-element-009d9b2 e-container--column e-container\" data-id=\"009d9b2\" data-element_type=\"container\">\t\t\t\t<div class=\"elementor-element elementor-element-c07f3ef elementor-widget elementor-widget-image\" data-id=\"c07f3ef\" data-element_type=\"widget\" data-widget_type=\"image.default\">\n\t\t\t\t<div class=\"elementor-widget-container\">\n\t\t\t\t\t\t\t\t<div class=\"elementor-image\">\n\t\t\t\t\t\t\t\t\t\t\t\t<img width=\"1024\" height=\"575\" src=\"https:\/\/www.medellin.gov.co\/es\/wp-content\/uploads\/2023\/04\/biblioteca-publica-piloto-1024x575.jpg\" class=\"attachment-large size-large\" alt=\"Biblioteca P\u00fablica Piloto\" loading=\"lazy\" srcset=\"https:\/\/www.medellin.gov.co\/es\/wp-content\/uploads\/2023\/04\/biblioteca-publica-piloto-1024x575.jpg 1024w, https:\/\/www.medellin.gov.co\/es\/wp-content\/uploads\/2023\/04\/biblioteca-publica-piloto-300x169.jpg 300w, https:\/\/www.medellin.gov.co\/es\/wp-content\/uploads\/2023\/04\/biblioteca-publica-piloto-150x84.jpg 150w, https:\/\/www.medellin.gov.co\/es\/wp-content\/uploads\/2023\/04\/biblioteca-publica-piloto-768x431.jpg 768w, https:\/\/www.medellin.gov.co\/es\/wp-content\/uploads\/2023\/04\/biblioteca-publica-piloto.jpg 1200w\" sizes=\"(max-width: 1024px) 100vw, 1024px\" \/>\t\t\t\t\t\t\t\t\t\t\t\t\t\t<\/div>\n\t\t\t\t\t\t<\/div>\n\t\t\t\t<\/div>\n\t\t<\/div><\/div><div class=\"elementor-element elementor-element-49c335e e-container--column e-container\" data-id=\"49c335e\" data-element_type=\"container\">\t\t<div class=\"elementor-element elementor-element-291fa66 e-container--column e-container\" data-id=\"291fa66\" data-element_type=\"container\">\t\t\t\t<div class=\"elementor-element elementor-element-7a9323f elementor-widget elementor-widget-pp-faq\" data-id=\"7a9323f\" data-element_type=\"widget\" data-settings=\"{&quot;faq_layout&quot;:&quot;accordion&quot;,&quot;accordion_type&quot;:&quot;accordion&quot;,&quot;toggle_speed&quot;:300}\" data-widget_type=\"pp-faq.default\">\n\t\t\t\t<div class=\"elementor-widget-container\">\n\t\t\t\t\t<div class=\"pp-faqs pp-advanced-accordion pp-toggle-icon-align-left\" id=\"pp-advanced-accordion-7a9323f\" data-accordion-id=\"7a9323f\">\n\t\t\t\t\t\t<div class=\"pp-faq-item-wrap elementor-grid-item\">\n\t\t\t\t<div class=\"pp-faq-item pp-accordion-item\">\n\t\t\t\t\t<div id=\"pp-accordion-tab-title-1281\" class=\"pp-faq-question pp-accordion-tab-title\" tabindex=\"1281\" data-tab=\"1\">\n\t\t\t\t\t\t<div class=\"pp-accordion-title-icon\">\n\t\t\t\t\t\t\t\t\t\t\t\t\t\t\t\t\t\t\t\t\t<div class=\"pp-accordion-title-text\">\n\t\t\t\t\t\t\t\tPublicaciones de investigaciones jur\u00eddicas\t\t\t\t\t\t\t<\/div>\n\t\t\t\t\t\t<\/div>\n\t\t\t\t\t\t\t\t\t\t\t\t\t<div class=\"pp-accordion-toggle-icon\">\n\t\t\t\t\t\t\t\t\t\t\t\t\t\t\t\t\t<span class='pp-accordion-toggle-icon-close pp-icon'>\n\t\t\t\t\t\t\t\t\t\t<i aria-hidden=\"true\" class=\"fas fa-plus\"><\/i>\t\t\t\t\t\t\t\t\t<\/span>\n\t\t\t\t\t\t\t\t\t\t\t\t\t\t\t\t\t\t\t\t\t\t\t\t\t<span class='pp-accordion-toggle-icon-open pp-icon'>\n\t\t\t\t\t\t\t\t\t\t<i aria-hidden=\"true\" class=\"fas fa-minus\"><\/i>\t\t\t\t\t\t\t\t\t<\/span>\n\t\t\t\t\t\t\t\t\t\t\t\t\t\t\t<\/div>\n\t\t\t\t\t\t\t\t\t\t\t<\/div>\n\n\t\t\t\t\t<div id=\"pp-accordion-tab-content-1281\" class=\"pp-faq-answer pp-accordion-tab-content\" data-tab=\"1\">\n\t\t\t\t\t\t<ul>\n<li><a href=\"https:\/\/www.medellin.gov.co\/es\/wp-content\/uploads\/2025\/11\/Libro-Historia-Organizacional-de-la-Direccion-Juridica-en-la-Alcaldia-de-Medellin-1975-2025.pdf\" target=\"_blank\" rel=\"noopener\">Libro Historia Organizacional de la Direcci\u00f3n Jur\u00eddica en la Alcald\u00eda de Medell\u00edn 1975-2025.<\/a><\/li>\n<li><a href=\"https:\/\/derechoytics.uniandes.edu.co\/components\/com_revista\/archivos\/derechoytics\/ytics230.pdf\" target=\"_blank\" rel=\"noopener\">Las TIC y la salud mental de los estudiantes en el derecho educativo colombiano.<\/a><\/li>\n<li><a href=\"https:\/\/rcientificas.uninorte.edu.co\/index.php\/derecho\/article\/view\/14192\/214421446230\" target=\"_blank\" rel=\"noopener\">La experiencia acad\u00e9mico-jur\u00eddica como proyecci\u00f3n social del modelo de gerencia jur\u00eddica p\u00fablica del municipio de Medell\u00edn (Colombia), 2016-2019.<\/a><\/li>\n<li><a href=\"http:\/\/repositorio.unaula.edu.co:8080\/server\/api\/core\/bitstreams\/b7e2154a-51a9-4a26-be68-c68cea57318d\/content\" target=\"_blank\" rel=\"noopener\">La notificaci\u00f3n por medios electr\u00f3nicos de los actos administrativos relativos a los empleados p\u00fablicos en Colombia: tensi\u00f3n entre la legalidad estricta y el consentimiento t\u00e1cito en el contexto del gobierno digital.<\/a><\/li>\n<li><a href=\"http:\/\/repositorio.unaula.edu.co:8080\/server\/api\/core\/bitstreams\/501ed208-0a45-432e-a7c4-5e4b61b97f3c\/content\" target=\"_blank\" rel=\"noopener\">Delimitaci\u00f3n de las obligaciones de vigilancia y mantenimiento de las entidades p\u00fablicas para la atribuci\u00f3n de responsabilidad extracontractual por la ca\u00edda de \u00e1rboles en Colombia.<\/a><\/li>\n<\/ul>\n\t\t\t\t\t<\/div>\n\t\t\t\t<\/div>\n\t\t\t<\/div>\n\t\t\t\t\t<\/div>\n\t\t\t\t<\/div>\n\t\t\t\t<\/div>\n\t\t<\/div><\/div><div class=\"elementor-element elementor-element-fa4fedf e-container--column e-container\" data-id=\"fa4fedf\" data-element_type=\"container\">\t\t<div class=\"elementor-element elementor-element-93270a8 e-container--column e-container\" data-id=\"93270a8\" data-element_type=\"container\">\t\t\t\t<div class=\"elementor-element elementor-element-2c86e50 elementor-widget elementor-widget-heading\" data-id=\"2c86e50\" data-element_type=\"widget\" data-widget_type=\"heading.default\">\n\t\t\t\t<div class=\"elementor-widget-container\">\n\t\t\t<h2 class=\"elementor-heading-title elementor-size-default\"><b>Grupo de mejora <\/b>normativa<\/h2>\t\t<\/div>\n\t\t\t\t<\/div>\n\t\t<\/div><\/div><div class=\"elementor-element elementor-element-7efb16f e-container--column e-container\" data-id=\"7efb16f\" data-element_type=\"container\">\t\t\t\t<div class=\"elementor-element elementor-element-34f9e88 elementor-widget elementor-widget-pp-advanced-tabs\" data-id=\"34f9e88\" data-element_type=\"widget\" data-widget_type=\"pp-advanced-tabs.default\">\n\t\t\t\t<div class=\"elementor-widget-container\">\n\t\t\t\t\t<div class=\"pp-advanced-tabs pp-style-0 pp-tabs-responsive-tablet pp-advabced-tabs-responsive\" role=\"tablist\">\n\t\t\t<div class=\"pp-advanced-tabs-wrapper pp-tabs-labels at-vertical  at-no-hover\">\n\t\t\t\t\t\t\t\t\t\t\t<div id=\"pp-advanced-tabs-title-5551\" class=\"pp-advanced-tabs-title pp-tabs-label pp-advanced-tabs-desktop-title pp-tab-active\" data-tab=\"1\" data-index=\"5551\" tabindex=\"5551\" role=\"tab\" aria-controls=\"pp-advanced-tabs-content-5551\">\n\n\t\t\t\t\t\t\t\t\t\t\t<span class=\"pp-icon pp-advanced-tabs-icon-left\">\n\t\t\t<i aria-hidden=\"true\" class=\"fas fa-check\"><\/i>\t\t\t<\/span>\n\t\t\t\n\t\t\t\t\t\t\t\t<span class=\"pp-advanced-tabs-title-text\">Ciclo de Gobernanza Regulatoria<\/span>\n\t\t\t\t\t\t\t\t\t\t\t\t\t\t\t<\/div>\n\t\t\t\t\t\t\t\t\t\t\t\t\t<div id=\"pp-advanced-tabs-title-5552\" class=\"pp-advanced-tabs-title pp-tabs-label pp-advanced-tabs-desktop-title \" data-tab=\"2\" data-index=\"5552\" tabindex=\"5552\" role=\"tab\" aria-controls=\"pp-advanced-tabs-content-5552\">\n\n\t\t\t\t\t\t\t\t\t\t\t<span class=\"pp-icon pp-advanced-tabs-icon-left\">\n\t\t\t<i aria-hidden=\"true\" class=\"fas fa-check\"><\/i>\t\t\t<\/span>\n\t\t\t\n\t\t\t\t\t\t\t\t<span class=\"pp-advanced-tabs-title-text\">Pol\u00edtica normativa<\/span>\n\t\t\t\t\t\t\t\t\t\t\t\t\t\t\t<\/div>\n\t\t\t\t\t\t\t\t\t\t\t\t\t<div id=\"pp-advanced-tabs-title-5553\" class=\"pp-advanced-tabs-title pp-tabs-label pp-advanced-tabs-desktop-title \" data-tab=\"3\" data-index=\"5553\" tabindex=\"5553\" role=\"tab\" aria-controls=\"pp-advanced-tabs-content-5553\">\n\n\t\t\t\t\t\t\t\t\t\t\t<span class=\"pp-icon pp-advanced-tabs-icon-left\">\n\t\t\t<i aria-hidden=\"true\" class=\"fas fa-check\"><\/i>\t\t\t<\/span>\n\t\t\t\n\t\t\t\t\t\t\t\t<span class=\"pp-advanced-tabs-title-text\">Premios nacionales<\/span>\n\t\t\t\t\t\t\t\t\t\t\t\t\t\t\t<\/div>\n\t\t\t\t\t\t\t\t\t<\/div>\n\t\t\t<div class=\"pp-advanced-tabs-content-wrapper pp-tabs-panels at-vertical-content\">\n\t\t\t\t\t\t\t\t\t<div class=\"pp-tabs-panel\">\n\t\t\t\t\t<div class=\"pp-advanced-tabs-title pp-tabs-label pp-tab-responsive pp-tab-active at-no-hover\" data-index =\"5551\">\n\t\t\t\t\t\t<div class=\"pp-advanced-tabs-title-inner\">\n\t\t\t\t\t\t\t\t\t\t<span class=\"pp-icon pp-advanced-tabs-icon-left\">\n\t\t\t<i aria-hidden=\"true\" class=\"fas fa-check\"><\/i>\t\t\t<\/span>\n\t\t\t\n\t\t\t\t\t\t\t<span class=\"pp-advanced-tabs-title-text\">Ciclo de Gobernanza Regulatoria<\/span>\n\t\t\t\t\t\t\t<i class=\"pp-toggle-icon pp-tab-open fa\"><\/i>\n\t\t\t\t\t\t<\/div>\n\t\t\t\t\t<\/div>\n\t\t\t\t\t<div id=\"pp-advanced-tabs-content-5551\" class=\"pp-advanced-tabs-content elementor-clearfix pp-advanced-tabs-tab_content pp-tab-active\" data-tab=\"1\" data-index=\"5551\" role=\"tabpanel\" aria-labelledby=\"pp-advanced-tabs-title-5551\">\n\t\t\t\t\t\t<p><a href=\"https:\/\/www.medellin.gov.co\/normograma\/docs\/index.html\" target=\"_blank\" rel=\"noopener\">Conoce como se han desarrollado las acciones del ciclo de gobernanza regulatoria<\/a><\/p>\t\t\t\t\t<\/div>\n\t\t\t\t\t<\/div>\n\t\t\t\t\t\t\t\t\t<div class=\"pp-tabs-panel\">\n\t\t\t\t\t<div class=\"pp-advanced-tabs-title pp-tabs-label pp-tab-responsive  at-no-hover\" data-index =\"5552\">\n\t\t\t\t\t\t<div class=\"pp-advanced-tabs-title-inner\">\n\t\t\t\t\t\t\t\t\t\t<span class=\"pp-icon pp-advanced-tabs-icon-left\">\n\t\t\t<i aria-hidden=\"true\" class=\"fas fa-check\"><\/i>\t\t\t<\/span>\n\t\t\t\n\t\t\t\t\t\t\t<span class=\"pp-advanced-tabs-title-text\">Pol\u00edtica normativa<\/span>\n\t\t\t\t\t\t\t<i class=\"pp-toggle-icon pp-tab-open fa\"><\/i>\n\t\t\t\t\t\t<\/div>\n\t\t\t\t\t<\/div>\n\t\t\t\t\t<div id=\"pp-advanced-tabs-content-5552\" class=\"pp-advanced-tabs-content elementor-clearfix pp-advanced-tabs-tab_content \" data-tab=\"2\" data-index=\"5552\" role=\"tabpanel\" aria-labelledby=\"pp-advanced-tabs-title-5552\">\n\t\t\t\t\t\t<ul><li><a href=\"https:\/\/www.medellin.gov.co\/normograma\/docs\/astrea\/docs\/D_ALCAMED_0747_2021.htm\" target=\"_blank\" rel=\"noopener\">Decreto 747 de 2021<\/a><\/li><li><a href=\"https:\/\/www.medellin.gov.co\/normograma\/docs\/astrea\/docs\/D_ALCAMED_0316_2022.htm\" target=\"_blank\" rel=\"noopener\">Decreto 0316 de 2022<\/a><\/li><li><a href=\"https:\/\/www.medellin.gov.co\/normograma\/docs\/astrea\/docs\/D_ALCAMED_0672_2022.htm\">Decreto 0672 de 2022\u00a0<\/a><\/li><\/ul>\t\t\t\t\t<\/div>\n\t\t\t\t\t<\/div>\n\t\t\t\t\t\t\t\t\t<div class=\"pp-tabs-panel\">\n\t\t\t\t\t<div class=\"pp-advanced-tabs-title pp-tabs-label pp-tab-responsive  at-no-hover\" data-index =\"5553\">\n\t\t\t\t\t\t<div class=\"pp-advanced-tabs-title-inner\">\n\t\t\t\t\t\t\t\t\t\t<span class=\"pp-icon pp-advanced-tabs-icon-left\">\n\t\t\t<i aria-hidden=\"true\" class=\"fas fa-check\"><\/i>\t\t\t<\/span>\n\t\t\t\n\t\t\t\t\t\t\t<span class=\"pp-advanced-tabs-title-text\">Premios nacionales<\/span>\n\t\t\t\t\t\t\t<i class=\"pp-toggle-icon pp-tab-open fa\"><\/i>\n\t\t\t\t\t\t<\/div>\n\t\t\t\t\t<\/div>\n\t\t\t\t\t<div id=\"pp-advanced-tabs-content-5553\" class=\"pp-advanced-tabs-content elementor-clearfix pp-advanced-tabs-tab_content \" data-tab=\"3\" data-index=\"5553\" role=\"tabpanel\" aria-labelledby=\"pp-advanced-tabs-title-5553\">\n\t\t\t\t\t\t<p>La implementaci\u00f3n de la mejora normativa en la Alcald\u00eda de Medell\u00edn le ha valido a la Alcald\u00eda el reconocimiento de tres premios nacionales dentro del Concurso de Buenas Pr\u00e1cticas Regulatorias que realizan el Departamento Nacional de Planeaci\u00f3n y el Banco de Desarrollo de Am\u00e9rica Latina (CAF).<\/p><table id=\"m_-3320677457212407528x_tableSelected0\"><tbody><tr><td><div><b>Puesto<\/b><\/div><\/td><td><div><b>Categor\u00eda<\/b><\/div><\/td><td><div><b>Proyecto<\/b><\/div><\/td><\/tr><tr><td><div>Primer puesto. Primer Concurso de Buenas Pr\u00e1cticas Regulatorias<\/div><\/td><td><div>Territorializaci\u00f3n de la pol\u00edtica &#8211; adopci\u00f3n de la pol\u00edtica<\/div><\/td><td><div>Decreto 747 de 2021.\u00a0\u201cPor medio del cual se dictan lineamientos para la mejora normativa en el Conglomerado P\u00fablico Municipio de Medell\u00edn\u201d<\/div><\/td><\/tr><tr><td><div>Segundo puesto. Primer Concurso de Buenas Pr\u00e1cticas Regulatorias<\/div><\/td><td><div>Territorializaci\u00f3n &#8211; Inventario y depuraci\u00f3n normativa<\/div><\/td><td><div>Proceso de depuraci\u00f3n normativa 1987-1994.<\/div><\/td><\/tr><tr><td><div>Segundo puesto. Primer Concurso de Buenas Pr\u00e1cticas Regulatorias<\/div><\/td><td><div>Territorializaci\u00f3n &#8211; Inventario y depuraci\u00f3n normativa<\/div><\/td><td><div>Biblioteca Jur\u00eddica Virtual -ASTREA-<\/div><\/td><\/tr><\/tbody><\/table>\t\t\t\t\t<\/div>\n\t\t\t\t\t<\/div>\n\t\t\t\t\t\t\t<\/div>\n\t\t<\/div>\n\t\t\t\t<\/div>\n\t\t\t\t<\/div>\n\t\t<\/div><div class=\"elementor-element elementor-element-df0be86 e-container--column e-container\" data-id=\"df0be86\" data-element_type=\"container\">\t\t\t\t<div class=\"elementor-element elementor-element-caf5b01 elementor-arrows-position-inside elementor-pagination-position-outside elementor-widget elementor-widget-image-carousel\" data-id=\"caf5b01\" data-element_type=\"widget\" data-settings=\"{&quot;slides_to_show&quot;:&quot;4&quot;,&quot;navigation&quot;:&quot;both&quot;,&quot;autoplay&quot;:&quot;yes&quot;,&quot;pause_on_hover&quot;:&quot;yes&quot;,&quot;pause_on_interaction&quot;:&quot;yes&quot;,&quot;autoplay_speed&quot;:5000,&quot;infinite&quot;:&quot;yes&quot;,&quot;speed&quot;:500}\" data-widget_type=\"image-carousel.default\">\n\t\t\t\t<div class=\"elementor-widget-container\">\n\t\t\t\t\t<div class=\"elementor-image-carousel-wrapper swiper-container\" dir=\"ltr\">\n\t\t\t<div class=\"elementor-image-carousel swiper-wrapper\">\n\t\t\t\t\t\t\t\t<div class=\"swiper-slide\"><figure class=\"swiper-slide-inner\"><img class=\"swiper-slide-image\" src=\"https:\/\/www.medellin.gov.co\/es\/wp-content\/uploads\/2023\/12\/centro-gestion-conocimiento-1-768x576.jpg\" alt=\"centro-gestion-conocimiento-1\" \/><\/figure><\/div><div class=\"swiper-slide\"><figure class=\"swiper-slide-inner\"><img class=\"swiper-slide-image\" src=\"https:\/\/www.medellin.gov.co\/es\/wp-content\/uploads\/2023\/12\/Premio-de-Gerencia-Publica-1-768x566.jpg\" alt=\"Premio de Gerencia P\u00fablica\" \/><\/figure><\/div><div class=\"swiper-slide\"><figure class=\"swiper-slide-inner\"><img class=\"swiper-slide-image\" src=\"https:\/\/www.medellin.gov.co\/es\/wp-content\/uploads\/2023\/12\/centro-gestion-conocimiento-2-768x576.jpg\" alt=\"centro-gestion-conocimiento-2\" \/><\/figure><\/div><div class=\"swiper-slide\"><figure class=\"swiper-slide-inner\"><img class=\"swiper-slide-image\" src=\"https:\/\/www.medellin.gov.co\/es\/wp-content\/uploads\/2023\/12\/Premio-de-Gerencia-Publica-3-768x592.jpg\" alt=\"Premio de Gerencia P\u00fablica\" \/><\/figure><\/div><div class=\"swiper-slide\"><figure class=\"swiper-slide-inner\"><img class=\"swiper-slide-image\" src=\"https:\/\/www.medellin.gov.co\/es\/wp-content\/uploads\/2023\/12\/Premio-de-Gerencia-Publica-2-768x659.jpg\" alt=\"Premio de Gerencia P\u00fablica\" \/><\/figure><\/div><div class=\"swiper-slide\"><figure class=\"swiper-slide-inner\"><img class=\"swiper-slide-image\" src=\"https:\/\/www.medellin.gov.co\/es\/wp-content\/uploads\/2023\/12\/centro-gestion-conocimiento-3-768x576.jpg\" alt=\"centro-gestion-conocimiento-3\" \/><\/figure><\/div>\t\t\t<\/div>\n\t\t\t\t\t\t\t\t\t\t\t\t<div class=\"swiper-pagination\"><\/div>\n\t\t\t\t\t\t\t\t\t\t\t\t\t<div class=\"elementor-swiper-button elementor-swiper-button-prev\">\n\t\t\t\t\t\t<i aria-hidden=\"true\" class=\"eicon-chevron-left\"><\/i>\t\t\t\t\t\t<span class=\"elementor-screen-only\">Anterior<\/span>\n\t\t\t\t\t<\/div>\n\t\t\t\t\t<div class=\"elementor-swiper-button elementor-swiper-button-next\">\n\t\t\t\t\t\t<i aria-hidden=\"true\" class=\"eicon-chevron-right\"><\/i>\t\t\t\t\t\t<span class=\"elementor-screen-only\">Siguiente<\/span>\n\t\t\t\t\t<\/div>\n\t\t\t\t\t\t\t\t\t<\/div>\n\t\t\t\t<\/div>\n\t\t\t\t<\/div>\n\t\t<\/div><div class=\"elementor-element elementor-element-8e9c7de e-container--column e-container\" data-id=\"8e9c7de\" data-element_type=\"container\">\t\t<div class=\"elementor-element elementor-element-764b45b e-container--column e-container\" data-id=\"764b45b\" data-element_type=\"container\">\t\t\t\t<div class=\"elementor-element elementor-element-6bb14ff elementor-widget elementor-widget-heading\" data-id=\"6bb14ff\" data-element_type=\"widget\" data-widget_type=\"heading.default\">\n\t\t\t\t<div class=\"elementor-widget-container\">\n\t\t\t<h2 class=\"elementor-heading-title elementor-size-default\"><b>\u00c1rea de comunicaciones <\/b>estrat\u00e9gicas<\/h2>\t\t<\/div>\n\t\t\t\t<\/div>\n\t\t<\/div><\/div><div class=\"elementor-element elementor-element-aa0078f e-container--row e-container\" data-id=\"aa0078f\" data-element_type=\"container\">\t\t<div class=\"elementor-element elementor-element-aff3f86 e-container--column e-container\" data-id=\"aff3f86\" data-element_type=\"container\">\t\t\t\t<div class=\"elementor-element elementor-element-2098048 elementor-widget elementor-widget-heading\" data-id=\"2098048\" data-element_type=\"widget\" data-widget_type=\"heading.default\">\n\t\t\t\t<div class=\"elementor-widget-container\">\n\t\t\t<h3 class=\"elementor-heading-title elementor-size-default\">Informes de gesti\u00f3n<\/h3>\t\t<\/div>\n\t\t\t\t<\/div>\n\t\t\t\t<div class=\"elementor-element elementor-element-a82eebd elementor-widget elementor-widget-pp-faq\" data-id=\"a82eebd\" data-element_type=\"widget\" data-settings=\"{&quot;faq_layout&quot;:&quot;accordion&quot;,&quot;accordion_type&quot;:&quot;accordion&quot;,&quot;toggle_speed&quot;:300}\" data-widget_type=\"pp-faq.default\">\n\t\t\t\t<div class=\"elementor-widget-container\">\n\t\t\t\t\t<div class=\"pp-faqs pp-advanced-accordion pp-toggle-icon-align-left\" id=\"pp-advanced-accordion-a82eebd\" data-accordion-id=\"a82eebd\">\n\t\t\t\t\t\t<div class=\"pp-faq-item-wrap elementor-grid-item\">\n\t\t\t\t<div class=\"pp-faq-item pp-accordion-item\">\n\t\t\t\t\t<div id=\"pp-accordion-tab-title-1761\" class=\"pp-faq-question pp-accordion-tab-title\" tabindex=\"1761\" data-tab=\"1\">\n\t\t\t\t\t\t<div class=\"pp-accordion-title-icon\">\n\t\t\t\t\t\t\t\t\t\t\t\t\t\t\t\t\t\t\t\t\t<div class=\"pp-accordion-title-text\">\n\t\t\t\t\t\t\t\tConoce m\u00e1s\t\t\t\t\t\t\t<\/div>\n\t\t\t\t\t\t<\/div>\n\t\t\t\t\t\t\t\t\t\t\t\t\t<div class=\"pp-accordion-toggle-icon\">\n\t\t\t\t\t\t\t\t\t\t\t\t\t\t\t\t\t<span class='pp-accordion-toggle-icon-close pp-icon'>\n\t\t\t\t\t\t\t\t\t\t<i aria-hidden=\"true\" class=\"fas fa-plus\"><\/i>\t\t\t\t\t\t\t\t\t<\/span>\n\t\t\t\t\t\t\t\t\t\t\t\t\t\t\t\t\t\t\t\t\t\t\t\t\t<span class='pp-accordion-toggle-icon-open pp-icon'>\n\t\t\t\t\t\t\t\t\t\t<i aria-hidden=\"true\" class=\"fas fa-minus\"><\/i>\t\t\t\t\t\t\t\t\t<\/span>\n\t\t\t\t\t\t\t\t\t\t\t\t\t\t\t<\/div>\n\t\t\t\t\t\t\t\t\t\t\t<\/div>\n\n\t\t\t\t\t<div id=\"pp-accordion-tab-content-1761\" class=\"pp-faq-answer pp-accordion-tab-content\" data-tab=\"1\">\n\t\t\t\t\t\t\t\t\t\t\t<\/div>\n\t\t\t\t<\/div>\n\t\t\t<\/div>\n\t\t\t\t\t<\/div>\n\t\t\t\t<\/div>\n\t\t\t\t<\/div>\n\t\t<\/div><div class=\"elementor-element elementor-element-87090d2 e-container--column e-container\" data-id=\"87090d2\" data-element_type=\"container\">\t\t\t\t<div class=\"elementor-element elementor-element-0e4a5be elementor-widget elementor-widget-heading\" data-id=\"0e4a5be\" data-element_type=\"widget\" data-widget_type=\"heading.default\">\n\t\t\t\t<div class=\"elementor-widget-container\">\n\t\t\t<h3 class=\"elementor-heading-title elementor-size-default\">Presentaciones <\/h3>\t\t<\/div>\n\t\t\t\t<\/div>\n\t\t\t\t<div class=\"elementor-element elementor-element-14328fc elementor-widget elementor-widget-pp-faq\" data-id=\"14328fc\" data-element_type=\"widget\" data-settings=\"{&quot;faq_layout&quot;:&quot;accordion&quot;,&quot;accordion_type&quot;:&quot;accordion&quot;,&quot;toggle_speed&quot;:300}\" data-widget_type=\"pp-faq.default\">\n\t\t\t\t<div class=\"elementor-widget-container\">\n\t\t\t\t\t<div class=\"pp-faqs pp-advanced-accordion pp-toggle-icon-align-left\" id=\"pp-advanced-accordion-14328fc\" data-accordion-id=\"14328fc\">\n\t\t\t\t\t\t<div class=\"pp-faq-item-wrap elementor-grid-item\">\n\t\t\t\t<div class=\"pp-faq-item pp-accordion-item\">\n\t\t\t\t\t<div id=\"pp-accordion-tab-title-2111\" class=\"pp-faq-question pp-accordion-tab-title\" tabindex=\"2111\" data-tab=\"1\">\n\t\t\t\t\t\t<div class=\"pp-accordion-title-icon\">\n\t\t\t\t\t\t\t\t\t\t\t\t\t\t\t\t\t\t\t\t\t<div class=\"pp-accordion-title-text\">\n\t\t\t\t\t\t\t\tConoce m\u00e1s\t\t\t\t\t\t\t<\/div>\n\t\t\t\t\t\t<\/div>\n\t\t\t\t\t\t\t\t\t\t\t\t\t<div class=\"pp-accordion-toggle-icon\">\n\t\t\t\t\t\t\t\t\t\t\t\t\t\t\t\t\t<span class='pp-accordion-toggle-icon-close pp-icon'>\n\t\t\t\t\t\t\t\t\t\t<i aria-hidden=\"true\" class=\"fas fa-plus\"><\/i>\t\t\t\t\t\t\t\t\t<\/span>\n\t\t\t\t\t\t\t\t\t\t\t\t\t\t\t\t\t\t\t\t\t\t\t\t\t<span class='pp-accordion-toggle-icon-open pp-icon'>\n\t\t\t\t\t\t\t\t\t\t<i aria-hidden=\"true\" class=\"fas fa-minus\"><\/i>\t\t\t\t\t\t\t\t\t<\/span>\n\t\t\t\t\t\t\t\t\t\t\t\t\t\t\t<\/div>\n\t\t\t\t\t\t\t\t\t\t\t<\/div>\n\n\t\t\t\t\t<div id=\"pp-accordion-tab-content-2111\" class=\"pp-faq-answer pp-accordion-tab-content\" data-tab=\"1\">\n\t\t\t\t\t\t\t\t\t\t\t<\/div>\n\t\t\t\t<\/div>\n\t\t\t<\/div>\n\t\t\t\t\t<\/div>\n\t\t\t\t<\/div>\n\t\t\t\t<\/div>\n\t\t<\/div><div class=\"elementor-element elementor-element-ec9b4c7 e-container--column e-container\" data-id=\"ec9b4c7\" data-element_type=\"container\">\t\t\t\t<div class=\"elementor-element elementor-element-a09cb24 elementor-widget elementor-widget-heading\" data-id=\"a09cb24\" data-element_type=\"widget\" data-widget_type=\"heading.default\">\n\t\t\t\t<div class=\"elementor-widget-container\">\n\t\t\t<h3 class=\"elementor-heading-title elementor-size-default\">Memorandos de entendimiento<\/h3>\t\t<\/div>\n\t\t\t\t<\/div>\n\t\t\t\t<div class=\"elementor-element elementor-element-18a825d elementor-widget elementor-widget-pp-faq\" data-id=\"18a825d\" data-element_type=\"widget\" data-settings=\"{&quot;faq_layout&quot;:&quot;accordion&quot;,&quot;accordion_type&quot;:&quot;accordion&quot;,&quot;toggle_speed&quot;:300}\" data-widget_type=\"pp-faq.default\">\n\t\t\t\t<div class=\"elementor-widget-container\">\n\t\t\t\t\t<div class=\"pp-faqs pp-advanced-accordion pp-toggle-icon-align-left\" id=\"pp-advanced-accordion-18a825d\" data-accordion-id=\"18a825d\">\n\t\t\t\t\t\t<div class=\"pp-faq-item-wrap elementor-grid-item\">\n\t\t\t\t<div class=\"pp-faq-item pp-accordion-item\">\n\t\t\t\t\t<div id=\"pp-accordion-tab-title-2581\" class=\"pp-faq-question pp-accordion-tab-title\" tabindex=\"2581\" data-tab=\"1\">\n\t\t\t\t\t\t<div class=\"pp-accordion-title-icon\">\n\t\t\t\t\t\t\t\t\t\t\t\t\t\t\t\t\t\t\t\t\t<div class=\"pp-accordion-title-text\">\n\t\t\t\t\t\t\t\tConoce m\u00e1s\t\t\t\t\t\t\t<\/div>\n\t\t\t\t\t\t<\/div>\n\t\t\t\t\t\t\t\t\t\t\t\t\t<div class=\"pp-accordion-toggle-icon\">\n\t\t\t\t\t\t\t\t\t\t\t\t\t\t\t\t\t<span class='pp-accordion-toggle-icon-close pp-icon'>\n\t\t\t\t\t\t\t\t\t\t<i aria-hidden=\"true\" class=\"fas fa-plus\"><\/i>\t\t\t\t\t\t\t\t\t<\/span>\n\t\t\t\t\t\t\t\t\t\t\t\t\t\t\t\t\t\t\t\t\t\t\t\t\t<span class='pp-accordion-toggle-icon-open pp-icon'>\n\t\t\t\t\t\t\t\t\t\t<i aria-hidden=\"true\" class=\"fas fa-minus\"><\/i>\t\t\t\t\t\t\t\t\t<\/span>\n\t\t\t\t\t\t\t\t\t\t\t\t\t\t\t<\/div>\n\t\t\t\t\t\t\t\t\t\t\t<\/div>\n\n\t\t\t\t\t<div id=\"pp-accordion-tab-content-2581\" class=\"pp-faq-answer pp-accordion-tab-content\" data-tab=\"1\">\n\t\t\t\t\t\t<ul>\n<li><a href=\"https:\/\/www.medellin.gov.co\/es\/wp-content\/uploads\/2023\/12\/Memorando-UNAULA-2023.pdf\" target=\"_blank\" rel=\"noopener\">Memorando con UNAULA<\/a><\/li>\n<li><a href=\"https:\/\/www.medellin.gov.co\/es\/wp-content\/uploads\/2023\/12\/Memorando-UdeM-2023.pdf\" target=\"_blank\" rel=\"noopener\">Memorando con Universidad de Medell\u00edn<\/a><\/li>\n<li><a href=\"https:\/\/www.medellin.gov.co\/es\/wp-content\/uploads\/2023\/12\/Memorando-TdeA-2023.pdf\" target=\"_blank\" rel=\"noopener\">Memorando con Tecnol\u00f3gico de Antioquia<\/a><\/li>\n<li><a href=\"https:\/\/www.medellin.gov.co\/es\/wp-content\/uploads\/2023\/12\/Memorando-Unilasallista-2023.pdf\" target=\"_blank\" rel=\"noopener\">Memorando con Unilasallista<\/a><\/li>\n<li><a href=\"https:\/\/www.medellin.gov.co\/es\/wp-content\/uploads\/2023\/12\/Memorando-Tirant-2023.pdf\" target=\"_blank\" rel=\"noopener\">Memorando con Tirant Lo Blanch Formaci\u00f3n &#8211; Espa\u00f1a<\/a><\/li>\n<li><a href=\"https:\/\/www.medellin.gov.co\/es\/wp-content\/uploads\/2023\/12\/Memorando-ICT-LCS-2023.pdf\" target=\"_blank\" rel=\"noopener\">Memorando con IC&amp;T Legal Compliance Services<\/a><\/li>\n<li><a href=\"https:\/\/www.medellin.gov.co\/es\/wp-content\/uploads\/2023\/12\/Memorando-Red-EDI-2023.pdf\" target=\"_blank\" rel=\"noopener\">Memorando con Red EDI- Argentina<\/a><\/li>\n<\/ul>\n\t\t\t\t\t<\/div>\n\t\t\t\t<\/div>\n\t\t\t<\/div>\n\t\t\t\t\t<\/div>\n\t\t\t\t<\/div>\n\t\t\t\t<\/div>\n\t\t<\/div><\/div><div class=\"elementor-element elementor-element-d4267a3 e-container--column e-container\" data-id=\"d4267a3\" data-element_type=\"container\">\t\t\t\t<div class=\"elementor-element elementor-element-9119f51 e-tabs-view-vertical elementor-layout-right elementor-widget elementor-widget-video-playlist\" data-id=\"9119f51\" data-element_type=\"widget\" data-settings=\"{&quot;playlist_title&quot;:&quot;Centro de Gesti\\u00f3n del Conocimiento Jur\\u00eddico de Medell\\u00edn&quot;,&quot;tabs&quot;:[{&quot;title&quot;:&quot;Seminario Internacional Sobre Innovaci\\u00f3n Jur\\u00eddica en el Sector P\\u00fablico. 29 de septiembre. Parte 1&quot;,&quot;youtube_url&quot;:&quot;https:\\\/\\\/www.youtube.com\\\/watch?v=ZNpNJHSfDRA&amp;list=PLJV6GIPhUy6JBAthV0lN52q0SpvyVmakI&amp;index=1&amp;pp=iAQB&quot;,&quot;duration&quot;:&quot;1:58:06&quot;,&quot;thumbnail&quot;:{&quot;url&quot;:&quot;http:\\\/\\\/img.youtube.com\\\/vi\\\/ZNpNJHSfDRA\\\/maxresdefault.jpg&quot;,&quot;id&quot;:&quot;&quot;},&quot;_id&quot;:&quot;0429ae0&quot;,&quot;vimeo_url&quot;:null,&quot;type&quot;:&quot;youtube&quot;,&quot;is_external_url&quot;:null,&quot;hosted_url&quot;:null,&quot;external_url&quot;:null,&quot;inner_tab_is_content_visible&quot;:&quot;&quot;,&quot;inner_tab_content_1&quot;:null,&quot;inner_tab_content_2&quot;:null},{&quot;title&quot;:&quot;Seminario Internacional Sobre Innovaci\\u00f3n Jur\\u00eddica en el Sector P\\u00fablico - 30 de septiembre - Parte 2.&quot;,&quot;youtube_url&quot;:&quot;https:\\\/\\\/www.youtube.com\\\/watch?v=B3iQAuW_Y1I&amp;list=PLJV6GIPhUy6JBAthV0lN52q0SpvyVmakI&amp;index=2&amp;pp=iAQB&quot;,&quot;duration&quot;:&quot;1:47:32&quot;,&quot;thumbnail&quot;:{&quot;url&quot;:&quot;http:\\\/\\\/img.youtube.com\\\/vi\\\/B3iQAuW_Y1I\\\/maxresdefault.jpg&quot;,&quot;id&quot;:&quot;&quot;},&quot;_id&quot;:&quot;3c02b55&quot;,&quot;vimeo_url&quot;:null,&quot;type&quot;:&quot;youtube&quot;,&quot;is_external_url&quot;:null,&quot;hosted_url&quot;:null,&quot;external_url&quot;:null,&quot;inner_tab_is_content_visible&quot;:&quot;&quot;,&quot;inner_tab_content_1&quot;:null,&quot;inner_tab_content_2&quot;:null},{&quot;title&quot;:&quot;Las cinco claves jur\\u00eddicas para pensar las smart cities - 7mo Evento de Gerencia Jur\\u00eddica P\\u00fablica&quot;,&quot;youtube_url&quot;:&quot;https:\\\/\\\/www.youtube.com\\\/watch?v=jTI2mgMATp0&amp;list=PLJV6GIPhUy6JBAthV0lN52q0SpvyVmakI&amp;index=3&amp;t=2s&amp;pp=iAQB&quot;,&quot;duration&quot;:&quot;37:35&quot;,&quot;thumbnail&quot;:{&quot;url&quot;:&quot;http:\\\/\\\/img.youtube.com\\\/vi\\\/jTI2mgMATp0\\\/maxresdefault.jpg&quot;,&quot;id&quot;:&quot;&quot;},&quot;_id&quot;:&quot;cc0343e&quot;,&quot;vimeo_url&quot;:null,&quot;type&quot;:&quot;youtube&quot;,&quot;is_external_url&quot;:null,&quot;hosted_url&quot;:null,&quot;external_url&quot;:null,&quot;inner_tab_is_content_visible&quot;:&quot;&quot;,&quot;inner_tab_content_1&quot;:null,&quot;inner_tab_content_2&quot;:null},{&quot;_id&quot;:&quot;c49213e&quot;,&quot;youtube_url&quot;:&quot;https:\\\/\\\/www.youtube.com\\\/watch?v=XWrKHQz59ks&amp;list=PLJV6GIPhUy6JBAthV0lN52q0SpvyVmakI&amp;index=4&amp;t=13s&amp;pp=iAQB&quot;,&quot;vimeo_url&quot;:null,&quot;title&quot;:&quot;Tecnolog\\u00eda, Innovaci\\u00f3n Jur\\u00eddica y Objetivos de Desarrollo Sostenible: desaf\\u00edos y oportunidades&quot;,&quot;duration&quot;:&quot;37:31&quot;,&quot;thumbnail&quot;:{&quot;url&quot;:&quot;http:\\\/\\\/img.youtube.com\\\/vi\\\/XWrKHQz59ks\\\/maxresdefault.jpg&quot;,&quot;id&quot;:&quot;&quot;},&quot;type&quot;:&quot;youtube&quot;,&quot;is_external_url&quot;:null,&quot;hosted_url&quot;:null,&quot;external_url&quot;:null,&quot;inner_tab_is_content_visible&quot;:&quot;&quot;,&quot;inner_tab_content_1&quot;:null,&quot;inner_tab_content_2&quot;:null},{&quot;_id&quot;:&quot;c903773&quot;,&quot;youtube_url&quot;:&quot;https:\\\/\\\/www.youtube.com\\\/watch?v=2UcuiaXbBLc&amp;list=PLJV6GIPhUy6JBAthV0lN52q0SpvyVmakI&amp;index=5&amp;pp=iAQB&quot;,&quot;vimeo_url&quot;:null,&quot;title&quot;:&quot;Los distritos en el ordenamiento jur\\u00eddico colombiano - 7mo Evento de Gerencia Jur\\u00eddica P\\u00fablica&quot;,&quot;duration&quot;:&quot;43:32&quot;,&quot;thumbnail&quot;:{&quot;url&quot;:&quot;http:\\\/\\\/img.youtube.com\\\/vi\\\/2UcuiaXbBLc\\\/maxresdefault.jpg&quot;,&quot;id&quot;:&quot;&quot;},&quot;type&quot;:&quot;youtube&quot;,&quot;is_external_url&quot;:null,&quot;hosted_url&quot;:null,&quot;external_url&quot;:null,&quot;inner_tab_is_content_visible&quot;:&quot;&quot;,&quot;inner_tab_content_1&quot;:null,&quot;inner_tab_content_2&quot;:null},{&quot;_id&quot;:&quot;257098d&quot;,&quot;youtube_url&quot;:&quot;https:\\\/\\\/www.youtube.com\\\/watch?v=MfuC9F5SJ8M&amp;list=PLJV6GIPhUy6JBAthV0lN52q0SpvyVmakI&amp;index=6&amp;t=11s&amp;pp=iAQB&quot;,&quot;vimeo_url&quot;:null,&quot;title&quot;:&quot;La transici\\u00f3n de Medell\\u00edn de municipio a Distrito Especial de Ciencia, Tecnolog\\u00eda e Innovaci\\u00f3n&quot;,&quot;duration&quot;:&quot;40:02&quot;,&quot;thumbnail&quot;:{&quot;url&quot;:&quot;http:\\\/\\\/img.youtube.com\\\/vi\\\/MfuC9F5SJ8M\\\/maxresdefault.jpg&quot;,&quot;id&quot;:&quot;&quot;},&quot;type&quot;:&quot;youtube&quot;,&quot;is_external_url&quot;:null,&quot;hosted_url&quot;:null,&quot;external_url&quot;:null,&quot;inner_tab_is_content_visible&quot;:&quot;&quot;,&quot;inner_tab_content_1&quot;:null,&quot;inner_tab_content_2&quot;:null},{&quot;_id&quot;:&quot;e0c5fd2&quot;,&quot;youtube_url&quot;:&quot;https:\\\/\\\/www.youtube.com\\\/watch?v=7cHphhXMB1s&amp;list=PLJV6GIPhUy6JBAthV0lN52q0SpvyVmakI&amp;index=7&amp;t=8s&amp;pp=iAQB&quot;,&quot;vimeo_url&quot;:null,&quot;title&quot;:&quot;Identidad digital, un derecho humano y de asociaci\\u00f3n: m\\u00e1s all\\u00e1 de normas y herramientas digitales&quot;,&quot;duration&quot;:&quot;32:36&quot;,&quot;thumbnail&quot;:{&quot;url&quot;:&quot;http:\\\/\\\/img.youtube.com\\\/vi\\\/7cHphhXMB1s\\\/maxresdefault.jpg&quot;,&quot;id&quot;:&quot;&quot;},&quot;type&quot;:&quot;youtube&quot;,&quot;is_external_url&quot;:null,&quot;hosted_url&quot;:null,&quot;external_url&quot;:null,&quot;inner_tab_is_content_visible&quot;:&quot;&quot;,&quot;inner_tab_content_1&quot;:null,&quot;inner_tab_content_2&quot;:null},{&quot;_id&quot;:&quot;e3d50b1&quot;,&quot;youtube_url&quot;:&quot;https:\\\/\\\/www.youtube.com\\\/watch?v=vhZuBuJoTQk&amp;list=PLJV6GIPhUy6JBAthV0lN52q0SpvyVmakI&amp;index=8&amp;t=8s&amp;pp=iAQB&quot;,&quot;vimeo_url&quot;:null,&quot;title&quot;:&quot;Innovaci\\u00f3n jur\\u00eddica: alcance y experiencias. 7mo Evento de Gerencia Jur\\u00eddica P\\u00fablica&quot;,&quot;duration&quot;:&quot;36:23&quot;,&quot;thumbnail&quot;:{&quot;url&quot;:&quot;http:\\\/\\\/img.youtube.com\\\/vi\\\/vhZuBuJoTQk\\\/maxresdefault.jpg&quot;,&quot;id&quot;:&quot;&quot;},&quot;type&quot;:&quot;youtube&quot;,&quot;is_external_url&quot;:null,&quot;hosted_url&quot;:null,&quot;external_url&quot;:null,&quot;inner_tab_is_content_visible&quot;:&quot;&quot;,&quot;inner_tab_content_1&quot;:null,&quot;inner_tab_content_2&quot;:null},{&quot;_id&quot;:&quot;bd477e7&quot;,&quot;youtube_url&quot;:&quot;https:\\\/\\\/www.youtube.com\\\/watch?v=OT9A0SChlxs&amp;list=PLJV6GIPhUy6JBAthV0lN52q0SpvyVmakI&amp;index=9&amp;t=10s&amp;pp=iAQB&quot;,&quot;vimeo_url&quot;:null,&quot;title&quot;:&quot;La gesti\\u00f3n del conocimiento jur\\u00eddico en el Distrito de Medell\\u00edn. Evento de Gerencia Jur\\u00eddica P\\u00fablica&quot;,&quot;duration&quot;:&quot;1:05:48&quot;,&quot;thumbnail&quot;:{&quot;url&quot;:&quot;http:\\\/\\\/img.youtube.com\\\/vi\\\/OT9A0SChlxs\\\/maxresdefault.jpg&quot;,&quot;id&quot;:&quot;&quot;},&quot;type&quot;:&quot;youtube&quot;,&quot;is_external_url&quot;:null,&quot;hosted_url&quot;:null,&quot;external_url&quot;:null,&quot;inner_tab_is_content_visible&quot;:&quot;&quot;,&quot;inner_tab_content_1&quot;:null,&quot;inner_tab_content_2&quot;:null},{&quot;_id&quot;:&quot;db8cb80&quot;,&quot;youtube_url&quot;:&quot;https:\\\/\\\/www.youtube.com\\\/watch?v=CmgKgODPHKk&amp;list=PLJV6GIPhUy6JBAthV0lN52q0SpvyVmakI&amp;index=10&amp;pp=iAQB&quot;,&quot;vimeo_url&quot;:null,&quot;title&quot;:&quot;\\u00bfC\\u00f3mo se argumenta con principios constitucionales? - 9no Evento de Gerencia Jur\\u00eddica P\\u00fablica&quot;,&quot;duration&quot;:&quot;1:10:20&quot;,&quot;thumbnail&quot;:{&quot;url&quot;:&quot;http:\\\/\\\/img.youtube.com\\\/vi\\\/CmgKgODPHKk\\\/maxresdefault.jpg&quot;,&quot;id&quot;:&quot;&quot;},&quot;type&quot;:&quot;youtube&quot;,&quot;is_external_url&quot;:null,&quot;hosted_url&quot;:null,&quot;external_url&quot;:null,&quot;inner_tab_is_content_visible&quot;:&quot;&quot;,&quot;inner_tab_content_1&quot;:null,&quot;inner_tab_content_2&quot;:null},{&quot;_id&quot;:&quot;3fff7f3&quot;,&quot;youtube_url&quot;:&quot;https:\\\/\\\/www.youtube.com\\\/watch?v=z-pyjqWhzcw&amp;list=PLJV6GIPhUy6JBAthV0lN52q0SpvyVmakI&amp;index=11&amp;pp=iAQB&quot;,&quot;vimeo_url&quot;:null,&quot;title&quot;:&quot;9no Evento de Gerencia Jur\\u00eddica P\\u00fablica: Seminario Internacional Sobre Argumentaci\\u00f3n Normativa&quot;,&quot;duration&quot;:&quot;25:08&quot;,&quot;thumbnail&quot;:{&quot;url&quot;:&quot;http:\\\/\\\/img.youtube.com\\\/vi\\\/z-pyjqWhzcw\\\/maxresdefault.jpg&quot;,&quot;id&quot;:&quot;&quot;},&quot;type&quot;:&quot;youtube&quot;,&quot;is_external_url&quot;:null,&quot;hosted_url&quot;:null,&quot;external_url&quot;:null,&quot;inner_tab_is_content_visible&quot;:&quot;&quot;,&quot;inner_tab_content_1&quot;:null,&quot;inner_tab_content_2&quot;:null},{&quot;_id&quot;:&quot;1bc6fc2&quot;,&quot;youtube_url&quot;:&quot;https:\\\/\\\/www.youtube.com\\\/watch?v=ZqM9HHr_S-Y&amp;list=PLJV6GIPhUy6JBAthV0lN52q0SpvyVmakI&amp;index=12&amp;pp=iAQB&quot;,&quot;vimeo_url&quot;:null,&quot;title&quot;:&quot;La argumentaci\\u00f3n como pr\\u00e1ctica enunciativa \\u2013 9no Evento de Gerencia Jur\\u00eddica P\\u00fablica&quot;,&quot;duration&quot;:&quot;1:18:52&quot;,&quot;thumbnail&quot;:{&quot;url&quot;:&quot;http:\\\/\\\/img.youtube.com\\\/vi\\\/ZqM9HHr_S-Y\\\/maxresdefault.jpg&quot;,&quot;id&quot;:&quot;&quot;},&quot;type&quot;:&quot;youtube&quot;,&quot;is_external_url&quot;:null,&quot;hosted_url&quot;:null,&quot;external_url&quot;:null,&quot;inner_tab_is_content_visible&quot;:&quot;&quot;,&quot;inner_tab_content_1&quot;:null,&quot;inner_tab_content_2&quot;:null},{&quot;_id&quot;:&quot;6c8e630&quot;,&quot;youtube_url&quot;:&quot;https:\\\/\\\/www.youtube.com\\\/watch?v=Z7mcEOiscy8&amp;list=PLJV6GIPhUy6JBAthV0lN52q0SpvyVmakI&amp;index=13&amp;pp=iAQB&quot;,&quot;vimeo_url&quot;:null,&quot;title&quot;:&quot;Elementos b\\u00e1sicos de argumentaci\\u00f3n normativa \\u2013 9no Evento de Gerencia Jur\\u00eddica P\\u00fablica&quot;,&quot;duration&quot;:&quot;43:00&quot;,&quot;thumbnail&quot;:{&quot;url&quot;:&quot;http:\\\/\\\/img.youtube.com\\\/vi\\\/Z7mcEOiscy8\\\/maxresdefault.jpg&quot;,&quot;id&quot;:&quot;&quot;},&quot;type&quot;:&quot;youtube&quot;,&quot;is_external_url&quot;:null,&quot;hosted_url&quot;:null,&quot;external_url&quot;:null,&quot;inner_tab_is_content_visible&quot;:&quot;&quot;,&quot;inner_tab_content_1&quot;:null,&quot;inner_tab_content_2&quot;:null},{&quot;_id&quot;:&quot;bfb918f&quot;,&quot;youtube_url&quot;:&quot;https:\\\/\\\/www.youtube.com\\\/watch?v=j0QBbs6kOtU&amp;list=PLJV6GIPhUy6JBAthV0lN52q0SpvyVmakI&amp;index=14&amp;t=3s&amp;pp=iAQB&quot;,&quot;vimeo_url&quot;:null,&quot;title&quot;:&quot;Firma de memorandos de entendimiento \\u2013 9no Evento de Gerencia Jur\\u00eddica P\\u00fablica&quot;,&quot;duration&quot;:&quot;25:43&quot;,&quot;thumbnail&quot;:{&quot;url&quot;:&quot;http:\\\/\\\/img.youtube.com\\\/vi\\\/j0QBbs6kOtU\\\/maxresdefault.jpg&quot;,&quot;id&quot;:&quot;&quot;},&quot;type&quot;:&quot;youtube&quot;,&quot;is_external_url&quot;:null,&quot;hosted_url&quot;:null,&quot;external_url&quot;:null,&quot;inner_tab_is_content_visible&quot;:&quot;&quot;,&quot;inner_tab_content_1&quot;:null,&quot;inner_tab_content_2&quot;:null},{&quot;_id&quot;:&quot;d78617d&quot;,&quot;youtube_url&quot;:&quot;https:\\\/\\\/www.youtube.com\\\/watch?v=fXu8q6TONvo&amp;list=PLJV6GIPhUy6JBAthV0lN52q0SpvyVmakI&amp;index=15&amp;pp=iAQB&quot;,&quot;vimeo_url&quot;:null,&quot;title&quot;:&quot;El principio de proporcionalidad \\u2013 9no Evento de Gerencia Jur\\u00eddica P\\u00fablica.&quot;,&quot;duration&quot;:&quot;38:05&quot;,&quot;thumbnail&quot;:{&quot;url&quot;:&quot;http:\\\/\\\/img.youtube.com\\\/vi\\\/fXu8q6TONvo\\\/maxresdefault.jpg&quot;,&quot;id&quot;:&quot;&quot;},&quot;type&quot;:&quot;youtube&quot;,&quot;is_external_url&quot;:null,&quot;hosted_url&quot;:null,&quot;external_url&quot;:null,&quot;inner_tab_is_content_visible&quot;:&quot;&quot;,&quot;inner_tab_content_1&quot;:null,&quot;inner_tab_content_2&quot;:null},{&quot;_id&quot;:&quot;6127917&quot;,&quot;youtube_url&quot;:&quot;https:\\\/\\\/www.youtube.com\\\/watch?v=URBamtrrG_U&amp;list=PLJV6GIPhUy6JBAthV0lN52q0SpvyVmakI&amp;index=16&amp;pp=iAQB&quot;,&quot;vimeo_url&quot;:null,&quot;title&quot;:&quot;Buena administraci\\u00f3n p\\u00fablica en el Derecho Administrativo. 8vo Evento de Gerencia Jur\\u00eddica P\\u00fablica&quot;,&quot;duration&quot;:&quot;56:59&quot;,&quot;thumbnail&quot;:{&quot;url&quot;:&quot;http:\\\/\\\/img.youtube.com\\\/vi\\\/URBamtrrG_U\\\/maxresdefault.jpg&quot;,&quot;id&quot;:&quot;&quot;},&quot;type&quot;:&quot;youtube&quot;,&quot;is_external_url&quot;:null,&quot;hosted_url&quot;:null,&quot;external_url&quot;:null,&quot;inner_tab_is_content_visible&quot;:&quot;&quot;,&quot;inner_tab_content_1&quot;:null,&quot;inner_tab_content_2&quot;:null},{&quot;_id&quot;:&quot;966e98e&quot;,&quot;youtube_url&quot;:&quot;https:\\\/\\\/www.youtube.com\\\/watch?v=Ri4j0B8ymFU&amp;list=PLJV6GIPhUy6JBAthV0lN52q0SpvyVmakI&amp;index=17&amp;pp=iAQB&quot;,&quot;vimeo_url&quot;:null,&quot;title&quot;:&quot;El papel fundamental del Estado en la promoci\\u00f3n de la \\u00e9tica y transparencia - Alcald\\u00eda de Medell\\u00edn&quot;,&quot;duration&quot;:&quot;33:36&quot;,&quot;thumbnail&quot;:{&quot;url&quot;:&quot;http:\\\/\\\/img.youtube.com\\\/vi\\\/Ri4j0B8ymFU\\\/maxresdefault.jpg&quot;,&quot;id&quot;:&quot;&quot;},&quot;type&quot;:&quot;youtube&quot;,&quot;is_external_url&quot;:null,&quot;hosted_url&quot;:null,&quot;external_url&quot;:null,&quot;inner_tab_is_content_visible&quot;:&quot;&quot;,&quot;inner_tab_content_1&quot;:null,&quot;inner_tab_content_2&quot;:null},{&quot;_id&quot;:&quot;2e53c7a&quot;,&quot;youtube_url&quot;:&quot;https:\\\/\\\/www.youtube.com\\\/watch?v=pMsdwIVFJ9E&amp;list=PLJV6GIPhUy6JBAthV0lN52q0SpvyVmakI&amp;index=18&amp;pp=iAQB&quot;,&quot;vimeo_url&quot;:null,&quot;title&quot;:&quot;El derecho a la ciudad, la buena administraci\\u00f3n p\\u00fablica y la movilidad urbana - Alcald\\u00eda de Medell\\u00edn&quot;,&quot;duration&quot;:&quot;33:33&quot;,&quot;thumbnail&quot;:{&quot;url&quot;:&quot;http:\\\/\\\/img.youtube.com\\\/vi\\\/pMsdwIVFJ9E\\\/maxresdefault.jpg&quot;,&quot;id&quot;:&quot;&quot;},&quot;type&quot;:&quot;youtube&quot;,&quot;is_external_url&quot;:null,&quot;hosted_url&quot;:null,&quot;external_url&quot;:null,&quot;inner_tab_is_content_visible&quot;:&quot;&quot;,&quot;inner_tab_content_1&quot;:null,&quot;inner_tab_content_2&quot;:null},{&quot;_id&quot;:&quot;c1dc87f&quot;,&quot;youtube_url&quot;:&quot;https:\\\/\\\/www.youtube.com\\\/watch?v=mCZPyBhnCx0&amp;list=PLJV6GIPhUy6JBAthV0lN52q0SpvyVmakI&amp;index=19&amp;pp=iAQB&quot;,&quot;vimeo_url&quot;:null,&quot;title&quot;:&quot;El Direccionamiento estrat\\u00e9gico en la gesti\\u00f3n p\\u00fablica - Alcald\\u00eda de Medell\\u00edn&quot;,&quot;duration&quot;:&quot;43:25&quot;,&quot;thumbnail&quot;:{&quot;url&quot;:&quot;http:\\\/\\\/img.youtube.com\\\/vi\\\/mCZPyBhnCx0\\\/maxresdefault.jpg&quot;,&quot;id&quot;:&quot;&quot;},&quot;type&quot;:&quot;youtube&quot;,&quot;is_external_url&quot;:null,&quot;hosted_url&quot;:null,&quot;external_url&quot;:null,&quot;inner_tab_is_content_visible&quot;:&quot;&quot;,&quot;inner_tab_content_1&quot;:null,&quot;inner_tab_content_2&quot;:null}],&quot;inner_tab_title_1&quot;:&quot;Pesta\\u00f1a 1&quot;,&quot;inner_tab_title_2&quot;:&quot;Pesta\\u00f1a 2&quot;}\" data-widget_type=\"video-playlist.default\">\n\t\t\t\t<div class=\"elementor-widget-container\">\n\t\t\t\n\t\t<div class=\"e-tabs\">\n\t\t\t<div class=\"e-tabs-main-area\">\n\t\t\t\t<div class=\"e-tabs-wrapper\">\n\t\t\t\t\t<div class=\"e-tabs-header\">\n\t\t\t\t\t\t\t\t\t\t\t\t<h2 class=\"e-tabs-title\">Centro de Gesti\u00f3n del Conocimiento Jur\u00eddico de Medell\u00edn<\/h2>\n\t\t\t\t\t\t<div class=\"e-tabs-header-right-side\">\n\t\t\t\t\t\t\t\t\t\t\t\t\t\t\t<span class=\"e-tabs-videos-count\">19 V\u00eddeos<\/span>\n\t\t\t\t\t\t\t\t\t\t\t\t\t\t<i aria-hidden=\"true\" class=\"e-tabs-toggle-videos-display-button rotate-down eicon-caret-down\"><\/i>\t\t\t\t\t\t<\/div>\n\t\t\t\t\t<\/div>\n\t\t\t\t\t<div class=\"e-tabs-items-wrapper\">\n\t\t\t\t\t\t<div class=\"e-tabs-items\" role=\"tablist\">\n\t\t\t\t\t\t\t\t\t\t\t\t\t\t\t\t\t\t\t\t\t\t\t\t<div id=\"e-tab-title-1521\" class=\"e-tab-title e-tab-desktop-title\" aria-selected=\"true\" data-tab=\"1\" role=\"tab\" tabindex=\"0\" aria-controls=\"e-tab-content-1521\">\n\t\t\t\t\t\t\t\t\t\t\t\t\t\t\t\t\t\t\t\t\t<div class=\"e-tab-thumbnail\">\n\t\t\t\t\t\t\t\t\t\t\t\t\t\t\t\t\t\t\t\t\t\t\t\t\t<img src=\"http:\/\/img.youtube.com\/vi\/ZNpNJHSfDRA\/maxresdefault.jpg\" \/>\n\t\t\t\t\t\t\t\t\t\t\t\t\t\t\t\t\t\t\t\t\t\t\t\t<span class=\"icon-play\"><i aria-hidden=\"true\" class=\"fas fa-play-circle\"><\/i><\/span>\n\t\t\t\t\t\t\t\t\t\t\t\t<span class=\"icon-watched\"><i aria-hidden=\"true\" class=\"fas fa-check-circle\"><\/i><\/span>\n\t\t\t\t\t\t\t\t\t\t\t<\/div>\n\t\t\t\t\t\t\t\t\t\t\t\t\t\t\t\t\t\t\t\t<h4 class=\"e-tab-title-text\" title=\"Seminario Internacional Sobre Innovaci\u00f3n Jur\u00eddica en el Sector P\u00fablico. 29 de septiembre. Parte 1\">\n\t\t\t\t\t\t\t\t\t\t\t<a href=\"\">\n\t\t\t\t\t\t\t\t\t\t\t\t\t\t\t\t\t\t\t\t\t\t\t\tSeminario Internacional Sobre Innovaci\u00f3n Jur\u00eddica en el Sector P\u00fablico. 29 de septiembre. Parte 1\t\t\t\t\t\t\t\t\t\t\t<\/a>\n\t\t\t\t\t\t\t\t\t\t<\/h4>\n\t\t\t\t\t\t\t\t\t\t\t\t\t\t\t\t\t\t\t\t\t<span class=\"e-tab-duration\">1:58:06<\/span>\n\t\t\t\t\t\t\t\t\t\t\t\t\t\t\t\t\t\t\t<\/div>\n\t\t\t\t\t\t\t\t\t\t\t\t\t\t\t\t\t\t\t\t\t\t\t\t\t\t\t\t\t\t\t\t<div id=\"e-tab-title-1522\" class=\"e-tab-title e-tab-desktop-title\" aria-selected=\"false\" data-tab=\"2\" role=\"tab\" tabindex=\"-1\" aria-controls=\"e-tab-content-1522\">\n\t\t\t\t\t\t\t\t\t\t\t\t\t\t\t\t\t\t\t\t\t<div class=\"e-tab-thumbnail\">\n\t\t\t\t\t\t\t\t\t\t\t\t\t\t\t\t\t\t\t\t\t\t\t\t\t<img src=\"http:\/\/img.youtube.com\/vi\/B3iQAuW_Y1I\/maxresdefault.jpg\" \/>\n\t\t\t\t\t\t\t\t\t\t\t\t\t\t\t\t\t\t\t\t\t\t\t\t<span class=\"icon-play\"><i aria-hidden=\"true\" class=\"fas fa-play-circle\"><\/i><\/span>\n\t\t\t\t\t\t\t\t\t\t\t\t<span class=\"icon-watched\"><i aria-hidden=\"true\" class=\"fas fa-check-circle\"><\/i><\/span>\n\t\t\t\t\t\t\t\t\t\t\t<\/div>\n\t\t\t\t\t\t\t\t\t\t\t\t\t\t\t\t\t\t\t\t<h4 class=\"e-tab-title-text\" title=\"Seminario Internacional Sobre Innovaci\u00f3n Jur\u00eddica en el Sector P\u00fablico - 30 de septiembre - Parte 2.\">\n\t\t\t\t\t\t\t\t\t\t\t<a href=\"\">\n\t\t\t\t\t\t\t\t\t\t\t\t\t\t\t\t\t\t\t\t\t\t\t\tSeminario Internacional Sobre Innovaci\u00f3n Jur\u00eddica en el Sector P\u00fablico - 30 de septiembre - Parte 2.\t\t\t\t\t\t\t\t\t\t\t<\/a>\n\t\t\t\t\t\t\t\t\t\t<\/h4>\n\t\t\t\t\t\t\t\t\t\t\t\t\t\t\t\t\t\t\t\t\t<span class=\"e-tab-duration\">1:47:32<\/span>\n\t\t\t\t\t\t\t\t\t\t\t\t\t\t\t\t\t\t\t<\/div>\n\t\t\t\t\t\t\t\t\t\t\t\t\t\t\t\t\t\t\t\t\t\t\t\t\t\t\t\t\t\t\t\t<div id=\"e-tab-title-1523\" class=\"e-tab-title e-tab-desktop-title\" aria-selected=\"false\" data-tab=\"3\" role=\"tab\" tabindex=\"-1\" aria-controls=\"e-tab-content-1523\">\n\t\t\t\t\t\t\t\t\t\t\t\t\t\t\t\t\t\t\t\t\t<div class=\"e-tab-thumbnail\">\n\t\t\t\t\t\t\t\t\t\t\t\t\t\t\t\t\t\t\t\t\t\t\t\t\t<img src=\"http:\/\/img.youtube.com\/vi\/jTI2mgMATp0\/maxresdefault.jpg\" \/>\n\t\t\t\t\t\t\t\t\t\t\t\t\t\t\t\t\t\t\t\t\t\t\t\t<span class=\"icon-play\"><i aria-hidden=\"true\" class=\"fas fa-play-circle\"><\/i><\/span>\n\t\t\t\t\t\t\t\t\t\t\t\t<span class=\"icon-watched\"><i aria-hidden=\"true\" class=\"fas fa-check-circle\"><\/i><\/span>\n\t\t\t\t\t\t\t\t\t\t\t<\/div>\n\t\t\t\t\t\t\t\t\t\t\t\t\t\t\t\t\t\t\t\t<h4 class=\"e-tab-title-text\" title=\"Las cinco claves jur\u00eddicas para pensar las smart cities - 7mo Evento de Gerencia Jur\u00eddica P\u00fablica\">\n\t\t\t\t\t\t\t\t\t\t\t<a href=\"\">\n\t\t\t\t\t\t\t\t\t\t\t\t\t\t\t\t\t\t\t\t\t\t\t\tLas cinco claves jur\u00eddicas para pensar las smart cities - 7mo Evento de Gerencia Jur\u00eddica P\u00fablica\t\t\t\t\t\t\t\t\t\t\t<\/a>\n\t\t\t\t\t\t\t\t\t\t<\/h4>\n\t\t\t\t\t\t\t\t\t\t\t\t\t\t\t\t\t\t\t\t\t<span class=\"e-tab-duration\">37:35<\/span>\n\t\t\t\t\t\t\t\t\t\t\t\t\t\t\t\t\t\t\t<\/div>\n\t\t\t\t\t\t\t\t\t\t\t\t\t\t\t\t\t\t\t\t\t\t\t\t\t\t\t\t\t\t\t\t<div id=\"e-tab-title-1524\" class=\"e-tab-title e-tab-desktop-title\" aria-selected=\"false\" data-tab=\"4\" role=\"tab\" tabindex=\"-1\" aria-controls=\"e-tab-content-1524\">\n\t\t\t\t\t\t\t\t\t\t\t\t\t\t\t\t\t\t\t\t\t<div class=\"e-tab-thumbnail\">\n\t\t\t\t\t\t\t\t\t\t\t\t\t\t\t\t\t\t\t\t\t\t\t\t\t<img src=\"http:\/\/img.youtube.com\/vi\/XWrKHQz59ks\/maxresdefault.jpg\" \/>\n\t\t\t\t\t\t\t\t\t\t\t\t\t\t\t\t\t\t\t\t\t\t\t\t<span class=\"icon-play\"><i aria-hidden=\"true\" class=\"fas fa-play-circle\"><\/i><\/span>\n\t\t\t\t\t\t\t\t\t\t\t\t<span class=\"icon-watched\"><i aria-hidden=\"true\" class=\"fas fa-check-circle\"><\/i><\/span>\n\t\t\t\t\t\t\t\t\t\t\t<\/div>\n\t\t\t\t\t\t\t\t\t\t\t\t\t\t\t\t\t\t\t\t<h4 class=\"e-tab-title-text\" title=\"Tecnolog\u00eda, Innovaci\u00f3n Jur\u00eddica y Objetivos de Desarrollo Sostenible: desaf\u00edos y oportunidades\">\n\t\t\t\t\t\t\t\t\t\t\t<a href=\"\">\n\t\t\t\t\t\t\t\t\t\t\t\t\t\t\t\t\t\t\t\t\t\t\t\tTecnolog\u00eda, Innovaci\u00f3n Jur\u00eddica y Objetivos de Desarrollo Sostenible: desaf\u00edos y oportunidades\t\t\t\t\t\t\t\t\t\t\t<\/a>\n\t\t\t\t\t\t\t\t\t\t<\/h4>\n\t\t\t\t\t\t\t\t\t\t\t\t\t\t\t\t\t\t\t\t\t<span class=\"e-tab-duration\">37:31<\/span>\n\t\t\t\t\t\t\t\t\t\t\t\t\t\t\t\t\t\t\t<\/div>\n\t\t\t\t\t\t\t\t\t\t\t\t\t\t\t\t\t\t\t\t\t\t\t\t\t\t\t\t\t\t\t\t<div id=\"e-tab-title-1525\" class=\"e-tab-title e-tab-desktop-title\" aria-selected=\"false\" data-tab=\"5\" role=\"tab\" tabindex=\"-1\" aria-controls=\"e-tab-content-1525\">\n\t\t\t\t\t\t\t\t\t\t\t\t\t\t\t\t\t\t\t\t\t<div class=\"e-tab-thumbnail\">\n\t\t\t\t\t\t\t\t\t\t\t\t\t\t\t\t\t\t\t\t\t\t\t\t\t<img src=\"http:\/\/img.youtube.com\/vi\/2UcuiaXbBLc\/maxresdefault.jpg\" \/>\n\t\t\t\t\t\t\t\t\t\t\t\t\t\t\t\t\t\t\t\t\t\t\t\t<span class=\"icon-play\"><i aria-hidden=\"true\" class=\"fas fa-play-circle\"><\/i><\/span>\n\t\t\t\t\t\t\t\t\t\t\t\t<span class=\"icon-watched\"><i aria-hidden=\"true\" class=\"fas fa-check-circle\"><\/i><\/span>\n\t\t\t\t\t\t\t\t\t\t\t<\/div>\n\t\t\t\t\t\t\t\t\t\t\t\t\t\t\t\t\t\t\t\t<h4 class=\"e-tab-title-text\" title=\"Los distritos en el ordenamiento jur\u00eddico colombiano - 7mo Evento de Gerencia Jur\u00eddica P\u00fablica\">\n\t\t\t\t\t\t\t\t\t\t\t<a href=\"\">\n\t\t\t\t\t\t\t\t\t\t\t\t\t\t\t\t\t\t\t\t\t\t\t\tLos distritos en el ordenamiento jur\u00eddico colombiano - 7mo Evento de Gerencia Jur\u00eddica P\u00fablica\t\t\t\t\t\t\t\t\t\t\t<\/a>\n\t\t\t\t\t\t\t\t\t\t<\/h4>\n\t\t\t\t\t\t\t\t\t\t\t\t\t\t\t\t\t\t\t\t\t<span class=\"e-tab-duration\">43:32<\/span>\n\t\t\t\t\t\t\t\t\t\t\t\t\t\t\t\t\t\t\t<\/div>\n\t\t\t\t\t\t\t\t\t\t\t\t\t\t\t\t\t\t\t\t\t\t\t\t\t\t\t\t\t\t\t\t<div id=\"e-tab-title-1526\" class=\"e-tab-title e-tab-desktop-title\" aria-selected=\"false\" data-tab=\"6\" role=\"tab\" tabindex=\"-1\" aria-controls=\"e-tab-content-1526\">\n\t\t\t\t\t\t\t\t\t\t\t\t\t\t\t\t\t\t\t\t\t<div class=\"e-tab-thumbnail\">\n\t\t\t\t\t\t\t\t\t\t\t\t\t\t\t\t\t\t\t\t\t\t\t\t\t<img src=\"http:\/\/img.youtube.com\/vi\/MfuC9F5SJ8M\/maxresdefault.jpg\" \/>\n\t\t\t\t\t\t\t\t\t\t\t\t\t\t\t\t\t\t\t\t\t\t\t\t<span class=\"icon-play\"><i aria-hidden=\"true\" class=\"fas fa-play-circle\"><\/i><\/span>\n\t\t\t\t\t\t\t\t\t\t\t\t<span class=\"icon-watched\"><i aria-hidden=\"true\" class=\"fas fa-check-circle\"><\/i><\/span>\n\t\t\t\t\t\t\t\t\t\t\t<\/div>\n\t\t\t\t\t\t\t\t\t\t\t\t\t\t\t\t\t\t\t\t<h4 class=\"e-tab-title-text\" title=\"La transici\u00f3n de Medell\u00edn de municipio a Distrito Especial de Ciencia, Tecnolog\u00eda e Innovaci\u00f3n\">\n\t\t\t\t\t\t\t\t\t\t\t<a href=\"\">\n\t\t\t\t\t\t\t\t\t\t\t\t\t\t\t\t\t\t\t\t\t\t\t\tLa transici\u00f3n de Medell\u00edn de municipio a Distrito Especial de Ciencia, Tecnolog\u00eda e Innovaci\u00f3n\t\t\t\t\t\t\t\t\t\t\t<\/a>\n\t\t\t\t\t\t\t\t\t\t<\/h4>\n\t\t\t\t\t\t\t\t\t\t\t\t\t\t\t\t\t\t\t\t\t<span class=\"e-tab-duration\">40:02<\/span>\n\t\t\t\t\t\t\t\t\t\t\t\t\t\t\t\t\t\t\t<\/div>\n\t\t\t\t\t\t\t\t\t\t\t\t\t\t\t\t\t\t\t\t\t\t\t\t\t\t\t\t\t\t\t\t<div id=\"e-tab-title-1527\" class=\"e-tab-title e-tab-desktop-title\" aria-selected=\"false\" data-tab=\"7\" role=\"tab\" tabindex=\"-1\" aria-controls=\"e-tab-content-1527\">\n\t\t\t\t\t\t\t\t\t\t\t\t\t\t\t\t\t\t\t\t\t<div class=\"e-tab-thumbnail\">\n\t\t\t\t\t\t\t\t\t\t\t\t\t\t\t\t\t\t\t\t\t\t\t\t\t<img src=\"http:\/\/img.youtube.com\/vi\/7cHphhXMB1s\/maxresdefault.jpg\" \/>\n\t\t\t\t\t\t\t\t\t\t\t\t\t\t\t\t\t\t\t\t\t\t\t\t<span class=\"icon-play\"><i aria-hidden=\"true\" class=\"fas fa-play-circle\"><\/i><\/span>\n\t\t\t\t\t\t\t\t\t\t\t\t<span class=\"icon-watched\"><i aria-hidden=\"true\" class=\"fas fa-check-circle\"><\/i><\/span>\n\t\t\t\t\t\t\t\t\t\t\t<\/div>\n\t\t\t\t\t\t\t\t\t\t\t\t\t\t\t\t\t\t\t\t<h4 class=\"e-tab-title-text\" title=\"Identidad digital, un derecho humano y de asociaci\u00f3n: m\u00e1s all\u00e1 de normas y herramientas digitales\">\n\t\t\t\t\t\t\t\t\t\t\t<a href=\"\">\n\t\t\t\t\t\t\t\t\t\t\t\t\t\t\t\t\t\t\t\t\t\t\t\tIdentidad digital, un derecho humano y de asociaci\u00f3n: m\u00e1s all\u00e1 de normas y herramientas digitales\t\t\t\t\t\t\t\t\t\t\t<\/a>\n\t\t\t\t\t\t\t\t\t\t<\/h4>\n\t\t\t\t\t\t\t\t\t\t\t\t\t\t\t\t\t\t\t\t\t<span class=\"e-tab-duration\">32:36<\/span>\n\t\t\t\t\t\t\t\t\t\t\t\t\t\t\t\t\t\t\t<\/div>\n\t\t\t\t\t\t\t\t\t\t\t\t\t\t\t\t\t\t\t\t\t\t\t\t\t\t\t\t\t\t\t\t<div id=\"e-tab-title-1528\" class=\"e-tab-title e-tab-desktop-title\" aria-selected=\"false\" data-tab=\"8\" role=\"tab\" tabindex=\"-1\" aria-controls=\"e-tab-content-1528\">\n\t\t\t\t\t\t\t\t\t\t\t\t\t\t\t\t\t\t\t\t\t<div class=\"e-tab-thumbnail\">\n\t\t\t\t\t\t\t\t\t\t\t\t\t\t\t\t\t\t\t\t\t\t\t\t\t<img src=\"http:\/\/img.youtube.com\/vi\/vhZuBuJoTQk\/maxresdefault.jpg\" \/>\n\t\t\t\t\t\t\t\t\t\t\t\t\t\t\t\t\t\t\t\t\t\t\t\t<span class=\"icon-play\"><i aria-hidden=\"true\" class=\"fas fa-play-circle\"><\/i><\/span>\n\t\t\t\t\t\t\t\t\t\t\t\t<span class=\"icon-watched\"><i aria-hidden=\"true\" class=\"fas fa-check-circle\"><\/i><\/span>\n\t\t\t\t\t\t\t\t\t\t\t<\/div>\n\t\t\t\t\t\t\t\t\t\t\t\t\t\t\t\t\t\t\t\t<h4 class=\"e-tab-title-text\" title=\"Innovaci\u00f3n jur\u00eddica: alcance y experiencias. 7mo Evento de Gerencia Jur\u00eddica P\u00fablica\">\n\t\t\t\t\t\t\t\t\t\t\t<a href=\"\">\n\t\t\t\t\t\t\t\t\t\t\t\t\t\t\t\t\t\t\t\t\t\t\t\tInnovaci\u00f3n jur\u00eddica: alcance y experiencias. 7mo Evento de Gerencia Jur\u00eddica P\u00fablica\t\t\t\t\t\t\t\t\t\t\t<\/a>\n\t\t\t\t\t\t\t\t\t\t<\/h4>\n\t\t\t\t\t\t\t\t\t\t\t\t\t\t\t\t\t\t\t\t\t<span class=\"e-tab-duration\">36:23<\/span>\n\t\t\t\t\t\t\t\t\t\t\t\t\t\t\t\t\t\t\t<\/div>\n\t\t\t\t\t\t\t\t\t\t\t\t\t\t\t\t\t\t\t\t\t\t\t\t\t\t\t\t\t\t\t\t<div id=\"e-tab-title-1529\" class=\"e-tab-title e-tab-desktop-title\" aria-selected=\"false\" data-tab=\"9\" role=\"tab\" tabindex=\"-1\" aria-controls=\"e-tab-content-1529\">\n\t\t\t\t\t\t\t\t\t\t\t\t\t\t\t\t\t\t\t\t\t<div class=\"e-tab-thumbnail\">\n\t\t\t\t\t\t\t\t\t\t\t\t\t\t\t\t\t\t\t\t\t\t\t\t\t<img src=\"http:\/\/img.youtube.com\/vi\/OT9A0SChlxs\/maxresdefault.jpg\" \/>\n\t\t\t\t\t\t\t\t\t\t\t\t\t\t\t\t\t\t\t\t\t\t\t\t<span class=\"icon-play\"><i aria-hidden=\"true\" class=\"fas fa-play-circle\"><\/i><\/span>\n\t\t\t\t\t\t\t\t\t\t\t\t<span class=\"icon-watched\"><i aria-hidden=\"true\" class=\"fas fa-check-circle\"><\/i><\/span>\n\t\t\t\t\t\t\t\t\t\t\t<\/div>\n\t\t\t\t\t\t\t\t\t\t\t\t\t\t\t\t\t\t\t\t<h4 class=\"e-tab-title-text\" title=\"La gesti\u00f3n del conocimiento jur\u00eddico en el Distrito de Medell\u00edn. Evento de Gerencia Jur\u00eddica P\u00fablica\">\n\t\t\t\t\t\t\t\t\t\t\t<a href=\"\">\n\t\t\t\t\t\t\t\t\t\t\t\t\t\t\t\t\t\t\t\t\t\t\t\tLa gesti\u00f3n del conocimiento jur\u00eddico en el Distrito de Medell\u00edn. Evento de Gerencia Jur\u00eddica P\u00fablica\t\t\t\t\t\t\t\t\t\t\t<\/a>\n\t\t\t\t\t\t\t\t\t\t<\/h4>\n\t\t\t\t\t\t\t\t\t\t\t\t\t\t\t\t\t\t\t\t\t<span class=\"e-tab-duration\">1:05:48<\/span>\n\t\t\t\t\t\t\t\t\t\t\t\t\t\t\t\t\t\t\t<\/div>\n\t\t\t\t\t\t\t\t\t\t\t\t\t\t\t\t\t\t\t\t\t\t\t\t\t\t\t\t\t\t\t\t<div id=\"e-tab-title-15210\" class=\"e-tab-title e-tab-desktop-title\" aria-selected=\"false\" data-tab=\"10\" role=\"tab\" tabindex=\"-1\" aria-controls=\"e-tab-content-15210\">\n\t\t\t\t\t\t\t\t\t\t\t\t\t\t\t\t\t\t\t\t\t<div class=\"e-tab-thumbnail\">\n\t\t\t\t\t\t\t\t\t\t\t\t\t\t\t\t\t\t\t\t\t\t\t\t\t<img src=\"http:\/\/img.youtube.com\/vi\/CmgKgODPHKk\/maxresdefault.jpg\" \/>\n\t\t\t\t\t\t\t\t\t\t\t\t\t\t\t\t\t\t\t\t\t\t\t\t<span class=\"icon-play\"><i aria-hidden=\"true\" class=\"fas fa-play-circle\"><\/i><\/span>\n\t\t\t\t\t\t\t\t\t\t\t\t<span class=\"icon-watched\"><i aria-hidden=\"true\" class=\"fas fa-check-circle\"><\/i><\/span>\n\t\t\t\t\t\t\t\t\t\t\t<\/div>\n\t\t\t\t\t\t\t\t\t\t\t\t\t\t\t\t\t\t\t\t<h4 class=\"e-tab-title-text\" title=\"\u00bfC\u00f3mo se argumenta con principios constitucionales? - 9no Evento de Gerencia Jur\u00eddica P\u00fablica\">\n\t\t\t\t\t\t\t\t\t\t\t<a href=\"\">\n\t\t\t\t\t\t\t\t\t\t\t\t\t\t\t\t\t\t\t\t\t\t\t\t\u00bfC\u00f3mo se argumenta con principios constitucionales? - 9no Evento de Gerencia Jur\u00eddica P\u00fablica\t\t\t\t\t\t\t\t\t\t\t<\/a>\n\t\t\t\t\t\t\t\t\t\t<\/h4>\n\t\t\t\t\t\t\t\t\t\t\t\t\t\t\t\t\t\t\t\t\t<span class=\"e-tab-duration\">1:10:20<\/span>\n\t\t\t\t\t\t\t\t\t\t\t\t\t\t\t\t\t\t\t<\/div>\n\t\t\t\t\t\t\t\t\t\t\t\t\t\t\t\t\t\t\t\t\t\t\t\t\t\t\t\t\t\t\t\t<div id=\"e-tab-title-15211\" class=\"e-tab-title e-tab-desktop-title\" aria-selected=\"false\" data-tab=\"11\" role=\"tab\" tabindex=\"-1\" aria-controls=\"e-tab-content-15211\">\n\t\t\t\t\t\t\t\t\t\t\t\t\t\t\t\t\t\t\t\t\t<div class=\"e-tab-thumbnail\">\n\t\t\t\t\t\t\t\t\t\t\t\t\t\t\t\t\t\t\t\t\t\t\t\t\t<img src=\"http:\/\/img.youtube.com\/vi\/z-pyjqWhzcw\/maxresdefault.jpg\" \/>\n\t\t\t\t\t\t\t\t\t\t\t\t\t\t\t\t\t\t\t\t\t\t\t\t<span class=\"icon-play\"><i aria-hidden=\"true\" class=\"fas fa-play-circle\"><\/i><\/span>\n\t\t\t\t\t\t\t\t\t\t\t\t<span class=\"icon-watched\"><i aria-hidden=\"true\" class=\"fas fa-check-circle\"><\/i><\/span>\n\t\t\t\t\t\t\t\t\t\t\t<\/div>\n\t\t\t\t\t\t\t\t\t\t\t\t\t\t\t\t\t\t\t\t<h4 class=\"e-tab-title-text\" title=\"9no Evento de Gerencia Jur\u00eddica P\u00fablica: Seminario Internacional Sobre Argumentaci\u00f3n Normativa\">\n\t\t\t\t\t\t\t\t\t\t\t<a href=\"\">\n\t\t\t\t\t\t\t\t\t\t\t\t\t\t\t\t\t\t\t\t\t\t\t\t9no Evento de Gerencia Jur\u00eddica P\u00fablica: Seminario Internacional Sobre Argumentaci\u00f3n Normativa\t\t\t\t\t\t\t\t\t\t\t<\/a>\n\t\t\t\t\t\t\t\t\t\t<\/h4>\n\t\t\t\t\t\t\t\t\t\t\t\t\t\t\t\t\t\t\t\t\t<span class=\"e-tab-duration\">25:08<\/span>\n\t\t\t\t\t\t\t\t\t\t\t\t\t\t\t\t\t\t\t<\/div>\n\t\t\t\t\t\t\t\t\t\t\t\t\t\t\t\t\t\t\t\t\t\t\t\t\t\t\t\t\t\t\t\t<div id=\"e-tab-title-15212\" class=\"e-tab-title e-tab-desktop-title\" aria-selected=\"false\" data-tab=\"12\" role=\"tab\" tabindex=\"-1\" aria-controls=\"e-tab-content-15212\">\n\t\t\t\t\t\t\t\t\t\t\t\t\t\t\t\t\t\t\t\t\t<div class=\"e-tab-thumbnail\">\n\t\t\t\t\t\t\t\t\t\t\t\t\t\t\t\t\t\t\t\t\t\t\t\t\t<img src=\"http:\/\/img.youtube.com\/vi\/ZqM9HHr_S-Y\/maxresdefault.jpg\" \/>\n\t\t\t\t\t\t\t\t\t\t\t\t\t\t\t\t\t\t\t\t\t\t\t\t<span class=\"icon-play\"><i aria-hidden=\"true\" class=\"fas fa-play-circle\"><\/i><\/span>\n\t\t\t\t\t\t\t\t\t\t\t\t<span class=\"icon-watched\"><i aria-hidden=\"true\" class=\"fas fa-check-circle\"><\/i><\/span>\n\t\t\t\t\t\t\t\t\t\t\t<\/div>\n\t\t\t\t\t\t\t\t\t\t\t\t\t\t\t\t\t\t\t\t<h4 class=\"e-tab-title-text\" title=\"La argumentaci\u00f3n como pr\u00e1ctica enunciativa \u2013 9no Evento de Gerencia Jur\u00eddica P\u00fablica\">\n\t\t\t\t\t\t\t\t\t\t\t<a href=\"\">\n\t\t\t\t\t\t\t\t\t\t\t\t\t\t\t\t\t\t\t\t\t\t\t\tLa argumentaci\u00f3n como pr\u00e1ctica enunciativa \u2013 9no Evento de Gerencia Jur\u00eddica P\u00fablica\t\t\t\t\t\t\t\t\t\t\t<\/a>\n\t\t\t\t\t\t\t\t\t\t<\/h4>\n\t\t\t\t\t\t\t\t\t\t\t\t\t\t\t\t\t\t\t\t\t<span class=\"e-tab-duration\">1:18:52<\/span>\n\t\t\t\t\t\t\t\t\t\t\t\t\t\t\t\t\t\t\t<\/div>\n\t\t\t\t\t\t\t\t\t\t\t\t\t\t\t\t\t\t\t\t\t\t\t\t\t\t\t\t\t\t\t\t<div id=\"e-tab-title-15213\" class=\"e-tab-title e-tab-desktop-title\" aria-selected=\"false\" data-tab=\"13\" role=\"tab\" tabindex=\"-1\" aria-controls=\"e-tab-content-15213\">\n\t\t\t\t\t\t\t\t\t\t\t\t\t\t\t\t\t\t\t\t\t<div class=\"e-tab-thumbnail\">\n\t\t\t\t\t\t\t\t\t\t\t\t\t\t\t\t\t\t\t\t\t\t\t\t\t<img src=\"http:\/\/img.youtube.com\/vi\/Z7mcEOiscy8\/maxresdefault.jpg\" \/>\n\t\t\t\t\t\t\t\t\t\t\t\t\t\t\t\t\t\t\t\t\t\t\t\t<span class=\"icon-play\"><i aria-hidden=\"true\" class=\"fas fa-play-circle\"><\/i><\/span>\n\t\t\t\t\t\t\t\t\t\t\t\t<span class=\"icon-watched\"><i aria-hidden=\"true\" class=\"fas fa-check-circle\"><\/i><\/span>\n\t\t\t\t\t\t\t\t\t\t\t<\/div>\n\t\t\t\t\t\t\t\t\t\t\t\t\t\t\t\t\t\t\t\t<h4 class=\"e-tab-title-text\" title=\"Elementos b\u00e1sicos de argumentaci\u00f3n normativa \u2013 9no Evento de Gerencia Jur\u00eddica P\u00fablica\">\n\t\t\t\t\t\t\t\t\t\t\t<a href=\"\">\n\t\t\t\t\t\t\t\t\t\t\t\t\t\t\t\t\t\t\t\t\t\t\t\tElementos b\u00e1sicos de argumentaci\u00f3n normativa \u2013 9no Evento de Gerencia Jur\u00eddica P\u00fablica\t\t\t\t\t\t\t\t\t\t\t<\/a>\n\t\t\t\t\t\t\t\t\t\t<\/h4>\n\t\t\t\t\t\t\t\t\t\t\t\t\t\t\t\t\t\t\t\t\t<span class=\"e-tab-duration\">43:00<\/span>\n\t\t\t\t\t\t\t\t\t\t\t\t\t\t\t\t\t\t\t<\/div>\n\t\t\t\t\t\t\t\t\t\t\t\t\t\t\t\t\t\t\t\t\t\t\t\t\t\t\t\t\t\t\t\t<div id=\"e-tab-title-15214\" class=\"e-tab-title e-tab-desktop-title\" aria-selected=\"false\" data-tab=\"14\" role=\"tab\" tabindex=\"-1\" aria-controls=\"e-tab-content-15214\">\n\t\t\t\t\t\t\t\t\t\t\t\t\t\t\t\t\t\t\t\t\t<div class=\"e-tab-thumbnail\">\n\t\t\t\t\t\t\t\t\t\t\t\t\t\t\t\t\t\t\t\t\t\t\t\t\t<img src=\"http:\/\/img.youtube.com\/vi\/j0QBbs6kOtU\/maxresdefault.jpg\" \/>\n\t\t\t\t\t\t\t\t\t\t\t\t\t\t\t\t\t\t\t\t\t\t\t\t<span class=\"icon-play\"><i aria-hidden=\"true\" class=\"fas fa-play-circle\"><\/i><\/span>\n\t\t\t\t\t\t\t\t\t\t\t\t<span class=\"icon-watched\"><i aria-hidden=\"true\" class=\"fas fa-check-circle\"><\/i><\/span>\n\t\t\t\t\t\t\t\t\t\t\t<\/div>\n\t\t\t\t\t\t\t\t\t\t\t\t\t\t\t\t\t\t\t\t<h4 class=\"e-tab-title-text\" title=\"Firma de memorandos de entendimiento \u2013 9no Evento de Gerencia Jur\u00eddica P\u00fablica\">\n\t\t\t\t\t\t\t\t\t\t\t<a href=\"\">\n\t\t\t\t\t\t\t\t\t\t\t\t\t\t\t\t\t\t\t\t\t\t\t\tFirma de memorandos de entendimiento \u2013 9no Evento de Gerencia Jur\u00eddica P\u00fablica\t\t\t\t\t\t\t\t\t\t\t<\/a>\n\t\t\t\t\t\t\t\t\t\t<\/h4>\n\t\t\t\t\t\t\t\t\t\t\t\t\t\t\t\t\t\t\t\t\t<span class=\"e-tab-duration\">25:43<\/span>\n\t\t\t\t\t\t\t\t\t\t\t\t\t\t\t\t\t\t\t<\/div>\n\t\t\t\t\t\t\t\t\t\t\t\t\t\t\t\t\t\t\t\t\t\t\t\t\t\t\t\t\t\t\t\t<div id=\"e-tab-title-15215\" class=\"e-tab-title e-tab-desktop-title\" aria-selected=\"false\" data-tab=\"15\" role=\"tab\" tabindex=\"-1\" aria-controls=\"e-tab-content-15215\">\n\t\t\t\t\t\t\t\t\t\t\t\t\t\t\t\t\t\t\t\t\t<div class=\"e-tab-thumbnail\">\n\t\t\t\t\t\t\t\t\t\t\t\t\t\t\t\t\t\t\t\t\t\t\t\t\t<img src=\"http:\/\/img.youtube.com\/vi\/fXu8q6TONvo\/maxresdefault.jpg\" \/>\n\t\t\t\t\t\t\t\t\t\t\t\t\t\t\t\t\t\t\t\t\t\t\t\t<span class=\"icon-play\"><i aria-hidden=\"true\" class=\"fas fa-play-circle\"><\/i><\/span>\n\t\t\t\t\t\t\t\t\t\t\t\t<span class=\"icon-watched\"><i aria-hidden=\"true\" class=\"fas fa-check-circle\"><\/i><\/span>\n\t\t\t\t\t\t\t\t\t\t\t<\/div>\n\t\t\t\t\t\t\t\t\t\t\t\t\t\t\t\t\t\t\t\t<h4 class=\"e-tab-title-text\" title=\"El principio de proporcionalidad \u2013 9no Evento de Gerencia Jur\u00eddica P\u00fablica.\">\n\t\t\t\t\t\t\t\t\t\t\t<a href=\"\">\n\t\t\t\t\t\t\t\t\t\t\t\t\t\t\t\t\t\t\t\t\t\t\t\tEl principio de proporcionalidad \u2013 9no Evento de Gerencia Jur\u00eddica P\u00fablica.\t\t\t\t\t\t\t\t\t\t\t<\/a>\n\t\t\t\t\t\t\t\t\t\t<\/h4>\n\t\t\t\t\t\t\t\t\t\t\t\t\t\t\t\t\t\t\t\t\t<span class=\"e-tab-duration\">38:05<\/span>\n\t\t\t\t\t\t\t\t\t\t\t\t\t\t\t\t\t\t\t<\/div>\n\t\t\t\t\t\t\t\t\t\t\t\t\t\t\t\t\t\t\t\t\t\t\t\t\t\t\t\t\t\t\t\t<div id=\"e-tab-title-15216\" class=\"e-tab-title e-tab-desktop-title\" aria-selected=\"false\" data-tab=\"16\" role=\"tab\" tabindex=\"-1\" aria-controls=\"e-tab-content-15216\">\n\t\t\t\t\t\t\t\t\t\t\t\t\t\t\t\t\t\t\t\t\t<div class=\"e-tab-thumbnail\">\n\t\t\t\t\t\t\t\t\t\t\t\t\t\t\t\t\t\t\t\t\t\t\t\t\t<img src=\"http:\/\/img.youtube.com\/vi\/URBamtrrG_U\/maxresdefault.jpg\" \/>\n\t\t\t\t\t\t\t\t\t\t\t\t\t\t\t\t\t\t\t\t\t\t\t\t<span class=\"icon-play\"><i aria-hidden=\"true\" class=\"fas fa-play-circle\"><\/i><\/span>\n\t\t\t\t\t\t\t\t\t\t\t\t<span class=\"icon-watched\"><i aria-hidden=\"true\" class=\"fas fa-check-circle\"><\/i><\/span>\n\t\t\t\t\t\t\t\t\t\t\t<\/div>\n\t\t\t\t\t\t\t\t\t\t\t\t\t\t\t\t\t\t\t\t<h4 class=\"e-tab-title-text\" title=\"Buena administraci\u00f3n p\u00fablica en el Derecho Administrativo. 8vo Evento de Gerencia Jur\u00eddica P\u00fablica\">\n\t\t\t\t\t\t\t\t\t\t\t<a href=\"\">\n\t\t\t\t\t\t\t\t\t\t\t\t\t\t\t\t\t\t\t\t\t\t\t\tBuena administraci\u00f3n p\u00fablica en el Derecho Administrativo. 8vo Evento de Gerencia Jur\u00eddica P\u00fablica\t\t\t\t\t\t\t\t\t\t\t<\/a>\n\t\t\t\t\t\t\t\t\t\t<\/h4>\n\t\t\t\t\t\t\t\t\t\t\t\t\t\t\t\t\t\t\t\t\t<span class=\"e-tab-duration\">56:59<\/span>\n\t\t\t\t\t\t\t\t\t\t\t\t\t\t\t\t\t\t\t<\/div>\n\t\t\t\t\t\t\t\t\t\t\t\t\t\t\t\t\t\t\t\t\t\t\t\t\t\t\t\t\t\t\t\t<div id=\"e-tab-title-15217\" class=\"e-tab-title e-tab-desktop-title\" aria-selected=\"false\" data-tab=\"17\" role=\"tab\" tabindex=\"-1\" aria-controls=\"e-tab-content-15217\">\n\t\t\t\t\t\t\t\t\t\t\t\t\t\t\t\t\t\t\t\t\t<div class=\"e-tab-thumbnail\">\n\t\t\t\t\t\t\t\t\t\t\t\t\t\t\t\t\t\t\t\t\t\t\t\t\t<img src=\"http:\/\/img.youtube.com\/vi\/Ri4j0B8ymFU\/maxresdefault.jpg\" \/>\n\t\t\t\t\t\t\t\t\t\t\t\t\t\t\t\t\t\t\t\t\t\t\t\t<span class=\"icon-play\"><i aria-hidden=\"true\" class=\"fas fa-play-circle\"><\/i><\/span>\n\t\t\t\t\t\t\t\t\t\t\t\t<span class=\"icon-watched\"><i aria-hidden=\"true\" class=\"fas fa-check-circle\"><\/i><\/span>\n\t\t\t\t\t\t\t\t\t\t\t<\/div>\n\t\t\t\t\t\t\t\t\t\t\t\t\t\t\t\t\t\t\t\t<h4 class=\"e-tab-title-text\" title=\"El papel fundamental del Estado en la promoci\u00f3n de la \u00e9tica y transparencia - Alcald\u00eda de Medell\u00edn\">\n\t\t\t\t\t\t\t\t\t\t\t<a href=\"\">\n\t\t\t\t\t\t\t\t\t\t\t\t\t\t\t\t\t\t\t\t\t\t\t\tEl papel fundamental del Estado en la promoci\u00f3n de la \u00e9tica y transparencia - Alcald\u00eda de Medell\u00edn\t\t\t\t\t\t\t\t\t\t\t<\/a>\n\t\t\t\t\t\t\t\t\t\t<\/h4>\n\t\t\t\t\t\t\t\t\t\t\t\t\t\t\t\t\t\t\t\t\t<span class=\"e-tab-duration\">33:36<\/span>\n\t\t\t\t\t\t\t\t\t\t\t\t\t\t\t\t\t\t\t<\/div>\n\t\t\t\t\t\t\t\t\t\t\t\t\t\t\t\t\t\t\t\t\t\t\t\t\t\t\t\t\t\t\t\t<div id=\"e-tab-title-15218\" class=\"e-tab-title e-tab-desktop-title\" aria-selected=\"false\" data-tab=\"18\" role=\"tab\" tabindex=\"-1\" aria-controls=\"e-tab-content-15218\">\n\t\t\t\t\t\t\t\t\t\t\t\t\t\t\t\t\t\t\t\t\t<div class=\"e-tab-thumbnail\">\n\t\t\t\t\t\t\t\t\t\t\t\t\t\t\t\t\t\t\t\t\t\t\t\t\t<img src=\"http:\/\/img.youtube.com\/vi\/pMsdwIVFJ9E\/maxresdefault.jpg\" \/>\n\t\t\t\t\t\t\t\t\t\t\t\t\t\t\t\t\t\t\t\t\t\t\t\t<span class=\"icon-play\"><i aria-hidden=\"true\" class=\"fas fa-play-circle\"><\/i><\/span>\n\t\t\t\t\t\t\t\t\t\t\t\t<span class=\"icon-watched\"><i aria-hidden=\"true\" class=\"fas fa-check-circle\"><\/i><\/span>\n\t\t\t\t\t\t\t\t\t\t\t<\/div>\n\t\t\t\t\t\t\t\t\t\t\t\t\t\t\t\t\t\t\t\t<h4 class=\"e-tab-title-text\" title=\"El derecho a la ciudad, la buena administraci\u00f3n p\u00fablica y la movilidad urbana - Alcald\u00eda de Medell\u00edn\">\n\t\t\t\t\t\t\t\t\t\t\t<a href=\"\">\n\t\t\t\t\t\t\t\t\t\t\t\t\t\t\t\t\t\t\t\t\t\t\t\tEl derecho a la ciudad, la buena administraci\u00f3n p\u00fablica y la movilidad urbana - Alcald\u00eda de Medell\u00edn\t\t\t\t\t\t\t\t\t\t\t<\/a>\n\t\t\t\t\t\t\t\t\t\t<\/h4>\n\t\t\t\t\t\t\t\t\t\t\t\t\t\t\t\t\t\t\t\t\t<span class=\"e-tab-duration\">33:33<\/span>\n\t\t\t\t\t\t\t\t\t\t\t\t\t\t\t\t\t\t\t<\/div>\n\t\t\t\t\t\t\t\t\t\t\t\t\t\t\t\t\t\t\t\t\t\t\t\t\t\t\t\t\t\t\t\t<div id=\"e-tab-title-15219\" class=\"e-tab-title e-tab-desktop-title\" aria-selected=\"false\" data-tab=\"19\" role=\"tab\" tabindex=\"-1\" aria-controls=\"e-tab-content-15219\">\n\t\t\t\t\t\t\t\t\t\t\t\t\t\t\t\t\t\t\t\t\t<div class=\"e-tab-thumbnail\">\n\t\t\t\t\t\t\t\t\t\t\t\t\t\t\t\t\t\t\t\t\t\t\t\t\t<img src=\"http:\/\/img.youtube.com\/vi\/mCZPyBhnCx0\/maxresdefault.jpg\" \/>\n\t\t\t\t\t\t\t\t\t\t\t\t\t\t\t\t\t\t\t\t\t\t\t\t<span class=\"icon-play\"><i aria-hidden=\"true\" class=\"fas fa-play-circle\"><\/i><\/span>\n\t\t\t\t\t\t\t\t\t\t\t\t<span class=\"icon-watched\"><i aria-hidden=\"true\" class=\"fas fa-check-circle\"><\/i><\/span>\n\t\t\t\t\t\t\t\t\t\t\t<\/div>\n\t\t\t\t\t\t\t\t\t\t\t\t\t\t\t\t\t\t\t\t<h4 class=\"e-tab-title-text\" title=\"El Direccionamiento estrat\u00e9gico en la gesti\u00f3n p\u00fablica - Alcald\u00eda de Medell\u00edn\">\n\t\t\t\t\t\t\t\t\t\t\t<a href=\"\">\n\t\t\t\t\t\t\t\t\t\t\t\t\t\t\t\t\t\t\t\t\t\t\t\tEl Direccionamiento estrat\u00e9gico en la gesti\u00f3n p\u00fablica - Alcald\u00eda de Medell\u00edn\t\t\t\t\t\t\t\t\t\t\t<\/a>\n\t\t\t\t\t\t\t\t\t\t<\/h4>\n\t\t\t\t\t\t\t\t\t\t\t\t\t\t\t\t\t\t\t\t\t<span class=\"e-tab-duration\">43:25<\/span>\n\t\t\t\t\t\t\t\t\t\t\t\t\t\t\t\t\t\t\t<\/div>\n\t\t\t\t\t\t\t\t\t\t\t\t\t\t\t\t\t\t\t\t\t<\/div>\n\t\t\t\t\t\t<div class=\"shadow shadow-top\" aria-hidden=\"true\"><\/div>\n\t\t\t\t\t\t<div class=\"shadow shadow-bottom\" aria-hidden=\"true\"><\/div>\n\t\t\t\t\t<\/div>\n\t\t\t\t<\/div>\n\n\t\t\t\t<div class=\"e-tabs-content-wrapper\" role=\"tablist\" aria-orientation=\"vertical\">\n\t\t\t\t\t\t\t\t\t\t\t<div id=\"e-tab-content-1521\" class=\"e-tab-content elementor-clearfix\" data-tab=\"1\" role=\"tabpanel\" aria-labelledby=\"e-tab-title-1521\" tabindex=\"0\" data-video-url=\"https:\/\/www.youtube.com\/watch?v=ZNpNJHSfDRA&amp;list=PLJV6GIPhUy6JBAthV0lN52q0SpvyVmakI&amp;index=1&amp;pp=iAQB\" data-video-type=\"youtube\" data-video-title=\"Seminario Internacional Sobre Innovaci\u00f3n Jur\u00eddica en el Sector P\u00fablico. 29 de septiembre. Parte 1\" data-video-duration=\"1:58:06\">\n\t\t\t\t\t\t\t<div><\/div>\n\t\t\t\t\t\t\t\t\t\t\t\t\t<\/div>\n\t\t\t\t\t\t\t\t\t\t\t<div id=\"e-tab-content-1522\" class=\"e-tab-content elementor-clearfix\" data-tab=\"2\" role=\"tabpanel\" aria-labelledby=\"e-tab-title-1522\" tabindex=\"0\" data-video-url=\"https:\/\/www.youtube.com\/watch?v=B3iQAuW_Y1I&amp;list=PLJV6GIPhUy6JBAthV0lN52q0SpvyVmakI&amp;index=2&amp;pp=iAQB\" data-video-type=\"youtube\" data-video-title=\"Seminario Internacional Sobre Innovaci\u00f3n Jur\u00eddica en el Sector P\u00fablico - 30 de septiembre - Parte 2.\" data-video-duration=\"1:47:32\" hidden=\"hidden\">\n\t\t\t\t\t\t\t<div><\/div>\n\t\t\t\t\t\t\t\t\t\t\t\t\t<\/div>\n\t\t\t\t\t\t\t\t\t\t\t<div id=\"e-tab-content-1523\" class=\"e-tab-content elementor-clearfix\" data-tab=\"3\" role=\"tabpanel\" aria-labelledby=\"e-tab-title-1523\" tabindex=\"0\" data-video-url=\"https:\/\/www.youtube.com\/watch?v=jTI2mgMATp0&amp;list=PLJV6GIPhUy6JBAthV0lN52q0SpvyVmakI&amp;index=3&amp;t=2s&amp;pp=iAQB\" data-video-type=\"youtube\" data-video-title=\"Las cinco claves jur\u00eddicas para pensar las smart cities - 7mo Evento de Gerencia Jur\u00eddica P\u00fablica\" data-video-duration=\"37:35\" hidden=\"hidden\">\n\t\t\t\t\t\t\t<div><\/div>\n\t\t\t\t\t\t\t\t\t\t\t\t\t<\/div>\n\t\t\t\t\t\t\t\t\t\t\t<div id=\"e-tab-content-1524\" class=\"e-tab-content elementor-clearfix\" data-tab=\"4\" role=\"tabpanel\" aria-labelledby=\"e-tab-title-1524\" tabindex=\"0\" data-video-url=\"https:\/\/www.youtube.com\/watch?v=XWrKHQz59ks&amp;list=PLJV6GIPhUy6JBAthV0lN52q0SpvyVmakI&amp;index=4&amp;t=13s&amp;pp=iAQB\" data-video-type=\"youtube\" data-video-title=\"Tecnolog\u00eda, Innovaci\u00f3n Jur\u00eddica y Objetivos de Desarrollo Sostenible: desaf\u00edos y oportunidades\" data-video-duration=\"37:31\" hidden=\"hidden\">\n\t\t\t\t\t\t\t<div><\/div>\n\t\t\t\t\t\t\t\t\t\t\t\t\t<\/div>\n\t\t\t\t\t\t\t\t\t\t\t<div id=\"e-tab-content-1525\" class=\"e-tab-content elementor-clearfix\" data-tab=\"5\" role=\"tabpanel\" aria-labelledby=\"e-tab-title-1525\" tabindex=\"0\" data-video-url=\"https:\/\/www.youtube.com\/watch?v=2UcuiaXbBLc&amp;list=PLJV6GIPhUy6JBAthV0lN52q0SpvyVmakI&amp;index=5&amp;pp=iAQB\" data-video-type=\"youtube\" data-video-title=\"Los distritos en el ordenamiento jur\u00eddico colombiano - 7mo Evento de Gerencia Jur\u00eddica P\u00fablica\" data-video-duration=\"43:32\" hidden=\"hidden\">\n\t\t\t\t\t\t\t<div><\/div>\n\t\t\t\t\t\t\t\t\t\t\t\t\t<\/div>\n\t\t\t\t\t\t\t\t\t\t\t<div id=\"e-tab-content-1526\" class=\"e-tab-content elementor-clearfix\" data-tab=\"6\" role=\"tabpanel\" aria-labelledby=\"e-tab-title-1526\" tabindex=\"0\" data-video-url=\"https:\/\/www.youtube.com\/watch?v=MfuC9F5SJ8M&amp;list=PLJV6GIPhUy6JBAthV0lN52q0SpvyVmakI&amp;index=6&amp;t=11s&amp;pp=iAQB\" data-video-type=\"youtube\" data-video-title=\"La transici\u00f3n de Medell\u00edn de municipio a Distrito Especial de Ciencia, Tecnolog\u00eda e Innovaci\u00f3n\" data-video-duration=\"40:02\" hidden=\"hidden\">\n\t\t\t\t\t\t\t<div><\/div>\n\t\t\t\t\t\t\t\t\t\t\t\t\t<\/div>\n\t\t\t\t\t\t\t\t\t\t\t<div id=\"e-tab-content-1527\" class=\"e-tab-content elementor-clearfix\" data-tab=\"7\" role=\"tabpanel\" aria-labelledby=\"e-tab-title-1527\" tabindex=\"0\" data-video-url=\"https:\/\/www.youtube.com\/watch?v=7cHphhXMB1s&amp;list=PLJV6GIPhUy6JBAthV0lN52q0SpvyVmakI&amp;index=7&amp;t=8s&amp;pp=iAQB\" data-video-type=\"youtube\" data-video-title=\"Identidad digital, un derecho humano y de asociaci\u00f3n: m\u00e1s all\u00e1 de normas y herramientas digitales\" data-video-duration=\"32:36\" hidden=\"hidden\">\n\t\t\t\t\t\t\t<div><\/div>\n\t\t\t\t\t\t\t\t\t\t\t\t\t<\/div>\n\t\t\t\t\t\t\t\t\t\t\t<div id=\"e-tab-content-1528\" class=\"e-tab-content elementor-clearfix\" data-tab=\"8\" role=\"tabpanel\" aria-labelledby=\"e-tab-title-1528\" tabindex=\"0\" data-video-url=\"https:\/\/www.youtube.com\/watch?v=vhZuBuJoTQk&amp;list=PLJV6GIPhUy6JBAthV0lN52q0SpvyVmakI&amp;index=8&amp;t=8s&amp;pp=iAQB\" data-video-type=\"youtube\" data-video-title=\"Innovaci\u00f3n jur\u00eddica: alcance y experiencias. 7mo Evento de Gerencia Jur\u00eddica P\u00fablica\" data-video-duration=\"36:23\" hidden=\"hidden\">\n\t\t\t\t\t\t\t<div><\/div>\n\t\t\t\t\t\t\t\t\t\t\t\t\t<\/div>\n\t\t\t\t\t\t\t\t\t\t\t<div id=\"e-tab-content-1529\" class=\"e-tab-content elementor-clearfix\" data-tab=\"9\" role=\"tabpanel\" aria-labelledby=\"e-tab-title-1529\" tabindex=\"0\" data-video-url=\"https:\/\/www.youtube.com\/watch?v=OT9A0SChlxs&amp;list=PLJV6GIPhUy6JBAthV0lN52q0SpvyVmakI&amp;index=9&amp;t=10s&amp;pp=iAQB\" data-video-type=\"youtube\" data-video-title=\"La gesti\u00f3n del conocimiento jur\u00eddico en el Distrito de Medell\u00edn. Evento de Gerencia Jur\u00eddica P\u00fablica\" data-video-duration=\"1:05:48\" hidden=\"hidden\">\n\t\t\t\t\t\t\t<div><\/div>\n\t\t\t\t\t\t\t\t\t\t\t\t\t<\/div>\n\t\t\t\t\t\t\t\t\t\t\t<div id=\"e-tab-content-15210\" class=\"e-tab-content elementor-clearfix\" data-tab=\"10\" role=\"tabpanel\" aria-labelledby=\"e-tab-title-15210\" tabindex=\"0\" data-video-url=\"https:\/\/www.youtube.com\/watch?v=CmgKgODPHKk&amp;list=PLJV6GIPhUy6JBAthV0lN52q0SpvyVmakI&amp;index=10&amp;pp=iAQB\" data-video-type=\"youtube\" data-video-title=\"\u00bfC\u00f3mo se argumenta con principios constitucionales? - 9no Evento de Gerencia Jur\u00eddica P\u00fablica\" data-video-duration=\"1:10:20\" hidden=\"hidden\">\n\t\t\t\t\t\t\t<div><\/div>\n\t\t\t\t\t\t\t\t\t\t\t\t\t<\/div>\n\t\t\t\t\t\t\t\t\t\t\t<div id=\"e-tab-content-15211\" class=\"e-tab-content elementor-clearfix\" data-tab=\"11\" role=\"tabpanel\" aria-labelledby=\"e-tab-title-15211\" tabindex=\"0\" data-video-url=\"https:\/\/www.youtube.com\/watch?v=z-pyjqWhzcw&amp;list=PLJV6GIPhUy6JBAthV0lN52q0SpvyVmakI&amp;index=11&amp;pp=iAQB\" data-video-type=\"youtube\" data-video-title=\"9no Evento de Gerencia Jur\u00eddica P\u00fablica: Seminario Internacional Sobre Argumentaci\u00f3n Normativa\" data-video-duration=\"25:08\" hidden=\"hidden\">\n\t\t\t\t\t\t\t<div><\/div>\n\t\t\t\t\t\t\t\t\t\t\t\t\t<\/div>\n\t\t\t\t\t\t\t\t\t\t\t<div id=\"e-tab-content-15212\" class=\"e-tab-content elementor-clearfix\" data-tab=\"12\" role=\"tabpanel\" aria-labelledby=\"e-tab-title-15212\" tabindex=\"0\" data-video-url=\"https:\/\/www.youtube.com\/watch?v=ZqM9HHr_S-Y&amp;list=PLJV6GIPhUy6JBAthV0lN52q0SpvyVmakI&amp;index=12&amp;pp=iAQB\" data-video-type=\"youtube\" data-video-title=\"La argumentaci\u00f3n como pr\u00e1ctica enunciativa \u2013 9no Evento de Gerencia Jur\u00eddica P\u00fablica\" data-video-duration=\"1:18:52\" hidden=\"hidden\">\n\t\t\t\t\t\t\t<div><\/div>\n\t\t\t\t\t\t\t\t\t\t\t\t\t<\/div>\n\t\t\t\t\t\t\t\t\t\t\t<div id=\"e-tab-content-15213\" class=\"e-tab-content elementor-clearfix\" data-tab=\"13\" role=\"tabpanel\" aria-labelledby=\"e-tab-title-15213\" tabindex=\"0\" data-video-url=\"https:\/\/www.youtube.com\/watch?v=Z7mcEOiscy8&amp;list=PLJV6GIPhUy6JBAthV0lN52q0SpvyVmakI&amp;index=13&amp;pp=iAQB\" data-video-type=\"youtube\" data-video-title=\"Elementos b\u00e1sicos de argumentaci\u00f3n normativa \u2013 9no Evento de Gerencia Jur\u00eddica P\u00fablica\" data-video-duration=\"43:00\" hidden=\"hidden\">\n\t\t\t\t\t\t\t<div><\/div>\n\t\t\t\t\t\t\t\t\t\t\t\t\t<\/div>\n\t\t\t\t\t\t\t\t\t\t\t<div id=\"e-tab-content-15214\" class=\"e-tab-content elementor-clearfix\" data-tab=\"14\" role=\"tabpanel\" aria-labelledby=\"e-tab-title-15214\" tabindex=\"0\" data-video-url=\"https:\/\/www.youtube.com\/watch?v=j0QBbs6kOtU&amp;list=PLJV6GIPhUy6JBAthV0lN52q0SpvyVmakI&amp;index=14&amp;t=3s&amp;pp=iAQB\" data-video-type=\"youtube\" data-video-title=\"Firma de memorandos de entendimiento \u2013 9no Evento de Gerencia Jur\u00eddica P\u00fablica\" data-video-duration=\"25:43\" hidden=\"hidden\">\n\t\t\t\t\t\t\t<div><\/div>\n\t\t\t\t\t\t\t\t\t\t\t\t\t<\/div>\n\t\t\t\t\t\t\t\t\t\t\t<div id=\"e-tab-content-15215\" class=\"e-tab-content elementor-clearfix\" data-tab=\"15\" role=\"tabpanel\" aria-labelledby=\"e-tab-title-15215\" tabindex=\"0\" data-video-url=\"https:\/\/www.youtube.com\/watch?v=fXu8q6TONvo&amp;list=PLJV6GIPhUy6JBAthV0lN52q0SpvyVmakI&amp;index=15&amp;pp=iAQB\" data-video-type=\"youtube\" data-video-title=\"El principio de proporcionalidad \u2013 9no Evento de Gerencia Jur\u00eddica P\u00fablica.\" data-video-duration=\"38:05\" hidden=\"hidden\">\n\t\t\t\t\t\t\t<div><\/div>\n\t\t\t\t\t\t\t\t\t\t\t\t\t<\/div>\n\t\t\t\t\t\t\t\t\t\t\t<div id=\"e-tab-content-15216\" class=\"e-tab-content elementor-clearfix\" data-tab=\"16\" role=\"tabpanel\" aria-labelledby=\"e-tab-title-15216\" tabindex=\"0\" data-video-url=\"https:\/\/www.youtube.com\/watch?v=URBamtrrG_U&amp;list=PLJV6GIPhUy6JBAthV0lN52q0SpvyVmakI&amp;index=16&amp;pp=iAQB\" data-video-type=\"youtube\" data-video-title=\"Buena administraci\u00f3n p\u00fablica en el Derecho Administrativo. 8vo Evento de Gerencia Jur\u00eddica P\u00fablica\" data-video-duration=\"56:59\" hidden=\"hidden\">\n\t\t\t\t\t\t\t<div><\/div>\n\t\t\t\t\t\t\t\t\t\t\t\t\t<\/div>\n\t\t\t\t\t\t\t\t\t\t\t<div id=\"e-tab-content-15217\" class=\"e-tab-content elementor-clearfix\" data-tab=\"17\" role=\"tabpanel\" aria-labelledby=\"e-tab-title-15217\" tabindex=\"0\" data-video-url=\"https:\/\/www.youtube.com\/watch?v=Ri4j0B8ymFU&amp;list=PLJV6GIPhUy6JBAthV0lN52q0SpvyVmakI&amp;index=17&amp;pp=iAQB\" data-video-type=\"youtube\" data-video-title=\"El papel fundamental del Estado en la promoci\u00f3n de la \u00e9tica y transparencia - Alcald\u00eda de Medell\u00edn\" data-video-duration=\"33:36\" hidden=\"hidden\">\n\t\t\t\t\t\t\t<div><\/div>\n\t\t\t\t\t\t\t\t\t\t\t\t\t<\/div>\n\t\t\t\t\t\t\t\t\t\t\t<div id=\"e-tab-content-15218\" class=\"e-tab-content elementor-clearfix\" data-tab=\"18\" role=\"tabpanel\" aria-labelledby=\"e-tab-title-15218\" tabindex=\"0\" data-video-url=\"https:\/\/www.youtube.com\/watch?v=pMsdwIVFJ9E&amp;list=PLJV6GIPhUy6JBAthV0lN52q0SpvyVmakI&amp;index=18&amp;pp=iAQB\" data-video-type=\"youtube\" data-video-title=\"El derecho a la ciudad, la buena administraci\u00f3n p\u00fablica y la movilidad urbana - Alcald\u00eda de Medell\u00edn\" data-video-duration=\"33:33\" hidden=\"hidden\">\n\t\t\t\t\t\t\t<div><\/div>\n\t\t\t\t\t\t\t\t\t\t\t\t\t<\/div>\n\t\t\t\t\t\t\t\t\t\t\t<div id=\"e-tab-content-15219\" class=\"e-tab-content elementor-clearfix\" data-tab=\"19\" role=\"tabpanel\" aria-labelledby=\"e-tab-title-15219\" tabindex=\"0\" data-video-url=\"https:\/\/www.youtube.com\/watch?v=mCZPyBhnCx0&amp;list=PLJV6GIPhUy6JBAthV0lN52q0SpvyVmakI&amp;index=19&amp;pp=iAQB\" data-video-type=\"youtube\" data-video-title=\"El Direccionamiento estrat\u00e9gico en la gesti\u00f3n p\u00fablica - Alcald\u00eda de Medell\u00edn\" data-video-duration=\"43:25\" hidden=\"hidden\">\n\t\t\t\t\t\t\t<div><\/div>\n\t\t\t\t\t\t\t\t\t\t\t\t\t<\/div>\n\t\t\t\t\t\t\t\t\t<\/div>\n\t\t\t<\/div>\n\n\t\t\t<div class=\"e-tabs-inner-tabs\" >\n\t\t\t\t\t\t\t\t\t\t\t\t\t\t\t\t\t\t\t\t\t\t\t\t\t\t\t\t\t\t\t\t\t\t\t\t\t\t\t\t\t\t\t\t\t\t\t\t\t\t\t\t\t\t\t\t\t\t\t\t\t\t\t\t\t\t\t\t\t\t\t\t\t\t\t\t\t\t\t\t\t\t\t\t\t\t\t\t\t\t\t\t\t\t\t\t\t\t\t\t\t\t\t\t\t\t\t\t\t\t\t\t\t\t\t\t\t\t\t\t\t\t\t\t\t\t\t\t\t\t\t\t\t\t\t\t\t\t\t\t\t\t\t\t\t\t\t\t\t\t\t\t\t\t\t\t\t\t\t\t\t\t\t\t\t\t\t\t\t\t\t\t\t\t\t\t\t\t<\/div>\n\t\t<\/div>\n\t\t\t\t<\/div>\n\t\t\t\t<\/div>\n\t\t<\/div><div class=\"elementor-element elementor-element-448d878 e-container--column e-container\" data-id=\"448d878\" data-element_type=\"container\">\t\t<div class=\"elementor-element elementor-element-843becf e-container--column e-container\" data-id=\"843becf\" data-element_type=\"container\">\t\t\t\t<div class=\"elementor-element elementor-element-2a87cf4 elementor-widget elementor-widget-heading\" data-id=\"2a87cf4\" data-element_type=\"widget\" data-widget_type=\"heading.default\">\n\t\t\t\t<div class=\"elementor-widget-container\">\n\t\t\t<h3 class=\"elementor-heading-title elementor-size-default\">Galer\u00eda fotogr\u00e1fica de la Rendici\u00f3n de cuentas 2023<\/h3>\t\t<\/div>\n\t\t\t\t<\/div>\n\t\t\t\t<div class=\"elementor-element elementor-element-566351a elementor-arrows-position-inside elementor-pagination-position-outside elementor-widget elementor-widget-image-carousel\" data-id=\"566351a\" data-element_type=\"widget\" data-settings=\"{&quot;slides_to_show&quot;:&quot;4&quot;,&quot;navigation&quot;:&quot;both&quot;,&quot;autoplay&quot;:&quot;yes&quot;,&quot;pause_on_hover&quot;:&quot;yes&quot;,&quot;pause_on_interaction&quot;:&quot;yes&quot;,&quot;autoplay_speed&quot;:5000,&quot;infinite&quot;:&quot;yes&quot;,&quot;speed&quot;:500}\" data-widget_type=\"image-carousel.default\">\n\t\t\t\t<div class=\"elementor-widget-container\">\n\t\t\t\t\t<div class=\"elementor-image-carousel-wrapper swiper-container\" dir=\"ltr\">\n\t\t\t<div class=\"elementor-image-carousel swiper-wrapper\">\n\t\t\t\t\t\t\t\t<div class=\"swiper-slide\"><figure class=\"swiper-slide-inner\"><img class=\"swiper-slide-image\" src=\"https:\/\/www.medellin.gov.co\/es\/wp-content\/uploads\/2023\/12\/Rendicion-de-cuentas-2023-2-300x200.webp\" alt=\"Rendici\u00f3n de cuentas General\" \/><\/figure><\/div><div class=\"swiper-slide\"><figure class=\"swiper-slide-inner\"><img class=\"swiper-slide-image\" src=\"https:\/\/www.medellin.gov.co\/es\/wp-content\/uploads\/2023\/12\/centro-gestion-conocimiento-7-300x200.jpg\" alt=\"centro-gestion-conocimiento-7\" \/><\/figure><\/div><div class=\"swiper-slide\"><figure class=\"swiper-slide-inner\"><img class=\"swiper-slide-image\" src=\"https:\/\/www.medellin.gov.co\/es\/wp-content\/uploads\/2023\/12\/centro-gestion-conocimiento-6-300x200.jpg\" alt=\"centro-gestion-conocimiento-6\" \/><\/figure><\/div><div class=\"swiper-slide\"><figure class=\"swiper-slide-inner\"><img class=\"swiper-slide-image\" src=\"https:\/\/www.medellin.gov.co\/es\/wp-content\/uploads\/2023\/12\/centro-gestion-conocimiento-9-300x200.jpg\" alt=\"centro-gestion-conocimiento-9\" \/><\/figure><\/div><div class=\"swiper-slide\"><figure class=\"swiper-slide-inner\"><img class=\"swiper-slide-image\" src=\"https:\/\/www.medellin.gov.co\/es\/wp-content\/uploads\/2023\/12\/centro-gestion-conocimiento-10-300x225.jpg\" alt=\"centro-gestion-conocimiento-10\" \/><\/figure><\/div><div class=\"swiper-slide\"><figure class=\"swiper-slide-inner\"><img class=\"swiper-slide-image\" src=\"https:\/\/www.medellin.gov.co\/es\/wp-content\/uploads\/2023\/12\/centro-gestion-conocimiento-11-300x225.jpg\" alt=\"centro-gestion-conocimiento-11\" \/><\/figure><\/div><div class=\"swiper-slide\"><figure class=\"swiper-slide-inner\"><img class=\"swiper-slide-image\" src=\"https:\/\/www.medellin.gov.co\/es\/wp-content\/uploads\/2023\/12\/centro-gestion-conocimiento-12-300x225.jpg\" alt=\"centro-gestion-conocimiento-12\" \/><\/figure><\/div><div class=\"swiper-slide\"><figure class=\"swiper-slide-inner\"><img class=\"swiper-slide-image\" src=\"https:\/\/www.medellin.gov.co\/es\/wp-content\/uploads\/2023\/12\/centro-gestion-conocimiento-13-300x225.jpg\" alt=\"centro-gestion-conocimiento-13\" \/><\/figure><\/div><div class=\"swiper-slide\"><figure class=\"swiper-slide-inner\"><img class=\"swiper-slide-image\" src=\"https:\/\/www.medellin.gov.co\/es\/wp-content\/uploads\/2023\/12\/centro-gestion-conocimiento-14-300x225.jpg\" alt=\"centro-gestion-conocimiento-14\" \/><\/figure><\/div><div class=\"swiper-slide\"><figure class=\"swiper-slide-inner\"><img class=\"swiper-slide-image\" src=\"https:\/\/www.medellin.gov.co\/es\/wp-content\/uploads\/2023\/12\/centro-gestion-conocimiento-20-300x169.jpg\" alt=\"centro-gestion-conocimiento-20\" \/><\/figure><\/div><div class=\"swiper-slide\"><figure class=\"swiper-slide-inner\"><img class=\"swiper-slide-image\" src=\"https:\/\/www.medellin.gov.co\/es\/wp-content\/uploads\/2023\/12\/centro-gestion-conocimiento-19-300x225.jpg\" alt=\"centro-gestion-conocimiento-19\" \/><\/figure><\/div><div class=\"swiper-slide\"><figure class=\"swiper-slide-inner\"><img class=\"swiper-slide-image\" src=\"https:\/\/www.medellin.gov.co\/es\/wp-content\/uploads\/2023\/12\/centro-gestion-conocimiento-18-300x225.jpg\" alt=\"centro-gestion-conocimiento-18\" \/><\/figure><\/div><div class=\"swiper-slide\"><figure class=\"swiper-slide-inner\"><img class=\"swiper-slide-image\" src=\"https:\/\/www.medellin.gov.co\/es\/wp-content\/uploads\/2023\/12\/centro-gestion-conocimiento-16-300x225.jpg\" alt=\"centro-gestion-conocimiento-16\" \/><\/figure><\/div><div class=\"swiper-slide\"><figure class=\"swiper-slide-inner\"><img class=\"swiper-slide-image\" src=\"https:\/\/www.medellin.gov.co\/es\/wp-content\/uploads\/2023\/12\/centro-gestion-conocimiento-17-300x225.jpg\" alt=\"centro-gestion-conocimiento-17\" \/><\/figure><\/div><div class=\"swiper-slide\"><figure class=\"swiper-slide-inner\"><img class=\"swiper-slide-image\" src=\"https:\/\/www.medellin.gov.co\/es\/wp-content\/uploads\/2023\/12\/centro-gestion-conocimiento-15-300x225.jpg\" alt=\"centro-gestion-conocimiento-15\" \/><\/figure><\/div><div class=\"swiper-slide\"><figure class=\"swiper-slide-inner\"><img class=\"swiper-slide-image\" src=\"https:\/\/www.medellin.gov.co\/es\/wp-content\/uploads\/2023\/12\/centro-gestion-conocimiento-21-300x169.jpg\" alt=\"centro-gestion-conocimiento-21\" \/><\/figure><\/div><div class=\"swiper-slide\"><figure class=\"swiper-slide-inner\"><img class=\"swiper-slide-image\" src=\"https:\/\/www.medellin.gov.co\/es\/wp-content\/uploads\/2023\/12\/centro-gestion-conocimiento-22-300x225.jpg\" alt=\"centro-gestion-conocimiento-22\" \/><\/figure><\/div><div class=\"swiper-slide\"><figure class=\"swiper-slide-inner\"><img class=\"swiper-slide-image\" src=\"https:\/\/www.medellin.gov.co\/es\/wp-content\/uploads\/2023\/12\/centro-gestion-conocimiento-23-225x300.jpg\" alt=\"centro-gestion-conocimiento-23\" \/><\/figure><\/div><div class=\"swiper-slide\"><figure class=\"swiper-slide-inner\"><img class=\"swiper-slide-image\" src=\"https:\/\/www.medellin.gov.co\/es\/wp-content\/uploads\/2023\/12\/centro-gestion-conocimiento-24-300x225.jpg\" alt=\"centro-gestion-conocimiento-24\" \/><\/figure><\/div><div class=\"swiper-slide\"><figure class=\"swiper-slide-inner\"><img class=\"swiper-slide-image\" src=\"https:\/\/www.medellin.gov.co\/es\/wp-content\/uploads\/2023\/12\/centro-gestion-conocimiento-25-300x225.jpg\" alt=\"centro-gestion-conocimiento-25\" \/><\/figure><\/div><div class=\"swiper-slide\"><figure class=\"swiper-slide-inner\"><img class=\"swiper-slide-image\" src=\"https:\/\/www.medellin.gov.co\/es\/wp-content\/uploads\/2023\/12\/centro-gestion-conocimiento-26-300x169.jpg\" alt=\"centro-gestion-conocimiento-26\" \/><\/figure><\/div><div class=\"swiper-slide\"><figure class=\"swiper-slide-inner\"><img class=\"swiper-slide-image\" src=\"https:\/\/www.medellin.gov.co\/es\/wp-content\/uploads\/2023\/12\/centro-gestion-conocimiento-27-300x169.jpg\" alt=\"centro-gestion-conocimiento-27\" \/><\/figure><\/div>\t\t\t<\/div>\n\t\t\t\t\t\t\t\t\t\t\t\t<div class=\"swiper-pagination\"><\/div>\n\t\t\t\t\t\t\t\t\t\t\t\t\t<div class=\"elementor-swiper-button elementor-swiper-button-prev\">\n\t\t\t\t\t\t<i aria-hidden=\"true\" class=\"eicon-chevron-left\"><\/i>\t\t\t\t\t\t<span class=\"elementor-screen-only\">Anterior<\/span>\n\t\t\t\t\t<\/div>\n\t\t\t\t\t<div class=\"elementor-swiper-button elementor-swiper-button-next\">\n\t\t\t\t\t\t<i aria-hidden=\"true\" class=\"eicon-chevron-right\"><\/i>\t\t\t\t\t\t<span class=\"elementor-screen-only\">Siguiente<\/span>\n\t\t\t\t\t<\/div>\n\t\t\t\t\t\t\t\t\t<\/div>\n\t\t\t\t<\/div>\n\t\t\t\t<\/div>\n\t\t<\/div><\/div>\t\t\t\t\t\t\t<\/div>\n\t\t\t<\/div>\n\t\t\t\t\t<\/div>\n\t\t","protected":false},"excerpt":{"rendered":"<p>Centro de Gesti\u00f3n del Conocimiento Jur\u00eddico de Medell\u00edn En raz\u00f3n de la prol\u00edfica informaci\u00f3n y de la producci\u00f3n con la que cuenta el Municipio de Medell\u00edn, desde el Centro de Gesti\u00f3n del Conocimiento Jur\u00eddico (CGCJ) &#8230;<\/p>\n","protected":false},"author":1,"featured_media":7628,"parent":8551,"menu_order":15,"comment_status":"closed","ping_status":"closed","template":"sec-general\/elementor.php","meta":[],"acf":[],"_links":{"self":[{"href":"https:\/\/www.medellin.gov.co\/es\/wp-json\/wp\/v2\/pages\/7689"}],"collection":[{"href":"https:\/\/www.medellin.gov.co\/es\/wp-json\/wp\/v2\/pages"}],"about":[{"href":"https:\/\/www.medellin.gov.co\/es\/wp-json\/wp\/v2\/types\/page"}],"author":[{"embeddable":true,"href":"https:\/\/www.medellin.gov.co\/es\/wp-json\/wp\/v2\/users\/1"}],"replies":[{"embeddable":true,"href":"https:\/\/www.medellin.gov.co\/es\/wp-json\/wp\/v2\/comments?post=7689"}],"version-history":[{"count":10,"href":"https:\/\/www.medellin.gov.co\/es\/wp-json\/wp\/v2\/pages\/7689\/revisions"}],"predecessor-version":[{"id":481408,"href":"https:\/\/www.medellin.gov.co\/es\/wp-json\/wp\/v2\/pages\/7689\/revisions\/481408"}],"up":[{"embeddable":true,"href":"https:\/\/www.medellin.gov.co\/es\/wp-json\/wp\/v2\/pages\/8551"}],"wp:featuredmedia":[{"embeddable":true,"href":"https:\/\/www.medellin.gov.co\/es\/wp-json\/wp\/v2\/media\/7628"}],"wp:attachment":[{"href":"https:\/\/www.medellin.gov.co\/es\/wp-json\/wp\/v2\/media?parent=7689"}],"curies":[{"name":"wp","href":"https:\/\/api.w.org\/{rel}","templated":true}]}}