{"id":80692,"date":"2022-08-03T08:09:51","date_gmt":"2022-08-03T13:09:51","guid":{"rendered":"https:\/\/www.medellin.gov.co\/es\/?page_id=80692"},"modified":"2026-05-01T13:14:41","modified_gmt":"2026-05-01T18:14:41","slug":"portal-tributario","status":"publish","type":"page","link":"https:\/\/www.medellin.gov.co\/es\/secretaria-de-hacienda\/portal-tributario\/","title":{"rendered":"Portal Tributario"},"content":{"rendered":"\t\t<div data-elementor-type=\"wp-page\" data-elementor-id=\"80692\" class=\"elementor elementor-80692\">\n\t\t\t\t\t\t<div class=\"elementor-inner\">\n\t\t\t\t<div class=\"elementor-section-wrap\">\n\t\t\t\t\t\t\t\t\t<section class=\"elementor-section elementor-top-section elementor-element elementor-element-ea6da5e elementor-section-boxed elementor-section-height-default elementor-section-height-default\" data-id=\"ea6da5e\" data-element_type=\"section\">\n\t\t\t\t\t\t<div class=\"elementor-container elementor-column-gap-default\">\n\t\t\t\t\t\t\t<div class=\"elementor-row\">\n\t\t\t\t\t<div class=\"elementor-column elementor-col-100 elementor-top-column elementor-element elementor-element-1906fd6\" data-id=\"1906fd6\" data-element_type=\"column\">\n\t\t\t<div class=\"elementor-column-wrap elementor-element-populated\">\n\t\t\t\t\t\t\t<div class=\"elementor-widget-wrap\">\n\t\t\t\t\t\t<div class=\"elementor-element elementor-element-99b5951 elementor-widget elementor-widget-slider-noticias\" data-id=\"99b5951\" data-element_type=\"widget\" data-widget_type=\"slider-noticias.default\">\n\t\t\t\t<div class=\"elementor-widget-container\">\n\t\t\t\n        <div class=\"cover_top_home_\">\n        <div id=\"slidernoticias_Destacadas\" class=\"carousel slide\" data-ride=\"carousel\" data-interval=\"false\">\n            <ol class=\"carousel-indicators\">\n                                                            <li data-target=\"#slidernoticias_Destacadas\" data-slide-to=\"0\" class=\"active\"><\/li>\n                                            <li data-target=\"#slidernoticias_Destacadas\" data-slide-to=\"1\" class=\"\"><\/li>\n                                            <li data-target=\"#slidernoticias_Destacadas\" data-slide-to=\"2\" class=\"\"><\/li>\n                                            <li data-target=\"#slidernoticias_Destacadas\" data-slide-to=\"3\" class=\"\"><\/li>\n                                                <\/ol>\n            <div class=\"carousel-inner\">\n                        <div class=\"carousel-item active\">\n                <div class=\"cover_home_slider\">\n                \n                <div class=\"imagen_slider_\">\n                                        <a href=\"https:\/\/www.medellin.gov.co\/es\/sala-de-prensa\/noticias\/se-acerca-la-finalizacion-de-los-plazos-para-declarar-el-impuesto-de-industria-y-comercio-en-medellin\/\">\n                        <img width=\"1276\" height=\"850\" src=\"https:\/\/www.medellin.gov.co\/es\/wp-content\/uploads\/2026\/04\/impuestos_ICA-1.jpg\" class=\"attachment-post-thumbnail size-post-thumbnail wp-post-image\" alt=\"Atenci\u00f3n al ciudadano\" loading=\"lazy\" srcset=\"https:\/\/www.medellin.gov.co\/es\/wp-content\/uploads\/2026\/04\/impuestos_ICA-1.jpg 1276w, https:\/\/www.medellin.gov.co\/es\/wp-content\/uploads\/2026\/04\/impuestos_ICA-1-300x200.jpg 300w, https:\/\/www.medellin.gov.co\/es\/wp-content\/uploads\/2026\/04\/impuestos_ICA-1-1024x682.jpg 1024w, https:\/\/www.medellin.gov.co\/es\/wp-content\/uploads\/2026\/04\/impuestos_ICA-1-150x100.jpg 150w, https:\/\/www.medellin.gov.co\/es\/wp-content\/uploads\/2026\/04\/impuestos_ICA-1-768x512.jpg 768w\" sizes=\"(max-width: 1276px) 100vw, 1276px\" \/>                    <\/a>\n                                    <\/div>\n                <div class=\"bluetotal texto_slider_\">\n                    <div class=\"elcon_\">\n                    <h3 class=\"titulo_slide\">\n                                            <a href=\"https:\/\/www.medellin.gov.co\/es\/sala-de-prensa\/noticias\/se-acerca-la-finalizacion-de-los-plazos-para-declarar-el-impuesto-de-industria-y-comercio-en-medellin\/\">\n                        Se acerca la finalizaci\u00f3n de los plazos para declarar el impuesto de industria y comercio ...                        <\/a>\n                                            <\/h3>\n                                            <small>Contenido asociado a<\/small>\n                                                \n                    <div class=\"tag_s_\">\n                        <ul><li><ion-icon name=\"radio-button-on-outline\"><\/ion-icon><a href=\"https:\/\/www.medellin.gov.co\/es\/temas-de-ciudad\/impuestos\/\" rel=\"tag\">Impuestos<\/a><\/li><li><ion-icon name=\"radio-button-on-outline\"><\/ion-icon><a href=\"https:\/\/www.medellin.gov.co\/es\/temas-de-ciudad\/nuestro-gobierno\/\" rel=\"tag\">Nuestro Gobierno<\/a><\/li><\/ul>                    <\/div>\n                    <p>Hasta el jueves 30 de abril est\u00e1n vigentes los plazos para presentar la...<\/p>\n                                            <a id=\"\" href=\"https:\/\/www.medellin.gov.co\/es\/sala-de-prensa\/noticias\/se-acerca-la-finalizacion-de-los-plazos-para-declarar-el-impuesto-de-industria-y-comercio-en-medellin\/\" class=\"botonslider_\">Conoce m\u00e1s<\/a>\n                                            <\/div>\n                <\/div>\n                <\/div>\n            <\/div>\n            \n                                    <div class=\"carousel-item noactivo\">\n                <div class=\"cover_home_slider\">\n                \n                <div class=\"imagen_slider_\">\n                                        <a id=\"\" href=\"https:\/\/www.medellin.gov.co\/es\/wp-content\/uploads\/2026\/04\/RECORRIDO-OFICINA-MOVIL-ABRIL-MAYO.pdf\" target=\"_blank\">\n                        <img width=\"1280\" height=\"850\" src=\"https:\/\/www.medellin.gov.co\/es\/wp-content\/uploads\/2026\/04\/oficinamovil_Hacienda.jpg\" class=\"attachment-post-thumbnail size-post-thumbnail wp-post-image\" alt=\"\" loading=\"lazy\" srcset=\"https:\/\/www.medellin.gov.co\/es\/wp-content\/uploads\/2026\/04\/oficinamovil_Hacienda.jpg 1280w, https:\/\/www.medellin.gov.co\/es\/wp-content\/uploads\/2026\/04\/oficinamovil_Hacienda-300x199.jpg 300w, https:\/\/www.medellin.gov.co\/es\/wp-content\/uploads\/2026\/04\/oficinamovil_Hacienda-1024x680.jpg 1024w, https:\/\/www.medellin.gov.co\/es\/wp-content\/uploads\/2026\/04\/oficinamovil_Hacienda-150x100.jpg 150w, https:\/\/www.medellin.gov.co\/es\/wp-content\/uploads\/2026\/04\/oficinamovil_Hacienda-768x510.jpg 768w\" sizes=\"(max-width: 1280px) 100vw, 1280px\" \/>                    <\/a>\n                                    <\/div>\n                <div class=\"bluetotal texto_slider_\">\n                    <div class=\"elcon_\">\n                    <h3 class=\"titulo_slide\">\n                                            <a id=\"\" href=\"https:\/\/www.medellin.gov.co\/es\/wp-content\/uploads\/2026\/04\/RECORRIDO-OFICINA-MOVIL-ABRIL-MAYO.pdf\" target=\"_blank\">\n                        Ponte al d\u00eda con Medell\u00edn                        <\/a>\n                                            <\/h3>\n                                                                    \n                    <div class=\"tag_s_\">\n                                            <\/div>\n                    <p>Prep\u00e1rate para recibir la oficina m\u00f3vil de Hacienda en tu comuna o corregimiento.<\/p>\n                                            <a href=\"https:\/\/www.medellin.gov.co\/es\/wp-content\/uploads\/2026\/04\/RECORRIDO-OFICINA-MOVIL-ABRIL-MAYO.pdf\" class=\"botonslider_\" target=\"_blank\">Conoce m\u00e1s<\/a>\n                                            <\/div>\n                <\/div>\n                <\/div>\n            <\/div>\n            \n                                    <div class=\"carousel-item noactivo\">\n                <div class=\"cover_home_slider\">\n                \n                <div class=\"imagen_slider_\">\n                                        <a href=\"https:\/\/www.medellin.gov.co\/es\/sala-de-prensa\/noticias\/oficina-movil-del-distrito-recorrera-comunas-y-corregimientos-de-medellin-para-facilitar-tramites-tributarios-y-acercarse-a-la-ciudadania\/\">\n                        <img width=\"1141\" height=\"760\" src=\"https:\/\/www.medellin.gov.co\/es\/wp-content\/uploads\/2026\/04\/Imagen-de-oficina-movil-de-tramites-tributarios-de-la-Alcaldia.jpg\" class=\"attachment-post-thumbnail size-post-thumbnail wp-post-image\" alt=\"Imagen de oficina m\u00f3vil de tr\u00e1mites tributarios de la Alcald\u00eda\" loading=\"lazy\" srcset=\"https:\/\/www.medellin.gov.co\/es\/wp-content\/uploads\/2026\/04\/Imagen-de-oficina-movil-de-tramites-tributarios-de-la-Alcaldia.jpg 1141w, https:\/\/www.medellin.gov.co\/es\/wp-content\/uploads\/2026\/04\/Imagen-de-oficina-movil-de-tramites-tributarios-de-la-Alcaldia-300x200.jpg 300w, https:\/\/www.medellin.gov.co\/es\/wp-content\/uploads\/2026\/04\/Imagen-de-oficina-movil-de-tramites-tributarios-de-la-Alcaldia-1024x682.jpg 1024w, https:\/\/www.medellin.gov.co\/es\/wp-content\/uploads\/2026\/04\/Imagen-de-oficina-movil-de-tramites-tributarios-de-la-Alcaldia-150x100.jpg 150w, https:\/\/www.medellin.gov.co\/es\/wp-content\/uploads\/2026\/04\/Imagen-de-oficina-movil-de-tramites-tributarios-de-la-Alcaldia-768x512.jpg 768w\" sizes=\"(max-width: 1141px) 100vw, 1141px\" \/>                    <\/a>\n                                    <\/div>\n                <div class=\"bluetotal texto_slider_\">\n                    <div class=\"elcon_\">\n                    <h3 class=\"titulo_slide\">\n                                            <a href=\"https:\/\/www.medellin.gov.co\/es\/sala-de-prensa\/noticias\/oficina-movil-del-distrito-recorrera-comunas-y-corregimientos-de-medellin-para-facilitar-tramites-tributarios-y-acercarse-a-la-ciudadania\/\">\n                        Oficina m\u00f3vil del Distrito recorrer\u00e1 comunas y corregimientos de Medell\u00edn para facilitar tr\u00e1mites tributarios y ...                        <\/a>\n                                            <\/h3>\n                                            <small>Contenido asociado a<\/small>\n                                                \n                    <div class=\"tag_s_\">\n                        <ul><li><ion-icon name=\"radio-button-on-outline\"><\/ion-icon><a href=\"https:\/\/www.medellin.gov.co\/es\/temas-de-ciudad\/impuestos\/\" rel=\"tag\">Impuestos<\/a><\/li><li><ion-icon name=\"radio-button-on-outline\"><\/ion-icon><a href=\"https:\/\/www.medellin.gov.co\/es\/temas-de-ciudad\/nuestro-gobierno\/\" rel=\"tag\">Nuestro Gobierno<\/a><\/li><\/ul>                    <\/div>\n                    <p>Los contribuyentes podr\u00e1n realizar pagos y recibir asesor\u00eda sobre impuestos como predial, industria...<\/p>\n                                            <a id=\"\" href=\"https:\/\/www.medellin.gov.co\/es\/sala-de-prensa\/noticias\/oficina-movil-del-distrito-recorrera-comunas-y-corregimientos-de-medellin-para-facilitar-tramites-tributarios-y-acercarse-a-la-ciudadania\/\" class=\"botonslider_\">Conoce m\u00e1s<\/a>\n                                            <\/div>\n                <\/div>\n                <\/div>\n            <\/div>\n            \n                                    <div class=\"carousel-item noactivo\">\n                <div class=\"cover_home_slider\">\n                \n                <div class=\"imagen_slider_\">\n                                        <a href=\"https:\/\/www.medellin.gov.co\/es\/sala-de-prensa\/noticias\/a-partir-del-17-de-abril-inician-plazos-de-vencimiento-de-la-declaracion-del-impuesto-de-industria-y-comercio-en-medellin\/\">\n                        <img width=\"1141\" height=\"760\" src=\"https:\/\/www.medellin.gov.co\/es\/wp-content\/uploads\/2026\/04\/Imagen-panoramica-de-Medellin.jpg\" class=\"attachment-post-thumbnail size-post-thumbnail wp-post-image\" alt=\"Imagen panor\u00e1mica de Medell\u00edn\" loading=\"lazy\" srcset=\"https:\/\/www.medellin.gov.co\/es\/wp-content\/uploads\/2026\/04\/Imagen-panoramica-de-Medellin.jpg 1141w, https:\/\/www.medellin.gov.co\/es\/wp-content\/uploads\/2026\/04\/Imagen-panoramica-de-Medellin-300x200.jpg 300w, https:\/\/www.medellin.gov.co\/es\/wp-content\/uploads\/2026\/04\/Imagen-panoramica-de-Medellin-1024x682.jpg 1024w, https:\/\/www.medellin.gov.co\/es\/wp-content\/uploads\/2026\/04\/Imagen-panoramica-de-Medellin-150x100.jpg 150w, https:\/\/www.medellin.gov.co\/es\/wp-content\/uploads\/2026\/04\/Imagen-panoramica-de-Medellin-768x512.jpg 768w\" sizes=\"(max-width: 1141px) 100vw, 1141px\" \/>                    <\/a>\n                                    <\/div>\n                <div class=\"bluetotal texto_slider_\">\n                    <div class=\"elcon_\">\n                    <h3 class=\"titulo_slide\">\n                                            <a href=\"https:\/\/www.medellin.gov.co\/es\/sala-de-prensa\/noticias\/a-partir-del-17-de-abril-inician-plazos-de-vencimiento-de-la-declaracion-del-impuesto-de-industria-y-comercio-en-medellin\/\">\n                        A partir del 17 de abril inician plazos de vencimiento de la declaraci\u00f3n del impuesto ...                        <\/a>\n                                            <\/h3>\n                                            <small>Contenido asociado a<\/small>\n                                                \n                    <div class=\"tag_s_\">\n                        <ul><li><ion-icon name=\"radio-button-on-outline\"><\/ion-icon><a href=\"https:\/\/www.medellin.gov.co\/es\/temas-de-ciudad\/impuestos\/\" rel=\"tag\">Impuestos<\/a><\/li><\/ul>                    <\/div>\n                    <p>Las fechas van hasta el 30 de abril. El tr\u00e1mite se realiza \u00fanicamente...<\/p>\n                                            <a id=\"\" href=\"https:\/\/www.medellin.gov.co\/es\/sala-de-prensa\/noticias\/a-partir-del-17-de-abril-inician-plazos-de-vencimiento-de-la-declaracion-del-impuesto-de-industria-y-comercio-en-medellin\/\" class=\"botonslider_\">Conoce m\u00e1s<\/a>\n                                            <\/div>\n                <\/div>\n                <\/div>\n            <\/div>\n            \n                        \n                        <\/div>\n            <a class=\"carousel-control-prev\" href=\"#slidernoticias_Destacadas\" role=\"button\" data-slide=\"prev\">\n            <span class=\"carousel-control-prev-icon\" aria-hidden=\"true\"><\/span>\n            <span class=\"sr-only\">Previous<\/span>\n            <\/a>\n            <a class=\"carousel-control-next\" href=\"#slidernoticias_Destacadas\" role=\"button\" data-slide=\"next\">\n            <span class=\"carousel-control-next-icon\" aria-hidden=\"true\"><\/span>\n            <span class=\"sr-only\">Next<\/span>\n            <\/a>\n        <\/div>\n        <\/div>\n\t\t<\/div>\n\t\t\t\t<\/div>\n\t\t\t\t\t\t<\/div>\n\t\t\t\t\t<\/div>\n\t\t<\/div>\n\t\t\t\t\t\t\t\t<\/div>\n\t\t\t\t\t<\/div>\n\t\t<\/section>\n\t\t\t\t<section class=\"elementor-section elementor-top-section elementor-element elementor-element-df3dd74 elementor-section-boxed elementor-section-height-default elementor-section-height-default\" data-id=\"df3dd74\" data-element_type=\"section\">\n\t\t\t\t\t\t<div class=\"elementor-container elementor-column-gap-default\">\n\t\t\t\t\t\t\t<div class=\"elementor-row\">\n\t\t\t\t\t<div class=\"elementor-column elementor-col-100 elementor-top-column elementor-element elementor-element-ab01ac2\" data-id=\"ab01ac2\" data-element_type=\"column\">\n\t\t\t<div class=\"elementor-column-wrap elementor-element-populated\">\n\t\t\t\t\t\t\t<div class=\"elementor-widget-wrap\">\n\t\t\t\t\t\t<div class=\"elementor-element elementor-element-f74bfb0 elementor-widget elementor-widget-heading\" data-id=\"f74bfb0\" data-element_type=\"widget\" data-widget_type=\"heading.default\">\n\t\t\t\t<div class=\"elementor-widget-container\">\n\t\t\t<h1 class=\"elementor-heading-title elementor-size-default\"><b>Portal Tributario -\u200b<\/b> Secretar\u00eda de Hacienda<\/h1>\t\t<\/div>\n\t\t\t\t<\/div>\n\t\t\t\t\t\t<\/div>\n\t\t\t\t\t<\/div>\n\t\t<\/div>\n\t\t\t\t\t\t\t\t<\/div>\n\t\t\t\t\t<\/div>\n\t\t<\/section>\n\t\t\t\t<section class=\"elementor-section elementor-top-section elementor-element elementor-element-f7375e3 elementor-section-boxed elementor-section-height-default elementor-section-height-default\" data-id=\"f7375e3\" data-element_type=\"section\">\n\t\t\t\t\t\t<div class=\"elementor-container elementor-column-gap-default\">\n\t\t\t\t\t\t\t<div class=\"elementor-row\">\n\t\t\t\t\t<div class=\"elementor-column elementor-col-100 elementor-top-column elementor-element elementor-element-0c62c6f\" data-id=\"0c62c6f\" data-element_type=\"column\">\n\t\t\t<div class=\"elementor-column-wrap elementor-element-populated\">\n\t\t\t\t\t\t\t<div class=\"elementor-widget-wrap\">\n\t\t\t\t\t\t<div class=\"elementor-element elementor-element-0039468 elementor-widget elementor-widget-text-editor\" data-id=\"0039468\" data-element_type=\"widget\" data-widget_type=\"text-editor.default\">\n\t\t\t\t<div class=\"elementor-widget-container\">\n\t\t\t\t\t\t\t\t<div class=\"elementor-text-editor elementor-clearfix\">\n\t\t\t\t<p><span data-olk-copy-source=\"MessageBody\">La Secretar\u00eda de Hacienda de Medell\u00edn pone a disposici\u00f3n de los contribuyentes el Portal Tributario, un micrositio dise\u00f1ado para ofrecer toda la informaci\u00f3n sobre tr\u00e1mites y servicios relacionados con los impuestos del Distrito. A trav\u00e9s de este portal, los ciudadanos pueden acceder de forma f\u00e1cil, r\u00e1pida y segura a servicios como la consulta y el pago de impuestos, la actualizaci\u00f3n de datos, la descarga de certificados y la presentaci\u00f3n de declaraciones, entre otros.<\/span><\/p>\t\t\t\t\t<\/div>\n\t\t\t\t\t\t<\/div>\n\t\t\t\t<\/div>\n\t\t\t\t\t\t<\/div>\n\t\t\t\t\t<\/div>\n\t\t<\/div>\n\t\t\t\t\t\t\t\t<\/div>\n\t\t\t\t\t<\/div>\n\t\t<\/section>\n\t\t\t\t<section class=\"elementor-section elementor-top-section elementor-element elementor-element-fae8c38 elementor-section-boxed elementor-section-height-default elementor-section-height-default\" data-id=\"fae8c38\" data-element_type=\"section\">\n\t\t\t\t\t\t<div class=\"elementor-container elementor-column-gap-default\">\n\t\t\t\t\t\t\t<div class=\"elementor-row\">\n\t\t\t\t\t<div class=\"elementor-column elementor-col-100 elementor-top-column elementor-element elementor-element-9144b71\" data-id=\"9144b71\" data-element_type=\"column\">\n\t\t\t<div class=\"elementor-column-wrap elementor-element-populated\">\n\t\t\t\t\t\t\t<div class=\"elementor-widget-wrap\">\n\t\t\t\t<div class=\"elementor-element elementor-element-05c64cf e-container--row e-container\" data-id=\"05c64cf\" data-element_type=\"container\" data-settings=\"{&quot;background_background&quot;:&quot;classic&quot;,&quot;motion_fx_motion_fx_scrolling&quot;:&quot;yes&quot;,&quot;motion_fx_devices&quot;:[&quot;desktop&quot;,&quot;tablet&quot;,&quot;mobile&quot;]}\">\t\t<div class=\"elementor-element elementor-element-1522354 e-container--column e-container\" data-id=\"1522354\" data-element_type=\"container\">\t\t\t\t<div class=\"elementor-element elementor-element-c7c4fba elementor-align-justify elementor-widget elementor-widget-button\" data-id=\"c7c4fba\" data-element_type=\"widget\" data-widget_type=\"button.default\">\n\t\t\t\t<div class=\"elementor-widget-container\">\n\t\t\t\t\t<div class=\"elementor-button-wrapper\">\n\t\t\t<a href=\"https:\/\/www.medellin.gov.co\/irj\/portal\/medellin\/acceso-boton-pagos\" target=\"_blank\" class=\"elementor-button-link elementor-button elementor-size-sm\" role=\"button\">\n\t\t\t\t\t\t<span class=\"elementor-button-content-wrapper\">\n\t\t\t\t\t\t<span class=\"elementor-button-text\">Paga Aqu\u00ed tus Impuestos<\/span>\n\t\t<\/span>\n\t\t\t\t\t<\/a>\n\t\t<\/div>\n\t\t\t\t<\/div>\n\t\t\t\t<\/div>\n\t\t\t\t<div class=\"elementor-element elementor-element-69d2177 elementor-align-justify elementor-widget elementor-widget-button\" data-id=\"69d2177\" data-element_type=\"widget\" data-widget_type=\"button.default\">\n\t\t\t\t<div class=\"elementor-widget-container\">\n\t\t\t\t\t<div class=\"elementor-button-wrapper\">\n\t\t\t<a href=\"https:\/\/www.medellin.gov.co\/es\/secretaria-de-hacienda\/normatividad-tributaria\/\" target=\"_blank\" class=\"elementor-button-link elementor-button elementor-size-sm\" role=\"button\">\n\t\t\t\t\t\t<span class=\"elementor-button-content-wrapper\">\n\t\t\t\t\t\t<span class=\"elementor-button-text\">Normatividad Tributaria <\/span>\n\t\t<\/span>\n\t\t\t\t\t<\/a>\n\t\t<\/div>\n\t\t\t\t<\/div>\n\t\t\t\t<\/div>\n\t\t\t\t<div class=\"elementor-element elementor-element-47ee71d elementor-align-justify elementor-widget elementor-widget-button\" data-id=\"47ee71d\" data-element_type=\"widget\" data-widget_type=\"button.default\">\n\t\t\t\t<div class=\"elementor-widget-container\">\n\t\t\t\t\t<div class=\"elementor-button-wrapper\">\n\t\t\t<a href=\"https:\/\/www.medellin.gov.co\/irj\/portal\/medellin\/acceso-formulario-inscripcion-matriculas-rit\" target=\"_blank\" class=\"elementor-button-link elementor-button elementor-size-sm\" role=\"button\">\n\t\t\t\t\t\t<span class=\"elementor-button-content-wrapper\">\n\t\t\t\t\t\t<span class=\"elementor-button-text\">Inscr\u00edbete como Nuevo Contribuyente ICA<\/span>\n\t\t<\/span>\n\t\t\t\t\t<\/a>\n\t\t<\/div>\n\t\t\t\t<\/div>\n\t\t\t\t<\/div>\n\t\t\t\t<div class=\"elementor-element elementor-element-cd74afc elementor-align-justify elementor-widget elementor-widget-button\" data-id=\"cd74afc\" data-element_type=\"widget\" data-widget_type=\"button.default\">\n\t\t\t\t<div class=\"elementor-widget-container\">\n\t\t\t\t\t<div class=\"elementor-button-wrapper\">\n\t\t\t<a href=\"https:\/\/www.medellin.gov.co\/es\/secretaria-de-hacienda\/normatividad-tributaria\/formularios-manuales-e-instructivos\/\" target=\"_blank\" class=\"elementor-button-link elementor-button elementor-size-md\" role=\"button\">\n\t\t\t\t\t\t<span class=\"elementor-button-content-wrapper\">\n\t\t\t\t\t\t<span class=\"elementor-button-text\">Formularios, ABC e Instructivos<\/span>\n\t\t<\/span>\n\t\t\t\t\t<\/a>\n\t\t<\/div>\n\t\t\t\t<\/div>\n\t\t\t\t<\/div>\n\t\t\t\t<div class=\"elementor-element elementor-element-9640403 elementor-align-justify elementor-widget__width-auto elementor-widget elementor-widget-button\" data-id=\"9640403\" data-element_type=\"widget\" data-widget_type=\"button.default\">\n\t\t\t\t<div class=\"elementor-widget-container\">\n\t\t\t\t\t<div class=\"elementor-button-wrapper\">\n\t\t\t<a href=\"https:\/\/www.medellin.gov.co\/es\/secretaria-de-hacienda\/portal-tributario\/informacion-exogena\/\" target=\"_blank\" class=\"elementor-button-link elementor-button elementor-size-md\" role=\"button\">\n\t\t\t\t\t\t<span class=\"elementor-button-content-wrapper\">\n\t\t\t\t\t\t<span class=\"elementor-button-text\">Informaci\u00f3n Ex\u00f3gena<\/span>\n\t\t<\/span>\n\t\t\t\t\t<\/a>\n\t\t<\/div>\n\t\t\t\t<\/div>\n\t\t\t\t<\/div>\n\t\t\t\t<div class=\"elementor-element elementor-element-fd65df4 elementor-align-justify elementor-widget elementor-widget-button\" data-id=\"fd65df4\" data-element_type=\"widget\" data-widget_type=\"button.default\">\n\t\t\t\t<div class=\"elementor-widget-container\">\n\t\t\t\t\t<div class=\"elementor-button-wrapper\">\n\t\t\t<a href=\"https:\/\/www.medellin.gov.co\/es\/secretaria-de-hacienda\/preguntas-frecuentes-portal-tributario\/\" target=\"_blank\" class=\"elementor-button-link elementor-button elementor-size-sm\" role=\"button\">\n\t\t\t\t\t\t<span class=\"elementor-button-content-wrapper\">\n\t\t\t\t\t\t<span class=\"elementor-button-text\">Preguntas Frecuentes<\/span>\n\t\t<\/span>\n\t\t\t\t\t<\/a>\n\t\t<\/div>\n\t\t\t\t<\/div>\n\t\t\t\t<\/div>\n\t\t\t\t<div class=\"elementor-element elementor-element-cf89a14 elementor-align-justify elementor-widget elementor-widget-button\" data-id=\"cf89a14\" data-element_type=\"widget\" data-widget_type=\"button.default\">\n\t\t\t\t<div class=\"elementor-widget-container\">\n\t\t\t\t\t<div class=\"elementor-button-wrapper\">\n\t\t\t<a href=\"https:\/\/www.medellin.gov.co\/es\/secretaria-de-hacienda\/portal-tributario\/visitas-oculares\/\" target=\"_blank\" class=\"elementor-button-link elementor-button elementor-size-md\" role=\"button\">\n\t\t\t\t\t\t<span class=\"elementor-button-content-wrapper\">\n\t\t\t\t\t\t<span class=\"elementor-button-text\">Conoce Nuestros Visitadores<\/span>\n\t\t<\/span>\n\t\t\t\t\t<\/a>\n\t\t<\/div>\n\t\t\t\t<\/div>\n\t\t\t\t<\/div>\n\t\t\t\t<div class=\"elementor-element elementor-element-cdcad5f elementor-align-justify elementor-widget elementor-widget-button\" data-id=\"cdcad5f\" data-element_type=\"widget\" data-widget_type=\"button.default\">\n\t\t\t\t<div class=\"elementor-widget-container\">\n\t\t\t\t\t<div class=\"elementor-button-wrapper\">\n\t\t\t<a href=\"https:\/\/www.medellin.gov.co\/irj\/portal\/medellin?NavigationTarget=navurl:\/\/2fbccd4fcf824060a4ee5798c35303e2\" target=\"_blank\" class=\"elementor-button-link elementor-button elementor-size-sm\" role=\"button\">\n\t\t\t\t\t\t<span class=\"elementor-button-content-wrapper\">\n\t\t\t\t\t\t<span class=\"elementor-button-text\">Validaci\u00f3n de Certificados Hacienda <\/span>\n\t\t<\/span>\n\t\t\t\t\t<\/a>\n\t\t<\/div>\n\t\t\t\t<\/div>\n\t\t\t\t<\/div>\n\t\t<\/div><div class=\"elementor-element elementor-element-a3393f4 e-container--column e-container\" data-id=\"a3393f4\" data-element_type=\"container\">\t\t\t\t<div class=\"elementor-element elementor-element-f39eb93 elementor-widget elementor-widget-heading\" data-id=\"f39eb93\" data-element_type=\"widget\" data-widget_type=\"heading.default\">\n\t\t\t\t<div class=\"elementor-widget-container\">\n\t\t\t<h2 class=\"elementor-heading-title elementor-size-large\">Zona ICA<\/h2>\t\t<\/div>\n\t\t\t\t<\/div>\n\t\t\t\t<div class=\"elementor-element elementor-element-336f52c elementor-view-default elementor-widget elementor-widget-icon\" data-id=\"336f52c\" data-element_type=\"widget\" data-widget_type=\"icon.default\">\n\t\t\t\t<div class=\"elementor-widget-container\">\n\t\t\t\t\t<div class=\"elementor-icon-wrapper\">\n\t\t\t<div class=\"elementor-icon\">\n\t\t\t<i aria-hidden=\"true\" class=\"fas fa-industry\"><\/i>\t\t\t<\/div>\n\t\t<\/div>\n\t\t\t\t<\/div>\n\t\t\t\t<\/div>\n\t\t\t\t<div class=\"elementor-element elementor-element-01605b8 elementor-align-center e-transform elementor-widget elementor-widget-button\" data-id=\"01605b8\" data-element_type=\"widget\" data-settings=\"{&quot;_transform_scale_effect&quot;:{&quot;unit&quot;:&quot;px&quot;,&quot;size&quot;:&quot;&quot;,&quot;sizes&quot;:[]},&quot;_transform_scale_effect_tablet&quot;:{&quot;unit&quot;:&quot;px&quot;,&quot;size&quot;:&quot;&quot;,&quot;sizes&quot;:[]},&quot;_transform_scale_effect_mobile&quot;:{&quot;unit&quot;:&quot;px&quot;,&quot;size&quot;:&quot;&quot;,&quot;sizes&quot;:[]}}\" data-widget_type=\"button.default\">\n\t\t\t\t<div class=\"elementor-widget-container\">\n\t\t\t\t\t<div class=\"elementor-button-wrapper\">\n\t\t\t<a href=\"https:\/\/www.medellin.gov.co\/irj\/portal\/medellin\/portal-tributario-industria-y-comercio\" target=\"_blank\" class=\"elementor-button-link elementor-button elementor-size-sm\" role=\"button\">\n\t\t\t\t\t\t<span class=\"elementor-button-content-wrapper\">\n\t\t\t\t\t\t<span class=\"elementor-button-text\">Impuesto de Industria y Comercio y Complementarios<\/span>\n\t\t<\/span>\n\t\t\t\t\t<\/a>\n\t\t<\/div>\n\t\t\t\t<\/div>\n\t\t\t\t<\/div>\n\t\t\t\t<div class=\"elementor-element elementor-element-aabd273 elementor-widget elementor-widget-heading\" data-id=\"aabd273\" data-element_type=\"widget\" data-widget_type=\"heading.default\">\n\t\t\t\t<div class=\"elementor-widget-container\">\n\t\t\t<h2 class=\"elementor-heading-title elementor-size-large\">Zona Predial<\/h2>\t\t<\/div>\n\t\t\t\t<\/div>\n\t\t\t\t<div class=\"elementor-element elementor-element-104ab77 elementor-view-default elementor-widget elementor-widget-icon\" data-id=\"104ab77\" data-element_type=\"widget\" data-widget_type=\"icon.default\">\n\t\t\t\t<div class=\"elementor-widget-container\">\n\t\t\t\t\t<div class=\"elementor-icon-wrapper\">\n\t\t\t<div class=\"elementor-icon\">\n\t\t\t<i aria-hidden=\"true\" class=\"fas fa-house-user\"><\/i>\t\t\t<\/div>\n\t\t<\/div>\n\t\t\t\t<\/div>\n\t\t\t\t<\/div>\n\t\t\t\t<div class=\"elementor-element elementor-element-df1c7cc elementor-align-center elementor-widget elementor-widget-button\" data-id=\"df1c7cc\" data-element_type=\"widget\" data-widget_type=\"button.default\">\n\t\t\t\t<div class=\"elementor-widget-container\">\n\t\t\t\t\t<div class=\"elementor-button-wrapper\">\n\t\t\t<a href=\"https:\/\/www.medellin.gov.co\/irj\/portal\/medellin\/acceso-portal-tributario-predial\" target=\"_blank\" class=\"elementor-button-link elementor-button elementor-size-sm\" role=\"button\">\n\t\t\t\t\t\t<span class=\"elementor-button-content-wrapper\">\n\t\t\t\t\t\t<span class=\"elementor-button-text\">Impuesto Predial Unificado<\/span>\n\t\t<\/span>\n\t\t\t\t\t<\/a>\n\t\t<\/div>\n\t\t\t\t<\/div>\n\t\t\t\t<\/div>\n\t\t\t\t<div class=\"elementor-element elementor-element-e768c45 elementor-widget elementor-widget-heading\" data-id=\"e768c45\" data-element_type=\"widget\" data-widget_type=\"heading.default\">\n\t\t\t\t<div class=\"elementor-widget-container\">\n\t\t\t<h2 class=\"elementor-heading-title elementor-size-large\">Otros Impuestos<\/h2>\t\t<\/div>\n\t\t\t\t<\/div>\n\t\t\t\t<div class=\"elementor-element elementor-element-f425839 elementor-view-default elementor-widget elementor-widget-icon\" data-id=\"f425839\" data-element_type=\"widget\" data-widget_type=\"icon.default\">\n\t\t\t\t<div class=\"elementor-widget-container\">\n\t\t\t\t\t<div class=\"elementor-icon-wrapper\">\n\t\t\t<div class=\"elementor-icon\">\n\t\t\t<i aria-hidden=\"true\" class=\"fas fa-balance-scale-left\"><\/i>\t\t\t<\/div>\n\t\t<\/div>\n\t\t\t\t<\/div>\n\t\t\t\t<\/div>\n\t\t\t\t<div class=\"elementor-element elementor-element-d52fe58 elementor-align-center elementor-widget elementor-widget-button\" data-id=\"d52fe58\" data-element_type=\"widget\" data-widget_type=\"button.default\">\n\t\t\t\t<div class=\"elementor-widget-container\">\n\t\t\t\t\t<div class=\"elementor-button-wrapper\">\n\t\t\t<a href=\"https:\/\/www.medellin.gov.co\/es\/tramites-y-servicios\/\" target=\"_blank\" class=\"elementor-button-link elementor-button elementor-size-sm\" role=\"button\">\n\t\t\t\t\t\t<span class=\"elementor-button-content-wrapper\">\n\t\t\t\t\t\t<span class=\"elementor-button-text\">Impuestos Varios<\/span>\n\t\t<\/span>\n\t\t\t\t\t<\/a>\n\t\t<\/div>\n\t\t\t\t<\/div>\n\t\t\t\t<\/div>\n\t\t<\/div><\/div>\t\t\t\t<\/div>\n\t\t\t\t\t<\/div>\n\t\t<\/div>\n\t\t\t\t\t\t\t\t<\/div>\n\t\t\t\t\t<\/div>\n\t\t<\/section>\n\t\t<div class=\"elementor-element elementor-element-6758602 e-container--column e-container\" data-id=\"6758602\" data-element_type=\"container\">\t\t\t\t<div class=\"elementor-element elementor-element-bad8950 elementor-widget elementor-widget-spacer\" data-id=\"bad8950\" data-element_type=\"widget\" data-widget_type=\"spacer.default\">\n\t\t\t\t<div class=\"elementor-widget-container\">\n\t\t\t\t\t<div class=\"elementor-spacer\">\n\t\t\t<div class=\"elementor-spacer-inner\"><\/div>\n\t\t<\/div>\n\t\t\t\t<\/div>\n\t\t\t\t<\/div>\n\t\t<\/div>\t\t<section class=\"elementor-section elementor-top-section elementor-element elementor-element-4c43e3f elementor-section-full_width elementor-section-height-default elementor-section-height-default\" data-id=\"4c43e3f\" data-element_type=\"section\" data-settings=\"{&quot;background_background&quot;:&quot;classic&quot;}\">\n\t\t\t\t\t\t<div class=\"elementor-container elementor-column-gap-default\">\n\t\t\t\t\t\t\t<div class=\"elementor-row\">\n\t\t\t\t\t<div class=\"elementor-column elementor-col-100 elementor-top-column elementor-element elementor-element-6cb1724\" data-id=\"6cb1724\" data-element_type=\"column\">\n\t\t\t<div class=\"elementor-column-wrap elementor-element-populated\">\n\t\t\t\t\t\t\t<div class=\"elementor-widget-wrap\">\n\t\t\t\t\t\t<section class=\"elementor-section elementor-inner-section elementor-element elementor-element-0febe05 elementor-section-boxed elementor-section-height-default elementor-section-height-default\" data-id=\"0febe05\" data-element_type=\"section\">\n\t\t\t\t\t\t<div class=\"elementor-container elementor-column-gap-default\">\n\t\t\t\t\t\t\t<div class=\"elementor-row\">\n\t\t\t\t\t<div class=\"elementor-column elementor-col-50 elementor-inner-column elementor-element elementor-element-e89b9f1\" data-id=\"e89b9f1\" data-element_type=\"column\">\n\t\t\t<div class=\"elementor-column-wrap elementor-element-populated\">\n\t\t\t\t\t\t\t<div class=\"elementor-widget-wrap\">\n\t\t\t\t\t\t<div class=\"elementor-element elementor-element-961410e elementor-widget elementor-widget-text-editor\" data-id=\"961410e\" data-element_type=\"widget\" data-widget_type=\"text-editor.default\">\n\t\t\t\t<div class=\"elementor-widget-container\">\n\t\t\t\t\t\t\t\t<div class=\"elementor-text-editor elementor-clearfix\">\n\t\t\t\t<h2><span class=\"titulo-banner-linea1\">Calendario<\/span><span class=\"titulo-banner-linea2\">Tributario 2026<\/span><\/h2>\t\t\t\t\t<\/div>\n\t\t\t\t\t\t<\/div>\n\t\t\t\t<\/div>\n\t\t\t\t\t\t<\/div>\n\t\t\t\t\t<\/div>\n\t\t<\/div>\n\t\t\t\t<div class=\"elementor-column elementor-col-50 elementor-inner-column elementor-element elementor-element-9a95f7c\" data-id=\"9a95f7c\" data-element_type=\"column\">\n\t\t\t<div class=\"elementor-column-wrap elementor-element-populated\">\n\t\t\t\t\t\t\t<div class=\"elementor-widget-wrap\">\n\t\t\t\t\t\t<div class=\"elementor-element elementor-element-f84657e elementor-widget elementor-widget-text-editor\" data-id=\"f84657e\" data-element_type=\"widget\" data-widget_type=\"text-editor.default\">\n\t\t\t\t<div class=\"elementor-widget-container\">\n\t\t\t\t\t\t\t\t<div class=\"elementor-text-editor elementor-clearfix\">\n\t\t\t\t<p style=\"text-align: left;\"><span style=\"font-weight: 400;\">Aqu\u00ed se indican las fechas, formas y lugares para el cumplimiento de las obligaciones tributarias de nuestros contribuyentes.\u00a0<\/span><\/p>\t\t\t\t\t<\/div>\n\t\t\t\t\t\t<\/div>\n\t\t\t\t<\/div>\n\t\t\t\t<div class=\"elementor-element elementor-element-962177e elementor-tablet-align-left elementor-mobile-align-center elementor-widget elementor-widget-button\" data-id=\"962177e\" data-element_type=\"widget\" data-widget_type=\"button.default\">\n\t\t\t\t<div class=\"elementor-widget-container\">\n\t\t\t\t\t<div class=\"elementor-button-wrapper\">\n\t\t\t<a href=\"https:\/\/www.medellin.gov.co\/es\/wp-content\/uploads\/2026\/02\/Calendario-tributario.pdf\" target=\"_blank\" class=\"elementor-button-link elementor-button elementor-size-sm\" role=\"button\">\n\t\t\t\t\t\t<span class=\"elementor-button-content-wrapper\">\n\t\t\t\t\t\t<span class=\"elementor-button-text\">Conoce el calendario tributario<\/span>\n\t\t<\/span>\n\t\t\t\t\t<\/a>\n\t\t<\/div>\n\t\t\t\t<\/div>\n\t\t\t\t<\/div>\n\t\t\t\t\t\t<\/div>\n\t\t\t\t\t<\/div>\n\t\t<\/div>\n\t\t\t\t\t\t\t\t<\/div>\n\t\t\t\t\t<\/div>\n\t\t<\/section>\n\t\t\t\t\t\t<\/div>\n\t\t\t\t\t<\/div>\n\t\t<\/div>\n\t\t\t\t\t\t\t\t<\/div>\n\t\t\t\t\t<\/div>\n\t\t<\/section>\n\t\t\t\t<section class=\"elementor-section elementor-top-section elementor-element elementor-element-7bab434 elementor-section-boxed elementor-section-height-default elementor-section-height-default\" data-id=\"7bab434\" data-element_type=\"section\">\n\t\t\t\t\t\t<div class=\"elementor-container elementor-column-gap-default\">\n\t\t\t\t\t\t\t<div class=\"elementor-row\">\n\t\t\t\t\t<div class=\"elementor-column elementor-col-100 elementor-top-column elementor-element elementor-element-9326974\" data-id=\"9326974\" data-element_type=\"column\">\n\t\t\t<div class=\"elementor-column-wrap elementor-element-populated\">\n\t\t\t\t\t\t\t<div class=\"elementor-widget-wrap\">\n\t\t\t\t\t\t<div class=\"elementor-element elementor-element-9969bee elementor-widget elementor-widget-heading\" data-id=\"9969bee\" data-element_type=\"widget\" data-widget_type=\"heading.default\">\n\t\t\t\t<div class=\"elementor-widget-container\">\n\t\t\t<h2 class=\"elementor-heading-title elementor-size-default\"><b>Notificaciones Tributarias\u200b<\/b> <\/h2>\t\t<\/div>\n\t\t\t\t<\/div>\n\t\t\t\t\t\t<\/div>\n\t\t\t\t\t<\/div>\n\t\t<\/div>\n\t\t\t\t\t\t\t\t<\/div>\n\t\t\t\t\t<\/div>\n\t\t<\/section>\n\t\t\t\t<section class=\"elementor-section elementor-top-section elementor-element elementor-element-55230cb elementor-section-boxed elementor-section-height-default elementor-section-height-default\" data-id=\"55230cb\" data-element_type=\"section\">\n\t\t\t\t\t\t<div class=\"elementor-container elementor-column-gap-default\">\n\t\t\t\t\t\t\t<div class=\"elementor-row\">\n\t\t\t\t\t<div class=\"elementor-column elementor-col-100 elementor-top-column elementor-element elementor-element-0cef72d\" data-id=\"0cef72d\" data-element_type=\"column\">\n\t\t\t<div class=\"elementor-column-wrap elementor-element-populated\">\n\t\t\t\t\t\t\t<div class=\"elementor-widget-wrap\">\n\t\t\t\t\t\t<div class=\"elementor-element elementor-element-d622a33 elementor-widget elementor-widget-text-editor\" data-id=\"d622a33\" data-element_type=\"widget\" data-widget_type=\"text-editor.default\">\n\t\t\t\t<div class=\"elementor-widget-container\">\n\t\t\t\t\t\t\t\t<div class=\"elementor-text-editor elementor-clearfix\">\n\t\t\t\t<p><span data-olk-copy-source=\"MessageBody\">Las notificaciones tributarias por p\u00e1gina web constituyen el medio por el cual se informa a los ciudadanos (contribuyentes y\/o responsables) el contenido de actos administrativos oficiales que, habiendo sido enviados previamente por correo f\u00edsico o electr\u00f3nico, no pudieron ser entregados y fueron devueltos.<\/span><\/p>\t\t\t\t\t<\/div>\n\t\t\t\t\t\t<\/div>\n\t\t\t\t<\/div>\n\t\t\t\t\t\t<\/div>\n\t\t\t\t\t<\/div>\n\t\t<\/div>\n\t\t\t\t\t\t\t\t<\/div>\n\t\t\t\t\t<\/div>\n\t\t<\/section>\n\t\t<div class=\"elementor-element elementor-element-3151bc7 e-container--column e-container\" data-id=\"3151bc7\" data-element_type=\"container\">\t\t\t\t<div class=\"elementor-element elementor-element-20b23ea elementor-widget elementor-widget-spacer\" data-id=\"20b23ea\" data-element_type=\"widget\" data-widget_type=\"spacer.default\">\n\t\t\t\t<div class=\"elementor-widget-container\">\n\t\t\t\t\t<div class=\"elementor-spacer\">\n\t\t\t<div class=\"elementor-spacer-inner\"><\/div>\n\t\t<\/div>\n\t\t\t\t<\/div>\n\t\t\t\t<\/div>\n\t\t<\/div><div class=\"elementor-element elementor-element-ecac679 e-container--column e-container\" data-id=\"ecac679\" data-element_type=\"container\">\t\t\t\t<div class=\"elementor-element elementor-element-2b35a9c elementor-align-justify elementor-widget-tablet__width-initial elementor-widget elementor-widget-button\" data-id=\"2b35a9c\" data-element_type=\"widget\" data-widget_type=\"button.default\">\n\t\t\t\t<div class=\"elementor-widget-container\">\n\t\t\t\t\t<div class=\"elementor-button-wrapper\">\n\t\t\t<a href=\"https:\/\/www.medellin.gov.co\/impuesto-predial\/consulta\" target=\"_blank\" class=\"elementor-button-link elementor-button elementor-size-sm\" role=\"button\">\n\t\t\t\t\t\t<span class=\"elementor-button-content-wrapper\">\n\t\t\t\t\t\t<span class=\"elementor-button-text\">Notificaciones desde a\u00f1o 2019<\/span>\n\t\t<\/span>\n\t\t\t\t\t<\/a>\n\t\t<\/div>\n\t\t\t\t<\/div>\n\t\t\t\t<\/div>\n\t\t<\/div><div class=\"elementor-element elementor-element-84abb66 e-container--column e-container\" data-id=\"84abb66\" data-element_type=\"container\">\t\t\t\t<div class=\"elementor-element elementor-element-87c3851 elementor-widget elementor-widget-spacer\" data-id=\"87c3851\" data-element_type=\"widget\" data-widget_type=\"spacer.default\">\n\t\t\t\t<div class=\"elementor-widget-container\">\n\t\t\t\t\t<div class=\"elementor-spacer\">\n\t\t\t<div class=\"elementor-spacer-inner\"><\/div>\n\t\t<\/div>\n\t\t\t\t<\/div>\n\t\t\t\t<\/div>\n\t\t<\/div><div class=\"elementor-element elementor-element-e4bfb9a e-container--column e-container\" data-id=\"e4bfb9a\" data-element_type=\"container\">\t\t\t\t<div class=\"elementor-element elementor-element-d794332 elementor-align-justify elementor-widget-tablet__width-initial elementor-widget elementor-widget-button\" data-id=\"d794332\" data-element_type=\"widget\" data-widget_type=\"button.default\">\n\t\t\t\t<div class=\"elementor-widget-container\">\n\t\t\t\t\t<div class=\"elementor-button-wrapper\">\n\t\t\t<a href=\"https:\/\/www.medellin.gov.co\/irj\/portal\/medellin\/consulnoti\" target=\"_blank\" class=\"elementor-button-link elementor-button elementor-size-sm\" role=\"button\">\n\t\t\t\t\t\t<span class=\"elementor-button-content-wrapper\">\n\t\t\t\t\t\t<span class=\"elementor-button-text\">Notificaciones hasta a\u00f1o 2019<\/span>\n\t\t<\/span>\n\t\t\t\t\t<\/a>\n\t\t<\/div>\n\t\t\t\t<\/div>\n\t\t\t\t<\/div>\n\t\t<\/div><div class=\"elementor-element elementor-element-e6b52f6 e-container--column e-container\" data-id=\"e6b52f6\" data-element_type=\"container\">\t\t\t\t<div class=\"elementor-element elementor-element-ee9d4df elementor-widget elementor-widget-spacer\" data-id=\"ee9d4df\" data-element_type=\"widget\" data-widget_type=\"spacer.default\">\n\t\t\t\t<div class=\"elementor-widget-container\">\n\t\t\t\t\t<div class=\"elementor-spacer\">\n\t\t\t<div class=\"elementor-spacer-inner\"><\/div>\n\t\t<\/div>\n\t\t\t\t<\/div>\n\t\t\t\t<\/div>\n\t\t<\/div>\t\t<section class=\"elementor-section elementor-top-section elementor-element elementor-element-48bf1c7 elementor-section-boxed elementor-section-height-default elementor-section-height-default\" data-id=\"48bf1c7\" data-element_type=\"section\">\n\t\t\t\t\t\t<div class=\"elementor-container elementor-column-gap-default\">\n\t\t\t\t\t\t\t<div class=\"elementor-row\">\n\t\t\t\t\t<div class=\"elementor-column elementor-col-100 elementor-top-column elementor-element elementor-element-21db059\" data-id=\"21db059\" data-element_type=\"column\">\n\t\t\t<div class=\"elementor-column-wrap elementor-element-populated\">\n\t\t\t\t\t\t\t<div class=\"elementor-widget-wrap\">\n\t\t\t\t<div class=\"elementor-element elementor-element-c43a4d1 e-container--column e-container\" data-id=\"c43a4d1\" data-element_type=\"container\">\t\t\t\t<div class=\"elementor-element elementor-element-a1bbdf6 elementor-widget elementor-widget-text-editor\" data-id=\"a1bbdf6\" data-element_type=\"widget\" data-widget_type=\"text-editor.default\">\n\t\t\t\t<div class=\"elementor-widget-container\">\n\t\t\t\t\t\t\t\t<div class=\"elementor-text-editor elementor-clearfix\">\n\t\t\t\t<p><span data-olk-copy-source=\"MessageBody\">Las notificaciones por edicto se fijan en la cartelera de edictos y publicaciones del Centro Administrativo Distrital \u2013 CAD \u2013 La Alpujarra, por un t\u00e9rmino de diez (10) d\u00edas h\u00e1biles.<\/span><\/p>\t\t\t\t\t<\/div>\n\t\t\t\t\t\t<\/div>\n\t\t\t\t<\/div>\n\t\t<\/div>\t\t\t\t<\/div>\n\t\t\t\t\t<\/div>\n\t\t<\/div>\n\t\t\t\t\t\t\t\t<\/div>\n\t\t\t\t\t<\/div>\n\t\t<\/section>\n\t\t<div class=\"elementor-element elementor-element-bca9465 e-container--column e-container\" data-id=\"bca9465\" data-element_type=\"container\">\t\t\t\t<div class=\"elementor-element elementor-element-178e2ba elementor-widget elementor-widget-spacer\" data-id=\"178e2ba\" data-element_type=\"widget\" data-widget_type=\"spacer.default\">\n\t\t\t\t<div class=\"elementor-widget-container\">\n\t\t\t\t\t<div class=\"elementor-spacer\">\n\t\t\t<div class=\"elementor-spacer-inner\"><\/div>\n\t\t<\/div>\n\t\t\t\t<\/div>\n\t\t\t\t<\/div>\n\t\t<\/div>\t\t<section class=\"elementor-section elementor-top-section elementor-element elementor-element-75d0a0a elementor-section-full_width elementor-section-height-default elementor-section-height-default\" data-id=\"75d0a0a\" data-element_type=\"section\" data-settings=\"{&quot;background_background&quot;:&quot;classic&quot;}\">\n\t\t\t\t\t\t<div class=\"elementor-container elementor-column-gap-default\">\n\t\t\t\t\t\t\t<div class=\"elementor-row\">\n\t\t\t\t\t<div class=\"elementor-column elementor-col-100 elementor-top-column elementor-element elementor-element-4025db6\" data-id=\"4025db6\" data-element_type=\"column\">\n\t\t\t<div class=\"elementor-column-wrap elementor-element-populated\">\n\t\t\t\t\t\t\t<div class=\"elementor-widget-wrap\">\n\t\t\t\t\t\t<section class=\"elementor-section elementor-inner-section elementor-element elementor-element-2627be2 elementor-section-boxed elementor-section-height-default elementor-section-height-default\" data-id=\"2627be2\" data-element_type=\"section\">\n\t\t\t\t\t\t<div class=\"elementor-container elementor-column-gap-default\">\n\t\t\t\t\t\t\t<div class=\"elementor-row\">\n\t\t\t\t\t<div class=\"elementor-column elementor-col-100 elementor-inner-column elementor-element elementor-element-c223ab4\" data-id=\"c223ab4\" data-element_type=\"column\">\n\t\t\t<div class=\"elementor-column-wrap elementor-element-populated\">\n\t\t\t\t\t\t\t<div class=\"elementor-widget-wrap\">\n\t\t\t\t\t\t<div class=\"elementor-element elementor-element-551e276 elementor-widget elementor-widget-text-editor\" data-id=\"551e276\" data-element_type=\"widget\" data-widget_type=\"text-editor.default\">\n\t\t\t\t<div class=\"elementor-widget-container\">\n\t\t\t\t\t\t\t\t<div class=\"elementor-text-editor elementor-clearfix\">\n\t\t\t\t<h2><span class=\"titulo-banner-linea1\"><span data-olk-copy-source=\"MessageBody\">Hacienda en Cifras<\/span> <\/span><span class=\"titulo-banner-linea2\">Sitio en construcci\u00f3n<\/span><\/h2>\t\t\t\t\t<\/div>\n\t\t\t\t\t\t<\/div>\n\t\t\t\t<\/div>\n\t\t\t\t\t\t<\/div>\n\t\t\t\t\t<\/div>\n\t\t<\/div>\n\t\t\t\t\t\t\t\t<\/div>\n\t\t\t\t\t<\/div>\n\t\t<\/section>\n\t\t\t\t\t\t<\/div>\n\t\t\t\t\t<\/div>\n\t\t<\/div>\n\t\t\t\t\t\t\t\t<\/div>\n\t\t\t\t\t<\/div>\n\t\t<\/section>\n\t\t\t\t<section class=\"elementor-section elementor-top-section elementor-element elementor-element-93a7160 elementor-section-boxed elementor-section-height-default elementor-section-height-default\" data-id=\"93a7160\" data-element_type=\"section\">\n\t\t\t\t\t\t<div class=\"elementor-container elementor-column-gap-default\">\n\t\t\t\t\t\t\t<div class=\"elementor-row\">\n\t\t\t\t\t<div class=\"elementor-column elementor-col-100 elementor-top-column elementor-element elementor-element-447fc60\" data-id=\"447fc60\" data-element_type=\"column\">\n\t\t\t<div class=\"elementor-column-wrap elementor-element-populated\">\n\t\t\t\t\t\t\t<div class=\"elementor-widget-wrap\">\n\t\t\t\t<div class=\"elementor-element elementor-element-bde947e e-container--column e-container\" data-id=\"bde947e\" data-element_type=\"container\">\t\t\t\t<div class=\"elementor-element elementor-element-9f33e5d elementor-widget elementor-widget-heading\" data-id=\"9f33e5d\" data-element_type=\"widget\" data-widget_type=\"heading.default\">\n\t\t\t\t<div class=\"elementor-widget-container\">\n\t\t\t<h2 class=\"elementor-heading-title elementor-size-default\"><b>Atenci\u00f3n PQRSD -\u200b<\/b> Peticiones \u2013 Quejas \u2013 Reclamos \u2013 Sugerencias - Denuncias<\/h2>\t\t<\/div>\n\t\t\t\t<\/div>\n\t\t<\/div>\t\t\t\t<\/div>\n\t\t\t\t\t<\/div>\n\t\t<\/div>\n\t\t\t\t\t\t\t\t<\/div>\n\t\t\t\t\t<\/div>\n\t\t<\/section>\n\t\t<div class=\"elementor-element elementor-element-1df75de e-container--column e-container\" data-id=\"1df75de\" data-element_type=\"container\">\t\t\t\t<div class=\"elementor-element elementor-element-8df2323 elementor-widget elementor-widget-spacer\" data-id=\"8df2323\" data-element_type=\"widget\" data-widget_type=\"spacer.default\">\n\t\t\t\t<div class=\"elementor-widget-container\">\n\t\t\t\t\t<div class=\"elementor-spacer\">\n\t\t\t<div class=\"elementor-spacer-inner\"><\/div>\n\t\t<\/div>\n\t\t\t\t<\/div>\n\t\t\t\t<\/div>\n\t\t<\/div><div class=\"elementor-element elementor-element-2a4f6a6 e-container--column e-container\" data-id=\"2a4f6a6\" data-element_type=\"container\">\t\t\t\t<div class=\"elementor-element elementor-element-b24cf10 elementor-align-justify elementor-widget-tablet__width-initial elementor-widget elementor-widget-button\" data-id=\"b24cf10\" data-element_type=\"widget\" data-widget_type=\"button.default\">\n\t\t\t\t<div class=\"elementor-widget-container\">\n\t\t\t\t\t<div class=\"elementor-button-wrapper\">\n\t\t\t<a href=\"https:\/\/www.medellin.gov.co\/es\/pqrsd\/\" target=\"_blank\" class=\"elementor-button-link elementor-button elementor-size-sm\" role=\"button\">\n\t\t\t\t\t\t<span class=\"elementor-button-content-wrapper\">\n\t\t\t\t\t\t<span class=\"elementor-button-text\"> Radica y consulta tu PQRSD<\/span>\n\t\t<\/span>\n\t\t\t\t\t<\/a>\n\t\t<\/div>\n\t\t\t\t<\/div>\n\t\t\t\t<\/div>\n\t\t<\/div><div class=\"elementor-element elementor-element-8899530 e-container--column e-container\" data-id=\"8899530\" data-element_type=\"container\">\t\t\t\t<div class=\"elementor-element elementor-element-6326f11 elementor-widget elementor-widget-spacer\" data-id=\"6326f11\" data-element_type=\"widget\" data-widget_type=\"spacer.default\">\n\t\t\t\t<div class=\"elementor-widget-container\">\n\t\t\t\t\t<div class=\"elementor-spacer\">\n\t\t\t<div class=\"elementor-spacer-inner\"><\/div>\n\t\t<\/div>\n\t\t\t\t<\/div>\n\t\t\t\t<\/div>\n\t\t<\/div><div class=\"elementor-element elementor-element-a51043a e-container--column e-container\" data-id=\"a51043a\" data-element_type=\"container\">\t\t\t\t<div class=\"elementor-element elementor-element-fd8e561 elementor-align-justify elementor-widget-tablet__width-initial elementor-widget elementor-widget-button\" data-id=\"fd8e561\" data-element_type=\"widget\" data-widget_type=\"button.default\">\n\t\t\t\t<div class=\"elementor-widget-container\">\n\t\t\t\t\t<div class=\"elementor-button-wrapper\">\n\t\t\t<a href=\"https:\/\/distritodemedellinvirtual.sistemasentry.com.co\/VisionWeb\" target=\"_blank\" class=\"elementor-button-link elementor-button elementor-size-sm\" role=\"button\">\n\t\t\t\t\t\t<span class=\"elementor-button-content-wrapper\">\n\t\t\t\t\t\t<span class=\"elementor-button-text\">Taquillas Virtuales<\/span>\n\t\t<\/span>\n\t\t\t\t\t<\/a>\n\t\t<\/div>\n\t\t\t\t<\/div>\n\t\t\t\t<\/div>\n\t\t<\/div>\t\t<section class=\"elementor-section elementor-top-section elementor-element elementor-element-dd74ce3 elementor-section-boxed elementor-section-height-default elementor-section-height-default\" data-id=\"dd74ce3\" data-element_type=\"section\">\n\t\t\t\t\t\t<div class=\"elementor-container elementor-column-gap-default\">\n\t\t\t\t\t\t\t<div class=\"elementor-row\">\n\t\t\t\t\t<div class=\"elementor-column elementor-col-100 elementor-top-column elementor-element elementor-element-576ce36\" data-id=\"576ce36\" data-element_type=\"column\">\n\t\t\t<div class=\"elementor-column-wrap elementor-element-populated\">\n\t\t\t\t\t\t\t<div class=\"elementor-widget-wrap\">\n\t\t\t\t\t\t<div class=\"elementor-element elementor-element-8193821 elementor-widget elementor-widget-spacer\" data-id=\"8193821\" data-element_type=\"widget\" data-widget_type=\"spacer.default\">\n\t\t\t\t<div class=\"elementor-widget-container\">\n\t\t\t\t\t<div class=\"elementor-spacer\">\n\t\t\t<div class=\"elementor-spacer-inner\"><\/div>\n\t\t<\/div>\n\t\t\t\t<\/div>\n\t\t\t\t<\/div>\n\t\t<div class=\"elementor-element elementor-element-3eb023d e-container--column e-container\" data-id=\"3eb023d\" data-element_type=\"container\">\t\t\t\t<div data-ep-wrapper-link=\"{&quot;url&quot;:&quot;https:\\\/\\\/www.medellin.gov.co\\\/es\\\/wp-content\\\/uploads\\\/2025\\\/08\\\/Documento-abono-facilidades.pdf&quot;,&quot;is_external&quot;:&quot;on&quot;,&quot;nofollow&quot;:&quot;&quot;,&quot;custom_attributes&quot;:&quot;&quot;}\" style=\"cursor: pointer\" class=\"bdt-element-link elementor-element elementor-element-449deff elementor-widget elementor-widget-image\" data-id=\"449deff\" data-element_type=\"widget\" data-widget_type=\"image.default\">\n\t\t\t\t<div class=\"elementor-widget-container\">\n\t\t\t\t\t\t\t\t<div class=\"elementor-image\">\n\t\t\t\t\t\t\t\t\t\t\t\t<img width=\"1280\" height=\"200\" src=\"https:\/\/www.medellin.gov.co\/es\/wp-content\/uploads\/2025\/09\/pontealdia-1.jpg\" class=\"attachment-full size-full\" alt=\"\" loading=\"lazy\" srcset=\"https:\/\/www.medellin.gov.co\/es\/wp-content\/uploads\/2025\/09\/pontealdia-1.jpg 1280w, https:\/\/www.medellin.gov.co\/es\/wp-content\/uploads\/2025\/09\/pontealdia-1-300x47.jpg 300w, https:\/\/www.medellin.gov.co\/es\/wp-content\/uploads\/2025\/09\/pontealdia-1-1024x160.jpg 1024w, https:\/\/www.medellin.gov.co\/es\/wp-content\/uploads\/2025\/09\/pontealdia-1-150x23.jpg 150w, https:\/\/www.medellin.gov.co\/es\/wp-content\/uploads\/2025\/09\/pontealdia-1-768x120.jpg 768w\" sizes=\"(max-width: 1280px) 100vw, 1280px\" \/>\t\t\t\t\t\t\t\t\t\t\t\t\t\t<\/div>\n\t\t\t\t\t\t<\/div>\n\t\t\t\t<\/div>\n\t\t<\/div>\t\t\t\t<\/div>\n\t\t\t\t\t<\/div>\n\t\t<\/div>\n\t\t\t\t\t\t\t\t<\/div>\n\t\t\t\t\t<\/div>\n\t\t<\/section>\n\t\t\t\t<section class=\"elementor-section elementor-top-section elementor-element elementor-element-8bcae74 elementor-section-boxed elementor-section-height-default elementor-section-height-default\" data-id=\"8bcae74\" data-element_type=\"section\">\n\t\t\t\t\t\t<div class=\"elementor-container elementor-column-gap-default\">\n\t\t\t\t\t\t\t<div class=\"elementor-row\">\n\t\t\t\t\t<div class=\"elementor-column elementor-col-100 elementor-top-column elementor-element elementor-element-ee3e714\" data-id=\"ee3e714\" data-element_type=\"column\">\n\t\t\t<div class=\"elementor-column-wrap elementor-element-populated\">\n\t\t\t\t\t\t\t<div class=\"elementor-widget-wrap\">\n\t\t\t\t\t\t<div class=\"elementor-element elementor-element-8d023dd elementor-widget elementor-widget-heading\" data-id=\"8d023dd\" data-element_type=\"widget\" data-widget_type=\"heading.default\">\n\t\t\t\t<div class=\"elementor-widget-container\">\n\t\t\t<h2 class=\"elementor-heading-title elementor-size-default\"><b>Videos relacionados <\/b> <\/h2>\t\t<\/div>\n\t\t\t\t<\/div>\n\t\t\t\t\t\t<\/div>\n\t\t\t\t\t<\/div>\n\t\t<\/div>\n\t\t\t\t\t\t\t\t<\/div>\n\t\t\t\t\t<\/div>\n\t\t<\/section>\n\t\t\t\t<section class=\"elementor-section elementor-top-section elementor-element elementor-element-1e0238f elementor-section-boxed elementor-section-height-default elementor-section-height-default\" data-id=\"1e0238f\" data-element_type=\"section\">\n\t\t\t\t\t\t<div class=\"elementor-container elementor-column-gap-default\">\n\t\t\t\t\t\t\t<div class=\"elementor-row\">\n\t\t\t\t\t<div class=\"elementor-column elementor-col-100 elementor-top-column elementor-element elementor-element-fc4fba6\" data-id=\"fc4fba6\" data-element_type=\"column\">\n\t\t\t<div class=\"elementor-column-wrap elementor-element-populated\">\n\t\t\t\t\t\t\t<div class=\"elementor-widget-wrap\">\n\t\t\t\t<div class=\"elementor-element elementor-element-f8a9863 e-container--column e-container\" data-id=\"f8a9863\" data-element_type=\"container\">\t\t\t\t<div class=\"elementor-element elementor-element-cc315f5 e-tabs-view-vertical elementor-layout-right elementor-widget elementor-widget-video-playlist\" data-id=\"cc315f5\" data-element_type=\"widget\" data-settings=\"{&quot;playlist_title&quot;:&quot;Lista de reproducci\\u00f3n&quot;,&quot;tabs&quot;:[{&quot;_id&quot;:&quot;7ad3774&quot;,&quot;youtube_url&quot;:&quot;https:\\\/\\\/www.youtube.com\\\/watch?v=v8-V-uzhUAc&amp;feature=youtu.be&quot;,&quot;vimeo_url&quot;:null,&quot;title&quot;:&quot;Actualizaci\\u00f3n del Portal Tributario - Alcald\\u00eda de Medell\\u00edn&quot;,&quot;duration&quot;:&quot;5:16&quot;,&quot;thumbnail&quot;:{&quot;url&quot;:&quot;https:\\\/\\\/www.medellin.gov.co\\\/es\\\/wp-content\\\/uploads\\\/2026\\\/01\\\/Actualizacion-portal-tributario.png&quot;,&quot;id&quot;:494577,&quot;alt&quot;:&quot;Actualizaci\\u00f3n portal tributario&quot;,&quot;source&quot;:&quot;library&quot;},&quot;type&quot;:&quot;youtube&quot;,&quot;is_external_url&quot;:null,&quot;hosted_url&quot;:null,&quot;external_url&quot;:null,&quot;inner_tab_is_content_visible&quot;:&quot;&quot;,&quot;inner_tab_content_1&quot;:null,&quot;inner_tab_content_2&quot;:null},{&quot;_id&quot;:&quot;b98d90e&quot;,&quot;youtube_url&quot;:&quot;https:\\\/\\\/youtu.be\\\/C_H__Yikh2A&quot;,&quot;vimeo_url&quot;:null,&quot;title&quot;:&quot;Actualizaci\\u00f3n de datos RIT -  Alcald\\u00eda de Medell\\u00edn&quot;,&quot;duration&quot;:&quot;2:34&quot;,&quot;thumbnail&quot;:{&quot;url&quot;:&quot;http:\\\/\\\/img.youtube.com\\\/vi\\\/C_H__Yikh2A\\\/maxresdefault.jpg&quot;,&quot;id&quot;:&quot;&quot;},&quot;type&quot;:&quot;youtube&quot;,&quot;is_external_url&quot;:null,&quot;hosted_url&quot;:null,&quot;external_url&quot;:null,&quot;inner_tab_is_content_visible&quot;:&quot;&quot;,&quot;inner_tab_content_1&quot;:null,&quot;inner_tab_content_2&quot;:null},{&quot;_id&quot;:&quot;757383a&quot;,&quot;youtube_url&quot;:&quot;https:\\\/\\\/youtu.be\\\/WaZ1FLc1rrA&quot;,&quot;vimeo_url&quot;:null,&quot;title&quot;:&quot;Descarga documento ICA - Alcald\\u00eda de Medell\\u00edn&quot;,&quot;duration&quot;:&quot;1:55&quot;,&quot;thumbnail&quot;:{&quot;url&quot;:&quot;http:\\\/\\\/img.youtube.com\\\/vi\\\/WaZ1FLc1rrA\\\/maxresdefault.jpg&quot;,&quot;id&quot;:&quot;&quot;},&quot;type&quot;:&quot;youtube&quot;,&quot;is_external_url&quot;:null,&quot;hosted_url&quot;:null,&quot;external_url&quot;:null,&quot;inner_tab_is_content_visible&quot;:&quot;&quot;,&quot;inner_tab_content_1&quot;:null,&quot;inner_tab_content_2&quot;:null},{&quot;_id&quot;:&quot;a79ca1b&quot;,&quot;youtube_url&quot;:&quot;https:\\\/\\\/youtu.be\\\/SZZsneoo4Aw&quot;,&quot;vimeo_url&quot;:null,&quot;title&quot;:&quot;Descarga documento predial - Alcald\\u00eda de Medell\\u00edn&quot;,&quot;duration&quot;:&quot;2:10&quot;,&quot;thumbnail&quot;:{&quot;url&quot;:&quot;http:\\\/\\\/img.youtube.com\\\/vi\\\/SZZsneoo4Aw\\\/maxresdefault.jpg&quot;,&quot;id&quot;:&quot;&quot;},&quot;type&quot;:&quot;youtube&quot;,&quot;is_external_url&quot;:null,&quot;hosted_url&quot;:null,&quot;external_url&quot;:null,&quot;inner_tab_is_content_visible&quot;:&quot;&quot;,&quot;inner_tab_content_1&quot;:null,&quot;inner_tab_content_2&quot;:null},{&quot;_id&quot;:&quot;1e53fef&quot;,&quot;youtube_url&quot;:&quot;https:\\\/\\\/youtu.be\\\/tQMRo9G8eJU&quot;,&quot;vimeo_url&quot;:null,&quot;title&quot;:&quot;Paz y salvo predial - Alcald\\u00eda de Medell\\u00edn&quot;,&quot;duration&quot;:&quot;2:32&quot;,&quot;thumbnail&quot;:{&quot;url&quot;:&quot;http:\\\/\\\/img.youtube.com\\\/vi\\\/tQMRo9G8eJU\\\/maxresdefault.jpg&quot;,&quot;id&quot;:&quot;&quot;},&quot;type&quot;:&quot;youtube&quot;,&quot;is_external_url&quot;:null,&quot;hosted_url&quot;:null,&quot;external_url&quot;:null,&quot;inner_tab_is_content_visible&quot;:&quot;&quot;,&quot;inner_tab_content_1&quot;:null,&quot;inner_tab_content_2&quot;:null}],&quot;inner_tab_title_1&quot;:&quot;Pesta\\u00f1a 1&quot;,&quot;inner_tab_title_2&quot;:&quot;Pesta\\u00f1a 2&quot;}\" data-widget_type=\"video-playlist.default\">\n\t\t\t\t<div class=\"elementor-widget-container\">\n\t\t\t\n\t\t<div class=\"e-tabs\">\n\t\t\t<div class=\"e-tabs-main-area\">\n\t\t\t\t<div class=\"e-tabs-wrapper\">\n\t\t\t\t\t<div class=\"e-tabs-header\">\n\t\t\t\t\t\t\t\t\t\t\t\t<h2 class=\"e-tabs-title\">Lista de reproducci\u00f3n<\/h2>\n\t\t\t\t\t\t<div class=\"e-tabs-header-right-side\">\n\t\t\t\t\t\t\t\t\t\t\t\t\t\t\t<span class=\"e-tabs-videos-count\">5 V\u00eddeos<\/span>\n\t\t\t\t\t\t\t\t\t\t\t\t\t\t<i aria-hidden=\"true\" class=\"e-tabs-toggle-videos-display-button rotate-down eicon-caret-down\"><\/i>\t\t\t\t\t\t<\/div>\n\t\t\t\t\t<\/div>\n\t\t\t\t\t<div class=\"e-tabs-items-wrapper\">\n\t\t\t\t\t\t<div class=\"e-tabs-items\" role=\"tablist\">\n\t\t\t\t\t\t\t\t\t\t\t\t\t\t\t\t\t\t\t\t\t\t\t\t<div id=\"e-tab-title-2141\" class=\"e-tab-title e-tab-desktop-title\" aria-selected=\"true\" data-tab=\"1\" role=\"tab\" tabindex=\"0\" aria-controls=\"e-tab-content-2141\">\n\t\t\t\t\t\t\t\t\t\t\t\t\t\t\t\t\t\t\t\t\t<div class=\"e-tab-thumbnail\">\n\t\t\t\t\t\t\t\t\t\t\t\t\t\t\t\t\t\t\t\t\t\t\t\t\t<img src=\"https:\/\/www.medellin.gov.co\/es\/wp-content\/uploads\/2026\/01\/Actualizacion-portal-tributario.png\" \/>\n\t\t\t\t\t\t\t\t\t\t\t\t\t\t\t\t\t\t\t\t\t\t\t\t<span class=\"icon-play\"><i aria-hidden=\"true\" class=\"fas fa-play-circle\"><\/i><\/span>\n\t\t\t\t\t\t\t\t\t\t\t\t<span class=\"icon-watched\"><i aria-hidden=\"true\" class=\"fas fa-check-circle\"><\/i><\/span>\n\t\t\t\t\t\t\t\t\t\t\t<\/div>\n\t\t\t\t\t\t\t\t\t\t\t\t\t\t\t\t\t\t\t\t<h4 class=\"e-tab-title-text\" title=\"Actualizaci\u00f3n del Portal Tributario - Alcald\u00eda de Medell\u00edn\">\n\t\t\t\t\t\t\t\t\t\t\t<a href=\"\">\n\t\t\t\t\t\t\t\t\t\t\t\t\t\t\t\t\t\t\t\t\t\t\t\tActualizaci\u00f3n del Portal Tributario - Alcald\u00eda de Medell\u00edn\t\t\t\t\t\t\t\t\t\t\t<\/a>\n\t\t\t\t\t\t\t\t\t\t<\/h4>\n\t\t\t\t\t\t\t\t\t\t\t\t\t\t\t\t\t\t\t\t\t<span class=\"e-tab-duration\">5:16<\/span>\n\t\t\t\t\t\t\t\t\t\t\t\t\t\t\t\t\t\t\t<\/div>\n\t\t\t\t\t\t\t\t\t\t\t\t\t\t\t\t\t\t\t\t\t\t\t\t\t\t\t\t\t\t\t\t<div id=\"e-tab-title-2142\" class=\"e-tab-title e-tab-desktop-title\" aria-selected=\"false\" data-tab=\"2\" role=\"tab\" tabindex=\"-1\" aria-controls=\"e-tab-content-2142\">\n\t\t\t\t\t\t\t\t\t\t\t\t\t\t\t\t\t\t\t\t\t<div class=\"e-tab-thumbnail\">\n\t\t\t\t\t\t\t\t\t\t\t\t\t\t\t\t\t\t\t\t\t\t\t\t\t<img src=\"http:\/\/img.youtube.com\/vi\/C_H__Yikh2A\/maxresdefault.jpg\" \/>\n\t\t\t\t\t\t\t\t\t\t\t\t\t\t\t\t\t\t\t\t\t\t\t\t<span class=\"icon-play\"><i aria-hidden=\"true\" class=\"fas fa-play-circle\"><\/i><\/span>\n\t\t\t\t\t\t\t\t\t\t\t\t<span class=\"icon-watched\"><i aria-hidden=\"true\" class=\"fas fa-check-circle\"><\/i><\/span>\n\t\t\t\t\t\t\t\t\t\t\t<\/div>\n\t\t\t\t\t\t\t\t\t\t\t\t\t\t\t\t\t\t\t\t<h4 class=\"e-tab-title-text\" title=\"Actualizaci\u00f3n de datos RIT -  Alcald\u00eda de Medell\u00edn\">\n\t\t\t\t\t\t\t\t\t\t\t<a href=\"\">\n\t\t\t\t\t\t\t\t\t\t\t\t\t\t\t\t\t\t\t\t\t\t\t\tActualizaci\u00f3n de datos RIT -  Alcald\u00eda de Medell\u00edn\t\t\t\t\t\t\t\t\t\t\t<\/a>\n\t\t\t\t\t\t\t\t\t\t<\/h4>\n\t\t\t\t\t\t\t\t\t\t\t\t\t\t\t\t\t\t\t\t\t<span class=\"e-tab-duration\">2:34<\/span>\n\t\t\t\t\t\t\t\t\t\t\t\t\t\t\t\t\t\t\t<\/div>\n\t\t\t\t\t\t\t\t\t\t\t\t\t\t\t\t\t\t\t\t\t\t\t\t\t\t\t\t\t\t\t\t<div id=\"e-tab-title-2143\" class=\"e-tab-title e-tab-desktop-title\" aria-selected=\"false\" data-tab=\"3\" role=\"tab\" tabindex=\"-1\" aria-controls=\"e-tab-content-2143\">\n\t\t\t\t\t\t\t\t\t\t\t\t\t\t\t\t\t\t\t\t\t<div class=\"e-tab-thumbnail\">\n\t\t\t\t\t\t\t\t\t\t\t\t\t\t\t\t\t\t\t\t\t\t\t\t\t<img src=\"http:\/\/img.youtube.com\/vi\/WaZ1FLc1rrA\/maxresdefault.jpg\" \/>\n\t\t\t\t\t\t\t\t\t\t\t\t\t\t\t\t\t\t\t\t\t\t\t\t<span class=\"icon-play\"><i aria-hidden=\"true\" class=\"fas fa-play-circle\"><\/i><\/span>\n\t\t\t\t\t\t\t\t\t\t\t\t<span class=\"icon-watched\"><i aria-hidden=\"true\" class=\"fas fa-check-circle\"><\/i><\/span>\n\t\t\t\t\t\t\t\t\t\t\t<\/div>\n\t\t\t\t\t\t\t\t\t\t\t\t\t\t\t\t\t\t\t\t<h4 class=\"e-tab-title-text\" title=\"Descarga documento ICA - Alcald\u00eda de Medell\u00edn\">\n\t\t\t\t\t\t\t\t\t\t\t<a href=\"\">\n\t\t\t\t\t\t\t\t\t\t\t\t\t\t\t\t\t\t\t\t\t\t\t\tDescarga documento ICA - Alcald\u00eda de Medell\u00edn\t\t\t\t\t\t\t\t\t\t\t<\/a>\n\t\t\t\t\t\t\t\t\t\t<\/h4>\n\t\t\t\t\t\t\t\t\t\t\t\t\t\t\t\t\t\t\t\t\t<span class=\"e-tab-duration\">1:55<\/span>\n\t\t\t\t\t\t\t\t\t\t\t\t\t\t\t\t\t\t\t<\/div>\n\t\t\t\t\t\t\t\t\t\t\t\t\t\t\t\t\t\t\t\t\t\t\t\t\t\t\t\t\t\t\t\t<div id=\"e-tab-title-2144\" class=\"e-tab-title e-tab-desktop-title\" aria-selected=\"false\" data-tab=\"4\" role=\"tab\" tabindex=\"-1\" aria-controls=\"e-tab-content-2144\">\n\t\t\t\t\t\t\t\t\t\t\t\t\t\t\t\t\t\t\t\t\t<div class=\"e-tab-thumbnail\">\n\t\t\t\t\t\t\t\t\t\t\t\t\t\t\t\t\t\t\t\t\t\t\t\t\t<img src=\"http:\/\/img.youtube.com\/vi\/SZZsneoo4Aw\/maxresdefault.jpg\" \/>\n\t\t\t\t\t\t\t\t\t\t\t\t\t\t\t\t\t\t\t\t\t\t\t\t<span class=\"icon-play\"><i aria-hidden=\"true\" class=\"fas fa-play-circle\"><\/i><\/span>\n\t\t\t\t\t\t\t\t\t\t\t\t<span class=\"icon-watched\"><i aria-hidden=\"true\" class=\"fas fa-check-circle\"><\/i><\/span>\n\t\t\t\t\t\t\t\t\t\t\t<\/div>\n\t\t\t\t\t\t\t\t\t\t\t\t\t\t\t\t\t\t\t\t<h4 class=\"e-tab-title-text\" title=\"Descarga documento predial - Alcald\u00eda de Medell\u00edn\">\n\t\t\t\t\t\t\t\t\t\t\t<a href=\"\">\n\t\t\t\t\t\t\t\t\t\t\t\t\t\t\t\t\t\t\t\t\t\t\t\tDescarga documento predial - Alcald\u00eda de Medell\u00edn\t\t\t\t\t\t\t\t\t\t\t<\/a>\n\t\t\t\t\t\t\t\t\t\t<\/h4>\n\t\t\t\t\t\t\t\t\t\t\t\t\t\t\t\t\t\t\t\t\t<span class=\"e-tab-duration\">2:10<\/span>\n\t\t\t\t\t\t\t\t\t\t\t\t\t\t\t\t\t\t\t<\/div>\n\t\t\t\t\t\t\t\t\t\t\t\t\t\t\t\t\t\t\t\t\t\t\t\t\t\t\t\t\t\t\t\t<div id=\"e-tab-title-2145\" class=\"e-tab-title e-tab-desktop-title\" aria-selected=\"false\" data-tab=\"5\" role=\"tab\" tabindex=\"-1\" aria-controls=\"e-tab-content-2145\">\n\t\t\t\t\t\t\t\t\t\t\t\t\t\t\t\t\t\t\t\t\t<div class=\"e-tab-thumbnail\">\n\t\t\t\t\t\t\t\t\t\t\t\t\t\t\t\t\t\t\t\t\t\t\t\t\t<img src=\"http:\/\/img.youtube.com\/vi\/tQMRo9G8eJU\/maxresdefault.jpg\" \/>\n\t\t\t\t\t\t\t\t\t\t\t\t\t\t\t\t\t\t\t\t\t\t\t\t<span class=\"icon-play\"><i aria-hidden=\"true\" class=\"fas fa-play-circle\"><\/i><\/span>\n\t\t\t\t\t\t\t\t\t\t\t\t<span class=\"icon-watched\"><i aria-hidden=\"true\" class=\"fas fa-check-circle\"><\/i><\/span>\n\t\t\t\t\t\t\t\t\t\t\t<\/div>\n\t\t\t\t\t\t\t\t\t\t\t\t\t\t\t\t\t\t\t\t<h4 class=\"e-tab-title-text\" title=\"Paz y salvo predial - Alcald\u00eda de Medell\u00edn\">\n\t\t\t\t\t\t\t\t\t\t\t<a href=\"\">\n\t\t\t\t\t\t\t\t\t\t\t\t\t\t\t\t\t\t\t\t\t\t\t\tPaz y salvo predial - Alcald\u00eda de Medell\u00edn\t\t\t\t\t\t\t\t\t\t\t<\/a>\n\t\t\t\t\t\t\t\t\t\t<\/h4>\n\t\t\t\t\t\t\t\t\t\t\t\t\t\t\t\t\t\t\t\t\t<span class=\"e-tab-duration\">2:32<\/span>\n\t\t\t\t\t\t\t\t\t\t\t\t\t\t\t\t\t\t\t<\/div>\n\t\t\t\t\t\t\t\t\t\t\t\t\t\t\t\t\t\t\t\t\t<\/div>\n\t\t\t\t\t\t<div class=\"shadow shadow-top\" aria-hidden=\"true\"><\/div>\n\t\t\t\t\t\t<div class=\"shadow shadow-bottom\" aria-hidden=\"true\"><\/div>\n\t\t\t\t\t<\/div>\n\t\t\t\t<\/div>\n\n\t\t\t\t<div class=\"e-tabs-content-wrapper\" role=\"tablist\" aria-orientation=\"vertical\">\n\t\t\t\t\t\t\t\t\t\t\t<div id=\"e-tab-content-2141\" class=\"e-tab-content elementor-clearfix\" data-tab=\"1\" role=\"tabpanel\" aria-labelledby=\"e-tab-title-2141\" tabindex=\"0\" data-video-url=\"https:\/\/www.youtube.com\/watch?v=v8-V-uzhUAc&amp;feature=youtu.be\" data-video-type=\"youtube\" data-video-title=\"Actualizaci\u00f3n del Portal Tributario - Alcald\u00eda de Medell\u00edn\" data-video-duration=\"5:16\">\n\t\t\t\t\t\t\t<div><\/div>\n\t\t\t\t\t\t\t\t\t\t\t\t\t<\/div>\n\t\t\t\t\t\t\t\t\t\t\t<div id=\"e-tab-content-2142\" class=\"e-tab-content elementor-clearfix\" data-tab=\"2\" role=\"tabpanel\" aria-labelledby=\"e-tab-title-2142\" tabindex=\"0\" data-video-url=\"https:\/\/youtu.be\/C_H__Yikh2A\" data-video-type=\"youtube\" data-video-title=\"Actualizaci\u00f3n de datos RIT -  Alcald\u00eda de Medell\u00edn\" data-video-duration=\"2:34\" hidden=\"hidden\">\n\t\t\t\t\t\t\t<div><\/div>\n\t\t\t\t\t\t\t\t\t\t\t\t\t<\/div>\n\t\t\t\t\t\t\t\t\t\t\t<div id=\"e-tab-content-2143\" class=\"e-tab-content elementor-clearfix\" data-tab=\"3\" role=\"tabpanel\" aria-labelledby=\"e-tab-title-2143\" tabindex=\"0\" data-video-url=\"https:\/\/youtu.be\/WaZ1FLc1rrA\" data-video-type=\"youtube\" data-video-title=\"Descarga documento ICA - Alcald\u00eda de Medell\u00edn\" data-video-duration=\"1:55\" hidden=\"hidden\">\n\t\t\t\t\t\t\t<div><\/div>\n\t\t\t\t\t\t\t\t\t\t\t\t\t<\/div>\n\t\t\t\t\t\t\t\t\t\t\t<div id=\"e-tab-content-2144\" class=\"e-tab-content elementor-clearfix\" data-tab=\"4\" role=\"tabpanel\" aria-labelledby=\"e-tab-title-2144\" tabindex=\"0\" data-video-url=\"https:\/\/youtu.be\/SZZsneoo4Aw\" data-video-type=\"youtube\" data-video-title=\"Descarga documento predial - Alcald\u00eda de Medell\u00edn\" data-video-duration=\"2:10\" hidden=\"hidden\">\n\t\t\t\t\t\t\t<div><\/div>\n\t\t\t\t\t\t\t\t\t\t\t\t\t<\/div>\n\t\t\t\t\t\t\t\t\t\t\t<div id=\"e-tab-content-2145\" class=\"e-tab-content elementor-clearfix\" data-tab=\"5\" role=\"tabpanel\" aria-labelledby=\"e-tab-title-2145\" tabindex=\"0\" data-video-url=\"https:\/\/youtu.be\/tQMRo9G8eJU\" data-video-type=\"youtube\" data-video-title=\"Paz y salvo predial - Alcald\u00eda de Medell\u00edn\" data-video-duration=\"2:32\" hidden=\"hidden\">\n\t\t\t\t\t\t\t<div><\/div>\n\t\t\t\t\t\t\t\t\t\t\t\t\t<\/div>\n\t\t\t\t\t\t\t\t\t<\/div>\n\t\t\t<\/div>\n\n\t\t\t<div class=\"e-tabs-inner-tabs\" >\n\t\t\t\t\t\t\t\t\t\t\t\t\t\t\t\t\t\t\t\t\t\t\t\t\t\t\t\t\t\t\t\t\t\t\t\t\t\t\t\t\t\t\t\t\t\t\t\t\t\t\t\t<\/div>\n\t\t<\/div>\n\t\t\t\t<\/div>\n\t\t\t\t<\/div>\n\t\t<\/div>\t\t\t\t<\/div>\n\t\t\t\t\t<\/div>\n\t\t<\/div>\n\t\t\t\t\t\t\t\t<\/div>\n\t\t\t\t\t<\/div>\n\t\t<\/section>\n\t\t<div class=\"elementor-element elementor-element-b6e9c46 e-container--column e-container\" data-id=\"b6e9c46\" data-element_type=\"container\">\t\t\t\t<div class=\"elementor-element elementor-element-c500d15 elementor-widget elementor-widget-spacer\" data-id=\"c500d15\" data-element_type=\"widget\" data-widget_type=\"spacer.default\">\n\t\t\t\t<div class=\"elementor-widget-container\">\n\t\t\t\t\t<div class=\"elementor-spacer\">\n\t\t\t<div class=\"elementor-spacer-inner\"><\/div>\n\t\t<\/div>\n\t\t\t\t<\/div>\n\t\t\t\t<\/div>\n\t\t<\/div>\t\t<section class=\"elementor-section elementor-top-section elementor-element elementor-element-36051d0 elementor-section-full_width elementor-section-height-default elementor-section-height-default\" data-id=\"36051d0\" data-element_type=\"section\" data-settings=\"{&quot;background_background&quot;:&quot;classic&quot;}\">\n\t\t\t\t\t\t<div class=\"elementor-container elementor-column-gap-default\">\n\t\t\t\t\t\t\t<div class=\"elementor-row\">\n\t\t\t\t\t<div class=\"elementor-column elementor-col-100 elementor-top-column elementor-element elementor-element-40fca82\" data-id=\"40fca82\" data-element_type=\"column\">\n\t\t\t<div class=\"elementor-column-wrap elementor-element-populated\">\n\t\t\t\t\t\t\t<div class=\"elementor-widget-wrap\">\n\t\t\t\t\t\t<section class=\"elementor-section elementor-inner-section elementor-element elementor-element-d0835f4 elementor-section-boxed elementor-section-height-default elementor-section-height-default\" data-id=\"d0835f4\" data-element_type=\"section\">\n\t\t\t\t\t\t<div class=\"elementor-container elementor-column-gap-default\">\n\t\t\t\t\t\t\t<div class=\"elementor-row\">\n\t\t\t\t\t<div class=\"elementor-column elementor-col-100 elementor-inner-column elementor-element elementor-element-29b4e57\" data-id=\"29b4e57\" data-element_type=\"column\">\n\t\t\t<div class=\"elementor-column-wrap elementor-element-populated\">\n\t\t\t\t\t\t\t<div class=\"elementor-widget-wrap\">\n\t\t\t\t\t\t<div class=\"elementor-element elementor-element-ab52faa elementor-widget elementor-widget-text-editor\" data-id=\"ab52faa\" data-element_type=\"widget\" data-widget_type=\"text-editor.default\">\n\t\t\t\t<div class=\"elementor-widget-container\">\n\t\t\t\t\t\t\t\t<div class=\"elementor-text-editor elementor-clearfix\">\n\t\t\t\t<h2><a href=\"https:\/\/www.medellin.gov.co\/es\/secretaria-de-hacienda\/funciones-y-composicion\/\" target=\"_blank\" rel=\"noopener\"><span class=\"titulo-banner-linea1\">\u00bfQu\u00e9 hacemos? <\/span><span class=\"titulo-banner-linea2\">Secretar\u00eda de Hacienda\u00a0<\/span><\/a><\/h2>\t\t\t\t\t<\/div>\n\t\t\t\t\t\t<\/div>\n\t\t\t\t<\/div>\n\t\t\t\t\t\t<\/div>\n\t\t\t\t\t<\/div>\n\t\t<\/div>\n\t\t\t\t\t\t\t\t<\/div>\n\t\t\t\t\t<\/div>\n\t\t<\/section>\n\t\t\t\t\t\t<\/div>\n\t\t\t\t\t<\/div>\n\t\t<\/div>\n\t\t\t\t\t\t\t\t<\/div>\n\t\t\t\t\t<\/div>\n\t\t<\/section>\n\t\t<div class=\"elementor-element elementor-element-a74c006 e-container--column e-container\" data-id=\"a74c006\" data-element_type=\"container\">\t\t\t\t<div class=\"elementor-element elementor-element-f2bc078 elementor-widget elementor-widget-spacer\" data-id=\"f2bc078\" data-element_type=\"widget\" data-widget_type=\"spacer.default\">\n\t\t\t\t<div class=\"elementor-widget-container\">\n\t\t\t\t\t<div class=\"elementor-spacer\">\n\t\t\t<div class=\"elementor-spacer-inner\"><\/div>\n\t\t<\/div>\n\t\t\t\t<\/div>\n\t\t\t\t<\/div>\n\t\t<\/div>\t\t<section class=\"elementor-section elementor-top-section elementor-element elementor-element-365c248 elementor-section-boxed elementor-section-height-default elementor-section-height-default\" data-id=\"365c248\" data-element_type=\"section\">\n\t\t\t\t\t\t<div class=\"elementor-container elementor-column-gap-default\">\n\t\t\t\t\t\t\t<div class=\"elementor-row\">\n\t\t\t\t\t<div class=\"elementor-column elementor-col-100 elementor-top-column elementor-element elementor-element-c351934\" data-id=\"c351934\" data-element_type=\"column\">\n\t\t\t<div class=\"elementor-column-wrap elementor-element-populated\">\n\t\t\t\t\t\t\t<div class=\"elementor-widget-wrap\">\n\t\t\t\t<div class=\"elementor-element elementor-element-0f668fc e-container--row e-container\" data-id=\"0f668fc\" data-element_type=\"container\" data-settings=\"{&quot;background_background&quot;:&quot;classic&quot;}\">\t\t<div class=\"elementor-element elementor-element-8683a85 e-container--column e-container\" data-id=\"8683a85\" data-element_type=\"container\">\t\t\t\t<div class=\"elementor-element elementor-element-0cc7bd0 elementor-widget elementor-widget-image\" data-id=\"0cc7bd0\" data-element_type=\"widget\" data-widget_type=\"image.default\">\n\t\t\t\t<div class=\"elementor-widget-container\">\n\t\t\t\t\t\t\t\t<div class=\"elementor-image\">\n\t\t\t\t\t\t\t\t\t\t\t\t\t<a href=\"https:\/\/api.whatsapp.com\/send?phone=573016044444&#038;text=Hola%20Flor%20%C2%BFpuedes%20ayudarme?\" target=\"_blank\">\n\t\t\t\t\t\t\t<img width=\"768\" height=\"446\" src=\"https:\/\/www.medellin.gov.co\/es\/wp-content\/uploads\/2025\/03\/Boletin-flor-768x446.jpeg\" class=\"attachment-medium_large size-medium_large\" alt=\"\" loading=\"lazy\" srcset=\"https:\/\/www.medellin.gov.co\/es\/wp-content\/uploads\/2025\/03\/Boletin-flor-768x446.jpeg 768w, https:\/\/www.medellin.gov.co\/es\/wp-content\/uploads\/2025\/03\/Boletin-flor-300x174.jpeg 300w, https:\/\/www.medellin.gov.co\/es\/wp-content\/uploads\/2025\/03\/Boletin-flor-1024x595.jpeg 1024w, https:\/\/www.medellin.gov.co\/es\/wp-content\/uploads\/2025\/03\/Boletin-flor-150x87.jpeg 150w, https:\/\/www.medellin.gov.co\/es\/wp-content\/uploads\/2025\/03\/Boletin-flor.jpeg 1200w\" sizes=\"(max-width: 768px) 100vw, 768px\" \/>\t\t\t\t\t\t\t\t<\/a>\n\t\t\t\t\t\t\t\t\t\t\t\t\t\t<\/div>\n\t\t\t\t\t\t<\/div>\n\t\t\t\t<\/div>\n\t\t<\/div><div class=\"elementor-element elementor-element-6b37abc e-container--column e-container\" data-id=\"6b37abc\" data-element_type=\"container\">\t\t\t\t<div class=\"elementor-element elementor-element-fb6eff3 elementor-aspect-ratio-169 elementor-widget elementor-widget-video\" data-id=\"fb6eff3\" data-element_type=\"widget\" data-settings=\"{&quot;youtube_url&quot;:&quot;https:\\\/\\\/www.youtube.com\\\/watch?v=JED9uoqyA8U&quot;,&quot;video_type&quot;:&quot;youtube&quot;,&quot;controls&quot;:&quot;yes&quot;,&quot;aspect_ratio&quot;:&quot;169&quot;}\" data-widget_type=\"video.default\">\n\t\t\t\t<div class=\"elementor-widget-container\">\n\t\t\t\t\t<div class=\"elementor-wrapper elementor-fit-aspect-ratio elementor-open-inline\">\n\t\t\t<div class=\"elementor-video\"><\/div>\t\t<\/div>\n\t\t\t\t<\/div>\n\t\t\t\t<\/div>\n\t\t<\/div><\/div>\t\t\t\t<\/div>\n\t\t\t\t\t<\/div>\n\t\t<\/div>\n\t\t\t\t\t\t\t\t<\/div>\n\t\t\t\t\t<\/div>\n\t\t<\/section>\n\t\t\t\t<section class=\"elementor-section elementor-top-section elementor-element elementor-element-daf62da elementor-section-full_width elementor-section-height-default elementor-section-height-default\" data-id=\"daf62da\" data-element_type=\"section\" data-settings=\"{&quot;background_background&quot;:&quot;classic&quot;}\">\n\t\t\t\t\t\t<div class=\"elementor-container elementor-column-gap-default\">\n\t\t\t\t\t\t\t<div class=\"elementor-row\">\n\t\t\t\t\t<div class=\"elementor-column elementor-col-100 elementor-top-column elementor-element elementor-element-c25753d\" data-id=\"c25753d\" data-element_type=\"column\">\n\t\t\t<div class=\"elementor-column-wrap elementor-element-populated\">\n\t\t\t\t\t\t\t<div class=\"elementor-widget-wrap\">\n\t\t\t\t\t\t<section class=\"elementor-section elementor-inner-section elementor-element elementor-element-778e20d elementor-section-boxed elementor-section-height-default elementor-section-height-default\" data-id=\"778e20d\" data-element_type=\"section\">\n\t\t\t\t\t\t<div class=\"elementor-container elementor-column-gap-default\">\n\t\t\t\t\t\t\t<div class=\"elementor-row\">\n\t\t\t\t\t<div class=\"elementor-column elementor-col-100 elementor-inner-column elementor-element elementor-element-13d9f34\" data-id=\"13d9f34\" data-element_type=\"column\">\n\t\t\t<div class=\"elementor-column-wrap elementor-element-populated\">\n\t\t\t\t\t\t\t<div class=\"elementor-widget-wrap\">\n\t\t\t\t\t\t<div class=\"elementor-element elementor-element-1d8978f elementor-widget elementor-widget-text-editor\" data-id=\"1d8978f\" data-element_type=\"widget\" data-widget_type=\"text-editor.default\">\n\t\t\t\t<div class=\"elementor-widget-container\">\n\t\t\t\t\t\t\t\t<div class=\"elementor-text-editor elementor-clearfix\">\n\t\t\t\t<h2><span class=\"titulo-banner-linea1\">L\u00ednea \u00fanica de atenci\u00f3n <\/span><span class=\"titulo-banner-linea2\">Secretar\u00eda de Hacienda (604) 3228069<\/span><\/h2>\t\t\t\t\t<\/div>\n\t\t\t\t\t\t<\/div>\n\t\t\t\t<\/div>\n\t\t\t\t\t\t<\/div>\n\t\t\t\t\t<\/div>\n\t\t<\/div>\n\t\t\t\t\t\t\t\t<\/div>\n\t\t\t\t\t<\/div>\n\t\t<\/section>\n\t\t\t\t\t\t<\/div>\n\t\t\t\t\t<\/div>\n\t\t<\/div>\n\t\t\t\t\t\t\t\t<\/div>\n\t\t\t\t\t<\/div>\n\t\t<\/section>\n\t\t\t\t<section class=\"elementor-section elementor-top-section elementor-element elementor-element-dc9aebc elementor-section-boxed elementor-section-height-default elementor-section-height-default\" data-id=\"dc9aebc\" data-element_type=\"section\">\n\t\t\t\t\t\t<div class=\"elementor-container elementor-column-gap-default\">\n\t\t\t\t\t\t\t<div class=\"elementor-row\">\n\t\t\t\t\t<div class=\"elementor-column elementor-col-100 elementor-top-column elementor-element elementor-element-a5020cb\" data-id=\"a5020cb\" data-element_type=\"column\">\n\t\t\t<div class=\"elementor-column-wrap elementor-element-populated\">\n\t\t\t\t\t\t\t<div class=\"elementor-widget-wrap\">\n\t\t\t\t<div class=\"elementor-element elementor-element-87302bf e-container--column e-container\" data-id=\"87302bf\" data-element_type=\"container\">\t\t<div class=\"elementor-element elementor-element-ef18039 e-container--column e-container\" data-id=\"ef18039\" data-element_type=\"container\">\t\t\t\t<div class=\"elementor-element elementor-element-ad590b8 elementor-widget elementor-widget-titulo-con-link\" data-id=\"ad590b8\" data-element_type=\"widget\" data-widget_type=\"titulo-con-link.default\">\n\t\t\t\t<div class=\"elementor-widget-container\">\n\t\t\t        <div class=\"heading-container\">\n            <div class=\"heading-title\">\n                <h2 class=\"elementor-heading-title elementor-size-default\"><b>\u00daltimas noticias<\/b> de la Secretar\u00eda de Hacienda<\/h2>            <\/div>\n            <div class=\"heading-links\">\n                <ul>\n                                            <li>\n                            <a href=\"https:\/\/www.medellin.gov.co\/es\/sala-de-prensa\/noticias\/?_sft_category=secretaria-de-hacienda\">\n                                                                 Ver todas las noticias                            <\/a>\n                        <\/li>\n                                    <\/ul>\n            <\/div>\n        <\/div>\n        \t\t<\/div>\n\t\t\t\t<\/div>\n\t\t\t\t<div class=\"elementor-element elementor-element-0d61ec9 elementor-widget elementor-widget-text-editor\" data-id=\"0d61ec9\" data-element_type=\"widget\" data-widget_type=\"text-editor.default\">\n\t\t\t\t<div class=\"elementor-widget-container\">\n\t\t\t\t\t\t\t\t<div class=\"elementor-text-editor elementor-clearfix\">\n\t\t\t\t<p>Explora aqu\u00ed todas las noticias de la Secretar\u00eda de Hacienda, realiza filtros por fechas, secretar\u00edas o formatos seg\u00fan tu preferencia.<\/p>\t\t\t\t\t<\/div>\n\t\t\t\t\t\t<\/div>\n\t\t\t\t<\/div>\n\t\t<\/div><\/div>\t\t\t\t<\/div>\n\t\t\t\t\t<\/div>\n\t\t<\/div>\n\t\t\t\t\t\t\t\t<\/div>\n\t\t\t\t\t<\/div>\n\t\t<\/section>\n\t\t\t\t<section class=\"elementor-section elementor-top-section elementor-element elementor-element-fa7cea9 elementor-section-boxed elementor-section-height-default elementor-section-height-default\" data-id=\"fa7cea9\" data-element_type=\"section\">\n\t\t\t\t\t\t<div class=\"elementor-container elementor-column-gap-default\">\n\t\t\t\t\t\t\t<div class=\"elementor-row\">\n\t\t\t\t\t<div class=\"elementor-column elementor-col-100 elementor-top-column elementor-element elementor-element-89dcbd9\" data-id=\"89dcbd9\" data-element_type=\"column\">\n\t\t\t<div class=\"elementor-column-wrap elementor-element-populated\">\n\t\t\t\t\t\t\t<div class=\"elementor-widget-wrap\">\n\t\t\t\t<div class=\"elementor-element elementor-element-f8136d1 e-container--column e-container\" data-id=\"f8136d1\" data-element_type=\"container\">\t\t\t\t<div class=\"elementor-element elementor-element-5c47bc5 elementor-widget elementor-widget-noticias\" data-id=\"5c47bc5\" data-element_type=\"widget\" data-widget_type=\"noticias.default\">\n\t\t\t\t<div class=\"elementor-widget-container\">\n\t\t\t          <div class=\"mod_news_inicio_\">\n                <div class=\"grid_nes_hom_\">\n                                  <div class=\"grid_1\">\n                    <h3 class=\"titulog_1dr\"><a id=\"\" href=\"https:\/\/www.medellin.gov.co\/es\/sala-de-prensa\/noticias\/se-acerca-la-finalizacion-de-los-plazos-para-declarar-el-impuesto-de-industria-y-comercio-en-medellin\/\">Se acerca la finalizaci\u00f3n de los plazos para declarar el ...<\/a><\/h3>\n                    <span class=\"pertenece_a\">Contenido asociado a<\/span>\n                    <div class=\"listado_vim\">\n                          <ul><li><ion-icon name=\"radio-button-on-outline\"><\/ion-icon><a href=\"https:\/\/www.medellin.gov.co\/es\/temas-de-ciudad\/impuestos\/\" rel=\"tag\">Impuestos<\/a><\/li><li><ion-icon name=\"radio-button-on-outline\"><\/ion-icon><a href=\"https:\/\/www.medellin.gov.co\/es\/temas-de-ciudad\/nuestro-gobierno\/\" rel=\"tag\">Nuestro Gobierno<\/a><\/li><\/ul>                    <\/div>\n                    <a id=\"\" href=\"https:\/\/www.medellin.gov.co\/es\/sala-de-prensa\/noticias\/se-acerca-la-finalizacion-de-los-plazos-para-declarar-el-impuesto-de-industria-y-comercio-en-medellin\/\">\n                          <img width=\"1276\" height=\"850\" src=\"https:\/\/www.medellin.gov.co\/es\/wp-content\/uploads\/2026\/04\/impuestos_ICA-1.jpg\" class=\"attachment- size- wp-post-image\" alt=\"Atenci\u00f3n al ciudadano\" loading=\"lazy\" srcset=\"https:\/\/www.medellin.gov.co\/es\/wp-content\/uploads\/2026\/04\/impuestos_ICA-1.jpg 1276w, https:\/\/www.medellin.gov.co\/es\/wp-content\/uploads\/2026\/04\/impuestos_ICA-1-300x200.jpg 300w, https:\/\/www.medellin.gov.co\/es\/wp-content\/uploads\/2026\/04\/impuestos_ICA-1-1024x682.jpg 1024w, https:\/\/www.medellin.gov.co\/es\/wp-content\/uploads\/2026\/04\/impuestos_ICA-1-150x100.jpg 150w, https:\/\/www.medellin.gov.co\/es\/wp-content\/uploads\/2026\/04\/impuestos_ICA-1-768x512.jpg 768w\" sizes=\"(max-width: 1276px) 100vw, 1276px\" \/>                    <\/a>\n                    <p>\n                          Hasta el jueves 30 de abril est\u00e1n vigentes los plazos para presentar la declaraci\u00f3n del impuesto de industria y...                    <\/p>\n                    <a id=\"\" href=\"https:\/\/www.medellin.gov.co\/es\/sala-de-prensa\/noticias\/se-acerca-la-finalizacion-de-los-plazos-para-declarar-el-impuesto-de-industria-y-comercio-en-medellin\/\" class=\"boton_vernota\">Conoce m\u00e1s<\/a>\n                    <div class=\"formatos_\">\n                                              <\/div>\n                    <!-- <small>Tipo de lectura: 1 minutos<\/small> -->\n                  <\/div>\n                \n                  <div class=\"grid_2\">\n                                    <div class=\"grid\">\n                    <a href=\"https:\/\/www.medellin.gov.co\/es\/sala-de-prensa\/noticias\/oficina-movil-del-distrito-recorrera-comunas-y-corregimientos-de-medellin-para-facilitar-tramites-tributarios-y-acercarse-a-la-ciudadania\/\">\n                    <img width=\"1141\" height=\"760\" src=\"https:\/\/www.medellin.gov.co\/es\/wp-content\/uploads\/2026\/04\/Imagen-de-oficina-movil-de-tramites-tributarios-de-la-Alcaldia.jpg\" class=\"attachment- size- wp-post-image\" alt=\"Imagen de oficina m\u00f3vil de tr\u00e1mites tributarios de la Alcald\u00eda\" loading=\"lazy\" srcset=\"https:\/\/www.medellin.gov.co\/es\/wp-content\/uploads\/2026\/04\/Imagen-de-oficina-movil-de-tramites-tributarios-de-la-Alcaldia.jpg 1141w, https:\/\/www.medellin.gov.co\/es\/wp-content\/uploads\/2026\/04\/Imagen-de-oficina-movil-de-tramites-tributarios-de-la-Alcaldia-300x200.jpg 300w, https:\/\/www.medellin.gov.co\/es\/wp-content\/uploads\/2026\/04\/Imagen-de-oficina-movil-de-tramites-tributarios-de-la-Alcaldia-1024x682.jpg 1024w, https:\/\/www.medellin.gov.co\/es\/wp-content\/uploads\/2026\/04\/Imagen-de-oficina-movil-de-tramites-tributarios-de-la-Alcaldia-150x100.jpg 150w, https:\/\/www.medellin.gov.co\/es\/wp-content\/uploads\/2026\/04\/Imagen-de-oficina-movil-de-tramites-tributarios-de-la-Alcaldia-768x512.jpg 768w\" sizes=\"(max-width: 1141px) 100vw, 1141px\" \/>                  <\/a>\n                    <h3 class=\"titulog_dr\"><a id=\"\" href=\"https:\/\/www.medellin.gov.co\/es\/sala-de-prensa\/noticias\/oficina-movil-del-distrito-recorrera-comunas-y-corregimientos-de-medellin-para-facilitar-tramites-tributarios-y-acercarse-a-la-ciudadania\/\">Oficina m\u00f3vil del Distrito recorrer\u00e1 comunas y corregimientos de Medell\u00edn ...<\/a><\/h3>\n                    <span class=\"pertenece_a\">Contenido asociado a<\/span>\n                    <div class=\"listado_vim\">\n                    <ul><li><ion-icon name=\"radio-button-on-outline\"><\/ion-icon><a href=\"https:\/\/www.medellin.gov.co\/es\/temas-de-ciudad\/impuestos\/\" rel=\"tag\">Impuestos<\/a><\/li><li><ion-icon name=\"radio-button-on-outline\"><\/ion-icon><a href=\"https:\/\/www.medellin.gov.co\/es\/temas-de-ciudad\/nuestro-gobierno\/\" rel=\"tag\">Nuestro Gobierno<\/a><\/li><\/ul>                    <\/div>\n                    <p>\n                    Los contribuyentes podr\u00e1n realizar pagos y recibir asesor\u00eda sobre impuestos como predial, industria...                    <\/p>\n                    <div class=\"zocalo_grid_\">\n                    <a id=\"\" href=\"https:\/\/www.medellin.gov.co\/es\/sala-de-prensa\/noticias\/oficina-movil-del-distrito-recorrera-comunas-y-corregimientos-de-medellin-para-facilitar-tramites-tributarios-y-acercarse-a-la-ciudadania\/\">Contin\u00faa leyendo<\/a>\n                    <\/div>\n                  <\/div>\n                                    <div class=\"grid\">\n                    <a href=\"https:\/\/www.medellin.gov.co\/es\/sala-de-prensa\/noticias\/a-partir-del-17-de-abril-inician-plazos-de-vencimiento-de-la-declaracion-del-impuesto-de-industria-y-comercio-en-medellin\/\">\n                    <img width=\"1141\" height=\"760\" src=\"https:\/\/www.medellin.gov.co\/es\/wp-content\/uploads\/2026\/04\/Imagen-panoramica-de-Medellin.jpg\" class=\"attachment- size- wp-post-image\" alt=\"Imagen panor\u00e1mica de Medell\u00edn\" loading=\"lazy\" srcset=\"https:\/\/www.medellin.gov.co\/es\/wp-content\/uploads\/2026\/04\/Imagen-panoramica-de-Medellin.jpg 1141w, https:\/\/www.medellin.gov.co\/es\/wp-content\/uploads\/2026\/04\/Imagen-panoramica-de-Medellin-300x200.jpg 300w, https:\/\/www.medellin.gov.co\/es\/wp-content\/uploads\/2026\/04\/Imagen-panoramica-de-Medellin-1024x682.jpg 1024w, https:\/\/www.medellin.gov.co\/es\/wp-content\/uploads\/2026\/04\/Imagen-panoramica-de-Medellin-150x100.jpg 150w, https:\/\/www.medellin.gov.co\/es\/wp-content\/uploads\/2026\/04\/Imagen-panoramica-de-Medellin-768x512.jpg 768w\" sizes=\"(max-width: 1141px) 100vw, 1141px\" \/>                  <\/a>\n                    <h3 class=\"titulog_dr\"><a id=\"\" href=\"https:\/\/www.medellin.gov.co\/es\/sala-de-prensa\/noticias\/a-partir-del-17-de-abril-inician-plazos-de-vencimiento-de-la-declaracion-del-impuesto-de-industria-y-comercio-en-medellin\/\">A partir del 17 de abril inician plazos de vencimiento ...<\/a><\/h3>\n                    <span class=\"pertenece_a\">Contenido asociado a<\/span>\n                    <div class=\"listado_vim\">\n                    <ul><li><ion-icon name=\"radio-button-on-outline\"><\/ion-icon><a href=\"https:\/\/www.medellin.gov.co\/es\/temas-de-ciudad\/impuestos\/\" rel=\"tag\">Impuestos<\/a><\/li><\/ul>                    <\/div>\n                    <p>\n                    Las fechas van hasta el 30 de abril. El tr\u00e1mite se realiza \u00fanicamente...                    <\/p>\n                    <div class=\"zocalo_grid_\">\n                    <a id=\"\" href=\"https:\/\/www.medellin.gov.co\/es\/sala-de-prensa\/noticias\/a-partir-del-17-de-abril-inician-plazos-de-vencimiento-de-la-declaracion-del-impuesto-de-industria-y-comercio-en-medellin\/\">Contin\u00faa leyendo<\/a>\n                    <\/div>\n                  <\/div>\n                                    <div class=\"grid\">\n                    <a href=\"https:\/\/www.medellin.gov.co\/es\/sala-de-prensa\/noticias\/la-ciudad-abre-nuevos-puntos-para-el-pago-de-impuestos-distritales-en-centros-comerciales\/\">\n                    <img width=\"1280\" height=\"720\" src=\"https:\/\/www.medellin.gov.co\/es\/wp-content\/uploads\/2026\/02\/Imagen-impuestos-Secretaria-Hacienda.jpg\" class=\"attachment- size- wp-post-image\" alt=\"Imagen impuestos Secretar\u00eda Hacienda\" loading=\"lazy\" srcset=\"https:\/\/www.medellin.gov.co\/es\/wp-content\/uploads\/2026\/02\/Imagen-impuestos-Secretaria-Hacienda.jpg 1280w, https:\/\/www.medellin.gov.co\/es\/wp-content\/uploads\/2026\/02\/Imagen-impuestos-Secretaria-Hacienda-300x169.jpg 300w, https:\/\/www.medellin.gov.co\/es\/wp-content\/uploads\/2026\/02\/Imagen-impuestos-Secretaria-Hacienda-1024x576.jpg 1024w, https:\/\/www.medellin.gov.co\/es\/wp-content\/uploads\/2026\/02\/Imagen-impuestos-Secretaria-Hacienda-150x84.jpg 150w, https:\/\/www.medellin.gov.co\/es\/wp-content\/uploads\/2026\/02\/Imagen-impuestos-Secretaria-Hacienda-768x432.jpg 768w\" sizes=\"(max-width: 1280px) 100vw, 1280px\" \/>                  <\/a>\n                    <h3 class=\"titulog_dr\"><a id=\"\" href=\"https:\/\/www.medellin.gov.co\/es\/sala-de-prensa\/noticias\/la-ciudad-abre-nuevos-puntos-para-el-pago-de-impuestos-distritales-en-centros-comerciales\/\">La ciudad abre nuevos puntos para el pago de impuestos ...<\/a><\/h3>\n                    <span class=\"pertenece_a\">Contenido asociado a<\/span>\n                    <div class=\"listado_vim\">\n                    <ul><li><ion-icon name=\"radio-button-on-outline\"><\/ion-icon><a href=\"https:\/\/www.medellin.gov.co\/es\/temas-de-ciudad\/impuestos\/\" rel=\"tag\">Impuestos<\/a><\/li><\/ul>                    <\/div>\n                    <p>\n                    Est\u00e1n ubicados en Unicentro, La Central, El Tesoro, Los Molinos, Florida y Premium...                    <\/p>\n                    <div class=\"zocalo_grid_\">\n                    <a id=\"\" href=\"https:\/\/www.medellin.gov.co\/es\/sala-de-prensa\/noticias\/la-ciudad-abre-nuevos-puntos-para-el-pago-de-impuestos-distritales-en-centros-comerciales\/\">Contin\u00faa leyendo<\/a>\n                    <\/div>\n                  <\/div>\n                  \n                  <\/div>\n                <\/div>\n          <\/div>\n        \t\t<\/div>\n\t\t\t\t<\/div>\n\t\t<\/div>\t\t\t\t<\/div>\n\t\t\t\t\t<\/div>\n\t\t<\/div>\n\t\t\t\t\t\t\t\t<\/div>\n\t\t\t\t\t<\/div>\n\t\t<\/section>\n\t\t\t\t\t\t\t\t\t<\/div>\n\t\t\t<\/div>\n\t\t\t\t\t<\/div>\n\t\t","protected":false},"excerpt":{"rendered":"<p>Se acerca la finalizaci\u00f3n de los plazos para declarar el impuesto de industria y comercio &#8230; Contenido asociado a Impuestos Nuestro Gobierno Hasta el jueves 30 de abril est\u00e1n vigentes los plazos para presentar la&#8230; &#8230;<\/p>\n","protected":false},"author":4,"featured_media":17396,"parent":16996,"menu_order":25,"comment_status":"closed","ping_status":"closed","template":"sec-hacienda\/elementor.php","meta":[],"acf":[],"_links":{"self":[{"href":"https:\/\/www.medellin.gov.co\/es\/wp-json\/wp\/v2\/pages\/80692"}],"collection":[{"href":"https:\/\/www.medellin.gov.co\/es\/wp-json\/wp\/v2\/pages"}],"about":[{"href":"https:\/\/www.medellin.gov.co\/es\/wp-json\/wp\/v2\/types\/page"}],"author":[{"embeddable":true,"href":"https:\/\/www.medellin.gov.co\/es\/wp-json\/wp\/v2\/users\/4"}],"replies":[{"embeddable":true,"href":"https:\/\/www.medellin.gov.co\/es\/wp-json\/wp\/v2\/comments?post=80692"}],"version-history":[{"count":10,"href":"https:\/\/www.medellin.gov.co\/es\/wp-json\/wp\/v2\/pages\/80692\/revisions"}],"predecessor-version":[{"id":525331,"href":"https:\/\/www.medellin.gov.co\/es\/wp-json\/wp\/v2\/pages\/80692\/revisions\/525331"}],"up":[{"embeddable":true,"href":"https:\/\/www.medellin.gov.co\/es\/wp-json\/wp\/v2\/pages\/16996"}],"wp:featuredmedia":[{"embeddable":true,"href":"https:\/\/www.medellin.gov.co\/es\/wp-json\/wp\/v2\/media\/17396"}],"wp:attachment":[{"href":"https:\/\/www.medellin.gov.co\/es\/wp-json\/wp\/v2\/media?parent=80692"}],"curies":[{"name":"wp","href":"https:\/\/api.w.org\/{rel}","templated":true}]}}