{"id":87923,"date":"2022-08-19T09:25:51","date_gmt":"2022-08-19T14:25:51","guid":{"rendered":"https:\/\/www.medellin.gov.co\/es\/?page_id=87923"},"modified":"2026-04-30T11:53:04","modified_gmt":"2026-04-30T16:53:04","slug":"vacunacion-antirrabica","status":"publish","type":"page","link":"https:\/\/www.medellin.gov.co\/es\/secretaria-de-salud\/vacunacion-antirrabica\/","title":{"rendered":"Vacunaci\u00f3n antirr\u00e1bica"},"content":{"rendered":"\t\t<div data-elementor-type=\"wp-page\" data-elementor-id=\"87923\" class=\"elementor elementor-87923\">\n\t\t\t\t\t\t<div class=\"elementor-inner\">\n\t\t\t\t<div class=\"elementor-section-wrap\">\n\t\t\t\t\t\t\t\t\t<section class=\"elementor-section elementor-top-section elementor-element elementor-element-55972b0 elementor-section-boxed elementor-section-height-default elementor-section-height-default\" data-id=\"55972b0\" data-element_type=\"section\">\n\t\t\t\t\t\t<div class=\"elementor-container elementor-column-gap-default\">\n\t\t\t\t\t\t\t<div class=\"elementor-row\">\n\t\t\t\t\t<div class=\"elementor-column elementor-col-100 elementor-top-column elementor-element elementor-element-1073b9d\" data-id=\"1073b9d\" data-element_type=\"column\">\n\t\t\t<div class=\"elementor-column-wrap elementor-element-populated\">\n\t\t\t\t\t\t\t<div class=\"elementor-widget-wrap\">\n\t\t\t\t\t\t<div class=\"elementor-element elementor-element-3445c65 elementor-widget elementor-widget-heading\" data-id=\"3445c65\" data-element_type=\"widget\" data-widget_type=\"heading.default\">\n\t\t\t\t<div class=\"elementor-widget-container\">\n\t\t\t<h1 class=\"elementor-heading-title elementor-size-default\">Vacunaci\u00f3n antirr\u00e1bica gratuita para perros y gatos<\/h1>\t\t<\/div>\n\t\t\t\t<\/div>\n\t\t\t\t\t\t<\/div>\n\t\t\t\t\t<\/div>\n\t\t<\/div>\n\t\t\t\t\t\t\t\t<\/div>\n\t\t\t\t\t<\/div>\n\t\t<\/section>\n\t\t\t\t<section class=\"elementor-section elementor-top-section elementor-element elementor-element-136dd5b elementor-section-boxed elementor-section-height-default elementor-section-height-default\" data-id=\"136dd5b\" data-element_type=\"section\">\n\t\t\t\t\t\t<div class=\"elementor-container elementor-column-gap-default\">\n\t\t\t\t\t\t\t<div class=\"elementor-row\">\n\t\t\t\t\t<div class=\"elementor-column elementor-col-100 elementor-top-column elementor-element elementor-element-0e73039\" data-id=\"0e73039\" data-element_type=\"column\">\n\t\t\t<div class=\"elementor-column-wrap elementor-element-populated\">\n\t\t\t\t\t\t\t<div class=\"elementor-widget-wrap\">\n\t\t\t\t\t\t<div class=\"elementor-element elementor-element-fb87d83 elementor-widget elementor-widget-text-editor\" data-id=\"fb87d83\" data-element_type=\"widget\" data-widget_type=\"text-editor.default\">\n\t\t\t\t<div class=\"elementor-widget-container\">\n\t\t\t\t\t\t\t\t<div class=\"elementor-text-editor elementor-clearfix\">\n\t\t\t\t<p>Esta es una de las acciones para la prevenci\u00f3n y control del virus de la rabia que realiza la Secretar\u00eda de Salud de Medell\u00edn en las diferentes comunas y corregimientos de la ciudad, a esta actividad se suma el seguimiento a las agresiones de animales potencialmente trasmisores de rabia reportadas por las instituciones de salud de la ciudad.\u00a0<\/p>\t\t\t\t\t<\/div>\n\t\t\t\t\t\t<\/div>\n\t\t\t\t<\/div>\n\t\t\t\t\t\t<\/div>\n\t\t\t\t\t<\/div>\n\t\t<\/div>\n\t\t\t\t\t\t\t\t<\/div>\n\t\t\t\t\t<\/div>\n\t\t<\/section>\n\t\t\t\t<section class=\"elementor-section elementor-top-section elementor-element elementor-element-032d410 elementor-section-boxed elementor-section-height-default elementor-section-height-default\" data-id=\"032d410\" data-element_type=\"section\">\n\t\t\t\t\t\t<div class=\"elementor-container elementor-column-gap-default\">\n\t\t\t\t\t\t\t<div class=\"elementor-row\">\n\t\t\t\t\t<div class=\"elementor-column elementor-col-100 elementor-top-column elementor-element elementor-element-1ac9736\" data-id=\"1ac9736\" data-element_type=\"column\">\n\t\t\t<div class=\"elementor-column-wrap elementor-element-populated\">\n\t\t\t\t\t\t\t<div class=\"elementor-widget-wrap\">\n\t\t\t\t\t\t<div class=\"elementor-element elementor-element-7e7cfa1 elementor-widget-divider--view-line elementor-widget elementor-widget-divider\" data-id=\"7e7cfa1\" data-element_type=\"widget\" data-widget_type=\"divider.default\">\n\t\t\t\t<div class=\"elementor-widget-container\">\n\t\t\t\t\t<div class=\"elementor-divider\">\n\t\t\t<span class=\"elementor-divider-separator\">\n\t\t\t\t\t\t<\/span>\n\t\t<\/div>\n\t\t\t\t<\/div>\n\t\t\t\t<\/div>\n\t\t\t\t\t\t<\/div>\n\t\t\t\t\t<\/div>\n\t\t<\/div>\n\t\t\t\t\t\t\t\t<\/div>\n\t\t\t\t\t<\/div>\n\t\t<\/section>\n\t\t<div class=\"elementor-element elementor-element-6c48962 e-container--column e-container\" data-id=\"6c48962\" data-element_type=\"container\">\t\t\t\t<div class=\"elementor-element elementor-element-9fd9b30 elementor-widget elementor-widget-text-editor\" data-id=\"9fd9b30\" data-element_type=\"widget\" data-widget_type=\"text-editor.default\">\n\t\t\t\t<div class=\"elementor-widget-container\">\n\t\t\t\t\t\t\t\t<div class=\"elementor-text-editor elementor-clearfix\">\n\t\t\t\t<p>La Secretar\u00eda de Salud del Distrito de Medell\u00edn informa a la ciudadan\u00eda que el servicio de vacunaci\u00f3n antirr\u00e1bica para perros y gatos ha sido reactivado.<br \/><br \/><\/p><ul><li>El punto fijo de atenci\u00f3n est\u00e1 ubicado en la Carrera 50 # 63 &#8211; 116, Casa Prado,\u00a0 Universidad CES.<\/li><li>El horario de atenci\u00f3n es de 9:00 a. m. a 3:00 p. m.<\/li><\/ul>\t\t\t\t\t<\/div>\n\t\t\t\t\t\t<\/div>\n\t\t\t\t<\/div>\n\t\t<\/div><div class=\"elementor-element elementor-element-3566cdd e-container--column e-container\" data-id=\"3566cdd\" data-element_type=\"container\">\t\t\t\t<div class=\"elementor-element elementor-element-183a709 elementor-widget-divider--view-line elementor-widget elementor-widget-divider\" data-id=\"183a709\" data-element_type=\"widget\" data-widget_type=\"divider.default\">\n\t\t\t\t<div class=\"elementor-widget-container\">\n\t\t\t\t\t<div class=\"elementor-divider\">\n\t\t\t<span class=\"elementor-divider-separator\">\n\t\t\t\t\t\t<\/span>\n\t\t<\/div>\n\t\t\t\t<\/div>\n\t\t\t\t<\/div>\n\t\t<\/div>\t\t<section class=\"elementor-section elementor-top-section elementor-element elementor-element-a97ce95 elementor-section-boxed elementor-section-height-default elementor-section-height-default\" data-id=\"a97ce95\" data-element_type=\"section\">\n\t\t\t\t\t\t<div class=\"elementor-container elementor-column-gap-default\">\n\t\t\t\t\t\t\t<div class=\"elementor-row\">\n\t\t\t\t\t<div class=\"elementor-column elementor-col-100 elementor-top-column elementor-element elementor-element-825a9c0\" data-id=\"825a9c0\" data-element_type=\"column\">\n\t\t\t<div class=\"elementor-column-wrap elementor-element-populated\">\n\t\t\t\t\t\t\t<div class=\"elementor-widget-wrap\">\n\t\t\t\t\t\t<div class=\"elementor-element elementor-element-687bc99 elementor-widget elementor-widget-heading\" data-id=\"687bc99\" data-element_type=\"widget\" data-widget_type=\"heading.default\">\n\t\t\t\t<div class=\"elementor-widget-container\">\n\t\t\t<h2 class=\"elementor-heading-title elementor-size-default\">Conoce las pr\u00f3ximas jornadas de vacunaci\u00f3n antirr\u00e1bica en territorio\n<\/h2>\t\t<\/div>\n\t\t\t\t<\/div>\n\t\t\t\t\t\t<\/div>\n\t\t\t\t\t<\/div>\n\t\t<\/div>\n\t\t\t\t\t\t\t\t<\/div>\n\t\t\t\t\t<\/div>\n\t\t<\/section>\n\t\t<div class=\"elementor-element elementor-element-f9b3570 e-container--column e-container\" data-id=\"f9b3570\" data-element_type=\"container\">\t\t\t\t<div class=\"elementor-element elementor-element-b860251 elementor-widget elementor-widget-image\" data-id=\"b860251\" data-element_type=\"widget\" data-widget_type=\"image.default\">\n\t\t\t\t<div class=\"elementor-widget-container\">\n\t\t\t\t\t\t\t\t<div class=\"elementor-image\">\n\t\t\t\t\t\t\t\t\t\t\t\t<img width=\"1024\" height=\"572\" src=\"https:\/\/www.medellin.gov.co\/es\/wp-content\/uploads\/2026\/04\/Tabla-Programacio\u0301n-anual-vacunacio\u0301n-antirra\u0301bica-1024x572.png\" class=\"attachment-large size-large\" alt=\"\" loading=\"lazy\" srcset=\"https:\/\/www.medellin.gov.co\/es\/wp-content\/uploads\/2026\/04\/Tabla-Programacio\u0301n-anual-vacunacio\u0301n-antirra\u0301bica-1024x572.png 1024w, https:\/\/www.medellin.gov.co\/es\/wp-content\/uploads\/2026\/04\/Tabla-Programacio\u0301n-anual-vacunacio\u0301n-antirra\u0301bica-300x168.png 300w, https:\/\/www.medellin.gov.co\/es\/wp-content\/uploads\/2026\/04\/Tabla-Programacio\u0301n-anual-vacunacio\u0301n-antirra\u0301bica-150x84.png 150w, https:\/\/www.medellin.gov.co\/es\/wp-content\/uploads\/2026\/04\/Tabla-Programacio\u0301n-anual-vacunacio\u0301n-antirra\u0301bica-768x429.png 768w, https:\/\/www.medellin.gov.co\/es\/wp-content\/uploads\/2026\/04\/Tabla-Programacio\u0301n-anual-vacunacio\u0301n-antirra\u0301bica.png 1503w\" sizes=\"(max-width: 1024px) 100vw, 1024px\" \/>\t\t\t\t\t\t\t\t\t\t\t\t\t\t<\/div>\n\t\t\t\t\t\t<\/div>\n\t\t\t\t<\/div>\n\t\t<\/div><div class=\"elementor-element elementor-element-430fe39 e-container--column e-container\" data-id=\"430fe39\" data-element_type=\"container\">\t\t\t\t<div class=\"elementor-element elementor-element-2dc344c elementor-widget elementor-widget-spacer\" data-id=\"2dc344c\" data-element_type=\"widget\" data-widget_type=\"spacer.default\">\n\t\t\t\t<div class=\"elementor-widget-container\">\n\t\t\t\t\t<div class=\"elementor-spacer\">\n\t\t\t<div class=\"elementor-spacer-inner\"><\/div>\n\t\t<\/div>\n\t\t\t\t<\/div>\n\t\t\t\t<\/div>\n\t\t<\/div><div class=\"elementor-element elementor-element-2373046 e-container--column e-container\" data-id=\"2373046\" data-element_type=\"container\">\t\t\t\t<div class=\"elementor-element elementor-element-4e170c1 elementor-mobile-align-center elementor-align-center elementor-widget elementor-widget-button\" data-id=\"4e170c1\" data-element_type=\"widget\" data-widget_type=\"button.default\">\n\t\t\t\t<div class=\"elementor-widget-container\">\n\t\t\t\t\t<div class=\"elementor-button-wrapper\">\n\t\t\t<a href=\"https:\/\/www.medellin.gov.co\/es\/wp-content\/uploads\/2026\/04\/Tabla-Programacio\u0301n-anual-vacunacio\u0301n-antirra\u0301bica.pdf\" target=\"_blank\" class=\"elementor-button-link elementor-button elementor-size-sm\" role=\"button\">\n\t\t\t\t\t\t<span class=\"elementor-button-content-wrapper\">\n\t\t\t\t\t\t<span class=\"elementor-button-text\">descarga la Programacio\u0301n anual vacunacio\u0301n antirra\u0301bica<\/span>\n\t\t<\/span>\n\t\t\t\t\t<\/a>\n\t\t<\/div>\n\t\t\t\t<\/div>\n\t\t\t\t<\/div>\n\t\t\t\t<div class=\"elementor-element elementor-element-2491af1 elementor-widget elementor-widget-spacer\" data-id=\"2491af1\" data-element_type=\"widget\" data-widget_type=\"spacer.default\">\n\t\t\t\t<div class=\"elementor-widget-container\">\n\t\t\t\t\t<div class=\"elementor-spacer\">\n\t\t\t<div class=\"elementor-spacer-inner\"><\/div>\n\t\t<\/div>\n\t\t\t\t<\/div>\n\t\t\t\t<\/div>\n\t\t<\/div>\t\t\t\t\t\t\t<\/div>\n\t\t\t<\/div>\n\t\t\t\t\t<\/div>\n\t\t","protected":false},"excerpt":{"rendered":"<p>Vacunaci\u00f3n antirr\u00e1bica gratuita para perros y gatos Esta es una de las acciones para la prevenci\u00f3n y control del virus de la rabia que realiza la Secretar\u00eda de Salud de Medell\u00edn en las diferentes comunas &#8230;<\/p>\n","protected":false},"author":4,"featured_media":17425,"parent":17118,"menu_order":10,"comment_status":"closed","ping_status":"closed","template":"sec-salud\/elementor.php","meta":[],"acf":[],"_links":{"self":[{"href":"https:\/\/www.medellin.gov.co\/es\/wp-json\/wp\/v2\/pages\/87923"}],"collection":[{"href":"https:\/\/www.medellin.gov.co\/es\/wp-json\/wp\/v2\/pages"}],"about":[{"href":"https:\/\/www.medellin.gov.co\/es\/wp-json\/wp\/v2\/types\/page"}],"author":[{"embeddable":true,"href":"https:\/\/www.medellin.gov.co\/es\/wp-json\/wp\/v2\/users\/4"}],"replies":[{"embeddable":true,"href":"https:\/\/www.medellin.gov.co\/es\/wp-json\/wp\/v2\/comments?post=87923"}],"version-history":[{"count":10,"href":"https:\/\/www.medellin.gov.co\/es\/wp-json\/wp\/v2\/pages\/87923\/revisions"}],"predecessor-version":[{"id":524815,"href":"https:\/\/www.medellin.gov.co\/es\/wp-json\/wp\/v2\/pages\/87923\/revisions\/524815"}],"up":[{"embeddable":true,"href":"https:\/\/www.medellin.gov.co\/es\/wp-json\/wp\/v2\/pages\/17118"}],"wp:featuredmedia":[{"embeddable":true,"href":"https:\/\/www.medellin.gov.co\/es\/wp-json\/wp\/v2\/media\/17425"}],"wp:attachment":[{"href":"https:\/\/www.medellin.gov.co\/es\/wp-json\/wp\/v2\/media?parent=87923"}],"curies":[{"name":"wp","href":"https:\/\/api.w.org\/{rel}","templated":true}]}}