{"id":8935,"date":"2021-08-25T08:12:13","date_gmt":"2021-08-25T13:12:13","guid":{"rendered":"https:\/\/www.medellin.gov.co\/es\/?page_id=8935"},"modified":"2025-07-15T12:29:10","modified_gmt":"2025-07-15T17:29:10","slug":"informacion-de-la-gestion-de-la-secretaria","status":"publish","type":"page","link":"https:\/\/www.medellin.gov.co\/es\/secretaria-mujeres\/sicgem\/informacion-de-la-gestion-de-la-secretaria\/","title":{"rendered":"Informaci\u00f3n de la gesti\u00f3n de la Secretar\u00eda de las Mujeres"},"content":{"rendered":"\t\t<div data-elementor-type=\"wp-page\" data-elementor-id=\"8935\" class=\"elementor elementor-8935\">\n\t\t\t\t\t\t<div class=\"elementor-inner\">\n\t\t\t\t<div class=\"elementor-section-wrap\">\n\t\t\t\t\t\t\t\t\t<section class=\"elementor-section elementor-top-section elementor-element elementor-element-0d886a0 elementor-section-boxed elementor-section-height-default elementor-section-height-default\" data-id=\"0d886a0\" data-element_type=\"section\">\n\t\t\t\t\t\t<div class=\"elementor-container elementor-column-gap-default\">\n\t\t\t\t\t\t\t<div class=\"elementor-row\">\n\t\t\t\t\t<div class=\"elementor-column elementor-col-100 elementor-top-column elementor-element elementor-element-d5043b2\" data-id=\"d5043b2\" data-element_type=\"column\">\n\t\t\t<div class=\"elementor-column-wrap elementor-element-populated\">\n\t\t\t\t\t\t\t<div class=\"elementor-widget-wrap\">\n\t\t\t\t\t\t<div class=\"elementor-element elementor-element-c6e5383 elementor-widget elementor-widget-heading\" data-id=\"c6e5383\" data-element_type=\"widget\" data-widget_type=\"heading.default\">\n\t\t\t\t<div class=\"elementor-widget-container\">\n\t\t\t<h1 class=\"elementor-heading-title elementor-size-default\">Informaci\u00f3n de la gesti\u00f3n de la Secretar\u00eda de las Mujeres<\/h1>\t\t<\/div>\n\t\t\t\t<\/div>\n\t\t\t\t<section class=\"elementor-section elementor-inner-section elementor-element elementor-element-ced7933 elementor-section-boxed elementor-section-height-default elementor-section-height-default\" data-id=\"ced7933\" data-element_type=\"section\">\n\t\t\t\t\t\t<div class=\"elementor-container elementor-column-gap-default\">\n\t\t\t\t\t\t\t<div class=\"elementor-row\">\n\t\t\t\t\t<div class=\"elementor-column elementor-col-50 elementor-inner-column elementor-element elementor-element-5d5bc3e\" data-id=\"5d5bc3e\" data-element_type=\"column\">\n\t\t\t<div class=\"elementor-column-wrap elementor-element-populated\">\n\t\t\t\t\t\t\t<div class=\"elementor-widget-wrap\">\n\t\t\t\t\t\t<div class=\"elementor-element elementor-element-d5f1408 elementor-widget elementor-widget-text-editor\" data-id=\"d5f1408\" data-element_type=\"widget\" data-widget_type=\"text-editor.default\">\n\t\t\t\t<div class=\"elementor-widget-container\">\n\t\t\t\t\t\t\t\t<div class=\"elementor-text-editor elementor-clearfix\">\n\t\t\t\t<p>La Secretar\u00eda de las Mujeres prioriza sus acciones de acuerdo con las l\u00edneas y metas establecidas en el Plan de Desarrollo Cuatrienal y en lo establecido en el Plan Estrat\u00e9gico de Igualdad de G\u00e9nero.<\/p><p>Desde estos direccionamientos se lleva a cabo un proceso de monitoreo que da cuenta de los logros, el desarrollo y las dificultades de la gesti\u00f3n, con el fin de cualificar los compromisos misionales y las relaciones con la ciudadan\u00eda de Medell\u00edn.<\/p><p>Los instrumentos que coadyuvan a este proceso son:<\/p>\t\t\t\t\t<\/div>\n\t\t\t\t\t\t<\/div>\n\t\t\t\t<\/div>\n\t\t\t\t<div class=\"elementor-element elementor-element-3bb4b33 elementor-widget elementor-widget-text-editor\" data-id=\"3bb4b33\" data-element_type=\"widget\" data-widget_type=\"text-editor.default\">\n\t\t\t\t<div class=\"elementor-widget-container\">\n\t\t\t\t\t\t\t\t<div class=\"elementor-text-editor elementor-clearfix\">\n\t\t\t\t<ul><li>Plan Indicativo<\/li><li>Plan de Acci\u00f3n<\/li><li>Seguimiento a la Pol\u00edtica P\u00fablica<\/li><\/ul>\t\t\t\t\t<\/div>\n\t\t\t\t\t\t<\/div>\n\t\t\t\t<\/div>\n\t\t\t\t\t\t<\/div>\n\t\t\t\t\t<\/div>\n\t\t<\/div>\n\t\t\t\t<div class=\"elementor-column elementor-col-50 elementor-inner-column elementor-element elementor-element-4006719\" data-id=\"4006719\" data-element_type=\"column\">\n\t\t\t<div class=\"elementor-column-wrap elementor-element-populated\">\n\t\t\t\t\t\t\t<div class=\"elementor-widget-wrap\">\n\t\t\t\t\t\t<div class=\"elementor-element elementor-element-3f42275 elementor-widget elementor-widget-image\" data-id=\"3f42275\" data-element_type=\"widget\" data-widget_type=\"image.default\">\n\t\t\t\t<div class=\"elementor-widget-container\">\n\t\t\t\t\t\t\t\t<div class=\"elementor-image\">\n\t\t\t\t\t\t\t\t\t\t\t\t<img width=\"1024\" height=\"450\" src=\"https:\/\/www.medellin.gov.co\/es\/wp-content\/uploads\/2021\/08\/mujeres-afro.jpg\" class=\"attachment-full size-full\" alt=\"Mujeres afro\" loading=\"lazy\" srcset=\"https:\/\/www.medellin.gov.co\/es\/wp-content\/uploads\/2021\/08\/mujeres-afro.jpg 1024w, https:\/\/www.medellin.gov.co\/es\/wp-content\/uploads\/2021\/08\/mujeres-afro-300x132.jpg 300w, https:\/\/www.medellin.gov.co\/es\/wp-content\/uploads\/2021\/08\/mujeres-afro-150x66.jpg 150w, https:\/\/www.medellin.gov.co\/es\/wp-content\/uploads\/2021\/08\/mujeres-afro-768x338.jpg 768w\" sizes=\"(max-width: 1024px) 100vw, 1024px\" \/>\t\t\t\t\t\t\t\t\t\t\t\t\t\t<\/div>\n\t\t\t\t\t\t<\/div>\n\t\t\t\t<\/div>\n\t\t\t\t\t\t<\/div>\n\t\t\t\t\t<\/div>\n\t\t<\/div>\n\t\t\t\t\t\t\t\t<\/div>\n\t\t\t\t\t<\/div>\n\t\t<\/section>\n\t\t\t\t<div class=\"elementor-element elementor-element-de5ebc0 elementor-widget elementor-widget-heading\" data-id=\"de5ebc0\" data-element_type=\"widget\" data-widget_type=\"heading.default\">\n\t\t\t\t<div class=\"elementor-widget-container\">\n\t\t\t<h2 class=\"elementor-heading-title elementor-size-default\"><b>Seguimiento<\/b> al Plan Indicativo y Plan de Acci\u00f3n<\/h2>\t\t<\/div>\n\t\t\t\t<\/div>\n\t\t\t\t<section class=\"elementor-section elementor-inner-section elementor-element elementor-element-11192cb elementor-reverse-tablet elementor-reverse-mobile elementor-section-boxed elementor-section-height-default elementor-section-height-default\" data-id=\"11192cb\" data-element_type=\"section\">\n\t\t\t\t\t\t<div class=\"elementor-container elementor-column-gap-default\">\n\t\t\t\t\t\t\t<div class=\"elementor-row\">\n\t\t\t\t\t<div class=\"elementor-column elementor-col-50 elementor-inner-column elementor-element elementor-element-8a36f62\" data-id=\"8a36f62\" data-element_type=\"column\">\n\t\t\t<div class=\"elementor-column-wrap elementor-element-populated\">\n\t\t\t\t\t\t\t<div class=\"elementor-widget-wrap\">\n\t\t\t\t\t\t<div class=\"elementor-element elementor-element-14ffe11 elementor-widget elementor-widget-image\" data-id=\"14ffe11\" data-element_type=\"widget\" data-widget_type=\"image.default\">\n\t\t\t\t<div class=\"elementor-widget-container\">\n\t\t\t\t\t\t\t\t<div class=\"elementor-image\">\n\t\t\t\t\t\t\t\t\t\t\t\t<img width=\"954\" height=\"413\" src=\"https:\/\/www.medellin.gov.co\/es\/wp-content\/uploads\/2021\/08\/mujeres-cantantes.jpg\" class=\"attachment-full size-full\" alt=\"Mujeres cantantes\" loading=\"lazy\" srcset=\"https:\/\/www.medellin.gov.co\/es\/wp-content\/uploads\/2021\/08\/mujeres-cantantes.jpg 954w, https:\/\/www.medellin.gov.co\/es\/wp-content\/uploads\/2021\/08\/mujeres-cantantes-300x130.jpg 300w, https:\/\/www.medellin.gov.co\/es\/wp-content\/uploads\/2021\/08\/mujeres-cantantes-150x65.jpg 150w, https:\/\/www.medellin.gov.co\/es\/wp-content\/uploads\/2021\/08\/mujeres-cantantes-768x332.jpg 768w\" sizes=\"(max-width: 954px) 100vw, 954px\" \/>\t\t\t\t\t\t\t\t\t\t\t\t\t\t<\/div>\n\t\t\t\t\t\t<\/div>\n\t\t\t\t<\/div>\n\t\t\t\t\t\t<\/div>\n\t\t\t\t\t<\/div>\n\t\t<\/div>\n\t\t\t\t<div class=\"elementor-column elementor-col-50 elementor-inner-column elementor-element elementor-element-2d0e816\" data-id=\"2d0e816\" data-element_type=\"column\">\n\t\t\t<div class=\"elementor-column-wrap elementor-element-populated\">\n\t\t\t\t\t\t\t<div class=\"elementor-widget-wrap\">\n\t\t\t\t\t\t<div class=\"elementor-element elementor-element-96a9e15 elementor-widget elementor-widget-text-editor\" data-id=\"96a9e15\" data-element_type=\"widget\" data-widget_type=\"text-editor.default\">\n\t\t\t\t<div class=\"elementor-widget-container\">\n\t\t\t\t\t\t\t\t<div class=\"elementor-text-editor elementor-clearfix\">\n\t\t\t\t<p>La Ley 152 de 1994 establece que todas las entidades territoriales de la Administraci\u00f3n P\u00fablica deben implementar, en consonancia con los lineamientos del Plan de Desarrollo, procesos e instrumentos para hacer seguimiento a su gesti\u00f3n; en este sentido, se rescata el papel fundamental que cumplen el Plan Indicativo y el Plan de Acci\u00f3n.<\/p>\t\t\t\t\t<\/div>\n\t\t\t\t\t\t<\/div>\n\t\t\t\t<\/div>\n\t\t\t\t\t\t<\/div>\n\t\t\t\t\t<\/div>\n\t\t<\/div>\n\t\t\t\t\t\t\t\t<\/div>\n\t\t\t\t\t<\/div>\n\t\t<\/section>\n\t\t\t\t<div class=\"elementor-element elementor-element-df3e76c elementor-widget elementor-widget-text-editor\" data-id=\"df3e76c\" data-element_type=\"widget\" data-widget_type=\"text-editor.default\">\n\t\t\t\t<div class=\"elementor-widget-container\">\n\t\t\t\t\t\t\t\t<div class=\"elementor-text-editor elementor-clearfix\">\n\t\t\t\t<p>El Plan Indicativo es el instrumento estrat\u00e9gico que hace seguimiento a las metas definidas en el Plan de Desarrollo Municipal (PDM), a trav\u00e9s del avance en los indicadores de resultado y de producto, constituy\u00e9ndose as\u00ed en la herramienta principal para garantizar la coherencia entre los fines y medios previstos en el PDM. En el caso de la Secretar\u00eda de las Mujeres se eval\u00faa el cumplimiento de los compromisos adquiridos, mediante la cuantificaci\u00f3n de los productos, bienes o servicios que benefician a las mujeres y a la ciudadan\u00eda del municipio de Medell\u00edn.<\/p><p>El Plan Indicativo se acompa\u00f1a anualmente del Plan de Acci\u00f3n, este \u00faltimo es el segundo instrumento m\u00e1s importante en t\u00e9rminos de seguimiento al ejercicio de la gesti\u00f3n p\u00fablica; en \u00e9l se especifican objetivos, estrategias, proyectos, metas, responsables, planes generales de compras y la distribuci\u00f3n presupuestal de cada uno de los proyectos de inversi\u00f3n junto a los indicadores de gesti\u00f3n.<\/p>\t\t\t\t\t<\/div>\n\t\t\t\t\t\t<\/div>\n\t\t\t\t<\/div>\n\t\t\t\t<section class=\"elementor-section elementor-inner-section elementor-element elementor-element-4c1c942 elementor-reverse-tablet elementor-reverse-mobile elementor-section-boxed elementor-section-height-default elementor-section-height-default\" data-id=\"4c1c942\" data-element_type=\"section\">\n\t\t\t\t\t\t<div class=\"elementor-container elementor-column-gap-default\">\n\t\t\t\t\t\t\t<div class=\"elementor-row\">\n\t\t\t\t\t<div class=\"elementor-column elementor-col-50 elementor-inner-column elementor-element elementor-element-bd9471d\" data-id=\"bd9471d\" data-element_type=\"column\">\n\t\t\t<div class=\"elementor-column-wrap elementor-element-populated\">\n\t\t\t\t\t\t\t<div class=\"elementor-widget-wrap\">\n\t\t\t\t\t\t<div class=\"elementor-element elementor-element-1b4731d elementor-widget elementor-widget-text-editor\" data-id=\"1b4731d\" data-element_type=\"widget\" data-widget_type=\"text-editor.default\">\n\t\t\t\t<div class=\"elementor-widget-container\">\n\t\t\t\t\t\t\t\t<div class=\"elementor-text-editor elementor-clearfix\">\n\t\t\t\t<p>Conozca el seguimiento realizado por la Secretar\u00eda de las Mujeres:<\/p><p>Plan Indicativo 2020 &#8211; 2023:<\/p><ul><li>Informe anual a diciembre 31 de 2020.\u00a0<\/li><li>Informe trimestral 2021, con corte a 31 de marzo.\u00a0<\/li><\/ul>\t\t\t\t\t<\/div>\n\t\t\t\t\t\t<\/div>\n\t\t\t\t<\/div>\n\t\t\t\t<div class=\"elementor-element elementor-element-6898239 elementor-widget elementor-widget-text-editor\" data-id=\"6898239\" data-element_type=\"widget\" data-widget_type=\"text-editor.default\">\n\t\t\t\t<div class=\"elementor-widget-container\">\n\t\t\t\t\t\t\t\t<div class=\"elementor-text-editor elementor-clearfix\">\n\t\t\t\t<p>Plan de Acci\u00f3n:<\/p>\n<ul>\n<li>Informe anual a 31 de diciembre de 2020.<\/li>\n<li>Informe trimestral a marzo 31 del 2021.<\/li>\n<\/ul>\t\t\t\t\t<\/div>\n\t\t\t\t\t\t<\/div>\n\t\t\t\t<\/div>\n\t\t\t\t\t\t<\/div>\n\t\t\t\t\t<\/div>\n\t\t<\/div>\n\t\t\t\t<div class=\"elementor-column elementor-col-50 elementor-inner-column elementor-element elementor-element-a40996c\" data-id=\"a40996c\" data-element_type=\"column\">\n\t\t\t<div class=\"elementor-column-wrap elementor-element-populated\">\n\t\t\t\t\t\t\t<div class=\"elementor-widget-wrap\">\n\t\t\t\t\t\t<div class=\"elementor-element elementor-element-05654af elementor-widget elementor-widget-image\" data-id=\"05654af\" data-element_type=\"widget\" data-widget_type=\"image.default\">\n\t\t\t\t<div class=\"elementor-widget-container\">\n\t\t\t\t\t\t\t\t<div class=\"elementor-image\">\n\t\t\t\t\t\t\t\t\t\t\t\t<img width=\"1024\" height=\"459\" src=\"https:\/\/www.medellin.gov.co\/es\/wp-content\/uploads\/2021\/08\/mujer-premiacion.jpg\" class=\"attachment-full size-full\" alt=\"Mujer en acto de premiaci\u00f3n\" loading=\"lazy\" srcset=\"https:\/\/www.medellin.gov.co\/es\/wp-content\/uploads\/2021\/08\/mujer-premiacion.jpg 1024w, https:\/\/www.medellin.gov.co\/es\/wp-content\/uploads\/2021\/08\/mujer-premiacion-300x134.jpg 300w, https:\/\/www.medellin.gov.co\/es\/wp-content\/uploads\/2021\/08\/mujer-premiacion-150x67.jpg 150w, https:\/\/www.medellin.gov.co\/es\/wp-content\/uploads\/2021\/08\/mujer-premiacion-768x344.jpg 768w\" sizes=\"(max-width: 1024px) 100vw, 1024px\" \/>\t\t\t\t\t\t\t\t\t\t\t\t\t\t<\/div>\n\t\t\t\t\t\t<\/div>\n\t\t\t\t<\/div>\n\t\t\t\t\t\t<\/div>\n\t\t\t\t\t<\/div>\n\t\t<\/div>\n\t\t\t\t\t\t\t\t<\/div>\n\t\t\t\t\t<\/div>\n\t\t<\/section>\n\t\t\t\t<div class=\"elementor-element elementor-element-4511b5e elementor-widget elementor-widget-heading\" data-id=\"4511b5e\" data-element_type=\"widget\" id=\"seg-politica-igualdad\" data-widget_type=\"heading.default\">\n\t\t\t\t<div class=\"elementor-widget-container\">\n\t\t\t<h2 class=\"elementor-heading-title elementor-size-default\"><b>Seguimiento<\/b> a la Pol\u00edtica P\u00fablica y al Plan Estrat\u00e9gico de Igualdad de G\u00e9nero de las mujeres de Medell\u00edn.<\/h2>\t\t<\/div>\n\t\t\t\t<\/div>\n\t\t\t\t<section class=\"elementor-section elementor-inner-section elementor-element elementor-element-c9af157 elementor-reverse-tablet elementor-reverse-mobile elementor-section-boxed elementor-section-height-default elementor-section-height-default\" data-id=\"c9af157\" data-element_type=\"section\">\n\t\t\t\t\t\t<div class=\"elementor-container elementor-column-gap-default\">\n\t\t\t\t\t\t\t<div class=\"elementor-row\">\n\t\t\t\t\t<div class=\"elementor-column elementor-col-50 elementor-inner-column elementor-element elementor-element-365f89a\" data-id=\"365f89a\" data-element_type=\"column\">\n\t\t\t<div class=\"elementor-column-wrap elementor-element-populated\">\n\t\t\t\t\t\t\t<div class=\"elementor-widget-wrap\">\n\t\t\t\t\t\t<div class=\"elementor-element elementor-element-8f227ce elementor-widget elementor-widget-image\" data-id=\"8f227ce\" data-element_type=\"widget\" data-widget_type=\"image.default\">\n\t\t\t\t<div class=\"elementor-widget-container\">\n\t\t\t\t\t\t\t\t<div class=\"elementor-image\">\n\t\t\t\t\t\t\t\t\t\t\t\t<img width=\"1024\" height=\"438\" src=\"https:\/\/www.medellin.gov.co\/es\/wp-content\/uploads\/2021\/08\/mujer-conferencista.jpg\" class=\"attachment-full size-full\" alt=\"Mujer conferencista\" loading=\"lazy\" srcset=\"https:\/\/www.medellin.gov.co\/es\/wp-content\/uploads\/2021\/08\/mujer-conferencista.jpg 1024w, https:\/\/www.medellin.gov.co\/es\/wp-content\/uploads\/2021\/08\/mujer-conferencista-300x128.jpg 300w, https:\/\/www.medellin.gov.co\/es\/wp-content\/uploads\/2021\/08\/mujer-conferencista-150x64.jpg 150w, https:\/\/www.medellin.gov.co\/es\/wp-content\/uploads\/2021\/08\/mujer-conferencista-768x329.jpg 768w\" sizes=\"(max-width: 1024px) 100vw, 1024px\" \/>\t\t\t\t\t\t\t\t\t\t\t\t\t\t<\/div>\n\t\t\t\t\t\t<\/div>\n\t\t\t\t<\/div>\n\t\t\t\t\t\t<\/div>\n\t\t\t\t\t<\/div>\n\t\t<\/div>\n\t\t\t\t<div class=\"elementor-column elementor-col-50 elementor-inner-column elementor-element elementor-element-ff12708\" data-id=\"ff12708\" data-element_type=\"column\">\n\t\t\t<div class=\"elementor-column-wrap elementor-element-populated\">\n\t\t\t\t\t\t\t<div class=\"elementor-widget-wrap\">\n\t\t\t\t\t\t<div class=\"elementor-element elementor-element-8204add elementor-widget elementor-widget-text-editor\" data-id=\"8204add\" data-element_type=\"widget\" data-widget_type=\"text-editor.default\">\n\t\t\t\t<div class=\"elementor-widget-container\">\n\t\t\t\t\t\t\t\t<div class=\"elementor-text-editor elementor-clearfix\">\n\t\t\t\t<p>El seguimiento es un mecanismo utilizado para hacer monitoreo permanente a las acciones planificadas en el Plan Estrat\u00e9gico de Igualdad de G\u00e9nero, a trav\u00e9s de los indicadores de gesti\u00f3n y de producto, que busca verificar en qu\u00e9 medida se cumplen las metas all\u00ed establecidas.<\/p><p>Este seguimiento se realizar\u00e1 cada dos a\u00f1os a trav\u00e9s del trabajo mancomunado entre las tres instancias que se identifican en el PEIG: la coordinaci\u00f3n del proceso de implementaci\u00f3n, el Comit\u00e9 Intersectorial y el Comit\u00e9 de Interlocuci\u00f3n de la pol\u00edtica p\u00fablica. El informe final se presentar\u00e1 al Consejo de Pol\u00edtica Social del Municipio de Medell\u00edn.<\/p>\t\t\t\t\t<\/div>\n\t\t\t\t\t\t<\/div>\n\t\t\t\t<\/div>\n\t\t\t\t\t\t<\/div>\n\t\t\t\t\t<\/div>\n\t\t<\/div>\n\t\t\t\t\t\t\t\t<\/div>\n\t\t\t\t\t<\/div>\n\t\t<\/section>\n\t\t\t\t<div class=\"elementor-element elementor-element-3cf3529 elementor-widget elementor-widget-text-editor\" data-id=\"3cf3529\" data-element_type=\"widget\" data-widget_type=\"text-editor.default\">\n\t\t\t\t<div class=\"elementor-widget-container\">\n\t\t\t\t\t\t\t\t<div class=\"elementor-text-editor elementor-clearfix\">\n\t\t\t\t<p>El Art\u00edculo 13, del Acuerdo 102 de 2018 de la Pol\u00edtica P\u00fablica, se refiere a este:<\/p>\n<p>El seguimiento ser\u00e1 desarrollado por la Secretar\u00eda de las Mujeres con la asesor\u00eda y acompa\u00f1amiento de la Subdirecci\u00f3n de Informaci\u00f3n y Evaluaci\u00f3n Estrat\u00e9gica del Departamento Administrativo de Planeaci\u00f3n, o quien haga sus veces, a trav\u00e9s de la bater\u00eda de indicadores a establecer en el Plan Estrat\u00e9gico, que contiene las dimensiones establecidas en esta pol\u00edtica.<\/p><p>Las dependencias responsables y corresponsables de esta Pol\u00edtica P\u00fablica garantizar\u00e1n el dise\u00f1o y la producci\u00f3n de informaci\u00f3n desagregada por sexo y su respectivo an\u00e1lisis de g\u00e9nero en cada uno de los sistemas de informaci\u00f3n u observatorios con que cuenten respectivamente. La Secretar\u00eda de las Mujeres, acorde a sus funciones y misi\u00f3n institucional, dise\u00f1ar\u00e1 y monitorear\u00e1 la aplicaci\u00f3n de indicadores sensibles al g\u00e9nero en las distintas dependencias de la Administraci\u00f3n e implementar\u00e1 herramientas como: monitoreo de g\u00e9nero, evaluaci\u00f3n sensible al g\u00e9nero y auditor\u00eda de g\u00e9nero.<\/p><p>La pol\u00edtica p\u00fablica cuenta con una l\u00ednea de base tomada en el a\u00f1o 2016, la cual contiene indicadores que permitir\u00e1n posteriormente medir el avance a la condici\u00f3n y posici\u00f3n de las mujeres de Medell\u00edn y evaluar la pol\u00edtica. Para dar a conocer el avance de esta pol\u00edtica se elaborar\u00e1 un informe cada dos (2) a\u00f1os que se presentar\u00e1 al Consejo de Pol\u00edtica Social.<\/p>\t\t\t\t\t<\/div>\n\t\t\t\t\t\t<\/div>\n\t\t\t\t<\/div>\n\t\t\t\t<div class=\"elementor-element elementor-element-86fa9aa elementor-widget elementor-widget-image\" data-id=\"86fa9aa\" data-element_type=\"widget\" data-widget_type=\"image.default\">\n\t\t\t\t<div class=\"elementor-widget-container\">\n\t\t\t\t\t\t\t\t<div class=\"elementor-image\">\n\t\t\t\t\t\t\t\t\t\t\t\t<img width=\"1024\" height=\"448\" src=\"https:\/\/www.medellin.gov.co\/es\/wp-content\/uploads\/2021\/08\/mujeres-seguimiento-politica.jpg\" class=\"attachment-full size-full\" alt=\"Mujeres haciendo seguimiento a la Pol\u00edtica\" loading=\"lazy\" srcset=\"https:\/\/www.medellin.gov.co\/es\/wp-content\/uploads\/2021\/08\/mujeres-seguimiento-politica.jpg 1024w, https:\/\/www.medellin.gov.co\/es\/wp-content\/uploads\/2021\/08\/mujeres-seguimiento-politica-300x131.jpg 300w, https:\/\/www.medellin.gov.co\/es\/wp-content\/uploads\/2021\/08\/mujeres-seguimiento-politica-150x66.jpg 150w, https:\/\/www.medellin.gov.co\/es\/wp-content\/uploads\/2021\/08\/mujeres-seguimiento-politica-768x336.jpg 768w\" sizes=\"(max-width: 1024px) 100vw, 1024px\" \/>\t\t\t\t\t\t\t\t\t\t\t\t\t\t<\/div>\n\t\t\t\t\t\t<\/div>\n\t\t\t\t<\/div>\n\t\t\t\t<div class=\"elementor-element elementor-element-38361b1 elementor-widget elementor-widget-text-editor\" data-id=\"38361b1\" data-element_type=\"widget\" data-widget_type=\"text-editor.default\">\n\t\t\t\t<div class=\"elementor-widget-container\">\n\t\t\t\t\t\t\t\t<div class=\"elementor-text-editor elementor-clearfix\">\n\t\t\t\t<p><span style=\"font-weight: 400;\">Para conocer los instrumentos que orientan este proceso, puedes consultarlos:<\/span><\/p>\t\t\t\t\t<\/div>\n\t\t\t\t\t\t<\/div>\n\t\t\t\t<\/div>\n\t\t\t\t<div class=\"elementor-element elementor-element-f96ccbb elementor-mobile-align-left elementor-widget elementor-widget-button\" data-id=\"f96ccbb\" data-element_type=\"widget\" data-widget_type=\"button.default\">\n\t\t\t\t<div class=\"elementor-widget-container\">\n\t\t\t\t\t<div class=\"elementor-button-wrapper\">\n\t\t\t<a href=\"https:\/\/www.medellin.gov.co\/normograma\/docs\/astrea\/docs\/A_CONMED_0102_2018.htm?resaltar=Acuerdo+municipal+102+de+2018\" target=\"_blank\" class=\"elementor-button-link elementor-button elementor-size-sm\" role=\"button\">\n\t\t\t\t\t\t<span class=\"elementor-button-content-wrapper\">\n\t\t\t\t\t\t<span class=\"elementor-button-text\">Pol\u00edtica P\u00fablica para la Igualdad de G\u00e9nero de las Mujeres Urbanas y Rurales del Municipio de Medell\u00edn<\/span>\n\t\t<\/span>\n\t\t\t\t\t<\/a>\n\t\t<\/div>\n\t\t\t\t<\/div>\n\t\t\t\t<\/div>\n\t\t\t\t<div class=\"elementor-element elementor-element-865893e elementor-mobile-align-left elementor-widget elementor-widget-button\" data-id=\"865893e\" data-element_type=\"widget\" data-widget_type=\"button.default\">\n\t\t\t\t<div class=\"elementor-widget-container\">\n\t\t\t\t\t<div class=\"elementor-button-wrapper\">\n\t\t\t<a href=\"https:\/\/www.medellin.gov.co\/sicgem\/wp-content\/uploads\/2018\/08\/Plan-estrat%C3%A9gico-para-la-Igualdad-de-G%C3%A9nero-Medell%C3%ADn.pdf\" target=\"_blank\" class=\"elementor-button-link elementor-button elementor-size-sm\" role=\"button\">\n\t\t\t\t\t\t<span class=\"elementor-button-content-wrapper\">\n\t\t\t\t\t\t<span class=\"elementor-button-text\">Plan Estrat\u00e9gico de Igualdad de G\u00e9nero (PEIG), para la implementaci\u00f3n de la Pol\u00edtica P\u00fablica para la Igualdad de G\u00e9nero de las Mujeres Urbanas y Rurales del Municipio de Medell\u00edn<\/span>\n\t\t<\/span>\n\t\t\t\t\t<\/a>\n\t\t<\/div>\n\t\t\t\t<\/div>\n\t\t\t\t<\/div>\n\t\t\t\t\t\t<\/div>\n\t\t\t\t\t<\/div>\n\t\t<\/div>\n\t\t\t\t\t\t\t\t<\/div>\n\t\t\t\t\t<\/div>\n\t\t<\/section>\n\t\t\t\t\t\t\t\t\t<\/div>\n\t\t\t<\/div>\n\t\t\t\t\t<\/div>\n\t\t","protected":false},"excerpt":{"rendered":"<p>Informaci\u00f3n de la gesti\u00f3n de la Secretar\u00eda de las Mujeres La Secretar\u00eda de las Mujeres prioriza sus acciones de acuerdo con las l\u00edneas y metas establecidas en el Plan de Desarrollo Cuatrienal y en lo &#8230;<\/p>\n","protected":false},"author":1,"featured_media":428442,"parent":8916,"menu_order":15,"comment_status":"closed","ping_status":"closed","template":"sec-mujeres\/elementor.php","meta":[],"acf":[],"_links":{"self":[{"href":"https:\/\/www.medellin.gov.co\/es\/wp-json\/wp\/v2\/pages\/8935"}],"collection":[{"href":"https:\/\/www.medellin.gov.co\/es\/wp-json\/wp\/v2\/pages"}],"about":[{"href":"https:\/\/www.medellin.gov.co\/es\/wp-json\/wp\/v2\/types\/page"}],"author":[{"embeddable":true,"href":"https:\/\/www.medellin.gov.co\/es\/wp-json\/wp\/v2\/users\/1"}],"replies":[{"embeddable":true,"href":"https:\/\/www.medellin.gov.co\/es\/wp-json\/wp\/v2\/comments?post=8935"}],"version-history":[{"count":11,"href":"https:\/\/www.medellin.gov.co\/es\/wp-json\/wp\/v2\/pages\/8935\/revisions"}],"predecessor-version":[{"id":488057,"href":"https:\/\/www.medellin.gov.co\/es\/wp-json\/wp\/v2\/pages\/8935\/revisions\/488057"}],"up":[{"embeddable":true,"href":"https:\/\/www.medellin.gov.co\/es\/wp-json\/wp\/v2\/pages\/8916"}],"wp:featuredmedia":[{"embeddable":true,"href":"https:\/\/www.medellin.gov.co\/es\/wp-json\/wp\/v2\/media\/428442"}],"wp:attachment":[{"href":"https:\/\/www.medellin.gov.co\/es\/wp-json\/wp\/v2\/media?parent=8935"}],"curies":[{"name":"wp","href":"https:\/\/api.w.org\/{rel}","templated":true}]}}