{"id":96422,"date":"2022-09-10T19:16:03","date_gmt":"2022-09-11T00:16:03","guid":{"rendered":"https:\/\/www.medellin.gov.co\/es\/?page_id=96422"},"modified":"2022-10-13T09:52:10","modified_gmt":"2022-10-13T14:52:10","slug":"zona-comercial","status":"publish","type":"page","link":"https:\/\/www.medellin.gov.co\/es\/secretaria-cultura-ciudadana-3\/zona-comercial\/","title":{"rendered":"Galer\u00eda de Fotos Zona Comercial"},"content":{"rendered":"\t\t<div data-elementor-type=\"wp-page\" data-elementor-id=\"96422\" class=\"elementor elementor-96422\">\n\t\t\t\t\t\t<div class=\"elementor-inner\">\n\t\t\t\t<div class=\"elementor-section-wrap\">\n\t\t\t\t\t\t\t\t\t<section class=\"elementor-section elementor-top-section elementor-element elementor-element-158531a elementor-section-boxed elementor-section-height-default elementor-section-height-default\" data-id=\"158531a\" data-element_type=\"section\">\n\t\t\t\t\t\t<div class=\"elementor-container elementor-column-gap-default\">\n\t\t\t\t\t\t\t<div class=\"elementor-row\">\n\t\t\t\t\t<div class=\"elementor-column elementor-col-100 elementor-top-column elementor-element elementor-element-1816249\" data-id=\"1816249\" data-element_type=\"column\">\n\t\t\t<div class=\"elementor-column-wrap elementor-element-populated\">\n\t\t\t\t\t\t\t<div class=\"elementor-widget-wrap\">\n\t\t\t\t\t\t<div class=\"elementor-element elementor-element-829c0f6 elementor-widget elementor-widget-heading\" data-id=\"829c0f6\" data-element_type=\"widget\" data-widget_type=\"heading.default\">\n\t\t\t\t<div class=\"elementor-widget-container\">\n\t\t\t<h1 class=\"elementor-heading-title elementor-size-default\">Las mejores fotograf\u00edas de la Zona Comercial <\/h1>\t\t<\/div>\n\t\t\t\t<\/div>\n\t\t\t\t<div class=\"elementor-element elementor-element-aa56926 elementor-widget elementor-widget-text-editor\" data-id=\"aa56926\" data-element_type=\"widget\" data-widget_type=\"text-editor.default\">\n\t\t\t\t<div class=\"elementor-widget-container\">\n\t\t\t\t\t\t\t\t<div class=\"elementor-text-editor elementor-clearfix\">\n\t\t\t\t<p><b>D\u00eda 1: Septiembre 9 de 2022\u00a0<\/b><\/p><p><span style=\"font-weight: 400;\">Ac\u00e1 encontrar\u00e1s la galer\u00eda de im\u00e1genes del primer d\u00eda de la Zona Comercial\u00a0<\/span><\/p><p><span style=\"font-weight: 400;\">Fot\u00f3grafos: Yojan Valencia &#8211; Pita <\/span><\/p>\t\t\t\t\t<\/div>\n\t\t\t\t\t\t<\/div>\n\t\t\t\t<\/div>\n\t\t\t\t<div class=\"elementor-element elementor-element-e3a3984 elementor-widget elementor-widget-gallery\" data-id=\"e3a3984\" data-element_type=\"widget\" data-settings=\"{&quot;gallery_layout&quot;:&quot;justified&quot;,&quot;content_hover_animation&quot;:&quot;enter-from-left&quot;,&quot;content_sequenced_animation&quot;:&quot;yes&quot;,&quot;lazyload&quot;:&quot;yes&quot;,&quot;ideal_row_height&quot;:{&quot;unit&quot;:&quot;px&quot;,&quot;size&quot;:200,&quot;sizes&quot;:[]},&quot;ideal_row_height_tablet&quot;:{&quot;unit&quot;:&quot;px&quot;,&quot;size&quot;:150,&quot;sizes&quot;:[]},&quot;ideal_row_height_mobile&quot;:{&quot;unit&quot;:&quot;px&quot;,&quot;size&quot;:150,&quot;sizes&quot;:[]},&quot;gap&quot;:{&quot;unit&quot;:&quot;px&quot;,&quot;size&quot;:10,&quot;sizes&quot;:[]},&quot;gap_tablet&quot;:{&quot;unit&quot;:&quot;px&quot;,&quot;size&quot;:10,&quot;sizes&quot;:[]},&quot;gap_mobile&quot;:{&quot;unit&quot;:&quot;px&quot;,&quot;size&quot;:10,&quot;sizes&quot;:[]},&quot;link_to&quot;:&quot;file&quot;,&quot;overlay_background&quot;:&quot;yes&quot;}\" data-widget_type=\"gallery.default\">\n\t\t\t\t<div class=\"elementor-widget-container\">\n\t\t\t\t\t<div class=\"elementor-gallery__container\">\n\t\t\t\t\t\t\t<a class=\"e-gallery-item elementor-gallery-item elementor-animated-content\" href=\"https:\/\/www.medellin.gov.co\/es\/wp-content\/uploads\/2022\/09\/zona-comercial-14.jpg\" data-elementor-open-lightbox=\"yes\" data-elementor-lightbox-slideshow=\"all-e3a3984\" data-elementor-lightbox-title=\"Zona Comercial\" e-action-hash=\"#elementor-action%3Aaction%3Dlightbox%26settings%3DeyJpZCI6OTY0MjEsInVybCI6Imh0dHBzOlwvXC93d3cubWVkZWxsaW4uZ292LmNvXC9lc1wvd3AtY29udGVudFwvdXBsb2Fkc1wvMjAyMlwvMDlcL3pvbmEtY29tZXJjaWFsLTE0LmpwZyIsInNsaWRlc2hvdyI6ImFsbC1lM2EzOTg0In0%3D\">\n\t\t\t\t\t<div class=\"e-gallery-image elementor-gallery-item__image\" data-thumbnail=\"https:\/\/www.medellin.gov.co\/es\/wp-content\/uploads\/2022\/09\/zona-comercial-14-768x513.jpg\" data-width=\"768\" data-height=\"513\" alt=\"Zona Comercial\" ><\/div>\n\t\t\t\t\t\t\t\t\t\t\t<div class=\"elementor-gallery-item__overlay\"><\/div>\n\t\t\t\t\t\t\t\t\t\t\t\t\t\t<\/a>\n\t\t\t\t\t\t\t<a class=\"e-gallery-item elementor-gallery-item elementor-animated-content\" href=\"https:\/\/www.medellin.gov.co\/es\/wp-content\/uploads\/2022\/09\/zona-comercial-13.jpg\" data-elementor-open-lightbox=\"yes\" data-elementor-lightbox-slideshow=\"all-e3a3984\" data-elementor-lightbox-title=\"Zona Comercial\" e-action-hash=\"#elementor-action%3Aaction%3Dlightbox%26settings%3DeyJpZCI6OTY0MjAsInVybCI6Imh0dHBzOlwvXC93d3cubWVkZWxsaW4uZ292LmNvXC9lc1wvd3AtY29udGVudFwvdXBsb2Fkc1wvMjAyMlwvMDlcL3pvbmEtY29tZXJjaWFsLTEzLmpwZyIsInNsaWRlc2hvdyI6ImFsbC1lM2EzOTg0In0%3D\">\n\t\t\t\t\t<div class=\"e-gallery-image elementor-gallery-item__image\" data-thumbnail=\"https:\/\/www.medellin.gov.co\/es\/wp-content\/uploads\/2022\/09\/zona-comercial-13-768x513.jpg\" data-width=\"768\" data-height=\"513\" alt=\"Zona Comercial\" ><\/div>\n\t\t\t\t\t\t\t\t\t\t\t<div class=\"elementor-gallery-item__overlay\"><\/div>\n\t\t\t\t\t\t\t\t\t\t\t\t\t\t<\/a>\n\t\t\t\t\t\t\t<a class=\"e-gallery-item elementor-gallery-item elementor-animated-content\" href=\"https:\/\/www.medellin.gov.co\/es\/wp-content\/uploads\/2022\/09\/zona-comercial-12.jpg\" data-elementor-open-lightbox=\"yes\" data-elementor-lightbox-slideshow=\"all-e3a3984\" data-elementor-lightbox-title=\"Zona Comercial\" e-action-hash=\"#elementor-action%3Aaction%3Dlightbox%26settings%3DeyJpZCI6OTY0MTcsInVybCI6Imh0dHBzOlwvXC93d3cubWVkZWxsaW4uZ292LmNvXC9lc1wvd3AtY29udGVudFwvdXBsb2Fkc1wvMjAyMlwvMDlcL3pvbmEtY29tZXJjaWFsLTEyLmpwZyIsInNsaWRlc2hvdyI6ImFsbC1lM2EzOTg0In0%3D\">\n\t\t\t\t\t<div class=\"e-gallery-image elementor-gallery-item__image\" data-thumbnail=\"https:\/\/www.medellin.gov.co\/es\/wp-content\/uploads\/2022\/09\/zona-comercial-12-768x513.jpg\" data-width=\"768\" data-height=\"513\" alt=\"Zona Comercial\" ><\/div>\n\t\t\t\t\t\t\t\t\t\t\t<div class=\"elementor-gallery-item__overlay\"><\/div>\n\t\t\t\t\t\t\t\t\t\t\t\t\t\t<\/a>\n\t\t\t\t\t\t\t<a class=\"e-gallery-item elementor-gallery-item elementor-animated-content\" href=\"https:\/\/www.medellin.gov.co\/es\/wp-content\/uploads\/2022\/09\/zona-comercial-11.jpg\" data-elementor-open-lightbox=\"yes\" data-elementor-lightbox-slideshow=\"all-e3a3984\" data-elementor-lightbox-title=\"Zona Comercial\" e-action-hash=\"#elementor-action%3Aaction%3Dlightbox%26settings%3DeyJpZCI6OTY0MTYsInVybCI6Imh0dHBzOlwvXC93d3cubWVkZWxsaW4uZ292LmNvXC9lc1wvd3AtY29udGVudFwvdXBsb2Fkc1wvMjAyMlwvMDlcL3pvbmEtY29tZXJjaWFsLTExLmpwZyIsInNsaWRlc2hvdyI6ImFsbC1lM2EzOTg0In0%3D\">\n\t\t\t\t\t<div class=\"e-gallery-image elementor-gallery-item__image\" data-thumbnail=\"https:\/\/www.medellin.gov.co\/es\/wp-content\/uploads\/2022\/09\/zona-comercial-11-768x513.jpg\" data-width=\"768\" data-height=\"513\" alt=\"Zona Comercial\" ><\/div>\n\t\t\t\t\t\t\t\t\t\t\t<div class=\"elementor-gallery-item__overlay\"><\/div>\n\t\t\t\t\t\t\t\t\t\t\t\t\t\t<\/a>\n\t\t\t\t\t\t\t<a class=\"e-gallery-item elementor-gallery-item elementor-animated-content\" href=\"https:\/\/www.medellin.gov.co\/es\/wp-content\/uploads\/2022\/09\/zona-comercial-10.jpg\" data-elementor-open-lightbox=\"yes\" data-elementor-lightbox-slideshow=\"all-e3a3984\" data-elementor-lightbox-title=\"Zona Comercial\" e-action-hash=\"#elementor-action%3Aaction%3Dlightbox%26settings%3DeyJpZCI6OTY0MTUsInVybCI6Imh0dHBzOlwvXC93d3cubWVkZWxsaW4uZ292LmNvXC9lc1wvd3AtY29udGVudFwvdXBsb2Fkc1wvMjAyMlwvMDlcL3pvbmEtY29tZXJjaWFsLTEwLmpwZyIsInNsaWRlc2hvdyI6ImFsbC1lM2EzOTg0In0%3D\">\n\t\t\t\t\t<div class=\"e-gallery-image elementor-gallery-item__image\" data-thumbnail=\"https:\/\/www.medellin.gov.co\/es\/wp-content\/uploads\/2022\/09\/zona-comercial-10-768x513.jpg\" data-width=\"768\" data-height=\"513\" alt=\"Zona Comercial\" ><\/div>\n\t\t\t\t\t\t\t\t\t\t\t<div class=\"elementor-gallery-item__overlay\"><\/div>\n\t\t\t\t\t\t\t\t\t\t\t\t\t\t<\/a>\n\t\t\t\t\t\t\t<a class=\"e-gallery-item elementor-gallery-item elementor-animated-content\" href=\"https:\/\/www.medellin.gov.co\/es\/wp-content\/uploads\/2022\/09\/zona-comercial-9.jpg\" data-elementor-open-lightbox=\"yes\" data-elementor-lightbox-slideshow=\"all-e3a3984\" data-elementor-lightbox-title=\"Zona Comercial\" e-action-hash=\"#elementor-action%3Aaction%3Dlightbox%26settings%3DeyJpZCI6OTY0MTIsInVybCI6Imh0dHBzOlwvXC93d3cubWVkZWxsaW4uZ292LmNvXC9lc1wvd3AtY29udGVudFwvdXBsb2Fkc1wvMjAyMlwvMDlcL3pvbmEtY29tZXJjaWFsLTkuanBnIiwic2xpZGVzaG93IjoiYWxsLWUzYTM5ODQifQ%3D%3D\">\n\t\t\t\t\t<div class=\"e-gallery-image elementor-gallery-item__image\" data-thumbnail=\"https:\/\/www.medellin.gov.co\/es\/wp-content\/uploads\/2022\/09\/zona-comercial-9-768x513.jpg\" data-width=\"768\" data-height=\"513\" alt=\"Zona Comercial\" ><\/div>\n\t\t\t\t\t\t\t\t\t\t\t<div class=\"elementor-gallery-item__overlay\"><\/div>\n\t\t\t\t\t\t\t\t\t\t\t\t\t\t<\/a>\n\t\t\t\t\t\t\t<a class=\"e-gallery-item elementor-gallery-item elementor-animated-content\" href=\"https:\/\/www.medellin.gov.co\/es\/wp-content\/uploads\/2022\/09\/zona-comercial-8.jpg\" data-elementor-open-lightbox=\"yes\" data-elementor-lightbox-slideshow=\"all-e3a3984\" data-elementor-lightbox-title=\"Zona Comercial\" e-action-hash=\"#elementor-action%3Aaction%3Dlightbox%26settings%3DeyJpZCI6OTY0MDksInVybCI6Imh0dHBzOlwvXC93d3cubWVkZWxsaW4uZ292LmNvXC9lc1wvd3AtY29udGVudFwvdXBsb2Fkc1wvMjAyMlwvMDlcL3pvbmEtY29tZXJjaWFsLTguanBnIiwic2xpZGVzaG93IjoiYWxsLWUzYTM5ODQifQ%3D%3D\">\n\t\t\t\t\t<div class=\"e-gallery-image elementor-gallery-item__image\" data-thumbnail=\"https:\/\/www.medellin.gov.co\/es\/wp-content\/uploads\/2022\/09\/zona-comercial-8-768x513.jpg\" data-width=\"768\" data-height=\"513\" alt=\"Zona Comercial\" ><\/div>\n\t\t\t\t\t\t\t\t\t\t\t<div class=\"elementor-gallery-item__overlay\"><\/div>\n\t\t\t\t\t\t\t\t\t\t\t\t\t\t<\/a>\n\t\t\t\t\t\t\t<a class=\"e-gallery-item elementor-gallery-item elementor-animated-content\" href=\"https:\/\/www.medellin.gov.co\/es\/wp-content\/uploads\/2022\/09\/zona-comercial-7.jpg\" data-elementor-open-lightbox=\"yes\" data-elementor-lightbox-slideshow=\"all-e3a3984\" data-elementor-lightbox-title=\"Zona Comercial\" e-action-hash=\"#elementor-action%3Aaction%3Dlightbox%26settings%3DeyJpZCI6OTY0MDgsInVybCI6Imh0dHBzOlwvXC93d3cubWVkZWxsaW4uZ292LmNvXC9lc1wvd3AtY29udGVudFwvdXBsb2Fkc1wvMjAyMlwvMDlcL3pvbmEtY29tZXJjaWFsLTcuanBnIiwic2xpZGVzaG93IjoiYWxsLWUzYTM5ODQifQ%3D%3D\">\n\t\t\t\t\t<div class=\"e-gallery-image elementor-gallery-item__image\" data-thumbnail=\"https:\/\/www.medellin.gov.co\/es\/wp-content\/uploads\/2022\/09\/zona-comercial-7-768x513.jpg\" data-width=\"768\" data-height=\"513\" alt=\"Zona Comercial\" ><\/div>\n\t\t\t\t\t\t\t\t\t\t\t<div class=\"elementor-gallery-item__overlay\"><\/div>\n\t\t\t\t\t\t\t\t\t\t\t\t\t\t<\/a>\n\t\t\t\t\t\t\t<a class=\"e-gallery-item elementor-gallery-item elementor-animated-content\" href=\"https:\/\/www.medellin.gov.co\/es\/wp-content\/uploads\/2022\/09\/zona-comercial-6.jpg\" data-elementor-open-lightbox=\"yes\" data-elementor-lightbox-slideshow=\"all-e3a3984\" data-elementor-lightbox-title=\"Zona Comercial\" e-action-hash=\"#elementor-action%3Aaction%3Dlightbox%26settings%3DeyJpZCI6OTY0MDcsInVybCI6Imh0dHBzOlwvXC93d3cubWVkZWxsaW4uZ292LmNvXC9lc1wvd3AtY29udGVudFwvdXBsb2Fkc1wvMjAyMlwvMDlcL3pvbmEtY29tZXJjaWFsLTYuanBnIiwic2xpZGVzaG93IjoiYWxsLWUzYTM5ODQifQ%3D%3D\">\n\t\t\t\t\t<div class=\"e-gallery-image elementor-gallery-item__image\" data-thumbnail=\"https:\/\/www.medellin.gov.co\/es\/wp-content\/uploads\/2022\/09\/zona-comercial-6-768x486.jpg\" data-width=\"768\" data-height=\"486\" alt=\"Zona Comercial\" ><\/div>\n\t\t\t\t\t\t\t\t\t\t\t<div class=\"elementor-gallery-item__overlay\"><\/div>\n\t\t\t\t\t\t\t\t\t\t\t\t\t\t<\/a>\n\t\t\t\t\t\t\t<a class=\"e-gallery-item elementor-gallery-item elementor-animated-content\" href=\"https:\/\/www.medellin.gov.co\/es\/wp-content\/uploads\/2022\/09\/zona-comercial-5.jpg\" data-elementor-open-lightbox=\"yes\" data-elementor-lightbox-slideshow=\"all-e3a3984\" data-elementor-lightbox-title=\"Zona Comercial\" e-action-hash=\"#elementor-action%3Aaction%3Dlightbox%26settings%3DeyJpZCI6OTY0MDYsInVybCI6Imh0dHBzOlwvXC93d3cubWVkZWxsaW4uZ292LmNvXC9lc1wvd3AtY29udGVudFwvdXBsb2Fkc1wvMjAyMlwvMDlcL3pvbmEtY29tZXJjaWFsLTUuanBnIiwic2xpZGVzaG93IjoiYWxsLWUzYTM5ODQifQ%3D%3D\">\n\t\t\t\t\t<div class=\"e-gallery-image elementor-gallery-item__image\" data-thumbnail=\"https:\/\/www.medellin.gov.co\/es\/wp-content\/uploads\/2022\/09\/zona-comercial-5-768x513.jpg\" data-width=\"768\" data-height=\"513\" alt=\"Zona Comercial\" ><\/div>\n\t\t\t\t\t\t\t\t\t\t\t<div class=\"elementor-gallery-item__overlay\"><\/div>\n\t\t\t\t\t\t\t\t\t\t\t\t\t\t<\/a>\n\t\t\t\t\t\t\t<a class=\"e-gallery-item elementor-gallery-item elementor-animated-content\" href=\"https:\/\/www.medellin.gov.co\/es\/wp-content\/uploads\/2022\/09\/zona-comercial-4.jpg\" data-elementor-open-lightbox=\"yes\" data-elementor-lightbox-slideshow=\"all-e3a3984\" data-elementor-lightbox-title=\"Zona Comercial\" e-action-hash=\"#elementor-action%3Aaction%3Dlightbox%26settings%3DeyJpZCI6OTY0MDQsInVybCI6Imh0dHBzOlwvXC93d3cubWVkZWxsaW4uZ292LmNvXC9lc1wvd3AtY29udGVudFwvdXBsb2Fkc1wvMjAyMlwvMDlcL3pvbmEtY29tZXJjaWFsLTQuanBnIiwic2xpZGVzaG93IjoiYWxsLWUzYTM5ODQifQ%3D%3D\">\n\t\t\t\t\t<div class=\"e-gallery-image elementor-gallery-item__image\" data-thumbnail=\"https:\/\/www.medellin.gov.co\/es\/wp-content\/uploads\/2022\/09\/zona-comercial-4-768x513.jpg\" data-width=\"768\" data-height=\"513\" alt=\"Zona Comercial\" ><\/div>\n\t\t\t\t\t\t\t\t\t\t\t<div class=\"elementor-gallery-item__overlay\"><\/div>\n\t\t\t\t\t\t\t\t\t\t\t\t\t\t<\/a>\n\t\t\t\t\t\t\t<a class=\"e-gallery-item elementor-gallery-item elementor-animated-content\" href=\"https:\/\/www.medellin.gov.co\/es\/wp-content\/uploads\/2022\/09\/zona-comercial-3.jpg\" data-elementor-open-lightbox=\"yes\" data-elementor-lightbox-slideshow=\"all-e3a3984\" data-elementor-lightbox-title=\"Zona Comercial\" e-action-hash=\"#elementor-action%3Aaction%3Dlightbox%26settings%3DeyJpZCI6OTY0MDMsInVybCI6Imh0dHBzOlwvXC93d3cubWVkZWxsaW4uZ292LmNvXC9lc1wvd3AtY29udGVudFwvdXBsb2Fkc1wvMjAyMlwvMDlcL3pvbmEtY29tZXJjaWFsLTMuanBnIiwic2xpZGVzaG93IjoiYWxsLWUzYTM5ODQifQ%3D%3D\">\n\t\t\t\t\t<div class=\"e-gallery-image elementor-gallery-item__image\" data-thumbnail=\"https:\/\/www.medellin.gov.co\/es\/wp-content\/uploads\/2022\/09\/zona-comercial-3-768x513.jpg\" data-width=\"768\" data-height=\"513\" alt=\"Zona Comercial\" ><\/div>\n\t\t\t\t\t\t\t\t\t\t\t<div class=\"elementor-gallery-item__overlay\"><\/div>\n\t\t\t\t\t\t\t\t\t\t\t\t\t\t<\/a>\n\t\t\t\t\t\t\t<a class=\"e-gallery-item elementor-gallery-item elementor-animated-content\" href=\"https:\/\/www.medellin.gov.co\/es\/wp-content\/uploads\/2022\/09\/zona-comercial-2.jpg\" data-elementor-open-lightbox=\"yes\" data-elementor-lightbox-slideshow=\"all-e3a3984\" data-elementor-lightbox-title=\"Zona Comercial\" e-action-hash=\"#elementor-action%3Aaction%3Dlightbox%26settings%3DeyJpZCI6OTY0MDAsInVybCI6Imh0dHBzOlwvXC93d3cubWVkZWxsaW4uZ292LmNvXC9lc1wvd3AtY29udGVudFwvdXBsb2Fkc1wvMjAyMlwvMDlcL3pvbmEtY29tZXJjaWFsLTIuanBnIiwic2xpZGVzaG93IjoiYWxsLWUzYTM5ODQifQ%3D%3D\">\n\t\t\t\t\t<div class=\"e-gallery-image elementor-gallery-item__image\" data-thumbnail=\"https:\/\/www.medellin.gov.co\/es\/wp-content\/uploads\/2022\/09\/zona-comercial-2-768x481.jpg\" data-width=\"768\" data-height=\"481\" alt=\"Zona Comercial\" ><\/div>\n\t\t\t\t\t\t\t\t\t\t\t<div class=\"elementor-gallery-item__overlay\"><\/div>\n\t\t\t\t\t\t\t\t\t\t\t\t\t\t<\/a>\n\t\t\t\t\t\t\t<a class=\"e-gallery-item elementor-gallery-item elementor-animated-content\" href=\"https:\/\/www.medellin.gov.co\/es\/wp-content\/uploads\/2022\/09\/zona-comercial-1.jpg\" data-elementor-open-lightbox=\"yes\" data-elementor-lightbox-slideshow=\"all-e3a3984\" data-elementor-lightbox-title=\"Zona Comercial\" e-action-hash=\"#elementor-action%3Aaction%3Dlightbox%26settings%3DeyJpZCI6OTYzOTgsInVybCI6Imh0dHBzOlwvXC93d3cubWVkZWxsaW4uZ292LmNvXC9lc1wvd3AtY29udGVudFwvdXBsb2Fkc1wvMjAyMlwvMDlcL3pvbmEtY29tZXJjaWFsLTEuanBnIiwic2xpZGVzaG93IjoiYWxsLWUzYTM5ODQifQ%3D%3D\">\n\t\t\t\t\t<div class=\"e-gallery-image elementor-gallery-item__image\" data-thumbnail=\"https:\/\/www.medellin.gov.co\/es\/wp-content\/uploads\/2022\/09\/zona-comercial-1-768x501.jpg\" data-width=\"768\" data-height=\"501\" alt=\"Zona Comercial\" ><\/div>\n\t\t\t\t\t\t\t\t\t\t\t<div class=\"elementor-gallery-item__overlay\"><\/div>\n\t\t\t\t\t\t\t\t\t\t\t\t\t\t<\/a>\n\t\t\t\t\t<\/div>\n\t\t\t<\/div>\n\t\t\t\t<\/div>\n\t\t\t\t\t\t<\/div>\n\t\t\t\t\t<\/div>\n\t\t<\/div>\n\t\t\t\t\t\t\t\t<\/div>\n\t\t\t\t\t<\/div>\n\t\t<\/section>\n\t\t\t\t<section class=\"elementor-section elementor-top-section elementor-element elementor-element-8853fcc elementor-section-boxed elementor-section-height-default elementor-section-height-default\" data-id=\"8853fcc\" data-element_type=\"section\">\n\t\t\t\t\t\t<div class=\"elementor-container elementor-column-gap-default\">\n\t\t\t\t\t\t\t<div class=\"elementor-row\">\n\t\t\t\t\t<div class=\"elementor-column elementor-col-100 elementor-top-column elementor-element elementor-element-b59ebd1\" data-id=\"b59ebd1\" data-element_type=\"column\">\n\t\t\t<div class=\"elementor-column-wrap elementor-element-populated\">\n\t\t\t\t\t\t\t<div class=\"elementor-widget-wrap\">\n\t\t\t\t\t\t<div class=\"elementor-element elementor-element-445f77c elementor-widget elementor-widget-text-editor\" data-id=\"445f77c\" data-element_type=\"widget\" data-widget_type=\"text-editor.default\">\n\t\t\t\t<div class=\"elementor-widget-container\">\n\t\t\t\t\t\t\t\t<div class=\"elementor-text-editor elementor-clearfix\">\n\t\t\t\t<p><b>D\u00eda 2: Septiembre 10 de 2022\u00a0<\/b><\/p><p><span style=\"font-weight: 400;\">Ac\u00e1 encontrar\u00e1s la galer\u00eda de im\u00e1genes del segundo d\u00eda de la Zona Comercial\u00a0<\/span><\/p><p><span style=\"font-weight: 400;\">Fot\u00f3grafos: Juan Cuadros <\/span><\/p>\t\t\t\t\t<\/div>\n\t\t\t\t\t\t<\/div>\n\t\t\t\t<\/div>\n\t\t\t\t<div class=\"elementor-element elementor-element-207230e elementor-widget elementor-widget-gallery\" data-id=\"207230e\" data-element_type=\"widget\" data-settings=\"{&quot;gallery_layout&quot;:&quot;justified&quot;,&quot;content_hover_animation&quot;:&quot;enter-from-left&quot;,&quot;content_sequenced_animation&quot;:&quot;yes&quot;,&quot;lazyload&quot;:&quot;yes&quot;,&quot;ideal_row_height&quot;:{&quot;unit&quot;:&quot;px&quot;,&quot;size&quot;:200,&quot;sizes&quot;:[]},&quot;ideal_row_height_tablet&quot;:{&quot;unit&quot;:&quot;px&quot;,&quot;size&quot;:150,&quot;sizes&quot;:[]},&quot;ideal_row_height_mobile&quot;:{&quot;unit&quot;:&quot;px&quot;,&quot;size&quot;:150,&quot;sizes&quot;:[]},&quot;gap&quot;:{&quot;unit&quot;:&quot;px&quot;,&quot;size&quot;:10,&quot;sizes&quot;:[]},&quot;gap_tablet&quot;:{&quot;unit&quot;:&quot;px&quot;,&quot;size&quot;:10,&quot;sizes&quot;:[]},&quot;gap_mobile&quot;:{&quot;unit&quot;:&quot;px&quot;,&quot;size&quot;:10,&quot;sizes&quot;:[]},&quot;link_to&quot;:&quot;file&quot;,&quot;overlay_background&quot;:&quot;yes&quot;}\" data-widget_type=\"gallery.default\">\n\t\t\t\t<div class=\"elementor-widget-container\">\n\t\t\t\t\t<div class=\"elementor-gallery__container\">\n\t\t\t\t\t\t\t<a class=\"e-gallery-item elementor-gallery-item elementor-animated-content\" href=\"https:\/\/www.medellin.gov.co\/es\/wp-content\/uploads\/2022\/09\/Zona-Comercial-2-1.jpg\" data-elementor-open-lightbox=\"yes\" data-elementor-lightbox-slideshow=\"all-207230e\" data-elementor-lightbox-title=\"Zona Comercial\" e-action-hash=\"#elementor-action%3Aaction%3Dlightbox%26settings%3DeyJpZCI6OTgwODAsInVybCI6Imh0dHBzOlwvXC93d3cubWVkZWxsaW4uZ292LmNvXC9lc1wvd3AtY29udGVudFwvdXBsb2Fkc1wvMjAyMlwvMDlcL1pvbmEtQ29tZXJjaWFsLTItMS5qcGciLCJzbGlkZXNob3ciOiJhbGwtMjA3MjMwZSJ9\">\n\t\t\t\t\t<div class=\"e-gallery-image elementor-gallery-item__image\" data-thumbnail=\"https:\/\/www.medellin.gov.co\/es\/wp-content\/uploads\/2022\/09\/Zona-Comercial-2-1-768x512.jpg\" data-width=\"768\" data-height=\"512\" alt=\"Zona Comercial\" ><\/div>\n\t\t\t\t\t\t\t\t\t\t\t<div class=\"elementor-gallery-item__overlay\"><\/div>\n\t\t\t\t\t\t\t\t\t\t\t\t\t\t<\/a>\n\t\t\t\t\t\t\t<a class=\"e-gallery-item elementor-gallery-item elementor-animated-content\" href=\"https:\/\/www.medellin.gov.co\/es\/wp-content\/uploads\/2022\/09\/Zona-Comercial-1-1.jpg\" data-elementor-open-lightbox=\"yes\" data-elementor-lightbox-slideshow=\"all-207230e\" data-elementor-lightbox-title=\"Zona Comercial\" e-action-hash=\"#elementor-action%3Aaction%3Dlightbox%26settings%3DeyJpZCI6OTgwNzksInVybCI6Imh0dHBzOlwvXC93d3cubWVkZWxsaW4uZ292LmNvXC9lc1wvd3AtY29udGVudFwvdXBsb2Fkc1wvMjAyMlwvMDlcL1pvbmEtQ29tZXJjaWFsLTEtMS5qcGciLCJzbGlkZXNob3ciOiJhbGwtMjA3MjMwZSJ9\">\n\t\t\t\t\t<div class=\"e-gallery-image elementor-gallery-item__image\" data-thumbnail=\"https:\/\/www.medellin.gov.co\/es\/wp-content\/uploads\/2022\/09\/Zona-Comercial-1-1-768x512.jpg\" data-width=\"768\" data-height=\"512\" alt=\"Zona Comercial\" ><\/div>\n\t\t\t\t\t\t\t\t\t\t\t<div class=\"elementor-gallery-item__overlay\"><\/div>\n\t\t\t\t\t\t\t\t\t\t\t\t\t\t<\/a>\n\t\t\t\t\t\t\t<a class=\"e-gallery-item elementor-gallery-item elementor-animated-content\" href=\"https:\/\/www.medellin.gov.co\/es\/wp-content\/uploads\/2022\/09\/Zona-Comercial-17.jpg\" data-elementor-open-lightbox=\"yes\" data-elementor-lightbox-slideshow=\"all-207230e\" data-elementor-lightbox-title=\"Zona Comercial\" e-action-hash=\"#elementor-action%3Aaction%3Dlightbox%26settings%3DeyJpZCI6OTgwNzgsInVybCI6Imh0dHBzOlwvXC93d3cubWVkZWxsaW4uZ292LmNvXC9lc1wvd3AtY29udGVudFwvdXBsb2Fkc1wvMjAyMlwvMDlcL1pvbmEtQ29tZXJjaWFsLTE3LmpwZyIsInNsaWRlc2hvdyI6ImFsbC0yMDcyMzBlIn0%3D\">\n\t\t\t\t\t<div class=\"e-gallery-image elementor-gallery-item__image\" data-thumbnail=\"https:\/\/www.medellin.gov.co\/es\/wp-content\/uploads\/2022\/09\/Zona-Comercial-17-768x512.jpg\" data-width=\"768\" data-height=\"512\" alt=\"Zona Comercial\" ><\/div>\n\t\t\t\t\t\t\t\t\t\t\t<div class=\"elementor-gallery-item__overlay\"><\/div>\n\t\t\t\t\t\t\t\t\t\t\t\t\t\t<\/a>\n\t\t\t\t\t\t\t<a class=\"e-gallery-item elementor-gallery-item elementor-animated-content\" href=\"https:\/\/www.medellin.gov.co\/es\/wp-content\/uploads\/2022\/09\/Zona-Comercial-16.jpg\" data-elementor-open-lightbox=\"yes\" data-elementor-lightbox-slideshow=\"all-207230e\" data-elementor-lightbox-title=\"Zona Comercial\" e-action-hash=\"#elementor-action%3Aaction%3Dlightbox%26settings%3DeyJpZCI6OTgwNzYsInVybCI6Imh0dHBzOlwvXC93d3cubWVkZWxsaW4uZ292LmNvXC9lc1wvd3AtY29udGVudFwvdXBsb2Fkc1wvMjAyMlwvMDlcL1pvbmEtQ29tZXJjaWFsLTE2LmpwZyIsInNsaWRlc2hvdyI6ImFsbC0yMDcyMzBlIn0%3D\">\n\t\t\t\t\t<div class=\"e-gallery-image elementor-gallery-item__image\" data-thumbnail=\"https:\/\/www.medellin.gov.co\/es\/wp-content\/uploads\/2022\/09\/Zona-Comercial-16-768x512.jpg\" data-width=\"768\" data-height=\"512\" alt=\"Zona Comercial\" ><\/div>\n\t\t\t\t\t\t\t\t\t\t\t<div class=\"elementor-gallery-item__overlay\"><\/div>\n\t\t\t\t\t\t\t\t\t\t\t\t\t\t<\/a>\n\t\t\t\t\t\t\t<a class=\"e-gallery-item elementor-gallery-item elementor-animated-content\" href=\"https:\/\/www.medellin.gov.co\/es\/wp-content\/uploads\/2022\/09\/Zona-Comercial-15.jpg\" data-elementor-open-lightbox=\"yes\" data-elementor-lightbox-slideshow=\"all-207230e\" data-elementor-lightbox-title=\"Zona Comercial\" e-action-hash=\"#elementor-action%3Aaction%3Dlightbox%26settings%3DeyJpZCI6OTgwNzUsInVybCI6Imh0dHBzOlwvXC93d3cubWVkZWxsaW4uZ292LmNvXC9lc1wvd3AtY29udGVudFwvdXBsb2Fkc1wvMjAyMlwvMDlcL1pvbmEtQ29tZXJjaWFsLTE1LmpwZyIsInNsaWRlc2hvdyI6ImFsbC0yMDcyMzBlIn0%3D\">\n\t\t\t\t\t<div class=\"e-gallery-image elementor-gallery-item__image\" data-thumbnail=\"https:\/\/www.medellin.gov.co\/es\/wp-content\/uploads\/2022\/09\/Zona-Comercial-15-768x512.jpg\" data-width=\"768\" data-height=\"512\" alt=\"Zona Comercial\" ><\/div>\n\t\t\t\t\t\t\t\t\t\t\t<div class=\"elementor-gallery-item__overlay\"><\/div>\n\t\t\t\t\t\t\t\t\t\t\t\t\t\t<\/a>\n\t\t\t\t\t\t\t<a class=\"e-gallery-item elementor-gallery-item elementor-animated-content\" href=\"https:\/\/www.medellin.gov.co\/es\/wp-content\/uploads\/2022\/09\/Zona-Comercial-14-1.jpg\" data-elementor-open-lightbox=\"yes\" data-elementor-lightbox-slideshow=\"all-207230e\" data-elementor-lightbox-title=\"Zona Comercial\" e-action-hash=\"#elementor-action%3Aaction%3Dlightbox%26settings%3DeyJpZCI6OTgwNzQsInVybCI6Imh0dHBzOlwvXC93d3cubWVkZWxsaW4uZ292LmNvXC9lc1wvd3AtY29udGVudFwvdXBsb2Fkc1wvMjAyMlwvMDlcL1pvbmEtQ29tZXJjaWFsLTE0LTEuanBnIiwic2xpZGVzaG93IjoiYWxsLTIwNzIzMGUifQ%3D%3D\">\n\t\t\t\t\t<div class=\"e-gallery-image elementor-gallery-item__image\" data-thumbnail=\"https:\/\/www.medellin.gov.co\/es\/wp-content\/uploads\/2022\/09\/Zona-Comercial-14-1-768x512.jpg\" data-width=\"768\" data-height=\"512\" alt=\"Zona Comercial\" ><\/div>\n\t\t\t\t\t\t\t\t\t\t\t<div class=\"elementor-gallery-item__overlay\"><\/div>\n\t\t\t\t\t\t\t\t\t\t\t\t\t\t<\/a>\n\t\t\t\t\t\t\t<a class=\"e-gallery-item elementor-gallery-item elementor-animated-content\" href=\"https:\/\/www.medellin.gov.co\/es\/wp-content\/uploads\/2022\/09\/Zona-Comercial-13-1.jpg\" data-elementor-open-lightbox=\"yes\" data-elementor-lightbox-slideshow=\"all-207230e\" data-elementor-lightbox-title=\"Zona Comercial\" e-action-hash=\"#elementor-action%3Aaction%3Dlightbox%26settings%3DeyJpZCI6OTgwNzMsInVybCI6Imh0dHBzOlwvXC93d3cubWVkZWxsaW4uZ292LmNvXC9lc1wvd3AtY29udGVudFwvdXBsb2Fkc1wvMjAyMlwvMDlcL1pvbmEtQ29tZXJjaWFsLTEzLTEuanBnIiwic2xpZGVzaG93IjoiYWxsLTIwNzIzMGUifQ%3D%3D\">\n\t\t\t\t\t<div class=\"e-gallery-image elementor-gallery-item__image\" data-thumbnail=\"https:\/\/www.medellin.gov.co\/es\/wp-content\/uploads\/2022\/09\/Zona-Comercial-13-1-768x512.jpg\" data-width=\"768\" data-height=\"512\" alt=\"Zona Comercial\" ><\/div>\n\t\t\t\t\t\t\t\t\t\t\t<div class=\"elementor-gallery-item__overlay\"><\/div>\n\t\t\t\t\t\t\t\t\t\t\t\t\t\t<\/a>\n\t\t\t\t\t\t\t<a class=\"e-gallery-item elementor-gallery-item elementor-animated-content\" href=\"https:\/\/www.medellin.gov.co\/es\/wp-content\/uploads\/2022\/09\/Zona-Comercial-12-1.jpg\" data-elementor-open-lightbox=\"yes\" data-elementor-lightbox-slideshow=\"all-207230e\" data-elementor-lightbox-title=\"Zona Comercial\" e-action-hash=\"#elementor-action%3Aaction%3Dlightbox%26settings%3DeyJpZCI6OTgwNzIsInVybCI6Imh0dHBzOlwvXC93d3cubWVkZWxsaW4uZ292LmNvXC9lc1wvd3AtY29udGVudFwvdXBsb2Fkc1wvMjAyMlwvMDlcL1pvbmEtQ29tZXJjaWFsLTEyLTEuanBnIiwic2xpZGVzaG93IjoiYWxsLTIwNzIzMGUifQ%3D%3D\">\n\t\t\t\t\t<div class=\"e-gallery-image elementor-gallery-item__image\" data-thumbnail=\"https:\/\/www.medellin.gov.co\/es\/wp-content\/uploads\/2022\/09\/Zona-Comercial-12-1-768x512.jpg\" data-width=\"768\" data-height=\"512\" alt=\"Zona Comercial\" ><\/div>\n\t\t\t\t\t\t\t\t\t\t\t<div class=\"elementor-gallery-item__overlay\"><\/div>\n\t\t\t\t\t\t\t\t\t\t\t\t\t\t<\/a>\n\t\t\t\t\t\t\t<a class=\"e-gallery-item elementor-gallery-item elementor-animated-content\" href=\"https:\/\/www.medellin.gov.co\/es\/wp-content\/uploads\/2022\/09\/Zona-Comercial-11-1.jpg\" data-elementor-open-lightbox=\"yes\" data-elementor-lightbox-slideshow=\"all-207230e\" data-elementor-lightbox-title=\"Zona Comercial\" e-action-hash=\"#elementor-action%3Aaction%3Dlightbox%26settings%3DeyJpZCI6OTgwNzEsInVybCI6Imh0dHBzOlwvXC93d3cubWVkZWxsaW4uZ292LmNvXC9lc1wvd3AtY29udGVudFwvdXBsb2Fkc1wvMjAyMlwvMDlcL1pvbmEtQ29tZXJjaWFsLTExLTEuanBnIiwic2xpZGVzaG93IjoiYWxsLTIwNzIzMGUifQ%3D%3D\">\n\t\t\t\t\t<div class=\"e-gallery-image elementor-gallery-item__image\" data-thumbnail=\"https:\/\/www.medellin.gov.co\/es\/wp-content\/uploads\/2022\/09\/Zona-Comercial-11-1-768x512.jpg\" data-width=\"768\" data-height=\"512\" alt=\"Zona Comercial\" ><\/div>\n\t\t\t\t\t\t\t\t\t\t\t<div class=\"elementor-gallery-item__overlay\"><\/div>\n\t\t\t\t\t\t\t\t\t\t\t\t\t\t<\/a>\n\t\t\t\t\t\t\t<a class=\"e-gallery-item elementor-gallery-item elementor-animated-content\" href=\"https:\/\/www.medellin.gov.co\/es\/wp-content\/uploads\/2022\/09\/Zona-Comercial-10-1.jpg\" data-elementor-open-lightbox=\"yes\" data-elementor-lightbox-slideshow=\"all-207230e\" data-elementor-lightbox-title=\"Zona Comercial\" e-action-hash=\"#elementor-action%3Aaction%3Dlightbox%26settings%3DeyJpZCI6OTgwNzAsInVybCI6Imh0dHBzOlwvXC93d3cubWVkZWxsaW4uZ292LmNvXC9lc1wvd3AtY29udGVudFwvdXBsb2Fkc1wvMjAyMlwvMDlcL1pvbmEtQ29tZXJjaWFsLTEwLTEuanBnIiwic2xpZGVzaG93IjoiYWxsLTIwNzIzMGUifQ%3D%3D\">\n\t\t\t\t\t<div class=\"e-gallery-image elementor-gallery-item__image\" data-thumbnail=\"https:\/\/www.medellin.gov.co\/es\/wp-content\/uploads\/2022\/09\/Zona-Comercial-10-1-768x512.jpg\" data-width=\"768\" data-height=\"512\" alt=\"Zona Comercial\" ><\/div>\n\t\t\t\t\t\t\t\t\t\t\t<div class=\"elementor-gallery-item__overlay\"><\/div>\n\t\t\t\t\t\t\t\t\t\t\t\t\t\t<\/a>\n\t\t\t\t\t\t\t<a class=\"e-gallery-item elementor-gallery-item elementor-animated-content\" href=\"https:\/\/www.medellin.gov.co\/es\/wp-content\/uploads\/2022\/09\/Zona-Comercial-9-1.jpg\" data-elementor-open-lightbox=\"yes\" data-elementor-lightbox-slideshow=\"all-207230e\" data-elementor-lightbox-title=\"Zona Comercial\" e-action-hash=\"#elementor-action%3Aaction%3Dlightbox%26settings%3DeyJpZCI6OTgwNjksInVybCI6Imh0dHBzOlwvXC93d3cubWVkZWxsaW4uZ292LmNvXC9lc1wvd3AtY29udGVudFwvdXBsb2Fkc1wvMjAyMlwvMDlcL1pvbmEtQ29tZXJjaWFsLTktMS5qcGciLCJzbGlkZXNob3ciOiJhbGwtMjA3MjMwZSJ9\">\n\t\t\t\t\t<div class=\"e-gallery-image elementor-gallery-item__image\" data-thumbnail=\"https:\/\/www.medellin.gov.co\/es\/wp-content\/uploads\/2022\/09\/Zona-Comercial-9-1-768x497.jpg\" data-width=\"768\" data-height=\"497\" alt=\"Zona Comercial\" ><\/div>\n\t\t\t\t\t\t\t\t\t\t\t<div class=\"elementor-gallery-item__overlay\"><\/div>\n\t\t\t\t\t\t\t\t\t\t\t\t\t\t<\/a>\n\t\t\t\t\t\t\t<a class=\"e-gallery-item elementor-gallery-item elementor-animated-content\" href=\"https:\/\/www.medellin.gov.co\/es\/wp-content\/uploads\/2022\/09\/Zona-Comercial-8-1.jpg\" data-elementor-open-lightbox=\"yes\" data-elementor-lightbox-slideshow=\"all-207230e\" data-elementor-lightbox-title=\"Zona Comercial\" e-action-hash=\"#elementor-action%3Aaction%3Dlightbox%26settings%3DeyJpZCI6OTgwNjgsInVybCI6Imh0dHBzOlwvXC93d3cubWVkZWxsaW4uZ292LmNvXC9lc1wvd3AtY29udGVudFwvdXBsb2Fkc1wvMjAyMlwvMDlcL1pvbmEtQ29tZXJjaWFsLTgtMS5qcGciLCJzbGlkZXNob3ciOiJhbGwtMjA3MjMwZSJ9\">\n\t\t\t\t\t<div class=\"e-gallery-image elementor-gallery-item__image\" data-thumbnail=\"https:\/\/www.medellin.gov.co\/es\/wp-content\/uploads\/2022\/09\/Zona-Comercial-8-1-768x512.jpg\" data-width=\"768\" data-height=\"512\" alt=\"Zona Comercial\" ><\/div>\n\t\t\t\t\t\t\t\t\t\t\t<div class=\"elementor-gallery-item__overlay\"><\/div>\n\t\t\t\t\t\t\t\t\t\t\t\t\t\t<\/a>\n\t\t\t\t\t\t\t<a class=\"e-gallery-item elementor-gallery-item elementor-animated-content\" href=\"https:\/\/www.medellin.gov.co\/es\/wp-content\/uploads\/2022\/09\/Zona-Comercial-7-1.jpg\" data-elementor-open-lightbox=\"yes\" data-elementor-lightbox-slideshow=\"all-207230e\" data-elementor-lightbox-title=\"Zona Comercial\" e-action-hash=\"#elementor-action%3Aaction%3Dlightbox%26settings%3DeyJpZCI6OTgwNjcsInVybCI6Imh0dHBzOlwvXC93d3cubWVkZWxsaW4uZ292LmNvXC9lc1wvd3AtY29udGVudFwvdXBsb2Fkc1wvMjAyMlwvMDlcL1pvbmEtQ29tZXJjaWFsLTctMS5qcGciLCJzbGlkZXNob3ciOiJhbGwtMjA3MjMwZSJ9\">\n\t\t\t\t\t<div class=\"e-gallery-image elementor-gallery-item__image\" data-thumbnail=\"https:\/\/www.medellin.gov.co\/es\/wp-content\/uploads\/2022\/09\/Zona-Comercial-7-1-768x512.jpg\" data-width=\"768\" data-height=\"512\" alt=\"Zona Comercial\" ><\/div>\n\t\t\t\t\t\t\t\t\t\t\t<div class=\"elementor-gallery-item__overlay\"><\/div>\n\t\t\t\t\t\t\t\t\t\t\t\t\t\t<\/a>\n\t\t\t\t\t\t\t<a class=\"e-gallery-item elementor-gallery-item elementor-animated-content\" href=\"https:\/\/www.medellin.gov.co\/es\/wp-content\/uploads\/2022\/09\/Zona-Comercial-6-1.jpg\" data-elementor-open-lightbox=\"yes\" data-elementor-lightbox-slideshow=\"all-207230e\" data-elementor-lightbox-title=\"Zona Comercial\" e-action-hash=\"#elementor-action%3Aaction%3Dlightbox%26settings%3DeyJpZCI6OTgwNjQsInVybCI6Imh0dHBzOlwvXC93d3cubWVkZWxsaW4uZ292LmNvXC9lc1wvd3AtY29udGVudFwvdXBsb2Fkc1wvMjAyMlwvMDlcL1pvbmEtQ29tZXJjaWFsLTYtMS5qcGciLCJzbGlkZXNob3ciOiJhbGwtMjA3MjMwZSJ9\">\n\t\t\t\t\t<div class=\"e-gallery-image elementor-gallery-item__image\" data-thumbnail=\"https:\/\/www.medellin.gov.co\/es\/wp-content\/uploads\/2022\/09\/Zona-Comercial-6-1-768x512.jpg\" data-width=\"768\" data-height=\"512\" alt=\"Zona Comercial\" ><\/div>\n\t\t\t\t\t\t\t\t\t\t\t<div class=\"elementor-gallery-item__overlay\"><\/div>\n\t\t\t\t\t\t\t\t\t\t\t\t\t\t<\/a>\n\t\t\t\t\t\t\t<a class=\"e-gallery-item elementor-gallery-item elementor-animated-content\" href=\"https:\/\/www.medellin.gov.co\/es\/wp-content\/uploads\/2022\/09\/Zona-Comercial-5-1.jpg\" data-elementor-open-lightbox=\"yes\" data-elementor-lightbox-slideshow=\"all-207230e\" data-elementor-lightbox-title=\"Zona Comercial\" e-action-hash=\"#elementor-action%3Aaction%3Dlightbox%26settings%3DeyJpZCI6OTgwNjMsInVybCI6Imh0dHBzOlwvXC93d3cubWVkZWxsaW4uZ292LmNvXC9lc1wvd3AtY29udGVudFwvdXBsb2Fkc1wvMjAyMlwvMDlcL1pvbmEtQ29tZXJjaWFsLTUtMS5qcGciLCJzbGlkZXNob3ciOiJhbGwtMjA3MjMwZSJ9\">\n\t\t\t\t\t<div class=\"e-gallery-image elementor-gallery-item__image\" data-thumbnail=\"https:\/\/www.medellin.gov.co\/es\/wp-content\/uploads\/2022\/09\/Zona-Comercial-5-1-768x512.jpg\" data-width=\"768\" data-height=\"512\" alt=\"Zona Comercial\" ><\/div>\n\t\t\t\t\t\t\t\t\t\t\t<div class=\"elementor-gallery-item__overlay\"><\/div>\n\t\t\t\t\t\t\t\t\t\t\t\t\t\t<\/a>\n\t\t\t\t\t\t\t<a class=\"e-gallery-item elementor-gallery-item elementor-animated-content\" href=\"https:\/\/www.medellin.gov.co\/es\/wp-content\/uploads\/2022\/09\/Zona-Comercial-4-1.jpg\" data-elementor-open-lightbox=\"yes\" data-elementor-lightbox-slideshow=\"all-207230e\" data-elementor-lightbox-title=\"Zona Comercial\" e-action-hash=\"#elementor-action%3Aaction%3Dlightbox%26settings%3DeyJpZCI6OTgwNjIsInVybCI6Imh0dHBzOlwvXC93d3cubWVkZWxsaW4uZ292LmNvXC9lc1wvd3AtY29udGVudFwvdXBsb2Fkc1wvMjAyMlwvMDlcL1pvbmEtQ29tZXJjaWFsLTQtMS5qcGciLCJzbGlkZXNob3ciOiJhbGwtMjA3MjMwZSJ9\">\n\t\t\t\t\t<div class=\"e-gallery-image elementor-gallery-item__image\" data-thumbnail=\"https:\/\/www.medellin.gov.co\/es\/wp-content\/uploads\/2022\/09\/Zona-Comercial-4-1-768x512.jpg\" data-width=\"768\" data-height=\"512\" alt=\"Zona Comercial\" ><\/div>\n\t\t\t\t\t\t\t\t\t\t\t<div class=\"elementor-gallery-item__overlay\"><\/div>\n\t\t\t\t\t\t\t\t\t\t\t\t\t\t<\/a>\n\t\t\t\t\t\t\t<a class=\"e-gallery-item elementor-gallery-item elementor-animated-content\" href=\"https:\/\/www.medellin.gov.co\/es\/wp-content\/uploads\/2022\/09\/Zona-Comercial-3-1.jpg\" data-elementor-open-lightbox=\"yes\" data-elementor-lightbox-slideshow=\"all-207230e\" data-elementor-lightbox-title=\"Zona Comercial\" e-action-hash=\"#elementor-action%3Aaction%3Dlightbox%26settings%3DeyJpZCI6OTgwNjEsInVybCI6Imh0dHBzOlwvXC93d3cubWVkZWxsaW4uZ292LmNvXC9lc1wvd3AtY29udGVudFwvdXBsb2Fkc1wvMjAyMlwvMDlcL1pvbmEtQ29tZXJjaWFsLTMtMS5qcGciLCJzbGlkZXNob3ciOiJhbGwtMjA3MjMwZSJ9\">\n\t\t\t\t\t<div class=\"e-gallery-image elementor-gallery-item__image\" data-thumbnail=\"https:\/\/www.medellin.gov.co\/es\/wp-content\/uploads\/2022\/09\/Zona-Comercial-3-1-768x512.jpg\" data-width=\"768\" data-height=\"512\" alt=\"Zona Comercial\" ><\/div>\n\t\t\t\t\t\t\t\t\t\t\t<div class=\"elementor-gallery-item__overlay\"><\/div>\n\t\t\t\t\t\t\t\t\t\t\t\t\t\t<\/a>\n\t\t\t\t\t<\/div>\n\t\t\t<\/div>\n\t\t\t\t<\/div>\n\t\t\t\t\t\t<\/div>\n\t\t\t\t\t<\/div>\n\t\t<\/div>\n\t\t\t\t\t\t\t\t<\/div>\n\t\t\t\t\t<\/div>\n\t\t<\/section>\n\t\t\t\t<section class=\"elementor-section elementor-top-section elementor-element elementor-element-5a89c66 elementor-section-boxed elementor-section-height-default elementor-section-height-default\" data-id=\"5a89c66\" data-element_type=\"section\">\n\t\t\t\t\t\t<div class=\"elementor-container elementor-column-gap-default\">\n\t\t\t\t\t\t\t<div class=\"elementor-row\">\n\t\t\t\t\t<div class=\"elementor-column elementor-col-100 elementor-top-column elementor-element elementor-element-bf736c9\" data-id=\"bf736c9\" data-element_type=\"column\">\n\t\t\t<div class=\"elementor-column-wrap elementor-element-populated\">\n\t\t\t\t\t\t\t<div class=\"elementor-widget-wrap\">\n\t\t\t\t\t\t<div class=\"elementor-element elementor-element-fc1fda3 elementor-widget elementor-widget-text-editor\" data-id=\"fc1fda3\" data-element_type=\"widget\" data-widget_type=\"text-editor.default\">\n\t\t\t\t<div class=\"elementor-widget-container\">\n\t\t\t\t\t\t\t\t<div class=\"elementor-text-editor elementor-clearfix\">\n\t\t\t\t<p><b>D\u00eda 4: Septiembre 12 de 2022\u00a0<\/b><\/p><p><span style=\"font-weight: 400;\">Ac\u00e1 encontrar\u00e1s la galer\u00eda de im\u00e1genes del cuarto d\u00eda de la Zona Comercial<\/span><\/p><p><span style=\"font-weight: 400;\">Fot\u00f3grafos: Yojan Valencia <\/span><\/p>\t\t\t\t\t<\/div>\n\t\t\t\t\t\t<\/div>\n\t\t\t\t<\/div>\n\t\t\t\t<div class=\"elementor-element elementor-element-70c8926 elementor-widget elementor-widget-gallery\" data-id=\"70c8926\" data-element_type=\"widget\" data-settings=\"{&quot;gallery_layout&quot;:&quot;justified&quot;,&quot;content_hover_animation&quot;:&quot;enter-from-left&quot;,&quot;content_sequenced_animation&quot;:&quot;yes&quot;,&quot;lazyload&quot;:&quot;yes&quot;,&quot;ideal_row_height&quot;:{&quot;unit&quot;:&quot;px&quot;,&quot;size&quot;:200,&quot;sizes&quot;:[]},&quot;ideal_row_height_tablet&quot;:{&quot;unit&quot;:&quot;px&quot;,&quot;size&quot;:150,&quot;sizes&quot;:[]},&quot;ideal_row_height_mobile&quot;:{&quot;unit&quot;:&quot;px&quot;,&quot;size&quot;:150,&quot;sizes&quot;:[]},&quot;gap&quot;:{&quot;unit&quot;:&quot;px&quot;,&quot;size&quot;:10,&quot;sizes&quot;:[]},&quot;gap_tablet&quot;:{&quot;unit&quot;:&quot;px&quot;,&quot;size&quot;:10,&quot;sizes&quot;:[]},&quot;gap_mobile&quot;:{&quot;unit&quot;:&quot;px&quot;,&quot;size&quot;:10,&quot;sizes&quot;:[]},&quot;link_to&quot;:&quot;file&quot;,&quot;overlay_background&quot;:&quot;yes&quot;}\" data-widget_type=\"gallery.default\">\n\t\t\t\t<div class=\"elementor-widget-container\">\n\t\t\t\t\t<div class=\"elementor-gallery__container\">\n\t\t\t\t\t\t\t<a class=\"e-gallery-item elementor-gallery-item elementor-animated-content\" href=\"https:\/\/www.medellin.gov.co\/es\/wp-content\/uploads\/2022\/09\/zona-comercial-dia-4-5.jpg\" data-elementor-open-lightbox=\"yes\" data-elementor-lightbox-slideshow=\"all-70c8926\" data-elementor-lightbox-title=\"Zona Comercial\" e-action-hash=\"#elementor-action%3Aaction%3Dlightbox%26settings%3DeyJpZCI6OTgzODUsInVybCI6Imh0dHBzOlwvXC93d3cubWVkZWxsaW4uZ292LmNvXC9lc1wvd3AtY29udGVudFwvdXBsb2Fkc1wvMjAyMlwvMDlcL3pvbmEtY29tZXJjaWFsLWRpYS00LTUuanBnIiwic2xpZGVzaG93IjoiYWxsLTcwYzg5MjYifQ%3D%3D\">\n\t\t\t\t\t<div class=\"e-gallery-image elementor-gallery-item__image\" data-thumbnail=\"https:\/\/www.medellin.gov.co\/es\/wp-content\/uploads\/2022\/09\/zona-comercial-dia-4-5-768x548.jpg\" data-width=\"768\" data-height=\"548\" alt=\"Zona Comercial\" ><\/div>\n\t\t\t\t\t\t\t\t\t\t\t<div class=\"elementor-gallery-item__overlay\"><\/div>\n\t\t\t\t\t\t\t\t\t\t\t\t\t\t<\/a>\n\t\t\t\t\t\t\t<a class=\"e-gallery-item elementor-gallery-item elementor-animated-content\" href=\"https:\/\/www.medellin.gov.co\/es\/wp-content\/uploads\/2022\/09\/zona-comercial-dia-4-4.jpg\" data-elementor-open-lightbox=\"yes\" data-elementor-lightbox-slideshow=\"all-70c8926\" data-elementor-lightbox-title=\"Zona Comercial\" e-action-hash=\"#elementor-action%3Aaction%3Dlightbox%26settings%3DeyJpZCI6OTgzODMsInVybCI6Imh0dHBzOlwvXC93d3cubWVkZWxsaW4uZ292LmNvXC9lc1wvd3AtY29udGVudFwvdXBsb2Fkc1wvMjAyMlwvMDlcL3pvbmEtY29tZXJjaWFsLWRpYS00LTQuanBnIiwic2xpZGVzaG93IjoiYWxsLTcwYzg5MjYifQ%3D%3D\">\n\t\t\t\t\t<div class=\"e-gallery-image elementor-gallery-item__image\" data-thumbnail=\"https:\/\/www.medellin.gov.co\/es\/wp-content\/uploads\/2022\/09\/zona-comercial-dia-4-4-768x506.jpg\" data-width=\"768\" data-height=\"506\" alt=\"Zona Comercial\" ><\/div>\n\t\t\t\t\t\t\t\t\t\t\t<div class=\"elementor-gallery-item__overlay\"><\/div>\n\t\t\t\t\t\t\t\t\t\t\t\t\t\t<\/a>\n\t\t\t\t\t\t\t<a class=\"e-gallery-item elementor-gallery-item elementor-animated-content\" href=\"https:\/\/www.medellin.gov.co\/es\/wp-content\/uploads\/2022\/09\/zona-comercial-dia-4-3.jpg\" data-elementor-open-lightbox=\"yes\" data-elementor-lightbox-slideshow=\"all-70c8926\" data-elementor-lightbox-title=\"Zona Comercial\" e-action-hash=\"#elementor-action%3Aaction%3Dlightbox%26settings%3DeyJpZCI6OTgzODEsInVybCI6Imh0dHBzOlwvXC93d3cubWVkZWxsaW4uZ292LmNvXC9lc1wvd3AtY29udGVudFwvdXBsb2Fkc1wvMjAyMlwvMDlcL3pvbmEtY29tZXJjaWFsLWRpYS00LTMuanBnIiwic2xpZGVzaG93IjoiYWxsLTcwYzg5MjYifQ%3D%3D\">\n\t\t\t\t\t<div class=\"e-gallery-image elementor-gallery-item__image\" data-thumbnail=\"https:\/\/www.medellin.gov.co\/es\/wp-content\/uploads\/2022\/09\/zona-comercial-dia-4-3-768x560.jpg\" data-width=\"768\" data-height=\"560\" alt=\"Zona Comercial\" ><\/div>\n\t\t\t\t\t\t\t\t\t\t\t<div class=\"elementor-gallery-item__overlay\"><\/div>\n\t\t\t\t\t\t\t\t\t\t\t\t\t\t<\/a>\n\t\t\t\t\t\t\t<a class=\"e-gallery-item elementor-gallery-item elementor-animated-content\" href=\"https:\/\/www.medellin.gov.co\/es\/wp-content\/uploads\/2022\/09\/zona-comercial-dia-4-2.jpg\" data-elementor-open-lightbox=\"yes\" data-elementor-lightbox-slideshow=\"all-70c8926\" data-elementor-lightbox-title=\"Zona Comercial\" e-action-hash=\"#elementor-action%3Aaction%3Dlightbox%26settings%3DeyJpZCI6OTgzODAsInVybCI6Imh0dHBzOlwvXC93d3cubWVkZWxsaW4uZ292LmNvXC9lc1wvd3AtY29udGVudFwvdXBsb2Fkc1wvMjAyMlwvMDlcL3pvbmEtY29tZXJjaWFsLWRpYS00LTIuanBnIiwic2xpZGVzaG93IjoiYWxsLTcwYzg5MjYifQ%3D%3D\">\n\t\t\t\t\t<div class=\"e-gallery-image elementor-gallery-item__image\" data-thumbnail=\"https:\/\/www.medellin.gov.co\/es\/wp-content\/uploads\/2022\/09\/zona-comercial-dia-4-2-768x516.jpg\" data-width=\"768\" data-height=\"516\" alt=\"Zona Comercial\" ><\/div>\n\t\t\t\t\t\t\t\t\t\t\t<div class=\"elementor-gallery-item__overlay\"><\/div>\n\t\t\t\t\t\t\t\t\t\t\t\t\t\t<\/a>\n\t\t\t\t\t\t\t<a class=\"e-gallery-item elementor-gallery-item elementor-animated-content\" href=\"https:\/\/www.medellin.gov.co\/es\/wp-content\/uploads\/2022\/09\/zona-comercial-dia-4-1.jpg\" data-elementor-open-lightbox=\"yes\" data-elementor-lightbox-slideshow=\"all-70c8926\" data-elementor-lightbox-title=\"Zona Comercial\" e-action-hash=\"#elementor-action%3Aaction%3Dlightbox%26settings%3DeyJpZCI6OTgzNzksInVybCI6Imh0dHBzOlwvXC93d3cubWVkZWxsaW4uZ292LmNvXC9lc1wvd3AtY29udGVudFwvdXBsb2Fkc1wvMjAyMlwvMDlcL3pvbmEtY29tZXJjaWFsLWRpYS00LTEuanBnIiwic2xpZGVzaG93IjoiYWxsLTcwYzg5MjYifQ%3D%3D\">\n\t\t\t\t\t<div class=\"e-gallery-image elementor-gallery-item__image\" data-thumbnail=\"https:\/\/www.medellin.gov.co\/es\/wp-content\/uploads\/2022\/09\/zona-comercial-dia-4-1-768x494.jpg\" data-width=\"768\" data-height=\"494\" alt=\"Zona Comercial\" ><\/div>\n\t\t\t\t\t\t\t\t\t\t\t<div class=\"elementor-gallery-item__overlay\"><\/div>\n\t\t\t\t\t\t\t\t\t\t\t\t\t\t<\/a>\n\t\t\t\t\t<\/div>\n\t\t\t<\/div>\n\t\t\t\t<\/div>\n\t\t\t\t\t\t<\/div>\n\t\t\t\t\t<\/div>\n\t\t<\/div>\n\t\t\t\t\t\t\t\t<\/div>\n\t\t\t\t\t<\/div>\n\t\t<\/section>\n\t\t\t\t<section class=\"elementor-section elementor-top-section elementor-element elementor-element-ceaf6b6 elementor-section-boxed elementor-section-height-default elementor-section-height-default\" data-id=\"ceaf6b6\" data-element_type=\"section\">\n\t\t\t\t\t\t<div class=\"elementor-container elementor-column-gap-default\">\n\t\t\t\t\t\t\t<div class=\"elementor-row\">\n\t\t\t\t\t<div class=\"elementor-column elementor-col-100 elementor-top-column elementor-element elementor-element-06020db\" data-id=\"06020db\" data-element_type=\"column\">\n\t\t\t<div class=\"elementor-column-wrap elementor-element-populated\">\n\t\t\t\t\t\t\t<div class=\"elementor-widget-wrap\">\n\t\t\t\t\t\t<div class=\"elementor-element elementor-element-4bc15b0 elementor-widget elementor-widget-text-editor\" data-id=\"4bc15b0\" data-element_type=\"widget\" data-widget_type=\"text-editor.default\">\n\t\t\t\t<div class=\"elementor-widget-container\">\n\t\t\t\t\t\t\t\t<div class=\"elementor-text-editor elementor-clearfix\">\n\t\t\t\t<p><b>D\u00eda 5: Septiembre 13 de 2022\u00a0<\/b><\/p><p><span style=\"font-weight: 400;\">Ac\u00e1 encontrar\u00e1s la galer\u00eda de im\u00e1genes del quinto d\u00eda de la Zona Comercial.<\/span><\/p>\t\t\t\t\t<\/div>\n\t\t\t\t\t\t<\/div>\n\t\t\t\t<\/div>\n\t\t\t\t<div class=\"elementor-element elementor-element-2df7aac elementor-widget elementor-widget-gallery\" data-id=\"2df7aac\" data-element_type=\"widget\" data-settings=\"{&quot;gallery_layout&quot;:&quot;justified&quot;,&quot;content_hover_animation&quot;:&quot;enter-from-left&quot;,&quot;content_sequenced_animation&quot;:&quot;yes&quot;,&quot;lazyload&quot;:&quot;yes&quot;,&quot;ideal_row_height&quot;:{&quot;unit&quot;:&quot;px&quot;,&quot;size&quot;:200,&quot;sizes&quot;:[]},&quot;ideal_row_height_tablet&quot;:{&quot;unit&quot;:&quot;px&quot;,&quot;size&quot;:150,&quot;sizes&quot;:[]},&quot;ideal_row_height_mobile&quot;:{&quot;unit&quot;:&quot;px&quot;,&quot;size&quot;:150,&quot;sizes&quot;:[]},&quot;gap&quot;:{&quot;unit&quot;:&quot;px&quot;,&quot;size&quot;:10,&quot;sizes&quot;:[]},&quot;gap_tablet&quot;:{&quot;unit&quot;:&quot;px&quot;,&quot;size&quot;:10,&quot;sizes&quot;:[]},&quot;gap_mobile&quot;:{&quot;unit&quot;:&quot;px&quot;,&quot;size&quot;:10,&quot;sizes&quot;:[]},&quot;link_to&quot;:&quot;file&quot;,&quot;overlay_background&quot;:&quot;yes&quot;}\" data-widget_type=\"gallery.default\">\n\t\t\t\t<div class=\"elementor-widget-container\">\n\t\t\t\t\t<div class=\"elementor-gallery__container\">\n\t\t\t\t\t\t\t<a class=\"e-gallery-item elementor-gallery-item elementor-animated-content\" href=\"https:\/\/www.medellin.gov.co\/es\/wp-content\/uploads\/2022\/09\/Zona-Comercial-3-2.jpg\" data-elementor-open-lightbox=\"yes\" data-elementor-lightbox-slideshow=\"all-2df7aac\" data-elementor-lightbox-title=\"Zona Comercial\" e-action-hash=\"#elementor-action%3Aaction%3Dlightbox%26settings%3DeyJpZCI6OTk1MDUsInVybCI6Imh0dHBzOlwvXC93d3cubWVkZWxsaW4uZ292LmNvXC9lc1wvd3AtY29udGVudFwvdXBsb2Fkc1wvMjAyMlwvMDlcL1pvbmEtQ29tZXJjaWFsLTMtMi5qcGciLCJzbGlkZXNob3ciOiJhbGwtMmRmN2FhYyJ9\">\n\t\t\t\t\t<div class=\"e-gallery-image elementor-gallery-item__image\" data-thumbnail=\"https:\/\/www.medellin.gov.co\/es\/wp-content\/uploads\/2022\/09\/Zona-Comercial-3-2-768x513.jpg\" data-width=\"768\" data-height=\"513\" alt=\"Zona Comercial\" ><\/div>\n\t\t\t\t\t\t\t\t\t\t\t<div class=\"elementor-gallery-item__overlay\"><\/div>\n\t\t\t\t\t\t\t\t\t\t\t\t\t\t<\/a>\n\t\t\t\t\t\t\t<a class=\"e-gallery-item elementor-gallery-item elementor-animated-content\" href=\"https:\/\/www.medellin.gov.co\/es\/wp-content\/uploads\/2022\/09\/Zona-Comercial-2-2.jpg\" data-elementor-open-lightbox=\"yes\" data-elementor-lightbox-slideshow=\"all-2df7aac\" data-elementor-lightbox-title=\"Zona Comercial\" e-action-hash=\"#elementor-action%3Aaction%3Dlightbox%26settings%3DeyJpZCI6OTk1MDMsInVybCI6Imh0dHBzOlwvXC93d3cubWVkZWxsaW4uZ292LmNvXC9lc1wvd3AtY29udGVudFwvdXBsb2Fkc1wvMjAyMlwvMDlcL1pvbmEtQ29tZXJjaWFsLTItMi5qcGciLCJzbGlkZXNob3ciOiJhbGwtMmRmN2FhYyJ9\">\n\t\t\t\t\t<div class=\"e-gallery-image elementor-gallery-item__image\" data-thumbnail=\"https:\/\/www.medellin.gov.co\/es\/wp-content\/uploads\/2022\/09\/Zona-Comercial-2-2-768x513.jpg\" data-width=\"768\" data-height=\"513\" alt=\"Zona Comercial\" ><\/div>\n\t\t\t\t\t\t\t\t\t\t\t<div class=\"elementor-gallery-item__overlay\"><\/div>\n\t\t\t\t\t\t\t\t\t\t\t\t\t\t<\/a>\n\t\t\t\t\t\t\t<a class=\"e-gallery-item elementor-gallery-item elementor-animated-content\" href=\"https:\/\/www.medellin.gov.co\/es\/wp-content\/uploads\/2022\/09\/Zona-Comercial-1-2.jpg\" data-elementor-open-lightbox=\"yes\" data-elementor-lightbox-slideshow=\"all-2df7aac\" data-elementor-lightbox-title=\"Zona Comercial\" e-action-hash=\"#elementor-action%3Aaction%3Dlightbox%26settings%3DeyJpZCI6OTk1MDIsInVybCI6Imh0dHBzOlwvXC93d3cubWVkZWxsaW4uZ292LmNvXC9lc1wvd3AtY29udGVudFwvdXBsb2Fkc1wvMjAyMlwvMDlcL1pvbmEtQ29tZXJjaWFsLTEtMi5qcGciLCJzbGlkZXNob3ciOiJhbGwtMmRmN2FhYyJ9\">\n\t\t\t\t\t<div class=\"e-gallery-image elementor-gallery-item__image\" data-thumbnail=\"https:\/\/www.medellin.gov.co\/es\/wp-content\/uploads\/2022\/09\/Zona-Comercial-1-2-768x513.jpg\" data-width=\"768\" data-height=\"513\" alt=\"Zona Comercial\" ><\/div>\n\t\t\t\t\t\t\t\t\t\t\t<div class=\"elementor-gallery-item__overlay\"><\/div>\n\t\t\t\t\t\t\t\t\t\t\t\t\t\t<\/a>\n\t\t\t\t\t\t\t<a class=\"e-gallery-item elementor-gallery-item elementor-animated-content\" href=\"https:\/\/www.medellin.gov.co\/es\/wp-content\/uploads\/2022\/09\/Zona-Comercial-38.jpg\" data-elementor-open-lightbox=\"yes\" data-elementor-lightbox-slideshow=\"all-2df7aac\" data-elementor-lightbox-title=\"Zona Comercial\" e-action-hash=\"#elementor-action%3Aaction%3Dlightbox%26settings%3DeyJpZCI6OTk1MDEsInVybCI6Imh0dHBzOlwvXC93d3cubWVkZWxsaW4uZ292LmNvXC9lc1wvd3AtY29udGVudFwvdXBsb2Fkc1wvMjAyMlwvMDlcL1pvbmEtQ29tZXJjaWFsLTM4LmpwZyIsInNsaWRlc2hvdyI6ImFsbC0yZGY3YWFjIn0%3D\">\n\t\t\t\t\t<div class=\"e-gallery-image elementor-gallery-item__image\" data-thumbnail=\"https:\/\/www.medellin.gov.co\/es\/wp-content\/uploads\/2022\/09\/Zona-Comercial-38-768x513.jpg\" data-width=\"768\" data-height=\"513\" alt=\"Zona Comercial\" ><\/div>\n\t\t\t\t\t\t\t\t\t\t\t<div class=\"elementor-gallery-item__overlay\"><\/div>\n\t\t\t\t\t\t\t\t\t\t\t\t\t\t<\/a>\n\t\t\t\t\t\t\t<a class=\"e-gallery-item elementor-gallery-item elementor-animated-content\" href=\"https:\/\/www.medellin.gov.co\/es\/wp-content\/uploads\/2022\/09\/Zona-Comercial-37.jpg\" data-elementor-open-lightbox=\"yes\" data-elementor-lightbox-slideshow=\"all-2df7aac\" data-elementor-lightbox-title=\"Zona Comercial\" e-action-hash=\"#elementor-action%3Aaction%3Dlightbox%26settings%3DeyJpZCI6OTk0OTksInVybCI6Imh0dHBzOlwvXC93d3cubWVkZWxsaW4uZ292LmNvXC9lc1wvd3AtY29udGVudFwvdXBsb2Fkc1wvMjAyMlwvMDlcL1pvbmEtQ29tZXJjaWFsLTM3LmpwZyIsInNsaWRlc2hvdyI6ImFsbC0yZGY3YWFjIn0%3D\">\n\t\t\t\t\t<div class=\"e-gallery-image elementor-gallery-item__image\" data-thumbnail=\"https:\/\/www.medellin.gov.co\/es\/wp-content\/uploads\/2022\/09\/Zona-Comercial-37-768x513.jpg\" data-width=\"768\" data-height=\"513\" alt=\"Zona Comercial\" ><\/div>\n\t\t\t\t\t\t\t\t\t\t\t<div class=\"elementor-gallery-item__overlay\"><\/div>\n\t\t\t\t\t\t\t\t\t\t\t\t\t\t<\/a>\n\t\t\t\t\t\t\t<a class=\"e-gallery-item elementor-gallery-item elementor-animated-content\" href=\"https:\/\/www.medellin.gov.co\/es\/wp-content\/uploads\/2022\/09\/Zona-Comercial-36.jpg\" data-elementor-open-lightbox=\"yes\" data-elementor-lightbox-slideshow=\"all-2df7aac\" data-elementor-lightbox-title=\"Zona Comercial\" e-action-hash=\"#elementor-action%3Aaction%3Dlightbox%26settings%3DeyJpZCI6OTk0OTcsInVybCI6Imh0dHBzOlwvXC93d3cubWVkZWxsaW4uZ292LmNvXC9lc1wvd3AtY29udGVudFwvdXBsb2Fkc1wvMjAyMlwvMDlcL1pvbmEtQ29tZXJjaWFsLTM2LmpwZyIsInNsaWRlc2hvdyI6ImFsbC0yZGY3YWFjIn0%3D\">\n\t\t\t\t\t<div class=\"e-gallery-image elementor-gallery-item__image\" data-thumbnail=\"https:\/\/www.medellin.gov.co\/es\/wp-content\/uploads\/2022\/09\/Zona-Comercial-36-768x513.jpg\" data-width=\"768\" data-height=\"513\" alt=\"Zona Comercial\" ><\/div>\n\t\t\t\t\t\t\t\t\t\t\t<div class=\"elementor-gallery-item__overlay\"><\/div>\n\t\t\t\t\t\t\t\t\t\t\t\t\t\t<\/a>\n\t\t\t\t\t\t\t<a class=\"e-gallery-item elementor-gallery-item elementor-animated-content\" href=\"https:\/\/www.medellin.gov.co\/es\/wp-content\/uploads\/2022\/09\/Zona-Comercial-35.jpg\" data-elementor-open-lightbox=\"yes\" data-elementor-lightbox-slideshow=\"all-2df7aac\" data-elementor-lightbox-title=\"Zona Comercial\" e-action-hash=\"#elementor-action%3Aaction%3Dlightbox%26settings%3DeyJpZCI6OTk0OTUsInVybCI6Imh0dHBzOlwvXC93d3cubWVkZWxsaW4uZ292LmNvXC9lc1wvd3AtY29udGVudFwvdXBsb2Fkc1wvMjAyMlwvMDlcL1pvbmEtQ29tZXJjaWFsLTM1LmpwZyIsInNsaWRlc2hvdyI6ImFsbC0yZGY3YWFjIn0%3D\">\n\t\t\t\t\t<div class=\"e-gallery-image elementor-gallery-item__image\" data-thumbnail=\"https:\/\/www.medellin.gov.co\/es\/wp-content\/uploads\/2022\/09\/Zona-Comercial-35-768x512.jpg\" data-width=\"768\" data-height=\"512\" alt=\"Zona Comercial\" ><\/div>\n\t\t\t\t\t\t\t\t\t\t\t<div class=\"elementor-gallery-item__overlay\"><\/div>\n\t\t\t\t\t\t\t\t\t\t\t\t\t\t<\/a>\n\t\t\t\t\t\t\t<a class=\"e-gallery-item elementor-gallery-item elementor-animated-content\" href=\"https:\/\/www.medellin.gov.co\/es\/wp-content\/uploads\/2022\/09\/Zona-Comercial-34.jpg\" data-elementor-open-lightbox=\"yes\" data-elementor-lightbox-slideshow=\"all-2df7aac\" data-elementor-lightbox-title=\"Zona Comercial\" e-action-hash=\"#elementor-action%3Aaction%3Dlightbox%26settings%3DeyJpZCI6OTk0OTMsInVybCI6Imh0dHBzOlwvXC93d3cubWVkZWxsaW4uZ292LmNvXC9lc1wvd3AtY29udGVudFwvdXBsb2Fkc1wvMjAyMlwvMDlcL1pvbmEtQ29tZXJjaWFsLTM0LmpwZyIsInNsaWRlc2hvdyI6ImFsbC0yZGY3YWFjIn0%3D\">\n\t\t\t\t\t<div class=\"e-gallery-image elementor-gallery-item__image\" data-thumbnail=\"https:\/\/www.medellin.gov.co\/es\/wp-content\/uploads\/2022\/09\/Zona-Comercial-34-768x513.jpg\" data-width=\"768\" data-height=\"513\" alt=\"Zona Comercial\" ><\/div>\n\t\t\t\t\t\t\t\t\t\t\t<div class=\"elementor-gallery-item__overlay\"><\/div>\n\t\t\t\t\t\t\t\t\t\t\t\t\t\t<\/a>\n\t\t\t\t\t\t\t<a class=\"e-gallery-item elementor-gallery-item elementor-animated-content\" href=\"https:\/\/www.medellin.gov.co\/es\/wp-content\/uploads\/2022\/09\/Zona-Comercial-33.jpg\" data-elementor-open-lightbox=\"yes\" data-elementor-lightbox-slideshow=\"all-2df7aac\" data-elementor-lightbox-title=\"Zona Comercial\" e-action-hash=\"#elementor-action%3Aaction%3Dlightbox%26settings%3DeyJpZCI6OTk0OTIsInVybCI6Imh0dHBzOlwvXC93d3cubWVkZWxsaW4uZ292LmNvXC9lc1wvd3AtY29udGVudFwvdXBsb2Fkc1wvMjAyMlwvMDlcL1pvbmEtQ29tZXJjaWFsLTMzLmpwZyIsInNsaWRlc2hvdyI6ImFsbC0yZGY3YWFjIn0%3D\">\n\t\t\t\t\t<div class=\"e-gallery-image elementor-gallery-item__image\" data-thumbnail=\"https:\/\/www.medellin.gov.co\/es\/wp-content\/uploads\/2022\/09\/Zona-Comercial-33-768x513.jpg\" data-width=\"768\" data-height=\"513\" alt=\"Zona Comercial\" ><\/div>\n\t\t\t\t\t\t\t\t\t\t\t<div class=\"elementor-gallery-item__overlay\"><\/div>\n\t\t\t\t\t\t\t\t\t\t\t\t\t\t<\/a>\n\t\t\t\t\t\t\t<a class=\"e-gallery-item elementor-gallery-item elementor-animated-content\" href=\"https:\/\/www.medellin.gov.co\/es\/wp-content\/uploads\/2022\/09\/Zona-Comercial-32.jpg\" data-elementor-open-lightbox=\"yes\" data-elementor-lightbox-slideshow=\"all-2df7aac\" data-elementor-lightbox-title=\"Zona Comercial\" e-action-hash=\"#elementor-action%3Aaction%3Dlightbox%26settings%3DeyJpZCI6OTk0ODksInVybCI6Imh0dHBzOlwvXC93d3cubWVkZWxsaW4uZ292LmNvXC9lc1wvd3AtY29udGVudFwvdXBsb2Fkc1wvMjAyMlwvMDlcL1pvbmEtQ29tZXJjaWFsLTMyLmpwZyIsInNsaWRlc2hvdyI6ImFsbC0yZGY3YWFjIn0%3D\">\n\t\t\t\t\t<div class=\"e-gallery-image elementor-gallery-item__image\" data-thumbnail=\"https:\/\/www.medellin.gov.co\/es\/wp-content\/uploads\/2022\/09\/Zona-Comercial-32-768x513.jpg\" data-width=\"768\" data-height=\"513\" alt=\"Zona Comercial\" ><\/div>\n\t\t\t\t\t\t\t\t\t\t\t<div class=\"elementor-gallery-item__overlay\"><\/div>\n\t\t\t\t\t\t\t\t\t\t\t\t\t\t<\/a>\n\t\t\t\t\t\t\t<a class=\"e-gallery-item elementor-gallery-item elementor-animated-content\" href=\"https:\/\/www.medellin.gov.co\/es\/wp-content\/uploads\/2022\/09\/Zona-Comercial-31.jpg\" data-elementor-open-lightbox=\"yes\" data-elementor-lightbox-slideshow=\"all-2df7aac\" data-elementor-lightbox-title=\"Zona Comercial\" e-action-hash=\"#elementor-action%3Aaction%3Dlightbox%26settings%3DeyJpZCI6OTk0ODgsInVybCI6Imh0dHBzOlwvXC93d3cubWVkZWxsaW4uZ292LmNvXC9lc1wvd3AtY29udGVudFwvdXBsb2Fkc1wvMjAyMlwvMDlcL1pvbmEtQ29tZXJjaWFsLTMxLmpwZyIsInNsaWRlc2hvdyI6ImFsbC0yZGY3YWFjIn0%3D\">\n\t\t\t\t\t<div class=\"e-gallery-image elementor-gallery-item__image\" data-thumbnail=\"https:\/\/www.medellin.gov.co\/es\/wp-content\/uploads\/2022\/09\/Zona-Comercial-31-768x513.jpg\" data-width=\"768\" data-height=\"513\" alt=\"Zona Comercial\" ><\/div>\n\t\t\t\t\t\t\t\t\t\t\t<div class=\"elementor-gallery-item__overlay\"><\/div>\n\t\t\t\t\t\t\t\t\t\t\t\t\t\t<\/a>\n\t\t\t\t\t\t\t<a class=\"e-gallery-item elementor-gallery-item elementor-animated-content\" href=\"https:\/\/www.medellin.gov.co\/es\/wp-content\/uploads\/2022\/09\/Zona-Comercial-30.jpg\" data-elementor-open-lightbox=\"yes\" data-elementor-lightbox-slideshow=\"all-2df7aac\" data-elementor-lightbox-title=\"Zona Comercial\" e-action-hash=\"#elementor-action%3Aaction%3Dlightbox%26settings%3DeyJpZCI6OTk0ODYsInVybCI6Imh0dHBzOlwvXC93d3cubWVkZWxsaW4uZ292LmNvXC9lc1wvd3AtY29udGVudFwvdXBsb2Fkc1wvMjAyMlwvMDlcL1pvbmEtQ29tZXJjaWFsLTMwLmpwZyIsInNsaWRlc2hvdyI6ImFsbC0yZGY3YWFjIn0%3D\">\n\t\t\t\t\t<div class=\"e-gallery-image elementor-gallery-item__image\" data-thumbnail=\"https:\/\/www.medellin.gov.co\/es\/wp-content\/uploads\/2022\/09\/Zona-Comercial-30-768x513.jpg\" data-width=\"768\" data-height=\"513\" alt=\"Zona Comercial\" ><\/div>\n\t\t\t\t\t\t\t\t\t\t\t<div class=\"elementor-gallery-item__overlay\"><\/div>\n\t\t\t\t\t\t\t\t\t\t\t\t\t\t<\/a>\n\t\t\t\t\t\t\t<a class=\"e-gallery-item elementor-gallery-item elementor-animated-content\" href=\"https:\/\/www.medellin.gov.co\/es\/wp-content\/uploads\/2022\/09\/Zona-Comercial-29.jpg\" data-elementor-open-lightbox=\"yes\" data-elementor-lightbox-slideshow=\"all-2df7aac\" data-elementor-lightbox-title=\"Zona Comercial\" e-action-hash=\"#elementor-action%3Aaction%3Dlightbox%26settings%3DeyJpZCI6OTk0ODUsInVybCI6Imh0dHBzOlwvXC93d3cubWVkZWxsaW4uZ292LmNvXC9lc1wvd3AtY29udGVudFwvdXBsb2Fkc1wvMjAyMlwvMDlcL1pvbmEtQ29tZXJjaWFsLTI5LmpwZyIsInNsaWRlc2hvdyI6ImFsbC0yZGY3YWFjIn0%3D\">\n\t\t\t\t\t<div class=\"e-gallery-image elementor-gallery-item__image\" data-thumbnail=\"https:\/\/www.medellin.gov.co\/es\/wp-content\/uploads\/2022\/09\/Zona-Comercial-29-768x513.jpg\" data-width=\"768\" data-height=\"513\" alt=\"Zona Comercial\" ><\/div>\n\t\t\t\t\t\t\t\t\t\t\t<div class=\"elementor-gallery-item__overlay\"><\/div>\n\t\t\t\t\t\t\t\t\t\t\t\t\t\t<\/a>\n\t\t\t\t\t\t\t<a class=\"e-gallery-item elementor-gallery-item elementor-animated-content\" href=\"https:\/\/www.medellin.gov.co\/es\/wp-content\/uploads\/2022\/09\/Zona-Comercial-28.jpg\" data-elementor-open-lightbox=\"yes\" data-elementor-lightbox-slideshow=\"all-2df7aac\" data-elementor-lightbox-title=\"Zona Comercial\" e-action-hash=\"#elementor-action%3Aaction%3Dlightbox%26settings%3DeyJpZCI6OTk0ODQsInVybCI6Imh0dHBzOlwvXC93d3cubWVkZWxsaW4uZ292LmNvXC9lc1wvd3AtY29udGVudFwvdXBsb2Fkc1wvMjAyMlwvMDlcL1pvbmEtQ29tZXJjaWFsLTI4LmpwZyIsInNsaWRlc2hvdyI6ImFsbC0yZGY3YWFjIn0%3D\">\n\t\t\t\t\t<div class=\"e-gallery-image elementor-gallery-item__image\" data-thumbnail=\"https:\/\/www.medellin.gov.co\/es\/wp-content\/uploads\/2022\/09\/Zona-Comercial-28-768x513.jpg\" data-width=\"768\" data-height=\"513\" alt=\"Zona Comercial\" ><\/div>\n\t\t\t\t\t\t\t\t\t\t\t<div class=\"elementor-gallery-item__overlay\"><\/div>\n\t\t\t\t\t\t\t\t\t\t\t\t\t\t<\/a>\n\t\t\t\t\t\t\t<a class=\"e-gallery-item elementor-gallery-item elementor-animated-content\" href=\"https:\/\/www.medellin.gov.co\/es\/wp-content\/uploads\/2022\/09\/Zona-Comercial-27.jpg\" data-elementor-open-lightbox=\"yes\" data-elementor-lightbox-slideshow=\"all-2df7aac\" data-elementor-lightbox-title=\"Zona Comercial\" e-action-hash=\"#elementor-action%3Aaction%3Dlightbox%26settings%3DeyJpZCI6OTk0ODMsInVybCI6Imh0dHBzOlwvXC93d3cubWVkZWxsaW4uZ292LmNvXC9lc1wvd3AtY29udGVudFwvdXBsb2Fkc1wvMjAyMlwvMDlcL1pvbmEtQ29tZXJjaWFsLTI3LmpwZyIsInNsaWRlc2hvdyI6ImFsbC0yZGY3YWFjIn0%3D\">\n\t\t\t\t\t<div class=\"e-gallery-image elementor-gallery-item__image\" data-thumbnail=\"https:\/\/www.medellin.gov.co\/es\/wp-content\/uploads\/2022\/09\/Zona-Comercial-27-768x513.jpg\" data-width=\"768\" data-height=\"513\" alt=\"Zona Comercial\" ><\/div>\n\t\t\t\t\t\t\t\t\t\t\t<div class=\"elementor-gallery-item__overlay\"><\/div>\n\t\t\t\t\t\t\t\t\t\t\t\t\t\t<\/a>\n\t\t\t\t\t\t\t<a class=\"e-gallery-item elementor-gallery-item elementor-animated-content\" href=\"https:\/\/www.medellin.gov.co\/es\/wp-content\/uploads\/2022\/09\/Zona-Comercial-26.jpg\" data-elementor-open-lightbox=\"yes\" data-elementor-lightbox-slideshow=\"all-2df7aac\" data-elementor-lightbox-title=\"Zona Comercial\" e-action-hash=\"#elementor-action%3Aaction%3Dlightbox%26settings%3DeyJpZCI6OTk0ODAsInVybCI6Imh0dHBzOlwvXC93d3cubWVkZWxsaW4uZ292LmNvXC9lc1wvd3AtY29udGVudFwvdXBsb2Fkc1wvMjAyMlwvMDlcL1pvbmEtQ29tZXJjaWFsLTI2LmpwZyIsInNsaWRlc2hvdyI6ImFsbC0yZGY3YWFjIn0%3D\">\n\t\t\t\t\t<div class=\"e-gallery-image elementor-gallery-item__image\" data-thumbnail=\"https:\/\/www.medellin.gov.co\/es\/wp-content\/uploads\/2022\/09\/Zona-Comercial-26-768x513.jpg\" data-width=\"768\" data-height=\"513\" alt=\"Zona Comercial\" ><\/div>\n\t\t\t\t\t\t\t\t\t\t\t<div class=\"elementor-gallery-item__overlay\"><\/div>\n\t\t\t\t\t\t\t\t\t\t\t\t\t\t<\/a>\n\t\t\t\t\t\t\t<a class=\"e-gallery-item elementor-gallery-item elementor-animated-content\" href=\"https:\/\/www.medellin.gov.co\/es\/wp-content\/uploads\/2022\/09\/Zona-Comercial-25.jpg\" data-elementor-open-lightbox=\"yes\" data-elementor-lightbox-slideshow=\"all-2df7aac\" data-elementor-lightbox-title=\"Zona Comercial\" e-action-hash=\"#elementor-action%3Aaction%3Dlightbox%26settings%3DeyJpZCI6OTk0NzksInVybCI6Imh0dHBzOlwvXC93d3cubWVkZWxsaW4uZ292LmNvXC9lc1wvd3AtY29udGVudFwvdXBsb2Fkc1wvMjAyMlwvMDlcL1pvbmEtQ29tZXJjaWFsLTI1LmpwZyIsInNsaWRlc2hvdyI6ImFsbC0yZGY3YWFjIn0%3D\">\n\t\t\t\t\t<div class=\"e-gallery-image elementor-gallery-item__image\" data-thumbnail=\"https:\/\/www.medellin.gov.co\/es\/wp-content\/uploads\/2022\/09\/Zona-Comercial-25-768x513.jpg\" data-width=\"768\" data-height=\"513\" alt=\"Zona Comercial\" ><\/div>\n\t\t\t\t\t\t\t\t\t\t\t<div class=\"elementor-gallery-item__overlay\"><\/div>\n\t\t\t\t\t\t\t\t\t\t\t\t\t\t<\/a>\n\t\t\t\t\t\t\t<a class=\"e-gallery-item elementor-gallery-item elementor-animated-content\" href=\"https:\/\/www.medellin.gov.co\/es\/wp-content\/uploads\/2022\/09\/Zona-Comercial-24.jpg\" data-elementor-open-lightbox=\"yes\" data-elementor-lightbox-slideshow=\"all-2df7aac\" data-elementor-lightbox-title=\"Zona Comercial\" e-action-hash=\"#elementor-action%3Aaction%3Dlightbox%26settings%3DeyJpZCI6OTk0NzgsInVybCI6Imh0dHBzOlwvXC93d3cubWVkZWxsaW4uZ292LmNvXC9lc1wvd3AtY29udGVudFwvdXBsb2Fkc1wvMjAyMlwvMDlcL1pvbmEtQ29tZXJjaWFsLTI0LmpwZyIsInNsaWRlc2hvdyI6ImFsbC0yZGY3YWFjIn0%3D\">\n\t\t\t\t\t<div class=\"e-gallery-image elementor-gallery-item__image\" data-thumbnail=\"https:\/\/www.medellin.gov.co\/es\/wp-content\/uploads\/2022\/09\/Zona-Comercial-24-768x513.jpg\" data-width=\"768\" data-height=\"513\" alt=\"Zona Comercial\" ><\/div>\n\t\t\t\t\t\t\t\t\t\t\t<div class=\"elementor-gallery-item__overlay\"><\/div>\n\t\t\t\t\t\t\t\t\t\t\t\t\t\t<\/a>\n\t\t\t\t\t\t\t<a class=\"e-gallery-item elementor-gallery-item elementor-animated-content\" href=\"https:\/\/www.medellin.gov.co\/es\/wp-content\/uploads\/2022\/09\/Zona-Comercial-23.jpg\" data-elementor-open-lightbox=\"yes\" data-elementor-lightbox-slideshow=\"all-2df7aac\" data-elementor-lightbox-title=\"Zona Comercial\" e-action-hash=\"#elementor-action%3Aaction%3Dlightbox%26settings%3DeyJpZCI6OTk0NzcsInVybCI6Imh0dHBzOlwvXC93d3cubWVkZWxsaW4uZ292LmNvXC9lc1wvd3AtY29udGVudFwvdXBsb2Fkc1wvMjAyMlwvMDlcL1pvbmEtQ29tZXJjaWFsLTIzLmpwZyIsInNsaWRlc2hvdyI6ImFsbC0yZGY3YWFjIn0%3D\">\n\t\t\t\t\t<div class=\"e-gallery-image elementor-gallery-item__image\" data-thumbnail=\"https:\/\/www.medellin.gov.co\/es\/wp-content\/uploads\/2022\/09\/Zona-Comercial-23-768x513.jpg\" data-width=\"768\" data-height=\"513\" alt=\"Zona Comercial\" ><\/div>\n\t\t\t\t\t\t\t\t\t\t\t<div class=\"elementor-gallery-item__overlay\"><\/div>\n\t\t\t\t\t\t\t\t\t\t\t\t\t\t<\/a>\n\t\t\t\t\t\t\t<a class=\"e-gallery-item elementor-gallery-item elementor-animated-content\" href=\"https:\/\/www.medellin.gov.co\/es\/wp-content\/uploads\/2022\/09\/Zona-Comercial-22.jpg\" data-elementor-open-lightbox=\"yes\" data-elementor-lightbox-slideshow=\"all-2df7aac\" data-elementor-lightbox-title=\"Zona Comercial\" e-action-hash=\"#elementor-action%3Aaction%3Dlightbox%26settings%3DeyJpZCI6OTk0NzYsInVybCI6Imh0dHBzOlwvXC93d3cubWVkZWxsaW4uZ292LmNvXC9lc1wvd3AtY29udGVudFwvdXBsb2Fkc1wvMjAyMlwvMDlcL1pvbmEtQ29tZXJjaWFsLTIyLmpwZyIsInNsaWRlc2hvdyI6ImFsbC0yZGY3YWFjIn0%3D\">\n\t\t\t\t\t<div class=\"e-gallery-image elementor-gallery-item__image\" data-thumbnail=\"https:\/\/www.medellin.gov.co\/es\/wp-content\/uploads\/2022\/09\/Zona-Comercial-22-768x513.jpg\" data-width=\"768\" data-height=\"513\" alt=\"Zona Comercial\" ><\/div>\n\t\t\t\t\t\t\t\t\t\t\t<div class=\"elementor-gallery-item__overlay\"><\/div>\n\t\t\t\t\t\t\t\t\t\t\t\t\t\t<\/a>\n\t\t\t\t\t\t\t<a class=\"e-gallery-item elementor-gallery-item elementor-animated-content\" href=\"https:\/\/www.medellin.gov.co\/es\/wp-content\/uploads\/2022\/09\/Zona-Comercial-21.jpg\" data-elementor-open-lightbox=\"yes\" data-elementor-lightbox-slideshow=\"all-2df7aac\" data-elementor-lightbox-title=\"Zona Comercial\" e-action-hash=\"#elementor-action%3Aaction%3Dlightbox%26settings%3DeyJpZCI6OTk0NzUsInVybCI6Imh0dHBzOlwvXC93d3cubWVkZWxsaW4uZ292LmNvXC9lc1wvd3AtY29udGVudFwvdXBsb2Fkc1wvMjAyMlwvMDlcL1pvbmEtQ29tZXJjaWFsLTIxLmpwZyIsInNsaWRlc2hvdyI6ImFsbC0yZGY3YWFjIn0%3D\">\n\t\t\t\t\t<div class=\"e-gallery-image elementor-gallery-item__image\" data-thumbnail=\"https:\/\/www.medellin.gov.co\/es\/wp-content\/uploads\/2022\/09\/Zona-Comercial-21-768x513.jpg\" data-width=\"768\" data-height=\"513\" alt=\"Zona Comercial\" ><\/div>\n\t\t\t\t\t\t\t\t\t\t\t<div class=\"elementor-gallery-item__overlay\"><\/div>\n\t\t\t\t\t\t\t\t\t\t\t\t\t\t<\/a>\n\t\t\t\t\t\t\t<a class=\"e-gallery-item elementor-gallery-item elementor-animated-content\" href=\"https:\/\/www.medellin.gov.co\/es\/wp-content\/uploads\/2022\/09\/Zona-Comercial-20.jpg\" data-elementor-open-lightbox=\"yes\" data-elementor-lightbox-slideshow=\"all-2df7aac\" data-elementor-lightbox-title=\"Zona Comercial\" e-action-hash=\"#elementor-action%3Aaction%3Dlightbox%26settings%3DeyJpZCI6OTk0NzMsInVybCI6Imh0dHBzOlwvXC93d3cubWVkZWxsaW4uZ292LmNvXC9lc1wvd3AtY29udGVudFwvdXBsb2Fkc1wvMjAyMlwvMDlcL1pvbmEtQ29tZXJjaWFsLTIwLmpwZyIsInNsaWRlc2hvdyI6ImFsbC0yZGY3YWFjIn0%3D\">\n\t\t\t\t\t<div class=\"e-gallery-image elementor-gallery-item__image\" data-thumbnail=\"https:\/\/www.medellin.gov.co\/es\/wp-content\/uploads\/2022\/09\/Zona-Comercial-20-768x552.jpg\" data-width=\"768\" data-height=\"552\" alt=\"Zona Comercial\" ><\/div>\n\t\t\t\t\t\t\t\t\t\t\t<div class=\"elementor-gallery-item__overlay\"><\/div>\n\t\t\t\t\t\t\t\t\t\t\t\t\t\t<\/a>\n\t\t\t\t\t\t\t<a class=\"e-gallery-item elementor-gallery-item elementor-animated-content\" href=\"https:\/\/www.medellin.gov.co\/es\/wp-content\/uploads\/2022\/09\/Zona-Comercial-19.jpg\" data-elementor-open-lightbox=\"yes\" data-elementor-lightbox-slideshow=\"all-2df7aac\" data-elementor-lightbox-title=\"Zona Comercial\" e-action-hash=\"#elementor-action%3Aaction%3Dlightbox%26settings%3DeyJpZCI6OTk0NzIsInVybCI6Imh0dHBzOlwvXC93d3cubWVkZWxsaW4uZ292LmNvXC9lc1wvd3AtY29udGVudFwvdXBsb2Fkc1wvMjAyMlwvMDlcL1pvbmEtQ29tZXJjaWFsLTE5LmpwZyIsInNsaWRlc2hvdyI6ImFsbC0yZGY3YWFjIn0%3D\">\n\t\t\t\t\t<div class=\"e-gallery-image elementor-gallery-item__image\" data-thumbnail=\"https:\/\/www.medellin.gov.co\/es\/wp-content\/uploads\/2022\/09\/Zona-Comercial-19-768x529.jpg\" data-width=\"768\" data-height=\"529\" alt=\"Zona Comercial\" ><\/div>\n\t\t\t\t\t\t\t\t\t\t\t<div class=\"elementor-gallery-item__overlay\"><\/div>\n\t\t\t\t\t\t\t\t\t\t\t\t\t\t<\/a>\n\t\t\t\t\t\t\t<a class=\"e-gallery-item elementor-gallery-item elementor-animated-content\" href=\"https:\/\/www.medellin.gov.co\/es\/wp-content\/uploads\/2022\/09\/Zona-Comercial-18.jpg\" data-elementor-open-lightbox=\"yes\" data-elementor-lightbox-slideshow=\"all-2df7aac\" data-elementor-lightbox-title=\"Zona Comercial\" e-action-hash=\"#elementor-action%3Aaction%3Dlightbox%26settings%3DeyJpZCI6OTk0NjksInVybCI6Imh0dHBzOlwvXC93d3cubWVkZWxsaW4uZ292LmNvXC9lc1wvd3AtY29udGVudFwvdXBsb2Fkc1wvMjAyMlwvMDlcL1pvbmEtQ29tZXJjaWFsLTE4LmpwZyIsInNsaWRlc2hvdyI6ImFsbC0yZGY3YWFjIn0%3D\">\n\t\t\t\t\t<div class=\"e-gallery-image elementor-gallery-item__image\" data-thumbnail=\"https:\/\/www.medellin.gov.co\/es\/wp-content\/uploads\/2022\/09\/Zona-Comercial-18-768x524.jpg\" data-width=\"768\" data-height=\"524\" alt=\"Zona Comercial\" ><\/div>\n\t\t\t\t\t\t\t\t\t\t\t<div class=\"elementor-gallery-item__overlay\"><\/div>\n\t\t\t\t\t\t\t\t\t\t\t\t\t\t<\/a>\n\t\t\t\t\t\t\t<a class=\"e-gallery-item elementor-gallery-item elementor-animated-content\" href=\"https:\/\/www.medellin.gov.co\/es\/wp-content\/uploads\/2022\/09\/Zona-Comercial-17-1.jpg\" data-elementor-open-lightbox=\"yes\" data-elementor-lightbox-slideshow=\"all-2df7aac\" data-elementor-lightbox-title=\"Zona Comercial\" e-action-hash=\"#elementor-action%3Aaction%3Dlightbox%26settings%3DeyJpZCI6OTk0NjcsInVybCI6Imh0dHBzOlwvXC93d3cubWVkZWxsaW4uZ292LmNvXC9lc1wvd3AtY29udGVudFwvdXBsb2Fkc1wvMjAyMlwvMDlcL1pvbmEtQ29tZXJjaWFsLTE3LTEuanBnIiwic2xpZGVzaG93IjoiYWxsLTJkZjdhYWMifQ%3D%3D\">\n\t\t\t\t\t<div class=\"e-gallery-image elementor-gallery-item__image\" data-thumbnail=\"https:\/\/www.medellin.gov.co\/es\/wp-content\/uploads\/2022\/09\/Zona-Comercial-17-1-768x480.jpg\" data-width=\"768\" data-height=\"480\" alt=\"Zona Comercial\" ><\/div>\n\t\t\t\t\t\t\t\t\t\t\t<div class=\"elementor-gallery-item__overlay\"><\/div>\n\t\t\t\t\t\t\t\t\t\t\t\t\t\t<\/a>\n\t\t\t\t\t\t\t<a class=\"e-gallery-item elementor-gallery-item elementor-animated-content\" href=\"https:\/\/www.medellin.gov.co\/es\/wp-content\/uploads\/2022\/09\/Zona-Comercial-16-1.jpg\" data-elementor-open-lightbox=\"yes\" data-elementor-lightbox-slideshow=\"all-2df7aac\" data-elementor-lightbox-title=\"Zona Comercial\" e-action-hash=\"#elementor-action%3Aaction%3Dlightbox%26settings%3DeyJpZCI6OTk0NjYsInVybCI6Imh0dHBzOlwvXC93d3cubWVkZWxsaW4uZ292LmNvXC9lc1wvd3AtY29udGVudFwvdXBsb2Fkc1wvMjAyMlwvMDlcL1pvbmEtQ29tZXJjaWFsLTE2LTEuanBnIiwic2xpZGVzaG93IjoiYWxsLTJkZjdhYWMifQ%3D%3D\">\n\t\t\t\t\t<div class=\"e-gallery-image elementor-gallery-item__image\" data-thumbnail=\"https:\/\/www.medellin.gov.co\/es\/wp-content\/uploads\/2022\/09\/Zona-Comercial-16-1-768x493.jpg\" data-width=\"768\" data-height=\"493\" alt=\"Zona Comercial\" ><\/div>\n\t\t\t\t\t\t\t\t\t\t\t<div class=\"elementor-gallery-item__overlay\"><\/div>\n\t\t\t\t\t\t\t\t\t\t\t\t\t\t<\/a>\n\t\t\t\t\t\t\t<a class=\"e-gallery-item elementor-gallery-item elementor-animated-content\" href=\"https:\/\/www.medellin.gov.co\/es\/wp-content\/uploads\/2022\/09\/Zona-Comercial-15-1.jpg\" data-elementor-open-lightbox=\"yes\" data-elementor-lightbox-slideshow=\"all-2df7aac\" data-elementor-lightbox-title=\"Zona Comercial\" e-action-hash=\"#elementor-action%3Aaction%3Dlightbox%26settings%3DeyJpZCI6OTk0NjMsInVybCI6Imh0dHBzOlwvXC93d3cubWVkZWxsaW4uZ292LmNvXC9lc1wvd3AtY29udGVudFwvdXBsb2Fkc1wvMjAyMlwvMDlcL1pvbmEtQ29tZXJjaWFsLTE1LTEuanBnIiwic2xpZGVzaG93IjoiYWxsLTJkZjdhYWMifQ%3D%3D\">\n\t\t\t\t\t<div class=\"e-gallery-image elementor-gallery-item__image\" data-thumbnail=\"https:\/\/www.medellin.gov.co\/es\/wp-content\/uploads\/2022\/09\/Zona-Comercial-15-1-768x498.jpg\" data-width=\"768\" data-height=\"498\" alt=\"Zona Comercial\" ><\/div>\n\t\t\t\t\t\t\t\t\t\t\t<div class=\"elementor-gallery-item__overlay\"><\/div>\n\t\t\t\t\t\t\t\t\t\t\t\t\t\t<\/a>\n\t\t\t\t\t\t\t<a class=\"e-gallery-item elementor-gallery-item elementor-animated-content\" href=\"https:\/\/www.medellin.gov.co\/es\/wp-content\/uploads\/2022\/09\/Zona-Comercial-14-2.jpg\" data-elementor-open-lightbox=\"yes\" data-elementor-lightbox-slideshow=\"all-2df7aac\" data-elementor-lightbox-title=\"Zona Comercial\" e-action-hash=\"#elementor-action%3Aaction%3Dlightbox%26settings%3DeyJpZCI6OTk0NjIsInVybCI6Imh0dHBzOlwvXC93d3cubWVkZWxsaW4uZ292LmNvXC9lc1wvd3AtY29udGVudFwvdXBsb2Fkc1wvMjAyMlwvMDlcL1pvbmEtQ29tZXJjaWFsLTE0LTIuanBnIiwic2xpZGVzaG93IjoiYWxsLTJkZjdhYWMifQ%3D%3D\">\n\t\t\t\t\t<div class=\"e-gallery-image elementor-gallery-item__image\" data-thumbnail=\"https:\/\/www.medellin.gov.co\/es\/wp-content\/uploads\/2022\/09\/Zona-Comercial-14-2-768x497.jpg\" data-width=\"768\" data-height=\"497\" alt=\"Zona Comercial\" ><\/div>\n\t\t\t\t\t\t\t\t\t\t\t<div class=\"elementor-gallery-item__overlay\"><\/div>\n\t\t\t\t\t\t\t\t\t\t\t\t\t\t<\/a>\n\t\t\t\t\t\t\t<a class=\"e-gallery-item elementor-gallery-item elementor-animated-content\" href=\"https:\/\/www.medellin.gov.co\/es\/wp-content\/uploads\/2022\/09\/Zona-Comercial-13-2.jpg\" data-elementor-open-lightbox=\"yes\" data-elementor-lightbox-slideshow=\"all-2df7aac\" data-elementor-lightbox-title=\"Zona Comercial\" e-action-hash=\"#elementor-action%3Aaction%3Dlightbox%26settings%3DeyJpZCI6OTk0NjAsInVybCI6Imh0dHBzOlwvXC93d3cubWVkZWxsaW4uZ292LmNvXC9lc1wvd3AtY29udGVudFwvdXBsb2Fkc1wvMjAyMlwvMDlcL1pvbmEtQ29tZXJjaWFsLTEzLTIuanBnIiwic2xpZGVzaG93IjoiYWxsLTJkZjdhYWMifQ%3D%3D\">\n\t\t\t\t\t<div class=\"e-gallery-image elementor-gallery-item__image\" data-thumbnail=\"https:\/\/www.medellin.gov.co\/es\/wp-content\/uploads\/2022\/09\/Zona-Comercial-13-2-768x503.jpg\" data-width=\"768\" data-height=\"503\" alt=\"Zona Comercial\" ><\/div>\n\t\t\t\t\t\t\t\t\t\t\t<div class=\"elementor-gallery-item__overlay\"><\/div>\n\t\t\t\t\t\t\t\t\t\t\t\t\t\t<\/a>\n\t\t\t\t\t\t\t<a class=\"e-gallery-item elementor-gallery-item elementor-animated-content\" href=\"https:\/\/www.medellin.gov.co\/es\/wp-content\/uploads\/2022\/09\/Zona-Comercial-12-2.jpg\" data-elementor-open-lightbox=\"yes\" data-elementor-lightbox-slideshow=\"all-2df7aac\" data-elementor-lightbox-title=\"Zona Comercial\" e-action-hash=\"#elementor-action%3Aaction%3Dlightbox%26settings%3DeyJpZCI6OTk0NTksInVybCI6Imh0dHBzOlwvXC93d3cubWVkZWxsaW4uZ292LmNvXC9lc1wvd3AtY29udGVudFwvdXBsb2Fkc1wvMjAyMlwvMDlcL1pvbmEtQ29tZXJjaWFsLTEyLTIuanBnIiwic2xpZGVzaG93IjoiYWxsLTJkZjdhYWMifQ%3D%3D\">\n\t\t\t\t\t<div class=\"e-gallery-image elementor-gallery-item__image\" data-thumbnail=\"https:\/\/www.medellin.gov.co\/es\/wp-content\/uploads\/2022\/09\/Zona-Comercial-12-2-768x461.jpg\" data-width=\"768\" data-height=\"461\" alt=\"Zona Comercial\" ><\/div>\n\t\t\t\t\t\t\t\t\t\t\t<div class=\"elementor-gallery-item__overlay\"><\/div>\n\t\t\t\t\t\t\t\t\t\t\t\t\t\t<\/a>\n\t\t\t\t\t\t\t<a class=\"e-gallery-item elementor-gallery-item elementor-animated-content\" href=\"https:\/\/www.medellin.gov.co\/es\/wp-content\/uploads\/2022\/09\/Zona-Comercial-11-2.jpg\" data-elementor-open-lightbox=\"yes\" data-elementor-lightbox-slideshow=\"all-2df7aac\" data-elementor-lightbox-title=\"Zona Comercial\" e-action-hash=\"#elementor-action%3Aaction%3Dlightbox%26settings%3DeyJpZCI6OTk0NTgsInVybCI6Imh0dHBzOlwvXC93d3cubWVkZWxsaW4uZ292LmNvXC9lc1wvd3AtY29udGVudFwvdXBsb2Fkc1wvMjAyMlwvMDlcL1pvbmEtQ29tZXJjaWFsLTExLTIuanBnIiwic2xpZGVzaG93IjoiYWxsLTJkZjdhYWMifQ%3D%3D\">\n\t\t\t\t\t<div class=\"e-gallery-image elementor-gallery-item__image\" data-thumbnail=\"https:\/\/www.medellin.gov.co\/es\/wp-content\/uploads\/2022\/09\/Zona-Comercial-11-2-768x456.jpg\" data-width=\"768\" data-height=\"456\" alt=\"Zona Comercial\" ><\/div>\n\t\t\t\t\t\t\t\t\t\t\t<div class=\"elementor-gallery-item__overlay\"><\/div>\n\t\t\t\t\t\t\t\t\t\t\t\t\t\t<\/a>\n\t\t\t\t\t\t\t<a class=\"e-gallery-item elementor-gallery-item elementor-animated-content\" href=\"https:\/\/www.medellin.gov.co\/es\/wp-content\/uploads\/2022\/09\/Zona-Comercial-10-2.jpg\" data-elementor-open-lightbox=\"yes\" data-elementor-lightbox-slideshow=\"all-2df7aac\" data-elementor-lightbox-title=\"Zona Comercial\" e-action-hash=\"#elementor-action%3Aaction%3Dlightbox%26settings%3DeyJpZCI6OTk0NTcsInVybCI6Imh0dHBzOlwvXC93d3cubWVkZWxsaW4uZ292LmNvXC9lc1wvd3AtY29udGVudFwvdXBsb2Fkc1wvMjAyMlwvMDlcL1pvbmEtQ29tZXJjaWFsLTEwLTIuanBnIiwic2xpZGVzaG93IjoiYWxsLTJkZjdhYWMifQ%3D%3D\">\n\t\t\t\t\t<div class=\"e-gallery-image elementor-gallery-item__image\" data-thumbnail=\"https:\/\/www.medellin.gov.co\/es\/wp-content\/uploads\/2022\/09\/Zona-Comercial-10-2-768x503.jpg\" data-width=\"768\" data-height=\"503\" alt=\"Zona Comercial\" ><\/div>\n\t\t\t\t\t\t\t\t\t\t\t<div class=\"elementor-gallery-item__overlay\"><\/div>\n\t\t\t\t\t\t\t\t\t\t\t\t\t\t<\/a>\n\t\t\t\t\t\t\t<a class=\"e-gallery-item elementor-gallery-item elementor-animated-content\" href=\"https:\/\/www.medellin.gov.co\/es\/wp-content\/uploads\/2022\/09\/Zona-Comercial-9-2.jpg\" data-elementor-open-lightbox=\"yes\" data-elementor-lightbox-slideshow=\"all-2df7aac\" data-elementor-lightbox-title=\"Zona Comercial\" e-action-hash=\"#elementor-action%3Aaction%3Dlightbox%26settings%3DeyJpZCI6OTk0NTYsInVybCI6Imh0dHBzOlwvXC93d3cubWVkZWxsaW4uZ292LmNvXC9lc1wvd3AtY29udGVudFwvdXBsb2Fkc1wvMjAyMlwvMDlcL1pvbmEtQ29tZXJjaWFsLTktMi5qcGciLCJzbGlkZXNob3ciOiJhbGwtMmRmN2FhYyJ9\">\n\t\t\t\t\t<div class=\"e-gallery-image elementor-gallery-item__image\" data-thumbnail=\"https:\/\/www.medellin.gov.co\/es\/wp-content\/uploads\/2022\/09\/Zona-Comercial-9-2-768x482.jpg\" data-width=\"768\" data-height=\"482\" alt=\"Zona Comercial\" ><\/div>\n\t\t\t\t\t\t\t\t\t\t\t<div class=\"elementor-gallery-item__overlay\"><\/div>\n\t\t\t\t\t\t\t\t\t\t\t\t\t\t<\/a>\n\t\t\t\t\t\t\t<a class=\"e-gallery-item elementor-gallery-item elementor-animated-content\" href=\"https:\/\/www.medellin.gov.co\/es\/wp-content\/uploads\/2022\/09\/Zona-Comercial-8-2.jpg\" data-elementor-open-lightbox=\"yes\" data-elementor-lightbox-slideshow=\"all-2df7aac\" data-elementor-lightbox-title=\"Zona Comercial\" e-action-hash=\"#elementor-action%3Aaction%3Dlightbox%26settings%3DeyJpZCI6OTk0NTQsInVybCI6Imh0dHBzOlwvXC93d3cubWVkZWxsaW4uZ292LmNvXC9lc1wvd3AtY29udGVudFwvdXBsb2Fkc1wvMjAyMlwvMDlcL1pvbmEtQ29tZXJjaWFsLTgtMi5qcGciLCJzbGlkZXNob3ciOiJhbGwtMmRmN2FhYyJ9\">\n\t\t\t\t\t<div class=\"e-gallery-image elementor-gallery-item__image\" data-thumbnail=\"https:\/\/www.medellin.gov.co\/es\/wp-content\/uploads\/2022\/09\/Zona-Comercial-8-2-768x554.jpg\" data-width=\"768\" data-height=\"554\" alt=\"Zona Comercial\" ><\/div>\n\t\t\t\t\t\t\t\t\t\t\t<div class=\"elementor-gallery-item__overlay\"><\/div>\n\t\t\t\t\t\t\t\t\t\t\t\t\t\t<\/a>\n\t\t\t\t\t\t\t<a class=\"e-gallery-item elementor-gallery-item elementor-animated-content\" href=\"https:\/\/www.medellin.gov.co\/es\/wp-content\/uploads\/2022\/09\/Zona-Comercial-7-2.jpg\" data-elementor-open-lightbox=\"yes\" data-elementor-lightbox-slideshow=\"all-2df7aac\" data-elementor-lightbox-title=\"Zona Comercial\" e-action-hash=\"#elementor-action%3Aaction%3Dlightbox%26settings%3DeyJpZCI6OTk0NTIsInVybCI6Imh0dHBzOlwvXC93d3cubWVkZWxsaW4uZ292LmNvXC9lc1wvd3AtY29udGVudFwvdXBsb2Fkc1wvMjAyMlwvMDlcL1pvbmEtQ29tZXJjaWFsLTctMi5qcGciLCJzbGlkZXNob3ciOiJhbGwtMmRmN2FhYyJ9\">\n\t\t\t\t\t<div class=\"e-gallery-image elementor-gallery-item__image\" data-thumbnail=\"https:\/\/www.medellin.gov.co\/es\/wp-content\/uploads\/2022\/09\/Zona-Comercial-7-2-768x481.jpg\" data-width=\"768\" data-height=\"481\" alt=\"Zona Comercial\" ><\/div>\n\t\t\t\t\t\t\t\t\t\t\t<div class=\"elementor-gallery-item__overlay\"><\/div>\n\t\t\t\t\t\t\t\t\t\t\t\t\t\t<\/a>\n\t\t\t\t\t\t\t<a class=\"e-gallery-item elementor-gallery-item elementor-animated-content\" href=\"https:\/\/www.medellin.gov.co\/es\/wp-content\/uploads\/2022\/09\/Zona-Comercial-6-2.jpg\" data-elementor-open-lightbox=\"yes\" data-elementor-lightbox-slideshow=\"all-2df7aac\" data-elementor-lightbox-title=\"Zona Comercial\" e-action-hash=\"#elementor-action%3Aaction%3Dlightbox%26settings%3DeyJpZCI6OTk0NTEsInVybCI6Imh0dHBzOlwvXC93d3cubWVkZWxsaW4uZ292LmNvXC9lc1wvd3AtY29udGVudFwvdXBsb2Fkc1wvMjAyMlwvMDlcL1pvbmEtQ29tZXJjaWFsLTYtMi5qcGciLCJzbGlkZXNob3ciOiJhbGwtMmRmN2FhYyJ9\">\n\t\t\t\t\t<div class=\"e-gallery-image elementor-gallery-item__image\" data-thumbnail=\"https:\/\/www.medellin.gov.co\/es\/wp-content\/uploads\/2022\/09\/Zona-Comercial-6-2-768x515.jpg\" data-width=\"768\" data-height=\"515\" alt=\"Zona Comercial\" ><\/div>\n\t\t\t\t\t\t\t\t\t\t\t<div class=\"elementor-gallery-item__overlay\"><\/div>\n\t\t\t\t\t\t\t\t\t\t\t\t\t\t<\/a>\n\t\t\t\t\t\t\t<a class=\"e-gallery-item elementor-gallery-item elementor-animated-content\" href=\"https:\/\/www.medellin.gov.co\/es\/wp-content\/uploads\/2022\/09\/Zona-Comercial-5-2.jpg\" data-elementor-open-lightbox=\"yes\" data-elementor-lightbox-slideshow=\"all-2df7aac\" data-elementor-lightbox-title=\"Zona Comercial\" e-action-hash=\"#elementor-action%3Aaction%3Dlightbox%26settings%3DeyJpZCI6OTk0NDgsInVybCI6Imh0dHBzOlwvXC93d3cubWVkZWxsaW4uZ292LmNvXC9lc1wvd3AtY29udGVudFwvdXBsb2Fkc1wvMjAyMlwvMDlcL1pvbmEtQ29tZXJjaWFsLTUtMi5qcGciLCJzbGlkZXNob3ciOiJhbGwtMmRmN2FhYyJ9\">\n\t\t\t\t\t<div class=\"e-gallery-image elementor-gallery-item__image\" data-thumbnail=\"https:\/\/www.medellin.gov.co\/es\/wp-content\/uploads\/2022\/09\/Zona-Comercial-5-2-768x489.jpg\" data-width=\"768\" data-height=\"489\" alt=\"Zona Comercial\" ><\/div>\n\t\t\t\t\t\t\t\t\t\t\t<div class=\"elementor-gallery-item__overlay\"><\/div>\n\t\t\t\t\t\t\t\t\t\t\t\t\t\t<\/a>\n\t\t\t\t\t\t\t<a class=\"e-gallery-item elementor-gallery-item elementor-animated-content\" href=\"https:\/\/www.medellin.gov.co\/es\/wp-content\/uploads\/2022\/09\/Zona-Comercial-4-2.jpg\" data-elementor-open-lightbox=\"yes\" data-elementor-lightbox-slideshow=\"all-2df7aac\" data-elementor-lightbox-title=\"Zona Comercial\" e-action-hash=\"#elementor-action%3Aaction%3Dlightbox%26settings%3DeyJpZCI6OTk0NDUsInVybCI6Imh0dHBzOlwvXC93d3cubWVkZWxsaW4uZ292LmNvXC9lc1wvd3AtY29udGVudFwvdXBsb2Fkc1wvMjAyMlwvMDlcL1pvbmEtQ29tZXJjaWFsLTQtMi5qcGciLCJzbGlkZXNob3ciOiJhbGwtMmRmN2FhYyJ9\">\n\t\t\t\t\t<div class=\"e-gallery-image elementor-gallery-item__image\" data-thumbnail=\"https:\/\/www.medellin.gov.co\/es\/wp-content\/uploads\/2022\/09\/Zona-Comercial-4-2-768x441.jpg\" data-width=\"768\" data-height=\"441\" alt=\"Zona Comercial\" ><\/div>\n\t\t\t\t\t\t\t\t\t\t\t<div class=\"elementor-gallery-item__overlay\"><\/div>\n\t\t\t\t\t\t\t\t\t\t\t\t\t\t<\/a>\n\t\t\t\t\t<\/div>\n\t\t\t<\/div>\n\t\t\t\t<\/div>\n\t\t\t\t\t\t<\/div>\n\t\t\t\t\t<\/div>\n\t\t<\/div>\n\t\t\t\t\t\t\t\t<\/div>\n\t\t\t\t\t<\/div>\n\t\t<\/section>\n\t\t\t\t\t\t\t\t\t<\/div>\n\t\t\t<\/div>\n\t\t\t\t\t<\/div>\n\t\t","protected":false},"excerpt":{"rendered":"<p>Las mejores fotograf\u00edas de la Zona Comercial D\u00eda 1: Septiembre 9 de 2022\u00a0 Ac\u00e1 encontrar\u00e1s la galer\u00eda de im\u00e1genes del primer d\u00eda de la Zona Comercial Fot\u00f3grafos: Yojan Valencia &#8211; Pita D\u00eda 2: Septiembre 10 &#8230;<\/p>\n","protected":false},"author":4,"featured_media":9083,"parent":7057,"menu_order":165,"comment_status":"closed","ping_status":"closed","template":"sec-cultura\/elementor.php","meta":[],"acf":[],"_links":{"self":[{"href":"https:\/\/www.medellin.gov.co\/es\/wp-json\/wp\/v2\/pages\/96422"}],"collection":[{"href":"https:\/\/www.medellin.gov.co\/es\/wp-json\/wp\/v2\/pages"}],"about":[{"href":"https:\/\/www.medellin.gov.co\/es\/wp-json\/wp\/v2\/types\/page"}],"author":[{"embeddable":true,"href":"https:\/\/www.medellin.gov.co\/es\/wp-json\/wp\/v2\/users\/4"}],"replies":[{"embeddable":true,"href":"https:\/\/www.medellin.gov.co\/es\/wp-json\/wp\/v2\/comments?post=96422"}],"version-history":[{"count":11,"href":"https:\/\/www.medellin.gov.co\/es\/wp-json\/wp\/v2\/pages\/96422\/revisions"}],"predecessor-version":[{"id":99523,"href":"https:\/\/www.medellin.gov.co\/es\/wp-json\/wp\/v2\/pages\/96422\/revisions\/99523"}],"up":[{"embeddable":true,"href":"https:\/\/www.medellin.gov.co\/es\/wp-json\/wp\/v2\/pages\/7057"}],"wp:featuredmedia":[{"embeddable":true,"href":"https:\/\/www.medellin.gov.co\/es\/wp-json\/wp\/v2\/media\/9083"}],"wp:attachment":[{"href":"https:\/\/www.medellin.gov.co\/es\/wp-json\/wp\/v2\/media?parent=96422"}],"curies":[{"name":"wp","href":"https:\/\/api.w.org\/{rel}","templated":true}]}}