{"id":73705,"date":"2022-07-18T08:49:03","date_gmt":"2022-07-18T13:49:03","guid":{"rendered":"https:\/\/www.medellin.gov.co\/es\/?post_type=preve-nota&#038;p=73705"},"modified":"2022-07-18T08:49:03","modified_gmt":"2022-07-18T13:49:03","slug":"la-licencia-de-paternidad-se-amplio-a-14-dias","status":"publish","type":"preve-nota","link":"https:\/\/www.medellin.gov.co\/es\/preve-nota\/la-licencia-de-paternidad-se-amplio-a-14-dias\/","title":{"rendered":"La licencia de paternidad se ampli\u00f3 a 14 d\u00edas"},"content":{"rendered":"<p><span style=\"font-weight: 400;\">En el mes de julio del a\u00f1o 2021, a trav\u00e9s de la Ley 2114 de 2021, se realizaron una serie de modificaciones al C\u00f3digo Sustantivo del Trabajo con relaci\u00f3n a la licencia de paternidad, la licencia parental compartida y la licencia parental flexible de tiempo parcial.\u00a0<\/span><\/p>\n<p><span style=\"font-weight: 400;\">En cuanto a la <\/span><b>licencia de paternidad <\/b><span style=\"font-weight: 400;\">la modificaci\u00f3n realizada fue que se ampli\u00f3 de ocho (8) d\u00edas a <\/span><b>dos (2) semanas. <\/b><span style=\"font-weight: 400;\">Sin embargo, exist\u00eda duda con relaci\u00f3n a c\u00f3mo contabilizar este nuevo periodo. Toda vez que, se pod\u00eda interpretar el t\u00e9rmino \u201csemana\u201d como d\u00edas h\u00e1biles o como d\u00edas calendario.\u00a0<\/span><\/p>\n<p><span style=\"font-weight: 400;\">Por lo anterior, de manera reciente, el Ministerio del Trabajo explic\u00f3 en el <\/span><a href=\"https:\/\/www.mintrabajo.gov.co\/documents\/20147\/63044901\/CONTEO+DE+DOS+SEMANAS+DE+LICENCIA+DE+PATERNIDAD+LEY+2114+DE+2021+PUBLICAR.pdf\/b6685579-9082-1f28-05ac-d53f657d57a2?t=1643133297581\"><b>Concepto del 25 de enero de 2022<\/b><\/a> <span style=\"font-weight: 400;\">que al aplicar por analog\u00eda el art\u00edculo 70 del <\/span><a href=\"https:\/\/www.medellin.gov.co\/normograma\/docs\/astrea\/docs\/codigo_civil.htm\"><span style=\"font-weight: 400;\">C\u00f3digo Civil<\/span><\/a><span style=\"font-weight: 400;\"> las dos (2) semanas que se\u00f1ala la ley deben entenderse como d\u00edas calendario. En conclusi\u00f3n, dado que cada semana comprende los domingos y festivos,\u00a0 la licencia de paternidad ser\u00e1 de <\/span><b>catorce (14) d\u00edas<\/b><span style=\"font-weight: 400;\">.<\/span><\/p>\n<p><span style=\"font-weight: 400;\">Para saber m\u00e1s de este tema, los invitamos a consultar en la biblioteca jur\u00eddica virtual del Municipio de Medell\u00edn \u2013 ASTREA, la <\/span><a href=\"https:\/\/www.medellin.gov.co\/normograma\/docs\/astrea\/docs\/ley_2114_2021.htm\"><span style=\"font-weight: 400;\">Ley 2114 de 2021<\/span><\/a><span style=\"font-weight: 400;\">. <\/span><\/p>\n","protected":false},"template":"","categories":[6],"acf":[],"_links":{"self":[{"href":"https:\/\/www.medellin.gov.co\/es\/wp-json\/wp\/v2\/preve-nota\/73705"}],"collection":[{"href":"https:\/\/www.medellin.gov.co\/es\/wp-json\/wp\/v2\/preve-nota"}],"about":[{"href":"https:\/\/www.medellin.gov.co\/es\/wp-json\/wp\/v2\/types\/preve-nota"}],"wp:attachment":[{"href":"https:\/\/www.medellin.gov.co\/es\/wp-json\/wp\/v2\/media?parent=73705"}],"wp:term":[{"taxonomy":"category","embeddable":true,"href":"https:\/\/www.medellin.gov.co\/es\/wp-json\/wp\/v2\/categories?post=73705"}],"curies":[{"name":"wp","href":"https:\/\/api.w.org\/{rel}","templated":true}]}}