{"id":44091,"date":"2022-01-11T19:31:51","date_gmt":"2022-01-12T00:31:51","guid":{"rendered":"https:\/\/www.medellin.gov.co\/es\/proyectos\/desarrollo-de-estrategias-para-el-impulso-de-cooperacion-nacional-e-internacional\/"},"modified":"2022-01-11T19:31:51","modified_gmt":"2022-01-12T00:31:51","slug":"desarrollo-de-estrategias-para-el-impulso-de-cooperacion-nacional-e-internacional","status":"publish","type":"proyectos","link":"https:\/\/www.medellin.gov.co\/es\/proyectos\/desarrollo-de-estrategias-para-el-impulso-de-cooperacion-nacional-e-internacional\/","title":{"rendered":"Desarrollo de Estrategias para el Impulso de Cooperaci\u00f3n Nacional e Internacional"},"content":{"rendered":"<p>La cooperaci\u00f3n contribuye al desarrollo territorial y global consensuado, equilibrado, sostenible, pac\u00edfico y seguro. Va m\u00e1s all\u00e1 de la mera captaci\u00f3n de recursos financieros y fomenta la gesti\u00f3n de alianzas entre diferente tipo de actores. La gesti\u00f3n de cooperaci\u00f3n deber\u00e1 incluir 4 frentes de trabajo:<\/p>\n<ul>\n<li>Demanda de cooperaci\u00f3n para la administraci\u00f3n p\u00fablica.<\/li>\n<li>Oferta de cooperaci\u00f3n para la administraci\u00f3n p\u00fablica.<\/li>\n<li>Demanda y oferta de cooperaci\u00f3n para la di\u00e1spora.<\/li>\n<li>Demanda y oferta de cooperaci\u00f3n para el sector social producto a entregar.<\/li>\n<\/ul>\n<p>N1:<\/p>\n<ul>\n<li>Servicio de apoyo para la transferencia y\/o implementaci\u00f3n de metodolog\u00edas de aumento de la productividad, el cual est\u00e1 enmarcado en la captaci\u00f3n de cooperaci\u00f3n medida, en t\u00e9rminos del n\u00famero de unidades productivas y en nuestro caso de proyectos intervenidos con cooperaci\u00f3n en la ciudad, las cuales deber\u00e1n ser c\u00f3mo m\u00ednimo 75, esto se lograr\u00e1 a trav\u00e9s de las siguientes actividades:\n<ul>\n<li>Fortalecer el sistema local para la captaci\u00f3n de cooperaci\u00f3n (36 meses).<\/li>\n<li>Identificar oportunidades de captaci\u00f3n de cooperaci\u00f3n y promoci\u00f3n de Medell\u00edn y su \u00e1rea de influencia (36 meses).<\/li>\n<\/ul>\n<\/li>\n<\/ul>\n<p>N2:<\/p>\n<ul>\n<li>Servicio de educaci\u00f3n informal en asuntos tur\u00edsticos, el cual est\u00e1 enmarcado en la oferta de cooperaci\u00f3n medida a trav\u00e9s de personas capacitadas; que son representantes de las comitivas de otras ciudades que deber\u00e1n ser como m\u00ednimo 26 personas y que reciben una transferencia de conocimiento y una capacitaci\u00f3n no formal frente a las buenas pr\u00e1cticas en la gesti\u00f3n p\u00fablica de la ciudad. Este producto se lograr\u00e1 a trav\u00e9s de las siguientes actividades:\n<ul>\n<li>Fortalecer el modelo de oferta de cooperaci\u00f3n de la ciudad y la regi\u00f3n (36 meses).<\/li>\n<li>Fortalecer los lazos de cooperaci\u00f3n e intercambio de conocimiento con otras ciudades del mundo (36 meses).<\/li>\n<\/ul>\n<\/li>\n<\/ul>\n<p>N3:<\/p>\n<ul>\n<li>Servicio de promoci\u00f3n tur\u00edstica, el cual est\u00e1 enmarcado en la estrategia de la red de antioque\u00f1os en el exterior SOS Paisa Red de vinculaci\u00f3n de paisas residentes en el exterior.<\/li>\n<\/ul>\n","protected":false},"featured_media":32433,"template":"","categories":[3],"tags":[431,453,443],"programas_tax":[305],"acf":[],"_links":{"self":[{"href":"https:\/\/www.medellin.gov.co\/es\/wp-json\/wp\/v2\/proyectos\/44091"}],"collection":[{"href":"https:\/\/www.medellin.gov.co\/es\/wp-json\/wp\/v2\/proyectos"}],"about":[{"href":"https:\/\/www.medellin.gov.co\/es\/wp-json\/wp\/v2\/types\/proyectos"}],"wp:featuredmedia":[{"embeddable":true,"href":"https:\/\/www.medellin.gov.co\/es\/wp-json\/wp\/v2\/media\/32433"}],"wp:attachment":[{"href":"https:\/\/www.medellin.gov.co\/es\/wp-json\/wp\/v2\/media?parent=44091"}],"wp:term":[{"taxonomy":"category","embeddable":true,"href":"https:\/\/www.medellin.gov.co\/es\/wp-json\/wp\/v2\/categories?post=44091"},{"taxonomy":"post_tag","embeddable":true,"href":"https:\/\/www.medellin.gov.co\/es\/wp-json\/wp\/v2\/tags?post=44091"},{"taxonomy":"programas_tax","embeddable":true,"href":"https:\/\/www.medellin.gov.co\/es\/wp-json\/wp\/v2\/programas_tax?post=44091"}],"curies":[{"name":"wp","href":"https:\/\/api.w.org\/{rel}","templated":true}]}}