{"id":16203,"date":"2022-09-01T23:56:34","date_gmt":"2022-09-01T23:56:34","guid":{"rendered":"http:\/\/10.1.222.218\/ndesarrollo\/?page_id=16203"},"modified":"2022-09-02T00:08:18","modified_gmt":"2022-09-02T00:08:18","slug":"fichas-perfil-2022-comuna-60","status":"publish","type":"page","link":"\/ndesarrollo\/fichas-perfil-2022-comuna-60\/","title":{"rendered":"Fichas Perfil 2022 Comuna 60"},"content":{"rendered":"\t\t<div data-elementor-type=\"wp-page\" data-elementor-id=\"16203\" class=\"elementor elementor-16203\" data-elementor-settings=\"[]\">\n\t\t\t\t\t\t\t<div class=\"elementor-section-wrap\">\n\t\t\t\t\t\t\t<section data-particle_enable=\"false\" data-particle-mobile-disabled=\"false\" class=\"elementor-section elementor-top-section elementor-element elementor-element-6ecd3eb elementor-section-full_width elementor-section-height-default elementor-section-height-default\" data-id=\"6ecd3eb\" data-element_type=\"section\">\n\t\t\t\t\t\t<div class=\"elementor-container elementor-column-gap-no\">\n\t\t\t\t\t<div class=\"elementor-column elementor-col-100 elementor-top-column elementor-element elementor-element-23685c1\" data-id=\"23685c1\" data-element_type=\"column\">\n\t\t\t<div class=\"elementor-widget-wrap elementor-element-populated\">\n\t\t\t\t\t\t\t\t<div class=\"elementor-element elementor-element-10ff76b elementor-widget elementor-widget-image\" data-id=\"10ff76b\" data-element_type=\"widget\" data-widget_type=\"image.default\">\n\t\t\t\t<div class=\"elementor-widget-container\">\n\t\t\t\t\t\t\t\t\t\t\t\t\t\t\t<img width=\"1981\" height=\"293\" src=\"\/ndesarrollo\/wp-content\/uploads\/2022\/09\/Comuna-60-1.jpg\" class=\"attachment-full size-full\" alt=\"\" loading=\"lazy\" srcset=\"\/ndesarrollo\/wp-content\/uploads\/2022\/09\/Comuna-60-1.jpg 1981w, \/ndesarrollo\/wp-content\/uploads\/2022\/09\/Comuna-60-1-300x44.jpg 300w, \/ndesarrollo\/wp-content\/uploads\/2022\/09\/Comuna-60-1-1024x151.jpg 1024w, \/ndesarrollo\/wp-content\/uploads\/2022\/09\/Comuna-60-1-768x114.jpg 768w, \/ndesarrollo\/wp-content\/uploads\/2022\/09\/Comuna-60-1-1536x227.jpg 1536w\" sizes=\"(max-width: 1981px) 100vw, 1981px\" \/>\t\t\t\t\t\t\t\t\t\t\t\t\t\t\t<\/div>\n\t\t\t\t<\/div>\n\t\t\t\t\t<\/div>\n\t\t<\/div>\n\t\t\t\t\t\t\t<\/div>\n\t\t<\/section>\n\t\t\t\t<section data-particle_enable=\"false\" data-particle-mobile-disabled=\"false\" class=\"elementor-section elementor-top-section elementor-element elementor-element-b0fdf88 elementor-section-boxed elementor-section-height-default elementor-section-height-default\" data-id=\"b0fdf88\" data-element_type=\"section\">\n\t\t\t\t\t\t<div class=\"elementor-container elementor-column-gap-default\">\n\t\t\t\t\t<div class=\"elementor-column elementor-col-100 elementor-top-column elementor-element elementor-element-ff630d5\" data-id=\"ff630d5\" data-element_type=\"column\">\n\t\t\t<div class=\"elementor-widget-wrap elementor-element-populated\">\n\t\t\t\t\t\t\t\t<div class=\"elementor-element elementor-element-833f939 elementor-widget elementor-widget-text-editor\" data-id=\"833f939\" data-element_type=\"widget\" data-widget_type=\"text-editor.default\">\n\t\t\t\t<div class=\"elementor-widget-container\">\n\t\t\t\t\t\t\t<h4 class=\"elementor-heading-title elementor-size-default elementor-inline-editing pen\" contenteditable=\"true\" data-elementor-setting-key=\"title\" data-pen-placeholder=\"Teclea aqu\u00ed...\">Fichas formuladas bajo el direccionamiento t\u00e9cnico de la Unidad de Planeaci\u00f3n del Desarrollo Municipal y Local de la Subdirecci\u00f3n de Planeaci\u00f3n Social y Econ\u00f3mica del Departamento Administrativo de Planeaci\u00f3n de la Alcald\u00eda de Medell\u00edn con el acompa\u00f1amiento de las distintas Secretar\u00edas y Entes Descentralizados.<\/h4>\t\t\t\t\t\t<\/div>\n\t\t\t\t<\/div>\n\t\t\t\t\t<\/div>\n\t\t<\/div>\n\t\t\t\t\t\t\t<\/div>\n\t\t<\/section>\n\t\t\t\t<section data-particle_enable=\"false\" data-particle-mobile-disabled=\"false\" class=\"elementor-section elementor-top-section elementor-element elementor-element-dfec315 elementor-section-boxed elementor-section-height-default elementor-section-height-default\" data-id=\"dfec315\" data-element_type=\"section\">\n\t\t\t\t\t\t<div class=\"elementor-container elementor-column-gap-default\">\n\t\t\t\t\t<div class=\"elementor-column elementor-col-100 elementor-top-column elementor-element elementor-element-9505f17\" data-id=\"9505f17\" data-element_type=\"column\">\n\t\t\t<div class=\"elementor-widget-wrap elementor-element-populated\">\n\t\t\t\t\t\t\t\t<div class=\"elementor-element elementor-element-1f4008a elementor-widget elementor-widget-text-editor\" data-id=\"1f4008a\" data-element_type=\"widget\" data-widget_type=\"text-editor.default\">\n\t\t\t\t<div class=\"elementor-widget-container\">\n\t\t\t\t\t\t\t<p><a href=\"\/ndesarrollo\/wp-content\/uploads\/2022\/09\/22_PPTA_PP_C60_PERSONA-MAYOR_SEG_ALIM.pdf\">22_PPTA_PP_C60_PERSONA MAYOR_SEG_ALIM<\/a><\/p><p><a href=\"\/ndesarrollo\/wp-content\/uploads\/2022\/09\/22_PPTA_PP_C60_SALUD.pdf\">22_PPTA_PP_C60_SALUD<\/a><\/p><p><a href=\"\/ndesarrollo\/wp-content\/uploads\/2022\/09\/22_PPTA_C60_COMUNICACIONES.pdf\">22_PPTA_C60_COMUNICACIONES<\/a><\/p><p><a href=\"\/ndesarrollo\/wp-content\/uploads\/2022\/09\/22_PPTA_C60_SEGURIDAD.pdf\">22_PPTA_C60_SEGURIDAD<\/a><\/p><p><a href=\"\/ndesarrollo\/wp-content\/uploads\/2022\/09\/22_PPTA_PP_C60_CULTURA.pdf\">22_PPTA_PP_C60_CULTURA<\/a><\/p><p><a href=\"\/ndesarrollo\/wp-content\/uploads\/2022\/09\/22_PPTA_PP_C60_DDHH_FAMILIA.pdf\">22_PPTA_PP_C60_DDHH_FAMILIA<\/a><\/p><p><a href=\"\/ndesarrollo\/wp-content\/uploads\/2022\/09\/22_PPTA_PP_C60_DISCAPACIDAD.pdf\">22_PPTA_PP_C60_DISCAPACIDAD<\/a><\/p><p><a href=\"\/ndesarrollo\/wp-content\/uploads\/2022\/09\/22_PPTA_PP_C60_DLL-ECONOMICO_ARTICULADA..pdf\">22_PPTA_PP_C60_DLL ECON\u00d3MICO_ARTICULADA<\/a><\/p><p><a href=\"\/ndesarrollo\/wp-content\/uploads\/2022\/09\/22_PPTA_PP_C60_EDUCACION-SUPERIOR-ARTICULADA.pdf\">22_PPTA_PP_C60_EDUCACI\u00d3N SUPERIOR ARTICULADA<\/a><\/p><p><a href=\"\/ndesarrollo\/wp-content\/uploads\/2022\/09\/22_PPTA_PP_C60_EDUCACION..pdf\">22_PPTA_PP_C60_EDUCACI\u00d3N<\/a><\/p><p><a href=\"\/ndesarrollo\/wp-content\/uploads\/2022\/09\/22_PPTA_PP_C60_EDUCACION_2.pdf\">22_PPTA_PP_C60_EDUCACI\u00d3N_2<\/a><\/p><p><a href=\"\/ndesarrollo\/wp-content\/uploads\/2022\/09\/22_PPTA_PP_C60_GESTION-Y-CONTROL-TERRITORIAL.pdf\">22_PPTA_PP_C60_GESTI\u00d3N Y CONTROL TERRITORIAL<\/a><\/p><p><a href=\"\/ndesarrollo\/wp-content\/uploads\/2022\/09\/22_PPTA_PP_C60_INDER.pdf\">22_PPTA_PP_C60_INDER<\/a><\/p><p><a href=\"\/ndesarrollo\/wp-content\/uploads\/2022\/09\/22_PPTA_PP_C60_JUVENTUD.pdf\">22_PPTA_PP_C60_JUVENTUD<\/a><\/p><p><a href=\"\/ndesarrollo\/wp-content\/uploads\/2022\/09\/22_PPTA_PP_C60_MEDIO-AMBIENTE.pdf\">22_PPTA_PP_C60_MEDIO AMBIENTE<\/a><\/p><p><a href=\"\/ndesarrollo\/wp-content\/uploads\/2022\/09\/22_PPTA_PP_C60_MUJERES.pdf\">22_PPTA_PP_C60_MUJERES<\/a><\/p><p><a href=\"\/ndesarrollo\/wp-content\/uploads\/2022\/09\/22_PPTA_PP_C60_NO-VIOLENCIA.pdf\">22_PPTA_PP_C60_NO-VIOLENCIA<\/a><\/p><p><a href=\"\/ndesarrollo\/wp-content\/uploads\/2022\/09\/22_PPTA_PP_C60_PARTICIPACION-ARTICULADA.pdf\">22_PPTA_PP_C60_PARTICIPACI\u00d3N ARTICULADA<\/a><\/p><p>\u00a0<\/p>\t\t\t\t\t\t<\/div>\n\t\t\t\t<\/div>\n\t\t\t\t\t<\/div>\n\t\t<\/div>\n\t\t\t\t\t\t\t<\/div>\n\t\t<\/section>\n\t\t\t\t<section data-particle_enable=\"false\" data-particle-mobile-disabled=\"false\" class=\"elementor-section elementor-top-section elementor-element elementor-element-15273d2 elementor-section-full_width elementor-section-height-default elementor-section-height-default\" data-id=\"15273d2\" data-element_type=\"section\">\n\t\t\t\t\t\t<div class=\"elementor-container elementor-column-gap-no\">\n\t\t\t\t\t<div class=\"elementor-column elementor-col-100 elementor-top-column elementor-element elementor-element-d8f9d0a\" data-id=\"d8f9d0a\" data-element_type=\"column\">\n\t\t\t<div class=\"elementor-widget-wrap elementor-element-populated\">\n\t\t\t\t\t\t\t\t<div class=\"elementor-element elementor-element-205c79d elementor-widget elementor-widget-image\" data-id=\"205c79d\" data-element_type=\"widget\" data-widget_type=\"image.default\">\n\t\t\t\t<div class=\"elementor-widget-container\">\n\t\t\t\t\t\t\t\t\t\t\t\t\t\t\t<img width=\"1920\" height=\"214\" src=\"\/ndesarrollo\/wp-content\/uploads\/2021\/07\/SeparadorV2.png\" class=\"attachment-full size-full\" alt=\"\" loading=\"lazy\" \/>\t\t\t\t\t\t\t\t\t\t\t\t\t\t\t<\/div>\n\t\t\t\t<\/div>\n\t\t\t\t\t<\/div>\n\t\t<\/div>\n\t\t\t\t\t\t\t<\/div>\n\t\t<\/section>\n\t\t\t\t\t\t<\/div>\n\t\t\t\t\t<\/div>\n\t\t","protected":false},"excerpt":{"rendered":"<p>Fichas formuladas bajo el direccionamiento t\u00e9cnico de la Unidad de Planeaci\u00f3n del Desarrollo Municipal y Local de la Subdirecci\u00f3n de Planeaci\u00f3n Social y Econ\u00f3mica del Departamento Administrativo de Planeaci\u00f3n de la Alcald\u00eda de Medell\u00edn con el acompa\u00f1amiento de las distintas Secretar\u00edas y Entes Descentralizados. 22_PPTA_PP_C60_PERSONA MAYOR_SEG_ALIM 22_PPTA_PP_C60_SALUD 22_PPTA_C60_COMUNICACIONES 22_PPTA_C60_SEGURIDAD 22_PPTA_PP_C60_CULTURA 22_PPTA_PP_C60_DDHH_FAMILIA 22_PPTA_PP_C60_DISCAPACIDAD 22_PPTA_PP_C60_DLL ECON\u00d3MICO_ARTICULADA 22_PPTA_PP_C60_EDUCACI\u00d3N &hellip;<\/p>\n<p class=\"read-more\"> <a class=\"\" href=\"\/ndesarrollo\/fichas-perfil-2022-comuna-60\/\"> <span class=\"screen-reader-text\">Fichas Perfil 2022 Comuna 60<\/span> Leer m\u00e1s &raquo;<\/a><\/p>\n","protected":false},"author":1,"featured_media":0,"parent":0,"menu_order":0,"comment_status":"closed","ping_status":"closed","template":"","meta":{"_mi_skip_tracking":false,"site-sidebar-layout":"no-sidebar","site-content-layout":"page-builder","ast-main-header-display":"","ast-hfb-above-header-display":"","ast-hfb-below-header-display":"","ast-hfb-mobile-header-display":"","site-post-title":"disabled","ast-breadcrumbs-content":"","ast-featured-img":"disabled","footer-sml-layout":"","theme-transparent-header-meta":"default","adv-header-id-meta":"","stick-header-meta":"","header-above-stick-meta":"","header-main-stick-meta":"","header-below-stick-meta":""},"categories":[87,100,104],"tags":[],"yoast_head":"<!-- This site is optimized with the Yoast SEO plugin v17.4 - https:\/\/yoast.com\/wordpress\/plugins\/seo\/ -->\n<title>Fichas Perfil 2022 Comuna 60 - Nuestro Desarrollo<\/title>\n<meta name=\"robots\" content=\"index, follow, max-snippet:-1, max-image-preview:large, max-video-preview:-1\" \/>\n<link rel=\"canonical\" href=\"\/ndesarrollo\/fichas-perfil-2022-comuna-60\/\" \/>\n<meta property=\"og:locale\" content=\"es_ES\" \/>\n<meta property=\"og:type\" content=\"article\" \/>\n<meta property=\"og:title\" content=\"Fichas Perfil 2022 Comuna 60 - Nuestro Desarrollo\" \/>\n<meta property=\"og:description\" content=\"Fichas formuladas bajo el direccionamiento t\u00e9cnico de la Unidad de Planeaci\u00f3n del Desarrollo Municipal y Local de la Subdirecci\u00f3n de Planeaci\u00f3n Social y Econ\u00f3mica del Departamento Administrativo de Planeaci\u00f3n de la Alcald\u00eda de Medell\u00edn con el acompa\u00f1amiento de las distintas Secretar\u00edas y Entes Descentralizados. 22_PPTA_PP_C60_PERSONA MAYOR_SEG_ALIM 22_PPTA_PP_C60_SALUD 22_PPTA_C60_COMUNICACIONES 22_PPTA_C60_SEGURIDAD 22_PPTA_PP_C60_CULTURA 22_PPTA_PP_C60_DDHH_FAMILIA 22_PPTA_PP_C60_DISCAPACIDAD 22_PPTA_PP_C60_DLL ECON\u00d3MICO_ARTICULADA 22_PPTA_PP_C60_EDUCACI\u00d3N &hellip; Fichas Perfil 2022 Comuna 60 Leer m\u00e1s &raquo;\" \/>\n<meta property=\"og:url\" content=\"\/ndesarrollo\/fichas-perfil-2022-comuna-60\/\" \/>\n<meta property=\"og:site_name\" content=\"Nuestro Desarrollo\" \/>\n<meta property=\"article:publisher\" content=\"https:\/\/www.facebook.com\/AlcaldiadeMed\" \/>\n<meta property=\"article:modified_time\" content=\"2022-09-02T00:08:18+00:00\" \/>\n<meta property=\"og:image\" content=\"http:\/\/10.1.222.218\/ndesarrollo\/wp-content\/uploads\/2022\/09\/Comuna-60-1.jpg\" \/>\n<meta name=\"twitter:card\" content=\"summary_large_image\" \/>\n<meta name=\"twitter:site\" content=\"@AlcaldiadeMed\" \/>\n<meta name=\"twitter:label1\" content=\"Tiempo de lectura\" \/>\n\t<meta name=\"twitter:data1\" content=\"1 minuto\" \/>\n<script type=\"application\/ld+json\" class=\"yoast-schema-graph\">{\"@context\":\"https:\/\/schema.org\",\"@graph\":[{\"@type\":\"Organization\",\"@id\":\"\/ndesarrollo\/#organization\",\"name\":\"Alcald\\u00eda de Medell\\u00edn\",\"url\":\"\/ndesarrollo\/\",\"sameAs\":[\"https:\/\/www.facebook.com\/AlcaldiadeMed\",\"https:\/\/www.instagram.com\/alcaldiademed\/\",\"https:\/\/www.linkedin.com\/company\/alcaldiademedellin\",\"https:\/\/www.youtube.com\/channel\/UCAFLU70jPz4bODq_5BSWPIg\",\"https:\/\/twitter.com\/AlcaldiadeMed\"],\"logo\":{\"@type\":\"ImageObject\",\"@id\":\"\/ndesarrollo\/#logo\",\"inLanguage\":\"es\",\"url\":\"http:\/\/10.1.222.218\/ndesarrollo\/wp-content\/uploads\/2021\/11\/EscudoIcon.png\",\"contentUrl\":\"http:\/\/10.1.222.218\/ndesarrollo\/wp-content\/uploads\/2021\/11\/EscudoIcon.png\",\"width\":32,\"height\":32,\"caption\":\"Alcald\\u00eda de Medell\\u00edn\"},\"image\":{\"@id\":\"\/ndesarrollo\/#logo\"}},{\"@type\":\"WebSite\",\"@id\":\"\/ndesarrollo\/#website\",\"url\":\"\/ndesarrollo\/\",\"name\":\"Nuestro Desarrollo\",\"description\":\"Nuestro Desarrollo es una plataforma de Planeaci\\u00f3n del Desarrollo Local y Presupuesto Participativo\",\"publisher\":{\"@id\":\"\/ndesarrollo\/#organization\"},\"potentialAction\":[{\"@type\":\"SearchAction\",\"target\":{\"@type\":\"EntryPoint\",\"urlTemplate\":\"\/ndesarrollo\/?s={search_term_string}\"},\"query-input\":\"required name=search_term_string\"}],\"inLanguage\":\"es\"},{\"@type\":\"ImageObject\",\"@id\":\"\/ndesarrollo\/fichas-perfil-2022-comuna-60\/#primaryimage\",\"inLanguage\":\"es\",\"url\":\"http:\/\/10.1.222.218\/ndesarrollo\/wp-content\/uploads\/2022\/09\/Comuna-60-1.jpg\",\"contentUrl\":\"http:\/\/10.1.222.218\/ndesarrollo\/wp-content\/uploads\/2022\/09\/Comuna-60-1.jpg\"},{\"@type\":\"WebPage\",\"@id\":\"\/ndesarrollo\/fichas-perfil-2022-comuna-60\/#webpage\",\"url\":\"\/ndesarrollo\/fichas-perfil-2022-comuna-60\/\",\"name\":\"Fichas Perfil 2022 Comuna 60 - Nuestro Desarrollo\",\"isPartOf\":{\"@id\":\"\/ndesarrollo\/#website\"},\"primaryImageOfPage\":{\"@id\":\"\/ndesarrollo\/fichas-perfil-2022-comuna-60\/#primaryimage\"},\"datePublished\":\"2022-09-01T23:56:34+00:00\",\"dateModified\":\"2022-09-02T00:08:18+00:00\",\"breadcrumb\":{\"@id\":\"\/ndesarrollo\/fichas-perfil-2022-comuna-60\/#breadcrumb\"},\"inLanguage\":\"es\",\"potentialAction\":[{\"@type\":\"ReadAction\",\"target\":[\"\/ndesarrollo\/fichas-perfil-2022-comuna-60\/\"]}]},{\"@type\":\"BreadcrumbList\",\"@id\":\"\/ndesarrollo\/fichas-perfil-2022-comuna-60\/#breadcrumb\",\"itemListElement\":[{\"@type\":\"ListItem\",\"position\":1,\"name\":\"Portada\",\"item\":\"\/ndesarrollo\/\"},{\"@type\":\"ListItem\",\"position\":2,\"name\":\"Fichas Perfil 2022 Comuna 60\"}]}]}<\/script>\n<!-- \/ Yoast SEO plugin. -->","yoast_head_json":{"title":"Fichas Perfil 2022 Comuna 60 - Nuestro Desarrollo","robots":{"index":"index","follow":"follow","max-snippet":"max-snippet:-1","max-image-preview":"max-image-preview:large","max-video-preview":"max-video-preview:-1"},"canonical":"\/ndesarrollo\/fichas-perfil-2022-comuna-60\/","og_locale":"es_ES","og_type":"article","og_title":"Fichas Perfil 2022 Comuna 60 - Nuestro Desarrollo","og_description":"Fichas formuladas bajo el direccionamiento t\u00e9cnico de la Unidad de Planeaci\u00f3n del Desarrollo Municipal y Local de la Subdirecci\u00f3n de Planeaci\u00f3n Social y Econ\u00f3mica del Departamento Administrativo de Planeaci\u00f3n de la Alcald\u00eda de Medell\u00edn con el acompa\u00f1amiento de las distintas Secretar\u00edas y Entes Descentralizados. 22_PPTA_PP_C60_PERSONA MAYOR_SEG_ALIM 22_PPTA_PP_C60_SALUD 22_PPTA_C60_COMUNICACIONES 22_PPTA_C60_SEGURIDAD 22_PPTA_PP_C60_CULTURA 22_PPTA_PP_C60_DDHH_FAMILIA 22_PPTA_PP_C60_DISCAPACIDAD 22_PPTA_PP_C60_DLL ECON\u00d3MICO_ARTICULADA 22_PPTA_PP_C60_EDUCACI\u00d3N &hellip; Fichas Perfil 2022 Comuna 60 Leer m\u00e1s &raquo;","og_url":"\/ndesarrollo\/fichas-perfil-2022-comuna-60\/","og_site_name":"Nuestro Desarrollo","article_publisher":"https:\/\/www.facebook.com\/AlcaldiadeMed","article_modified_time":"2022-09-02T00:08:18+00:00","og_image":[{"url":"http:\/\/10.1.222.218\/ndesarrollo\/wp-content\/uploads\/2022\/09\/Comuna-60-1.jpg"}],"twitter_card":"summary_large_image","twitter_site":"@AlcaldiadeMed","twitter_misc":{"Tiempo de lectura":"1 minuto"},"schema":{"@context":"https:\/\/schema.org","@graph":[{"@type":"Organization","@id":"\/ndesarrollo\/#organization","name":"Alcald\u00eda de Medell\u00edn","url":"\/ndesarrollo\/","sameAs":["https:\/\/www.facebook.com\/AlcaldiadeMed","https:\/\/www.instagram.com\/alcaldiademed\/","https:\/\/www.linkedin.com\/company\/alcaldiademedellin","https:\/\/www.youtube.com\/channel\/UCAFLU70jPz4bODq_5BSWPIg","https:\/\/twitter.com\/AlcaldiadeMed"],"logo":{"@type":"ImageObject","@id":"\/ndesarrollo\/#logo","inLanguage":"es","url":"http:\/\/10.1.222.218\/ndesarrollo\/wp-content\/uploads\/2021\/11\/EscudoIcon.png","contentUrl":"http:\/\/10.1.222.218\/ndesarrollo\/wp-content\/uploads\/2021\/11\/EscudoIcon.png","width":32,"height":32,"caption":"Alcald\u00eda de Medell\u00edn"},"image":{"@id":"\/ndesarrollo\/#logo"}},{"@type":"WebSite","@id":"\/ndesarrollo\/#website","url":"\/ndesarrollo\/","name":"Nuestro Desarrollo","description":"Nuestro Desarrollo es una plataforma de Planeaci\u00f3n del Desarrollo Local y Presupuesto Participativo","publisher":{"@id":"\/ndesarrollo\/#organization"},"potentialAction":[{"@type":"SearchAction","target":{"@type":"EntryPoint","urlTemplate":"\/ndesarrollo\/?s={search_term_string}"},"query-input":"required name=search_term_string"}],"inLanguage":"es"},{"@type":"ImageObject","@id":"\/ndesarrollo\/fichas-perfil-2022-comuna-60\/#primaryimage","inLanguage":"es","url":"http:\/\/10.1.222.218\/ndesarrollo\/wp-content\/uploads\/2022\/09\/Comuna-60-1.jpg","contentUrl":"http:\/\/10.1.222.218\/ndesarrollo\/wp-content\/uploads\/2022\/09\/Comuna-60-1.jpg"},{"@type":"WebPage","@id":"\/ndesarrollo\/fichas-perfil-2022-comuna-60\/#webpage","url":"\/ndesarrollo\/fichas-perfil-2022-comuna-60\/","name":"Fichas Perfil 2022 Comuna 60 - Nuestro Desarrollo","isPartOf":{"@id":"\/ndesarrollo\/#website"},"primaryImageOfPage":{"@id":"\/ndesarrollo\/fichas-perfil-2022-comuna-60\/#primaryimage"},"datePublished":"2022-09-01T23:56:34+00:00","dateModified":"2022-09-02T00:08:18+00:00","breadcrumb":{"@id":"\/ndesarrollo\/fichas-perfil-2022-comuna-60\/#breadcrumb"},"inLanguage":"es","potentialAction":[{"@type":"ReadAction","target":["\/ndesarrollo\/fichas-perfil-2022-comuna-60\/"]}]},{"@type":"BreadcrumbList","@id":"\/ndesarrollo\/fichas-perfil-2022-comuna-60\/#breadcrumb","itemListElement":[{"@type":"ListItem","position":1,"name":"Portada","item":"\/ndesarrollo\/"},{"@type":"ListItem","position":2,"name":"Fichas Perfil 2022 Comuna 60"}]}]}},"_links":{"self":[{"href":"\/ndesarrollo\/wp-json\/wp\/v2\/pages\/16203"}],"collection":[{"href":"\/ndesarrollo\/wp-json\/wp\/v2\/pages"}],"about":[{"href":"\/ndesarrollo\/wp-json\/wp\/v2\/types\/page"}],"author":[{"embeddable":true,"href":"\/ndesarrollo\/wp-json\/wp\/v2\/users\/1"}],"replies":[{"embeddable":true,"href":"\/ndesarrollo\/wp-json\/wp\/v2\/comments?post=16203"}],"version-history":[{"count":3,"href":"\/ndesarrollo\/wp-json\/wp\/v2\/pages\/16203\/revisions"}],"predecessor-version":[{"id":16206,"href":"\/ndesarrollo\/wp-json\/wp\/v2\/pages\/16203\/revisions\/16206"}],"wp:attachment":[{"href":"\/ndesarrollo\/wp-json\/wp\/v2\/media?parent=16203"}],"wp:term":[{"taxonomy":"category","embeddable":true,"href":"\/ndesarrollo\/wp-json\/wp\/v2\/categories?post=16203"},{"taxonomy":"post_tag","embeddable":true,"href":"\/ndesarrollo\/wp-json\/wp\/v2\/tags?post=16203"}],"curies":[{"name":"wp","href":"https:\/\/api.w.org\/{rel}","templated":true}]}}